{"id":47,"date":"2021-10-13T09:13:43","date_gmt":"2021-10-13T07:13:43","guid":{"rendered":"https:\/\/fundesplai.org\/viureisomriure\/?page_id=47"},"modified":"2021-10-27T09:24:17","modified_gmt":"2021-10-27T07:24:17","slug":"propostes-de-formacio-permanent","status":"publish","type":"page","link":"https:\/\/fundesplai.org\/viureisomriure\/propostes-de-formacio-permanent\/","title":{"rendered":"Propostes de formaci\u00f3 permanent"},"content":{"rendered":"[et_pb_section fb_built=&#8221;1&#8243; _builder_version=&#8221;3.22&#8243; global_colors_info=&#8221;{}&#8221;][et_pb_row _builder_version=&#8221;3.25&#8243; background_size=&#8221;initial&#8221; background_position=&#8221;top_left&#8221; background_repeat=&#8221;repeat&#8221; global_colors_info=&#8221;{}&#8221;][et_pb_column type=&#8221;4_4&#8243; _builder_version=&#8221;3.25&#8243; custom_padding=&#8221;|||&#8221; global_colors_info=&#8221;{}&#8221; custom_padding__hover=&#8221;|||&#8221;][et_pb_post_title _builder_version=&#8221;4.10.5&#8243; _module_preset=&#8221;default&#8221; meta=&#8221;off&#8221; featured_image=&#8221;off&#8221; hover_enabled=&#8221;0&#8243; sticky_enabled=&#8221;0&#8243;][\/et_pb_post_title][et_pb_text _builder_version=&#8221;3.27.4&#8243; background_size=&#8221;initial&#8221; background_position=&#8221;top_left&#8221; background_repeat=&#8221;repeat&#8221; global_colors_info=&#8221;{}&#8221;]\r\n<p>Per tal d&#8217;assumir els objectius de sensibilitzaci\u00f3 i formaci\u00f3 de l&#8217;equip d&#8217;educadors i educadores a l&#8217;entitat d&#8217;esplai en relaci\u00f3 a la proposta educativa viure i somriure,\u00a0<strong>Suport Associatiu-Centre d&#8217;Estudis en coordinaci\u00f3 amb la Federaci\u00f3 Catalana de l&#8217;Esplai hem organitzat les seg\u00fcents propostes de formaci\u00f3 per al curs 05-06, a partir de les vostres propostes:<\/strong><\/p>\r\n\r\n\r\n\r\n<figure class=\"wp-block-table\">\r\n<table>\r\n<tbody>\r\n<tr>\r\n<td>Proposta de formaci\u00f3 trobades d&#8217;inici de curs 05-06<\/td>\r\n<\/tr>\r\n<tr>\r\n<td>\u00a0<\/td>\r\n<\/tr>\r\n<tr>\r\n<td>Proposta de formaci\u00f3 monogr\u00e0fics comissions pedag\u00f2giques 05-06<\/td>\r\n<\/tr>\r\n<tr>\r\n<td>\u00a0<\/td>\r\n<\/tr>\r\n<tr>\r\n<td>Proposta de formaci\u00f3 xerrades fam\u00edlies 05-06<\/td>\r\n<\/tr>\r\n<tr>\r\n<td>\u00a0<\/td>\r\n<\/tr>\r\n<tr>\r\n<td>Proposta de formaci\u00f3 seminaris metodol\u00f2gics 05-06<\/td>\r\n<\/tr>\r\n<tr>\r\n<td>\u00a0<\/td>\r\n<\/tr>\r\n<tr>\r\n<td>Proposta de formaci\u00f3 jornada de t\u00e8cniques 05-06<\/td>\r\n<\/tr>\r\n<\/tbody>\r\n<\/table>\r\n<\/figure>\r\n\r\n\r\n\r\n<figure class=\"wp-block-image\"><a href=\"https:\/\/fundesplai.org\/cursos\/main.asp\" target=\"_blank\" rel=\"noreferrer noopener\"><img decoding=\"async\" src=\"http:\/\/www2.fundesplai.org\/propostaeducativa\/viureisomriure\/images\/sacee.GIF\" alt=\"Suport Associatiu i Centre d'Estudis de l'Esplai \" \/><\/a><\/figure>\r\n\r[\/et_pb_text][\/et_pb_column][\/et_pb_row][\/et_pb_section]","protected":false},"excerpt":{"rendered":"<p>Per tal d&#8217;assumir els objectius de sensibilitzaci\u00f3 i formaci\u00f3 de l&#8217;equip d&#8217;educadors i educadores a l&#8217;entitat d&#8217;esplai en relaci\u00f3 a la proposta educativa viure i somriure,\u00a0Suport Associatiu-Centre d&#8217;Estudis en coordinaci\u00f3 amb la Federaci\u00f3 Catalana de l&#8217;Esplai hem organitzat les seg\u00fcents propostes de formaci\u00f3 per al curs 05-06, a partir de les vostres propostes: Proposta de [&hellip;]<\/p>\n","protected":false},"author":4,"featured_media":0,"parent":0,"menu_order":0,"comment_status":"closed","ping_status":"closed","template":"","meta":{"_et_pb_use_builder":"on","_et_pb_old_content":"<!-- wp:paragraph -->\r\n<p>Per tal d'assumir els objectius de sensibilitzaci\u00f3 i formaci\u00f3 de l'equip d'educadors i educadores a l'entitat d'esplai en relaci\u00f3 a la proposta educativa viure i somriure,\u00a0<strong>Suport Associatiu-Centre d'Estudis en coordinaci\u00f3 amb la Federaci\u00f3 Catalana de l'Esplai hem organitzat les seg\u00fcents propostes de formaci\u00f3 per al curs 05-06, a partir de les vostres propostes:<\/strong><\/p>\r\n<!-- \/wp:paragraph --><!-- wp:table -->\r\n<figure class=\"wp-block-table\">\r\n<table>\r\n<tbody>\r\n<tr>\r\n<td>Proposta de formaci\u00f3 trobades d'inici de curs 05-06<\/td>\r\n<\/tr>\r\n<tr>\r\n<td>\u00a0<\/td>\r\n<\/tr>\r\n<tr>\r\n<td>Proposta de formaci\u00f3 monogr\u00e0fics comissions pedag\u00f2giques 05-06<\/td>\r\n<\/tr>\r\n<tr>\r\n<td>\u00a0<\/td>\r\n<\/tr>\r\n<tr>\r\n<td>Proposta de formaci\u00f3 xerrades fam\u00edlies 05-06<\/td>\r\n<\/tr>\r\n<tr>\r\n<td>\u00a0<\/td>\r\n<\/tr>\r\n<tr>\r\n<td>Proposta de formaci\u00f3 seminaris metodol\u00f2gics 05-06<\/td>\r\n<\/tr>\r\n<tr>\r\n<td>\u00a0<\/td>\r\n<\/tr>\r\n<tr>\r\n<td>Proposta de formaci\u00f3 jornada de t\u00e8cniques 05-06<\/td>\r\n<\/tr>\r\n<\/tbody>\r\n<\/table>\r\n<\/figure>\r\n<!-- \/wp:table --><!-- wp:image {\"linkDestination\":\"custom\"} -->\r\n<figure class=\"wp-block-image\"><a href=\"https:\/\/fundesplai.org\/cursos\/main.asp\" target=\"_blank\" rel=\"noreferrer noopener\"><img src=\"http:\/\/www2.fundesplai.org\/propostaeducativa\/viureisomriure\/images\/sacee.GIF\" alt=\"Suport Associatiu i Centre d'Estudis de l'Esplai \" \/><\/a><\/figure>\r\n<!-- \/wp:image -->","_et_gb_content_width":"1080","footnotes":""},"class_list":["post-47","page","type-page","status-publish","hentry"],"yoast_head":"<!-- This site is optimized with the Yoast SEO plugin v27.5 - https:\/\/yoast.com\/product\/yoast-seo-wordpress\/ -->\n<title>Propostes de formaci\u00f3 permanent - Viure i somriure<\/title>\n<meta name=\"robots\" content=\"index, follow, max-snippet:-1, max-image-preview:large, max-video-preview:-1\" \/>\n<link rel=\"canonical\" href=\"https:\/\/fundesplai.org\/viureisomriure\/propostes-de-formacio-permanent\/\" \/>\n<meta property=\"og:locale\" content=\"ca_ES\" \/>\n<meta property=\"og:type\" content=\"article\" \/>\n<meta property=\"og:title\" content=\"Propostes de formaci\u00f3 permanent - Viure i somriure\" \/>\n<meta property=\"og:description\" content=\"Per tal d&#039;assumir els objectius de sensibilitzaci\u00f3 i formaci\u00f3 de l&#039;equip d&#039;educadors i educadores a l&#039;entitat d&#039;esplai en relaci\u00f3 a la proposta educativa viure i somriure,\u00a0Suport Associatiu-Centre d&#039;Estudis en coordinaci\u00f3 amb la Federaci\u00f3 Catalana de l&#039;Esplai hem organitzat les seg\u00fcents propostes de formaci\u00f3 per al curs 05-06, a partir de les vostres propostes: Proposta de [&hellip;]\" \/>\n<meta property=\"og:url\" content=\"https:\/\/fundesplai.org\/viureisomriure\/propostes-de-formacio-permanent\/\" \/>\n<meta property=\"og:site_name\" content=\"Viure i somriure\" \/>\n<meta property=\"article:modified_time\" content=\"2021-10-27T07:24:17+00:00\" \/>\n<meta property=\"og:image\" content=\"http:\/\/www2.fundesplai.org\/propostaeducativa\/viureisomriure\/images\/sacee.GIF\" \/>\n<meta name=\"twitter:card\" content=\"summary_large_image\" \/>\n<meta name=\"twitter:label1\" content=\"Temps estimat de lectura\" \/>\n\t<meta name=\"twitter:data1\" content=\"1 minut\" \/>\n<script type=\"application\/ld+json\" class=\"yoast-schema-graph\">{\"@context\":\"https:\\\/\\\/schema.org\",\"@graph\":[{\"@type\":\"WebPage\",\"@id\":\"https:\\\/\\\/fundesplai.org\\\/viureisomriure\\\/propostes-de-formacio-permanent\\\/\",\"url\":\"https:\\\/\\\/fundesplai.org\\\/viureisomriure\\\/propostes-de-formacio-permanent\\\/\",\"name\":\"Propostes de formaci\u00f3 permanent - Viure i somriure\",\"isPartOf\":{\"@id\":\"https:\\\/\\\/fundesplai.org\\\/viureisomriure\\\/#website\"},\"primaryImageOfPage\":{\"@id\":\"https:\\\/\\\/fundesplai.org\\\/viureisomriure\\\/propostes-de-formacio-permanent\\\/#primaryimage\"},\"image\":{\"@id\":\"https:\\\/\\\/fundesplai.org\\\/viureisomriure\\\/propostes-de-formacio-permanent\\\/#primaryimage\"},\"thumbnailUrl\":\"http:\\\/\\\/www2.fundesplai.org\\\/propostaeducativa\\\/viureisomriure\\\/images\\\/sacee.GIF\",\"datePublished\":\"2021-10-13T07:13:43+00:00\",\"dateModified\":\"2021-10-27T07:24:17+00:00\",\"breadcrumb\":{\"@id\":\"https:\\\/\\\/fundesplai.org\\\/viureisomriure\\\/propostes-de-formacio-permanent\\\/#breadcrumb\"},\"inLanguage\":\"ca\",\"potentialAction\":[{\"@type\":\"ReadAction\",\"target\":[\"https:\\\/\\\/fundesplai.org\\\/viureisomriure\\\/propostes-de-formacio-permanent\\\/\"]}]},{\"@type\":\"ImageObject\",\"inLanguage\":\"ca\",\"@id\":\"https:\\\/\\\/fundesplai.org\\\/viureisomriure\\\/propostes-de-formacio-permanent\\\/#primaryimage\",\"url\":\"http:\\\/\\\/www2.fundesplai.org\\\/propostaeducativa\\\/viureisomriure\\\/images\\\/sacee.GIF\",\"contentUrl\":\"http:\\\/\\\/www2.fundesplai.org\\\/propostaeducativa\\\/viureisomriure\\\/images\\\/sacee.GIF\"},{\"@type\":\"BreadcrumbList\",\"@id\":\"https:\\\/\\\/fundesplai.org\\\/viureisomriure\\\/propostes-de-formacio-permanent\\\/#breadcrumb\",\"itemListElement\":[{\"@type\":\"ListItem\",\"position\":1,\"name\":\"Inici\",\"item\":\"\\\/\"},{\"@type\":\"ListItem\",\"position\":2,\"name\":\"Viure i somriure\",\"item\":\"https:\\\/\\\/fundesplai.org\\\/viureisomriure\"},{\"@type\":\"ListItem\",\"position\":3,\"name\":\"Propostes de formaci\u00f3 permanent\"}]},{\"@type\":\"WebSite\",\"@id\":\"https:\\\/\\\/fundesplai.org\\\/viureisomriure\\\/#website\",\"url\":\"https:\\\/\\\/fundesplai.org\\\/viureisomriure\\\/\",\"name\":\"Viure i somriure\",\"description\":\"Proposta educativa de Fundesplai\",\"potentialAction\":[{\"@type\":\"SearchAction\",\"target\":{\"@type\":\"EntryPoint\",\"urlTemplate\":\"https:\\\/\\\/fundesplai.org\\\/viureisomriure\\\/?s={search_term_string}\"},\"query-input\":{\"@type\":\"PropertyValueSpecification\",\"valueRequired\":true,\"valueName\":\"search_term_string\"}}],\"inLanguage\":\"ca\"}]}<\/script>\n<!-- \/ Yoast SEO plugin. -->","yoast_head_json":{"title":"Propostes de formaci\u00f3 permanent - Viure i somriure","robots":{"index":"index","follow":"follow","max-snippet":"max-snippet:-1","max-image-preview":"max-image-preview:large","max-video-preview":"max-video-preview:-1"},"canonical":"https:\/\/fundesplai.org\/viureisomriure\/propostes-de-formacio-permanent\/","og_locale":"ca_ES","og_type":"article","og_title":"Propostes de formaci\u00f3 permanent - Viure i somriure","og_description":"Per tal d'assumir els objectius de sensibilitzaci\u00f3 i formaci\u00f3 de l'equip d'educadors i educadores a l'entitat d'esplai en relaci\u00f3 a la proposta educativa viure i somriure,\u00a0Suport Associatiu-Centre d'Estudis en coordinaci\u00f3 amb la Federaci\u00f3 Catalana de l'Esplai hem organitzat les seg\u00fcents propostes de formaci\u00f3 per al curs 05-06, a partir de les vostres propostes: Proposta de [&hellip;]","og_url":"https:\/\/fundesplai.org\/viureisomriure\/propostes-de-formacio-permanent\/","og_site_name":"Viure i somriure","article_modified_time":"2021-10-27T07:24:17+00:00","og_image":[{"url":"http:\/\/www2.fundesplai.org\/propostaeducativa\/viureisomriure\/images\/sacee.GIF","type":"","width":"","height":""}],"twitter_card":"summary_large_image","twitter_misc":{"Temps estimat de lectura":"1 minut"},"schema":{"@context":"https:\/\/schema.org","@graph":[{"@type":"WebPage","@id":"https:\/\/fundesplai.org\/viureisomriure\/propostes-de-formacio-permanent\/","url":"https:\/\/fundesplai.org\/viureisomriure\/propostes-de-formacio-permanent\/","name":"Propostes de formaci\u00f3 permanent - Viure i somriure","isPartOf":{"@id":"https:\/\/fundesplai.org\/viureisomriure\/#website"},"primaryImageOfPage":{"@id":"https:\/\/fundesplai.org\/viureisomriure\/propostes-de-formacio-permanent\/#primaryimage"},"image":{"@id":"https:\/\/fundesplai.org\/viureisomriure\/propostes-de-formacio-permanent\/#primaryimage"},"thumbnailUrl":"http:\/\/www2.fundesplai.org\/propostaeducativa\/viureisomriure\/images\/sacee.GIF","datePublished":"2021-10-13T07:13:43+00:00","dateModified":"2021-10-27T07:24:17+00:00","breadcrumb":{"@id":"https:\/\/fundesplai.org\/viureisomriure\/propostes-de-formacio-permanent\/#breadcrumb"},"inLanguage":"ca","potentialAction":[{"@type":"ReadAction","target":["https:\/\/fundesplai.org\/viureisomriure\/propostes-de-formacio-permanent\/"]}]},{"@type":"ImageObject","inLanguage":"ca","@id":"https:\/\/fundesplai.org\/viureisomriure\/propostes-de-formacio-permanent\/#primaryimage","url":"http:\/\/www2.fundesplai.org\/propostaeducativa\/viureisomriure\/images\/sacee.GIF","contentUrl":"http:\/\/www2.fundesplai.org\/propostaeducativa\/viureisomriure\/images\/sacee.GIF"},{"@type":"BreadcrumbList","@id":"https:\/\/fundesplai.org\/viureisomriure\/propostes-de-formacio-permanent\/#breadcrumb","itemListElement":[{"@type":"ListItem","position":1,"name":"Inici","item":"\/"},{"@type":"ListItem","position":2,"name":"Viure i somriure","item":"https:\/\/fundesplai.org\/viureisomriure"},{"@type":"ListItem","position":3,"name":"Propostes de formaci\u00f3 permanent"}]},{"@type":"WebSite","@id":"https:\/\/fundesplai.org\/viureisomriure\/#website","url":"https:\/\/fundesplai.org\/viureisomriure\/","name":"Viure i somriure","description":"Proposta educativa de Fundesplai","potentialAction":[{"@type":"SearchAction","target":{"@type":"EntryPoint","urlTemplate":"https:\/\/fundesplai.org\/viureisomriure\/?s={search_term_string}"},"query-input":{"@type":"PropertyValueSpecification","valueRequired":true,"valueName":"search_term_string"}}],"inLanguage":"ca"}]}},"_links":{"self":[{"href":"https:\/\/fundesplai.org\/viureisomriure\/wp-json\/wp\/v2\/pages\/47","targetHints":{"allow":["GET"]}}],"collection":[{"href":"https:\/\/fundesplai.org\/viureisomriure\/wp-json\/wp\/v2\/pages"}],"about":[{"href":"https:\/\/fundesplai.org\/viureisomriure\/wp-json\/wp\/v2\/types\/page"}],"author":[{"embeddable":true,"href":"https:\/\/fundesplai.org\/viureisomriure\/wp-json\/wp\/v2\/users\/4"}],"replies":[{"embeddable":true,"href":"https:\/\/fundesplai.org\/viureisomriure\/wp-json\/wp\/v2\/comments?post=47"}],"version-history":[{"count":3,"href":"https:\/\/fundesplai.org\/viureisomriure\/wp-json\/wp\/v2\/pages\/47\/revisions"}],"predecessor-version":[{"id":112,"href":"https:\/\/fundesplai.org\/viureisomriure\/wp-json\/wp\/v2\/pages\/47\/revisions\/112"}],"wp:attachment":[{"href":"https:\/\/fundesplai.org\/viureisomriure\/wp-json\/wp\/v2\/media?parent=47"}],"curies":[{"name":"wp","href":"https:\/\/api.w.org\/{rel}","templated":true}]}}