{"id":50746,"date":"2025-09-04T13:54:34","date_gmt":"2025-09-04T11:54:34","guid":{"rendered":"https:\/\/fundesplai.org\/programes-socials-i-joves\/?page_id=50746"},"modified":"2026-02-27T15:37:46","modified_gmt":"2026-02-27T14:37:46","slug":"dones-mirall","status":"publish","type":"page","link":"https:\/\/fundesplai.org\/programes-socials-i-joves\/dones-mirall\/","title":{"rendered":"Dones mirall"},"content":{"rendered":"<p>[et_pb_section fb_built=&#8221;1&#8243; _builder_version=&#8221;4.17.4&#8243; _module_preset=&#8221;5b2c960d-95e0-4382-840a-82112f1c6ab9&#8243; locked=&#8221;off&#8221; global_colors_info=&#8221;{}&#8221;][et_pb_row admin_label=&#8221;Row&#8221; _builder_version=&#8221;4.17.4&#8243; _module_preset=&#8221;default&#8221; global_colors_info=&#8221;{}&#8221;][et_pb_column type=&#8221;4_4&#8243; _builder_version=&#8221;4.17.4&#8243; _module_preset=&#8221;default&#8221; global_colors_info=&#8221;{}&#8221;][et_pb_post_title _builder_version=&#8221;4.19.0&#8243; _module_preset=&#8221;cba26b9c-acb1-4bcf-8d80-67e6fac305ad&#8221; global_colors_info=&#8221;{}&#8221;][\/et_pb_post_title][et_pb_text admin_label=&#8221;Text INTRO&#8221; _builder_version=&#8221;4.27.4&#8243; _module_preset=&#8221;default&#8221; custom_margin=&#8221;30px||||false|false&#8221; global_colors_info=&#8221;{}&#8221;]<\/p>\n<p><strong>Dones Mirall<\/strong> \u00e9s un programa d&#8217;acompanyament a dones joves en risc social i laboral per tal que adquireixin les compet\u00e8ncies i experi\u00e8ncies necess\u00e0ries per tenir les mateixes oportunitats de desenvolupament personal i professional que la resta de la poblaci\u00f3.<\/p>\n<p>[\/et_pb_text][\/et_pb_column][\/et_pb_row][et_pb_row column_structure=&#8221;1_5,3_5,1_5&#8243; _builder_version=&#8221;4.20.2&#8243; _module_preset=&#8221;default&#8221; custom_margin=&#8221;40px||||false|false&#8221; locked=&#8221;off&#8221; global_colors_info=&#8221;{}&#8221;][et_pb_column type=&#8221;1_5&#8243; _builder_version=&#8221;4.19.0&#8243; _module_preset=&#8221;default&#8221; global_colors_info=&#8221;{}&#8221;][\/et_pb_column][et_pb_column type=&#8221;3_5&#8243; _builder_version=&#8221;4.19.0&#8243; _module_preset=&#8221;default&#8221; global_colors_info=&#8221;{}&#8221;][et_pb_image src=&#8221;https:\/\/fundesplai.org\/programes-socials-i-joves\/wp-content\/uploads\/sites\/32\/2025\/09\/Projecte-Dones-mirall-Fundesplai.webp&#8221; alt=&#8221;Projecte Dones mirall Fundesplai&#8221; title_text=&#8221;Projecte Dones mirall Fundesplai&#8221; align=&#8221;center&#8221; _builder_version=&#8221;4.27.4&#8243; _module_preset=&#8221;default&#8221; global_colors_info=&#8221;{}&#8221;][\/et_pb_image][\/et_pb_column][et_pb_column type=&#8221;1_5&#8243; _builder_version=&#8221;4.19.0&#8243; _module_preset=&#8221;default&#8221; custom_padding=&#8221;40px||||false|false&#8221; global_colors_info=&#8221;{}&#8221;][\/et_pb_column][\/et_pb_row][et_pb_row column_structure=&#8221;1_4,1_4,1_4,1_4&#8243; admin_label=&#8221;Row RODONETES&#8221; module_class=&#8221;llista-icones-blurb-awesome&#8221; _builder_version=&#8221;4.17.4&#8243; _module_preset=&#8221;default&#8221; custom_margin=&#8221;50px||||false|false&#8221; locked=&#8221;off&#8221; global_colors_info=&#8221;{}&#8221;][et_pb_column type=&#8221;1_4&#8243; _builder_version=&#8221;4.17.4&#8243; _module_preset=&#8221;default&#8221; global_colors_info=&#8221;{}&#8221;][et_pb_blurb title=&#8221;EL PROJECTE&#8221; url=&#8221;#projecte&#8221; use_icon=&#8221;on&#8221; font_icon=&#8221;&#xf05a;||fa||900&#8243; admin_label=&#8221;Projecte&#8221; _builder_version=&#8221;4.21.0&#8243; _module_preset=&#8221;default&#8221; global_colors_info=&#8221;{}&#8221;][\/et_pb_blurb][\/et_pb_column][et_pb_column type=&#8221;1_4&#8243; _builder_version=&#8221;4.17.4&#8243; _module_preset=&#8221;default&#8221; global_colors_info=&#8221;{}&#8221;][et_pb_blurb title=&#8221;ETAPES&#8221; url=&#8221;#etapes&#8221; use_icon=&#8221;on&#8221; font_icon=&#8221;&#xe289;||fa||900&#8243; admin_label=&#8221;etapes&#8221; _builder_version=&#8221;4.20.2&#8243; _module_preset=&#8221;default&#8221; global_colors_info=&#8221;{}&#8221;][\/et_pb_blurb][\/et_pb_column][et_pb_column type=&#8221;1_4&#8243; _builder_version=&#8221;4.17.4&#8243; _module_preset=&#8221;default&#8221; global_colors_info=&#8221;{}&#8221;][et_pb_blurb title=&#8221;CONEIX +&#8221; url=&#8221;#coneixer&#8221; use_icon=&#8221;on&#8221; font_icon=&#8221;&#xf57c;||fa||900&#8243; admin_label=&#8221;coneix +&#8221; _builder_version=&#8221;4.20.2&#8243; _module_preset=&#8221;default&#8221; global_colors_info=&#8221;{}&#8221;][\/et_pb_blurb][et_pb_blurb title=&#8221;Publicacions&#8221; url=&#8221;#publicacions&#8221; use_icon=&#8221;on&#8221; font_icon=&#8221;&#xf31c;||fa||900&#8243; disabled_on=&#8221;on|on|on&#8221; admin_label=&#8221;publicacions&#8221; _builder_version=&#8221;4.20.2&#8243; _module_preset=&#8221;default&#8221; disabled=&#8221;on&#8221; global_colors_info=&#8221;{}&#8221;][\/et_pb_blurb][\/et_pb_column][et_pb_column type=&#8221;1_4&#8243; _builder_version=&#8221;4.17.4&#8243; _module_preset=&#8221;default&#8221; global_colors_info=&#8221;{}&#8221;][et_pb_blurb title=&#8221;INSCRIPCI\u00d3&#8221; url=&#8221;#contacte&#8221; use_icon=&#8221;on&#8221; font_icon=&#8221;&#xf674;||fa||900&#8243; _builder_version=&#8221;4.27.5&#8243; _module_preset=&#8221;default&#8221; hover_enabled=&#8221;0&#8243; global_colors_info=&#8221;{}&#8221; title__hover_enabled=&#8221;off|desktop&#8221; sticky_enabled=&#8221;0&#8243;][\/et_pb_blurb][\/et_pb_column][\/et_pb_row][et_pb_row admin_label=&#8221;Row PROJECTE&#8221; module_id=&#8221;projecte&#8221; _builder_version=&#8221;4.20.2&#8243; _module_preset=&#8221;default&#8221; custom_margin=&#8221;50px||||false|false&#8221; locked=&#8221;off&#8221; global_colors_info=&#8221;{}&#8221;][et_pb_column type=&#8221;4_4&#8243; _builder_version=&#8221;4.20.2&#8243; _module_preset=&#8221;default&#8221; global_colors_info=&#8221;{}&#8221;][et_pb_text admin_label=&#8221;PROJECTE&#8221; _builder_version=&#8221;4.20.2&#8243; _module_preset=&#8221;default&#8221; global_colors_info=&#8221;{}&#8221;]<\/p>\n<h2>EL PROJECTE<\/h2>\n<div id=\"mouseposition-extension-element-full-container\" style=\"position: fixed;z-index: 2147483647;font-weight: 400\">\n<div id=\"mouseposition-extension-element-rect-display\" style=\"position: absolute;font-size: 12px;z-index: 2147483647;justify-content: center;align-items: center;cursor: default;color: #000000;font-family: 'Helvetica Neue', Helvetica, Arial, sans-serif;width: 0px;height: 0px\">\n<pre style=\"flex: 1 1 0%;text-align: center;color: #000000;min-width: 42px;min-height: 12px\">\u00a0<\/pre>\n<p>&nbsp;<\/p>\n<\/div>\n<p>&nbsp;<\/p>\n<pre id=\"mouseposition-extension-element-coordinate-display\" style=\"position: absolute;background: #ffffff;font-size: 12px;line-height: 14px;border-radius: 3px;border-width: 1px;border-color: #222222 black #333333;border-style: solid;padding: 3px;z-index: 2147483647;color: #222222;cursor: default;font-family: 'Helvetica Neue', Helvetica, Arial, sans-serif\">\u00a0<\/pre>\n<\/div>\n<p>[\/et_pb_text][et_pb_text _builder_version=&#8221;4.27.4&#8243; _module_preset=&#8221;default&#8221; custom_margin=&#8221;30px||||false|false&#8221; global_colors_info=&#8221;{}&#8221;]<\/p>\n<div id=\":ta\" class=\"Am aiL Al editable LW-avf tS-tW tS-tY\" role=\"textbox\" aria-label=\"Cos del missatge\" aria-controls=\":vo\" aria-expanded=\"false\">\n<p>El projecte Dones Mirall s\u2019adre\u00e7a a<strong> dones joves menors de 30 anys<\/strong> que es troben en una greu situaci\u00f3 de <strong>risc social i laboral<\/strong>:<\/p>\n<ul>\n<li>Dones joves de 18 a 29 anys, embarassades o mares amb fills\/es de 0 a 3 anys, aturades o que encara no han accedit al mercat laboral i amb un baix nivell educatiu i de qualificaci\u00f3 professional.<\/li>\n<li>Dones joves embarassades o mares en situaci\u00f3 d\u2019a\u00efllament social i amb necessitat de suport, i organitzaci\u00f3 dom\u00e8stica.<\/li>\n<li>Dones migrades i mares que es troben sense fam\u00edlia ni xarxa social i que els cal suport en la inclusi\u00f3 social i laboral.<\/li>\n<li>Dones joves amb dificultats socioecon\u00f2miques i un gran nombre de factors d\u2019estr\u00e8s que dificulten les compet\u00e8ncies en les pautes de crian\u00e7a.<\/li>\n<\/ul>\n<h3>OBJECTIUS<\/h3>\n<div id=\":ta\" class=\"Am aiL Al editable LW-avf tS-tW tS-tY\" role=\"textbox\" aria-label=\"Cos del missatge\" aria-controls=\":vo\" aria-expanded=\"false\">\n<p><strong>Dones Mirall<\/strong> pret\u00e9n treballar per la igualtat de g\u00e8nere, assegurant que les dones joves en risc d&#8217;exclusi\u00f3 social tinguin les mateixes oportunitats de desenvolupament personal i professional.<\/p>\n<p>D&#8217;aquesta manera, el nostre objectiu general \u00e9s oferir a les dones joves un proc\u00e9s d&#8217;orientaci\u00f3, acompanyament, formaci\u00f3 i adquisici\u00f3 de compet\u00e8ncies i d&#8217;experi\u00e8ncies professionals en l\u2019\u00e0mbit del lleure educatiu. Aquest proc\u00e9s els ha de permetre dirigir les seves traject\u00f2ries professionals i\/o educatives, promoure la seva inclusi\u00f3 en la din\u00e0mica local i executar el seu projecte professional i vital amb \u00e8xit.<\/p>\n<\/div>\n<\/div>\n<p>[\/et_pb_text][\/et_pb_column][\/et_pb_row][et_pb_row admin_label=&#8221;Row ETAPES&#8221; module_id=&#8221;etapes&#8221; _builder_version=&#8221;4.20.2&#8243; _module_preset=&#8221;default&#8221; custom_margin=&#8221;50px||||false|false&#8221; locked=&#8221;off&#8221; global_colors_info=&#8221;{}&#8221;][et_pb_column type=&#8221;4_4&#8243; _builder_version=&#8221;4.20.2&#8243; _module_preset=&#8221;default&#8221; global_colors_info=&#8221;{}&#8221;][et_pb_text admin_label=&#8221;ETAPES&#8221; _builder_version=&#8221;4.20.2&#8243; _module_preset=&#8221;default&#8221; global_colors_info=&#8221;{}&#8221;]<\/p>\n<h2>ETAPES DEL PROJECTE<\/h2>\n<div id=\"mouseposition-extension-element-full-container\" style=\"position: fixed;z-index: 2147483647;font-weight: 400\">\n<div id=\"mouseposition-extension-element-rect-display\" style=\"position: absolute;font-size: 12px;z-index: 2147483647;justify-content: center;align-items: center;cursor: default;color: #000000;font-family: 'Helvetica Neue', Helvetica, Arial, sans-serif;width: 0px;height: 0px\">\n<pre style=\"flex: 1 1 0%;text-align: center;color: #000000;min-width: 42px;min-height: 12px\">\u00a0<\/pre>\n<p>&nbsp;<\/p>\n<\/div>\n<p>&nbsp;<\/p>\n<pre id=\"mouseposition-extension-element-coordinate-display\" style=\"position: absolute;background: #ffffff;font-size: 12px;line-height: 14px;border-radius: 3px;border-width: 1px;border-color: #222222 black #333333;border-style: solid;padding: 3px;z-index: 2147483647;color: #222222;cursor: default;font-family: 'Helvetica Neue', Helvetica, Arial, sans-serif\">\u00a0<\/pre>\n<\/div>\n<p>[\/et_pb_text][et_pb_text _builder_version=&#8221;4.27.4&#8243; _module_preset=&#8221;default&#8221; global_colors_info=&#8221;{}&#8221;]<\/p>\n<div id=\":ta\" class=\"Am aiL Al editable LW-avf tS-tW tS-tY\" role=\"textbox\" aria-label=\"Cos del missatge\" aria-controls=\":vo\" aria-expanded=\"false\">\n<p>Durant la seva participaci\u00f3 en el programa oferim a les dones participants:<\/p>\n<h3>FORMACI\u00d3 ESPEC\u00cdFICA<\/h3>\n<p>Contempla un itinerari formatiu adaptat a la realitat i necessitats de les persones joves participants a partir d\u2019una proposta que contempla, a m\u00e9s del <strong>curs de Monitora de Lleure<\/strong>, m\u00f2duls referits tant al treball d\u2019habilitats per a la vida i el treball de compet\u00e8ncies personals, com un m\u00f2dul d\u2019inserci\u00f3 laboral.<\/p>\n<p>La formaci\u00f3 consta d\u2019un total de<strong> 270 h<\/strong> aproximadament, a m\u00e9s de les tutories i acompanyament individualitzat que es dur\u00e0 a terme durant tot el projecte. Aquestes hores estaran repartides de la seg\u00fcent manera:<\/p>\n<ol>\n<li>Llengua catalana (90 h)<\/li>\n<li>M\u00f2dul d\u2019habilitats socials i compet\u00e8ncies personals transversals (15 h)<\/li>\n<li>Curs de Monitora de Lleure (150 h)<\/li>\n<li>M\u00f2dul de qualificaci\u00f3 laboral (15 h)<\/li>\n<\/ol>\n<h3>PR\u00c0CTIQUES: EXPERI\u00c8NCIES PRE-LABORALS SIGNIFICATIVES<\/h3>\n<p>Les pr\u00e0ctiques constitueixen un moment fonamental del projecte, ja que suposen la primera aproximaci\u00f3 al mercat laboral, posant en joc els coneixements adquirits en la primera fase formativa.<\/p>\n<h3>ACOMPANYAMENT PERSONALITZAT I DE GRUP<\/h3>\n<p>El programa promou un proc\u00e9s d\u2019acompanyament i tutoria durant tot el per\u00edode i en tots els espais per on transiten les dones al llarg de la proposta.<\/p>\n<h3>DESENVOLUPAMENT DE COMPET\u00c8NCIES FAMILIARS I PARTICIPACI\u00d3<\/h3>\n<p>L\u2019educaci\u00f3 en compet\u00e8ncies familiars suposa un suport i un aprenentatge clau cap a la marentalitat positiva. Davant de les dificultats i\/o complexitats amb les quals es troben les dones joves, es fa imprescindible refor\u00e7ar les pr\u00f2pies habilitats perqu\u00e8 puguin encarar d\u2019una manera flexible i adaptativa la tasca vital de ser mares.<\/p>\n<h3>ACTIVITATS DE SENSIBILITZACI\u00d3 I PREVENCI\u00d3 DE LA VIOL\u00c8NCIA MASCLISTA<\/h3>\n<p>A trav\u00e9s de tallers educatius, es realitzaran sessions informatives sobre qu\u00e8 \u00e9s la viol\u00e8ncia de g\u00e8nere, les seves formes i conseq\u00fc\u00e8ncies. Inclouen discussions sobre drets de les dones i la import\u00e0ncia de la democratitzaci\u00f3 de les cures. Utilitzarem materials visuals, presentacions interactives i activitats grupals per fomentar la participaci\u00f3 activa.<\/p>\n<\/div>\n<p>[\/et_pb_text][\/et_pb_column][\/et_pb_row][et_pb_row disabled_on=&#8221;on|on|on&#8221; module_id=&#8221;etapes&#8221; _builder_version=&#8221;4.20.2&#8243; _module_preset=&#8221;default&#8221; custom_margin=&#8221;50px||||false|false&#8221; disabled=&#8221;on&#8221; locked=&#8221;off&#8221; global_colors_info=&#8221;{}&#8221;][et_pb_column type=&#8221;4_4&#8243; _builder_version=&#8221;4.20.2&#8243; _module_preset=&#8221;default&#8221; global_colors_info=&#8221;{}&#8221;][et_pb_image src=&#8221;https:\/\/fundesplai.org\/programes-socials-i-joves\/wp-content\/uploads\/sites\/32\/2023\/09\/1-1.jpg&#8221; alt=&#8221;Proyecto AMA&#8221; title_text=&#8221;1&#8243; align=&#8221;center&#8221; _builder_version=&#8221;4.27.4&#8243; _module_preset=&#8221;default&#8221; global_colors_info=&#8221;{}&#8221;][\/et_pb_image][\/et_pb_column][\/et_pb_row][et_pb_row admin_label=&#8221;Row CON\u00c8IXER&#8221; module_id=&#8221;coneixer&#8221; _builder_version=&#8221;4.20.2&#8243; _module_preset=&#8221;default&#8221; custom_margin=&#8221;50px||||false|false&#8221; locked=&#8221;off&#8221; global_colors_info=&#8221;{}&#8221;][et_pb_column type=&#8221;4_4&#8243; _builder_version=&#8221;4.20.2&#8243; _module_preset=&#8221;default&#8221; global_colors_info=&#8221;{}&#8221;][et_pb_text admin_label=&#8221;CON\u00c8IXER +&#8221; _builder_version=&#8221;4.20.2&#8243; _module_preset=&#8221;default&#8221; global_colors_info=&#8221;{}&#8221;]<\/p>\n<h2><span style=\"font-size: 50px\">Coneix +<\/span><span style=\"color: #666666;font-size: 14px\"><br \/><\/span><\/h2>\n<p>[\/et_pb_text][et_pb_text _builder_version=&#8221;4.27.4&#8243; _module_preset=&#8221;default&#8221; global_colors_info=&#8221;{}&#8221;]<\/p>\n<div>\n<h3>ESPAI INFANTIL<\/h3>\n<div id=\":ta\" class=\"Am aiL Al editable LW-avf tS-tW tS-tY\" role=\"textbox\" aria-label=\"Cos del missatge\" aria-controls=\":vo\" aria-expanded=\"false\">\n<p>Les dones joves poden participar en el projecte amb els seus fills\/es, ja que disposem d\u2019un espai infantil coordinat per una educadora i adient a les necessitats dels infants.<\/p>\n<h3>ON ES REALITZA?<\/h3>\n<p>El projecte es desenvolupar\u00e0 a <strong>Vilafranca del Pened\u00e8s<\/strong>.<\/p>\n<p>Es donar\u00e0 prioritat a les persones residents de la Vegueria Pened\u00e8s (27 municipis de la comarca de l&#8217;Alt Pened\u00e8s, 14 del Baix Pened\u00e8s, 6 del Garraf i 25 de l&#8217;Anoia).<\/p>\n<h3>CALENDARI<\/h3>\n<p>El projecte s\u2019iniciar\u00e0 el 09\/03\/2026 i finalitzar\u00e0 el 31\/07\/2026.<\/p>\n<\/div>\n<\/div>\n<p>[\/et_pb_text][\/et_pb_column][\/et_pb_row][et_pb_row disabled_on=&#8221;on|on|on&#8221; admin_label=&#8221;Row PUBLICACIONS&#8221; module_id=&#8221;publicacions&#8221; _builder_version=&#8221;4.20.2&#8243; _module_preset=&#8221;default&#8221; custom_margin=&#8221;50px||||false|false&#8221; disabled=&#8221;on&#8221; locked=&#8221;off&#8221; global_colors_info=&#8221;{}&#8221;][et_pb_column type=&#8221;4_4&#8243; _builder_version=&#8221;4.20.2&#8243; _module_preset=&#8221;default&#8221; global_colors_info=&#8221;{}&#8221;][et_pb_text admin_label=&#8221;Publicacions&#8221; _builder_version=&#8221;4.20.2&#8243; _module_preset=&#8221;default&#8221; global_colors_info=&#8221;{}&#8221;]<\/p>\n<h2>Publicacions<\/h2>\n<p>[\/et_pb_text][et_pb_text _builder_version=&#8221;4.20.2&#8243; _module_preset=&#8221;default&#8221; global_colors_info=&#8221;{}&#8221;]<\/p>\n<div>Aqu\u00ed, algunes not\u00edcies d\u2019inter\u00e8s entorn el projecte:<\/div>\n<ul>\n<li><a href=\"http:\/\/fundesplai.org\/ca\/recursos\/noticies\/969-premis-la-caixa-innovacio-i-transformacio-social-projecte-ama-de-fundesplai-finalista-2014\" data-loopstyle=\"link\">Noticia Premi Madrid projecte Fundesplai<\/a><\/li>\n<li><a href=\"http:\/\/www.lavanguardia.com\/vida\/20150823\/54435972466\/madres-adolescentes-formacion-apoyo-social-fundesplai.html\">La Vanguardia:\u201c Ara crec en mi mateixa\u201d, 23-08-2015.<\/a><\/li>\n<li><a href=\"http:\/\/ccaa.elpais.com\/ccaa\/2015\/06\/28\/catalunya\/1435515666_701342.html\">EL PA\u00cdS:\u201c El oficio de ser mam\u00e1\u201d, 29-06-2015<\/a><\/li>\n<li><a href=\"https:\/\/fundesplai.org\/arxius\/Audios\/Temp\/20150703_Maria_bruno_la_Nit_Dels_ignorants_CatRadio.mp3\">Nit dels ignorants 07.03.2015<\/a>, entrevista a Maria Bruno, Responsable de l\u2019\u00c0rea de Joves, Internacional i Social de Fundesplai.<\/li>\n<li><a href=\"https:\/\/youtu.be\/lFqXWeBJUiM\">TV3 AMA\u00a029\/06\/2015<\/a><\/li>\n<li><a href=\"http:\/\/www.ccma.cat\/tv3\/alacarta\/telenoticies-migdia\/un-de-cada-cinc-joves-ni-estudia-ni-treballa-i-els-que-treballen-tenen-una-feina-precaria\/video\/5637257\/?utm_source=Canal%20Recull%20de%20Premsa&amp;utm_medium=butlleti&amp;utm_campaign=Canal%20Recull%20de%20Premsa%202080%2014%2012%202016\">TV3 AMA 13\/12\/2016<\/a><\/li>\n<li><a href=\"http:\/\/criatures.ara.cat\/adolescencia\/Projecte-AMA-insercio-mares-adolescents_0_1639636022.html\">ARA. CRIATURES. Projecte AMA, oportunitat de futur, 27-08-2016<\/a><\/li>\n<li><a href=\"https:\/\/fundesplai.org\/informa-t\/actualitat\/nova-edicio-del-programa-ama-acompanyament-a-mares-adolescents-i-joves\/\">Nova edici\u00f3 del programa AMA &#8211; Fundesplai<\/a><\/li>\n<li><a href=\"https:\/\/fundesplai.org\/informa-t\/actualitat\/una-quinzena-de-dones-participara-en-la-nova-edicio-del-projecte-ama\/\">Edici\u00f3 AMA 2022 &#8211; Fundesplai<\/a><\/li>\n<\/ul>\n<p>&nbsp;<\/p>\n<p>&nbsp;<\/p>\n<p>[\/et_pb_text][\/et_pb_column][\/et_pb_row][et_pb_row admin_label=&#8221;Row CONTACTE&#8221; module_id=&#8221;contacte&#8221; _builder_version=&#8221;4.20.2&#8243; _module_preset=&#8221;default&#8221; custom_margin=&#8221;50px||||false|false&#8221; locked=&#8221;off&#8221; global_colors_info=&#8221;{}&#8221;][et_pb_column type=&#8221;4_4&#8243; _builder_version=&#8221;4.20.2&#8243; _module_preset=&#8221;default&#8221; global_colors_info=&#8221;{}&#8221;][et_pb_text admin_label=&#8221;CONTACTE&#8221; _builder_version=&#8221;4.27.5&#8243; _module_preset=&#8221;default&#8221; hover_enabled=&#8221;0&#8243; global_colors_info=&#8221;{}&#8221; sticky_enabled=&#8221;0&#8243;]<\/p>\n<h2>INSCRIPCI\u00d3<\/h2>\n<div id=\"mouseposition-extension-element-full-container\" style=\"position: fixed;z-index: 2147483647;font-weight: 400\">\n<div id=\"mouseposition-extension-element-rect-display\" style=\"position: absolute;font-size: 12px;z-index: 2147483647;justify-content: center;align-items: center;cursor: default;color: #000000;font-family: 'Helvetica Neue', Helvetica, Arial, sans-serif;width: 0px;height: 0px\">\n<pre style=\"flex: 1 1 0%;text-align: center;color: #000000;min-width: 42px;min-height: 12px\">\u00a0<\/pre>\n<p>&nbsp;<\/p>\n<\/div>\n<p>&nbsp;<\/p>\n<pre id=\"mouseposition-extension-element-coordinate-display\" style=\"position: absolute;background: #ffffff;font-size: 12px;line-height: 14px;border-radius: 3px;border-width: 1px;border-color: #222222 black #333333;border-style: solid;padding: 3px;z-index: 2147483647;color: #222222;cursor: default;font-family: 'Helvetica Neue', Helvetica, Arial, sans-serif\">\u00a0<\/pre>\n<\/div>\n<p>[\/et_pb_text][et_pb_text admin_label=&#8221;Text (canviar nom projecte)&#8221; _builder_version=&#8221;4.27.4&#8243; _module_preset=&#8221;default&#8221; global_colors_info=&#8221;{}&#8221;]<\/p>\n<p style=\"text-align: center\">Si tens inter\u00e8s en el projecte <strong>Dones Mirall<\/strong>, omple aquest senzill formulari de contacte perqu\u00e8 ens puguem adre\u00e7ar a tu el m\u00e9s aviat possible. Moltes gr\u00e0cies!<\/p>\n<div id=\"mouseposition-extension-element-full-container\" style=\"position: fixed;z-index: 2147483647;font-weight: 400\">\n<div id=\"mouseposition-extension-element-rect-display\" style=\"position: absolute;font-size: 12px;z-index: 2147483647;justify-content: center;align-items: center;cursor: default;color: #000000;font-family: 'Helvetica Neue', Helvetica, Arial, sans-serif;width: 0px;height: 0px\">\n<pre style=\"flex: 1 1 0%;text-align: center;color: #000000;min-width: 42px;min-height: 12px\">\u00a0<\/pre>\n<p>&nbsp;<\/p>\n<\/div>\n<p>&nbsp;<\/p>\n<pre id=\"mouseposition-extension-element-coordinate-display\" style=\"position: absolute;background: #ffffff;font-size: 12px;line-height: 14px;border-radius: 3px;border-width: 1px;border-color: #222222 black #333333;border-style: solid;padding: 3px;z-index: 2147483647;color: #222222;cursor: default;font-family: 'Helvetica Neue', Helvetica, Arial, sans-serif\">\u00a0<\/pre>\n<\/div>\n<p>[\/et_pb_text][et_pb_code admin_label=&#8221;Code FORMULARI CONTACTE (canviar nom projecte)&#8221; _builder_version=&#8221;4.27.4&#8243; _module_preset=&#8221;default&#8221; global_colors_info=&#8221;{}&#8221;]<script type=\"text\/javascript\">\n\/* <![CDATA[ *\/\nvar gform;gform||(document.addEventListener(\"gform_main_scripts_loaded\",function(){gform.scriptsLoaded=!0}),document.addEventListener(\"gform\/theme\/scripts_loaded\",function(){gform.themeScriptsLoaded=!0}),window.addEventListener(\"DOMContentLoaded\",function(){gform.domLoaded=!0}),gform={domLoaded:!1,scriptsLoaded:!1,themeScriptsLoaded:!1,isFormEditor:()=>\"function\"==typeof InitializeEditor,callIfLoaded:function(o){return!(!gform.domLoaded||!gform.scriptsLoaded||!gform.themeScriptsLoaded&&!gform.isFormEditor()||(gform.isFormEditor()&&console.warn(\"The use of gform.initializeOnLoaded() is deprecated in the form editor context and will be removed in Gravity Forms 3.1.\"),o(),0))},initializeOnLoaded:function(o){gform.callIfLoaded(o)||(document.addEventListener(\"gform_main_scripts_loaded\",()=>{gform.scriptsLoaded=!0,gform.callIfLoaded(o)}),document.addEventListener(\"gform\/theme\/scripts_loaded\",()=>{gform.themeScriptsLoaded=!0,gform.callIfLoaded(o)}),window.addEventListener(\"DOMContentLoaded\",()=>{gform.domLoaded=!0,gform.callIfLoaded(o)}))},hooks:{action:{},filter:{}},addAction:function(o,r,e,t){gform.addHook(\"action\",o,r,e,t)},addFilter:function(o,r,e,t){gform.addHook(\"filter\",o,r,e,t)},doAction:function(o){gform.doHook(\"action\",o,arguments)},applyFilters:function(o){return gform.doHook(\"filter\",o,arguments)},removeAction:function(o,r){gform.removeHook(\"action\",o,r)},removeFilter:function(o,r,e){gform.removeHook(\"filter\",o,r,e)},addHook:function(o,r,e,t,n){null==gform.hooks[o][r]&&(gform.hooks[o][r]=[]);var d=gform.hooks[o][r];null==n&&(n=r+\"_\"+d.length),gform.hooks[o][r].push({tag:n,callable:e,priority:t=null==t?10:t})},doHook:function(r,o,e){var t;if(e=Array.prototype.slice.call(e,1),null!=gform.hooks[r][o]&&((o=gform.hooks[r][o]).sort(function(o,r){return o.priority-r.priority}),o.forEach(function(o){\"function\"!=typeof(t=o.callable)&&(t=window[t]),\"action\"==r?t.apply(null,e):e[0]=t.apply(null,e)})),\"filter\"==r)return e[0]},removeHook:function(o,r,t,n){var e;null!=gform.hooks[o][r]&&(e=(e=gform.hooks[o][r]).filter(function(o,r,e){return!!(null!=n&&n!=o.tag||null!=t&&t!=o.priority)}),gform.hooks[o][r]=e)}});\n\/* ]]> *\/\n<\/script>\n\n                <div class='gf_browser_gecko gform_wrapper gravity-theme gform-theme--no-framework' data-form-theme='gravity-theme' data-form-index='0' id='gform_wrapper_1' >\n                        <div class='gform_heading'>\n                            <p class='gform_description'><\/p>\n                        <\/div><form method='post' enctype='multipart\/form-data'  id='gform_1'  action='\/programes-socials-i-joves\/wp-json\/wp\/v2\/pages\/50746' data-formid='1' novalidate>\n                        <div class='gform-body gform_body'><div id='gform_fields_1' class='gform_fields top_label form_sublabel_below description_below validation_below'><div id=\"field_1_7\" class=\"gfield gfield--type-hidden gfield--input-type-hidden gfield--width-full gform_hidden field_sublabel_below gfield--no-description field_description_below field_validation_below gfield_visibility_visible\"  ><div class='ginput_container ginput_container_text'><input name='input_7' id='input_1_7' type='hidden' class='gform_hidden'  aria-invalid=\"false\" value='Dones Mirall' \/><\/div><\/div><fieldset id=\"field_1_11\" class=\"gfield gfield--type-radio gfield--type-choice gfield--input-type-radio gfield--width-full gfield_contains_required field_sublabel_below gfield--no-description field_description_below field_validation_below gfield_visibility_visible\"  ><legend class='gfield_label gform-field-label' >Digue&#039;ns qui ets<span class=\"gfield_required\"><span class=\"gfield_required gfield_required_text\">(Obligatori)<\/span><\/span><\/legend><div class='ginput_container ginput_container_radio'><div class='gfield_radio' id='input_1_11'>\n\t\t\t<div class='gchoice gchoice_1_11_0'>\n\t\t\t\t\t<input class='gfield-choice-input' name='input_11' type='radio' value='Entitat \/ Professional'  id='choice_1_11_0' onchange='gformToggleRadioOther( this )'    \/>\n\t\t\t\t\t<label for='choice_1_11_0' id='label_1_11_0' class='gform-field-label gform-field-label--type-inline'>Entitat \/ Professional<\/label>\n\t\t\t<\/div>\n\t\t\t<div class='gchoice gchoice_1_11_1'>\n\t\t\t\t\t<input class='gfield-choice-input' name='input_11' type='radio' value='Particular'  id='choice_1_11_1' onchange='gformToggleRadioOther( this )'    \/>\n\t\t\t\t\t<label for='choice_1_11_1' id='label_1_11_1' class='gform-field-label gform-field-label--type-inline'>Particular<\/label>\n\t\t\t<\/div><\/div><\/div><\/fieldset><fieldset id=\"field_1_1\" class=\"gfield gfield--type-name gfield--input-type-name gfield_contains_required field_sublabel_below gfield--no-description field_description_below field_validation_below gfield_visibility_visible\"  ><legend class='gfield_label gform-field-label gfield_label_before_complex' >Nom i cognoms<span class=\"gfield_required\"><span class=\"gfield_required gfield_required_text\">(Obligatori)<\/span><\/span><\/legend><div class='ginput_complex ginput_container ginput_container--name no_prefix has_first_name no_middle_name has_last_name no_suffix gf_name_has_2 ginput_container_name gform-grid-row' id='input_1_1'>\n                            \n                            <span id='input_1_1_3_container' class='name_first gform-grid-col gform-grid-col--size-auto' >\n                                                    <input type='text' name='input_1.3' id='input_1_1_3' value=''   aria-required='true'     \/>\n                                                    <label for='input_1_1_3' class='gform-field-label gform-field-label--type-sub '>Nom<\/label>\n                                                <\/span>\n                            \n                            <span id='input_1_1_6_container' class='name_last gform-grid-col gform-grid-col--size-auto' >\n                                                    <input type='text' name='input_1.6' id='input_1_1_6' value=''   aria-required='true'     \/>\n                                                    <label for='input_1_1_6' class='gform-field-label gform-field-label--type-sub '>Cognoms<\/label>\n                                                <\/span>\n                            \n                        <\/div><\/fieldset><div id=\"field_1_13\" class=\"gfield gfield--type-phone gfield--input-type-phone gfield--width-full gfield_contains_required field_sublabel_below gfield--no-description field_description_below field_validation_below gfield_visibility_visible\"  ><label class='gfield_label gform-field-label' for='input_1_13'>Tel\u00e8fon de contacte<span class=\"gfield_required\"><span class=\"gfield_required gfield_required_text\">(Obligatori)<\/span><\/span><\/label><div class='ginput_container ginput_container_phone'><input name='input_13' id='input_1_13' type='tel' value='' class='large'   aria-required=\"true\" aria-invalid=\"false\"   \/><\/div><\/div><div id=\"field_1_12\" class=\"gfield gfield--type-email gfield--input-type-email gfield--width-full gfield_contains_required field_sublabel_below gfield--no-description field_description_below field_validation_below gfield_visibility_visible\"  ><label class='gfield_label gform-field-label' for='input_1_12'>Correu electr\u00f2nic<span class=\"gfield_required\"><span class=\"gfield_required gfield_required_text\">(Obligatori)<\/span><\/span><\/label><div class='ginput_container ginput_container_email'>\n                            <input name='input_12' id='input_1_12' type='email' value='' class='large'    aria-required=\"true\" aria-invalid=\"false\"  \/>\n                        <\/div><\/div><fieldset id=\"field_1_14\" class=\"gfield gfield--type-address gfield--input-type-address gfield--width-full gfield_contains_required field_sublabel_below gfield--no-description field_description_below field_validation_below gfield_visibility_visible\"  ><legend class='gfield_label gform-field-label gfield_label_before_complex' >Poblaci\u00f3<span class=\"gfield_required\"><span class=\"gfield_required gfield_required_text\">(Obligatori)<\/span><\/span><\/legend>    \n                    <div class='ginput_complex ginput_container has_city ginput_container_address gform-grid-row' id='input_1_14' >\n                        <span class='ginput_left address_city ginput_address_city gform-grid-col' id='input_1_14_3_container' >\n                                    <input type='text' name='input_14.3' id='input_1_14_3' value=''    aria-required='true'    \/>\n                                    <label for='input_1_14_3' id='input_1_14_3_label' class='gform-field-label gform-field-label--type-sub '>Poblaci\u00f3<\/label>\n                                 <\/span><input type='hidden' class='gform_hidden' name='input_14.4' id='input_1_14_4' value=''\/><input type='hidden' class='gform_hidden' name='input_14.6' id='input_1_14_6' value='' \/>\n                    <div class='gf_clear gf_clear_complex'><\/div>\n                <\/div><\/fieldset><div id=\"field_1_4\" class=\"gfield gfield--type-textarea gfield--input-type-textarea gfield--width-full field_sublabel_below gfield--no-description field_description_below field_validation_below gfield_visibility_visible\"  ><label class='gfield_label gform-field-label' for='input_1_4'>Comentaris<\/label><div class='ginput_container ginput_container_textarea'><textarea name='input_4' id='input_1_4' class='textarea small'      aria-invalid=\"false\"   rows='10' cols='50'><\/textarea><\/div><\/div><fieldset id=\"field_1_6\" class=\"gfield gfield--type-checkbox gfield--type-choice gfield--input-type-checkbox gfield--width-full field_sublabel_below gfield--no-description field_description_below hidden_label field_validation_below gfield_visibility_visible\"  ><legend class='gfield_label gform-field-label gfield_label_before_complex' >Subscripci\u00f3 butllet\u00ed<\/legend><div class='ginput_container ginput_container_checkbox'><div class='gfield_checkbox ' id='input_1_6'><div class='gchoice gchoice_1_6_1'>\n\t\t\t\t\t\t\t\t<input class='gfield-choice-input' name='input_6.1' type='checkbox'  value='Vull rebre informaci\u00f3 sobre les vostres activitats'  id='choice_1_6_1'   \/>\n\t\t\t\t\t\t\t\t<label for='choice_1_6_1' id='label_1_6_1' class='gform-field-label gform-field-label--type-inline'>Vull rebre informaci\u00f3 sobre les vostres activitats<\/label>\n\t\t\t\t\t\t\t<\/div><\/div><\/div><\/fieldset><fieldset id=\"field_1_5\" class=\"gfield gfield--type-checkbox gfield--type-choice gfield--input-type-checkbox gfield--width-full gfield_contains_required field_sublabel_below gfield--no-description field_description_below hidden_label field_validation_below gfield_visibility_visible\"  ><legend class='gfield_label gform-field-label gfield_label_before_complex' >Pol\u00edtica de privacitat<span class=\"gfield_required\"><span class=\"gfield_required gfield_required_text\">(Obligatori)<\/span><\/span><\/legend><div class='ginput_container ginput_container_checkbox'><div class='gfield_checkbox ' id='input_1_5'><div class='gchoice gchoice_1_5_1'>\n\t\t\t\t\t\t\t\t<input class='gfield-choice-input' name='input_5.1' type='checkbox'  value='He llegit i accepto la &lt;a href=&quot;\/politica-de-privacitat\/&quot; target=&quot;_blank&quot;&gt;pol\u00edtica de privacitat&lt;\/a&gt;'  id='choice_1_5_1'   \/>\n\t\t\t\t\t\t\t\t<label for='choice_1_5_1' id='label_1_5_1' class='gform-field-label gform-field-label--type-inline'>He llegit i accepto la <a href=\"\/politica-de-privacitat\/\" target=\"_blank\">pol\u00edtica de privacitat<\/a><\/label>\n\t\t\t\t\t\t\t<\/div><\/div><\/div><\/fieldset><\/div><\/div>\n        <div class='gform-footer gform_footer top_label'> <input type='submit' id='gform_submit_button_1' class='gform_button button' onclick='gform.submission.handleButtonClick(this);' data-submission-type='submit' value='Envia'  \/> \n            <input type='hidden' class='gform_hidden' name='gform_submission_method' data-js='gform_submission_method_1' value='postback' \/>\n            <input type='hidden' class='gform_hidden' name='gform_theme' data-js='gform_theme_1' id='gform_theme_1' value='gravity-theme' \/>\n            <input type='hidden' class='gform_hidden' name='gform_style_settings' data-js='gform_style_settings_1' id='gform_style_settings_1' value='[]' \/>\n            <input type='hidden' class='gform_hidden' name='is_submit_1' value='1' \/>\n            <input type='hidden' class='gform_hidden' name='gform_submit' value='1' \/>\n            \n            <input type='hidden' class='gform_hidden' name='gform_currency' data-currency='EUR' value='s3+nQlYq+8uyC\/5a8Ae2q+en9jZd84hNh5wVp6aHxjedog1o8QAplXKbnSNJoicjvtKFtpxUuEknWhjrnngIuzJvqZkPHeh1rolt8+c6d+2+REU=' \/>\n            <input type='hidden' class='gform_hidden' name='gform_unique_id' value='' \/>\n            <input type='hidden' class='gform_hidden' name='state_1' value='WyJ7XCIxMVwiOltcIjAwMjllNTU4NzgwOTc3N2RiZmFmZTNiZmJlODY1N2U3XCIsXCJkZDhkMGU3ZDNjNGEzMmQ3YzRlZjdlZDk3ZDA2ZWFhMFwiXSxcIjYuMVwiOlwiZjAwYTMwMzhiODY5MTdhOTZhNmIyNjRkMTA4MmQ0NmFcIixcIjUuMVwiOlwiNWQ0MGY2NmQ3MGQwMDQzOWIyMTFiZGYzYzk3Y2RhOGRcIn0iLCIwMDA2NjViMWM4YTFmMmY5MWZhZjg4NTQ5MTMzNGFlOCJd' \/>\n            <input type='hidden' autocomplete='off' class='gform_hidden' name='gform_target_page_number_1' id='gform_target_page_number_1' value='0' \/>\n            <input type='hidden' autocomplete='off' class='gform_hidden' name='gform_source_page_number_1' id='gform_source_page_number_1' value='1' \/>\n            <input type='hidden' name='gform_field_values' value='projecte=Dones+Mirall' \/>\n            \n        <\/div>\n                        <\/form>\n                        <\/div><script type=\"text\/javascript\">\n\/* <![CDATA[ *\/\n gform.initializeOnLoaded( function() {gformInitSpinner( 1, 'https:\/\/fundesplai.org\/programes-socials-i-joves\/wp-content\/plugins\/gravityforms\/images\/spinner.svg', true );jQuery('#gform_ajax_frame_1').on('load',function(){var contents = jQuery(this).contents().find('*').html();var is_postback = contents.indexOf('GF_AJAX_POSTBACK') >= 0;if(!is_postback){return;}var form_content = jQuery(this).contents().find('#gform_wrapper_1');var is_confirmation = jQuery(this).contents().find('#gform_confirmation_wrapper_1').length > 0;var is_redirect = contents.indexOf('gformRedirect(){') >= 0;var is_form = form_content.length > 0 && ! is_redirect && ! is_confirmation;var mt = parseInt(jQuery('html').css('margin-top'), 10) + parseInt(jQuery('body').css('margin-top'), 10) + 100;if(is_form){jQuery('#gform_wrapper_1').html(form_content.html());if(form_content.hasClass('gform_validation_error')){jQuery('#gform_wrapper_1').addClass('gform_validation_error');} else {jQuery('#gform_wrapper_1').removeClass('gform_validation_error');}setTimeout( function() { \/* delay the scroll by 50 milliseconds to fix a bug in chrome *\/  }, 50 );if(window['gformInitDatepicker']) {gformInitDatepicker();}if(window['gformInitPriceFields']) {gformInitPriceFields();}var current_page = jQuery('#gform_source_page_number_1').val();gformInitSpinner( 1, 'https:\/\/fundesplai.org\/programes-socials-i-joves\/wp-content\/plugins\/gravityforms\/images\/spinner.svg', true );jQuery(document).trigger('gform_page_loaded', [1, current_page]);window['gf_submitting_1'] = false;}else if(!is_redirect){var confirmation_content = jQuery(this).contents().find('.GF_AJAX_POSTBACK').html();if(!confirmation_content){confirmation_content = contents;}jQuery('#gform_wrapper_1').replaceWith(confirmation_content);jQuery(document).trigger('gform_confirmation_loaded', [1]);window['gf_submitting_1'] = false;wp.a11y.speak(jQuery('#gform_confirmation_message_1').text());}else{jQuery('#gform_1').append(contents);if(window['gformRedirect']) {gformRedirect();}}jQuery(document).trigger(\"gform_pre_post_render\", [{ formId: \"1\", currentPage: \"current_page\", abort: function() { this.preventDefault(); } }]);        if (event && event.defaultPrevented) {                return;        }        const gformWrapperDiv = document.getElementById( \"gform_wrapper_1\" );        if ( gformWrapperDiv ) {            const visibilitySpan = document.createElement( \"span\" );            visibilitySpan.id = \"gform_visibility_test_1\";            gformWrapperDiv.insertAdjacentElement( \"afterend\", visibilitySpan );        }        const visibilityTestDiv = document.getElementById( \"gform_visibility_test_1\" );        let postRenderFired = false;        function triggerPostRender() {            if ( postRenderFired ) {                return;            }            postRenderFired = true;            gform.core.triggerPostRenderEvents( 1, current_page );            if ( visibilityTestDiv ) {                visibilityTestDiv.parentNode.removeChild( visibilityTestDiv );            }        }        function debounce( func, wait, immediate ) {            var timeout;            return function() {                var context = this, args = arguments;                var later = function() {                    timeout = null;                    if ( !immediate ) func.apply( context, args );                };                var callNow = immediate && !timeout;                clearTimeout( timeout );                timeout = setTimeout( later, wait );                if ( callNow ) func.apply( context, args );            };        }        const debouncedTriggerPostRender = debounce( function() {            triggerPostRender();        }, 200 );        if ( visibilityTestDiv && visibilityTestDiv.offsetParent === null ) {            const observer = new MutationObserver( ( mutations ) => {                mutations.forEach( ( mutation ) => {                    if ( mutation.type === 'attributes' && visibilityTestDiv.offsetParent !== null ) {                        debouncedTriggerPostRender();                        observer.disconnect();                    }                });            });            observer.observe( document.body, {                attributes: true,                childList: false,                subtree: true,                attributeFilter: [ 'style', 'class' ],            });        } else {            triggerPostRender();        }    } );} ); \n\/* ]]> *\/\n<\/script>\n[\/et_pb_code][et_pb_text disabled_on=&#8221;on|on|on&#8221; _builder_version=&#8221;4.27.4&#8243; _module_preset=&#8221;default&#8221; disabled=&#8221;on&#8221; global_colors_info=&#8221;{}&#8221;]<\/p>\n<p><a href=\"mailto:acciosocial@fundesplai.org\">acciosocial@fundesplai.org<\/a><\/p>\n<div id=\"mouseposition-extension-element-full-container\" style=\"position: fixed;z-index: 2147483647;font-weight: 400\">\n<div id=\"mouseposition-extension-element-rect-display\" style=\"position: absolute;font-size: 12px;z-index: 2147483647;justify-content: center;align-items: center;cursor: default;color: #000000;font-family: 'Helvetica Neue', Helvetica, Arial, sans-serif;width: 0px;height: 0px\">\n<pre style=\"flex: 1 1 0%;text-align: center;color: #000000;min-width: 42px;min-height: 12px\">\u00a0<\/pre>\n<p>&nbsp;<\/p>\n<\/div>\n<p>&nbsp;<\/p>\n<pre id=\"mouseposition-extension-element-coordinate-display\" style=\"position: absolute;background: #ffffff;font-size: 12px;line-height: 14px;border-radius: 3px;border-width: 1px;border-color: #222222 black #333333;border-style: solid;padding: 3px;z-index: 2147483647;color: #222222;cursor: default;font-family: 'Helvetica Neue', Helvetica, Arial, sans-serif\">\u00a0<\/pre>\n<\/div>\n<p>[\/et_pb_text][\/et_pb_column][\/et_pb_row][et_pb_row admin_label=&#8221;Row SUPORT&#8221; _builder_version=&#8221;4.17.4&#8243; _module_preset=&#8221;default&#8221; locked=&#8221;off&#8221; global_colors_info=&#8221;{}&#8221;][et_pb_column type=&#8221;4_4&#8243; _builder_version=&#8221;4.17.4&#8243; _module_preset=&#8221;default&#8221; global_colors_info=&#8221;{}&#8221;][et_pb_text admin_label=&#8221;Suport&#8221; _builder_version=&#8221;4.20.2&#8243; _module_preset=&#8221;default&#8221; custom_margin=&#8221;30px||||false|false&#8221; global_colors_info=&#8221;{}&#8221;]<\/p>\n<h2 style=\"text-align: center\">AMB EL SUPORT DE<\/h2>\n<p>[\/et_pb_text][\/et_pb_column][\/et_pb_row][et_pb_row column_structure=&#8221;1_3,1_3,1_3&#8243; _builder_version=&#8221;4.17.4&#8243; _module_preset=&#8221;default&#8221; locked=&#8221;off&#8221; global_colors_info=&#8221;{}&#8221;][et_pb_column type=&#8221;1_3&#8243; _builder_version=&#8221;4.17.4&#8243; _module_preset=&#8221;default&#8221; global_colors_info=&#8221;{}&#8221;][\/et_pb_column][et_pb_column type=&#8221;1_3&#8243; _builder_version=&#8221;4.17.4&#8243; _module_preset=&#8221;default&#8221; global_colors_info=&#8221;{}&#8221;][et_pb_image src=&#8221;https:\/\/fundesplai.org\/programes-socials-i-joves\/wp-content\/uploads\/sites\/32\/2025\/09\/Logo_Fundacio_Pinnae.webp&#8221; alt=&#8221;Logo Fundaci\u00f3 Pinnae&#8221; title_text=&#8221;Logo_Fundacio_Pinnae&#8221; align=&#8221;center&#8221; _builder_version=&#8221;4.27.4&#8243; _module_preset=&#8221;default&#8221; width=&#8221;50%&#8221; max_width=&#8221;50%&#8221; custom_margin=&#8221;30px||50px||false|false&#8221; global_colors_info=&#8221;{}&#8221;][\/et_pb_image][\/et_pb_column][et_pb_column type=&#8221;1_3&#8243; _builder_version=&#8221;4.17.4&#8243; _module_preset=&#8221;default&#8221; global_colors_info=&#8221;{}&#8221;][\/et_pb_column][\/et_pb_row][et_pb_row admin_label=&#8221;Row M\u00c9S PROJECTES JOVES&#8221; _builder_version=&#8221;4.27.4&#8243; _module_preset=&#8221;default&#8221; custom_margin=&#8221;40px||40px||false|false&#8221; locked=&#8221;off&#8221; global_colors_info=&#8221;{}&#8221;][et_pb_column type=&#8221;4_4&#8243; _builder_version=&#8221;4.19.0&#8243; _module_preset=&#8221;default&#8221; global_colors_info=&#8221;{}&#8221;][et_pb_button button_url=&#8221;\/programes-socials-i-joves\/&#8221; button_text=&#8221;Descobreix altres projectes d&#8217;acci\u00f3 social i joves&#8221; button_alignment=&#8221;center&#8221; _builder_version=&#8221;4.21.0&#8243; _module_preset=&#8221;default&#8221; global_colors_info=&#8221;{}&#8221;][\/et_pb_button][\/et_pb_column][\/et_pb_row][\/et_pb_section]<\/p>\n","protected":false},"excerpt":{"rendered":"<p>El projecte Dones Mirall acompanya a dones joves menors de 30 anys en risc social i laboral per tal d&#8217;assegurar-ne la igualtat d&#8217;oportunitats en l&#8217;\u00e0mbit laboral, personal i formatiu.<\/p>\n","protected":false},"author":3,"featured_media":50763,"parent":0,"menu_order":0,"comment_status":"closed","ping_status":"closed","template":"","meta":{"_et_pb_use_builder":"on","_et_pb_old_content":"","_et_gb_content_width":"","footnotes":""},"class_list":["post-50746","page","type-page","status-publish","has-post-thumbnail","hentry"],"yoast_head":"<!-- This site is optimized with the Yoast SEO plugin v27.4 - https:\/\/yoast.com\/product\/yoast-seo-wordpress\/ -->\n<title>Dones mirall - Programes socials i per a joves<\/title>\n<meta name=\"description\" content=\"El projecte Dones Mirall acompanya a dones joves menors de 30 anys en risc social i laboral per tal d&#039;assegurar-ne la igualtat d&#039;oportunitats\" \/>\n<meta name=\"robots\" content=\"index, follow, max-snippet:-1, max-image-preview:large, max-video-preview:-1\" \/>\n<link rel=\"canonical\" href=\"https:\/\/fundesplai.org\/programes-socials-i-joves\/dones-mirall\/\" \/>\n<meta property=\"og:locale\" content=\"ca_ES\" \/>\n<meta property=\"og:type\" content=\"article\" \/>\n<meta property=\"og:title\" content=\"Dones mirall - Programes socials i per a joves\" \/>\n<meta property=\"og:description\" content=\"El projecte Dones Mirall acompanya a dones joves menors de 30 anys en risc social i laboral per tal d&#039;assegurar-ne la igualtat d&#039;oportunitats\" \/>\n<meta property=\"og:url\" content=\"https:\/\/fundesplai.org\/programes-socials-i-joves\/dones-mirall\/\" \/>\n<meta property=\"og:site_name\" content=\"Programes socials i per a joves\" \/>\n<meta property=\"article:modified_time\" content=\"2026-02-27T14:37:46+00:00\" \/>\n<meta property=\"og:image\" content=\"https:\/\/fundesplai.org\/programes-socials-i-joves\/wp-content\/uploads\/sites\/32\/2025\/09\/Dones-Mirall_projecte_Fundesplai.webp\" \/>\n\t<meta property=\"og:image:width\" content=\"1028\" \/>\n\t<meta property=\"og:image:height\" content=\"577\" \/>\n\t<meta property=\"og:image:type\" content=\"image\/webp\" \/>\n<meta name=\"twitter:card\" content=\"summary_large_image\" \/>\n<meta name=\"twitter:label1\" content=\"Temps estimat de lectura\" \/>\n\t<meta name=\"twitter:data1\" content=\"5 minuts\" \/>\n<script type=\"application\/ld+json\" class=\"yoast-schema-graph\">{\"@context\":\"https:\\\/\\\/schema.org\",\"@graph\":[{\"@type\":\"WebPage\",\"@id\":\"https:\\\/\\\/fundesplai.org\\\/programes-socials-i-joves\\\/dones-mirall\\\/\",\"url\":\"https:\\\/\\\/fundesplai.org\\\/programes-socials-i-joves\\\/dones-mirall\\\/\",\"name\":\"Dones mirall - Programes socials i per a joves\",\"isPartOf\":{\"@id\":\"https:\\\/\\\/fundesplai.org\\\/programes-socials-i-joves\\\/#website\"},\"primaryImageOfPage\":{\"@id\":\"https:\\\/\\\/fundesplai.org\\\/programes-socials-i-joves\\\/dones-mirall\\\/#primaryimage\"},\"image\":{\"@id\":\"https:\\\/\\\/fundesplai.org\\\/programes-socials-i-joves\\\/dones-mirall\\\/#primaryimage\"},\"thumbnailUrl\":\"https:\\\/\\\/fundesplai.org\\\/programes-socials-i-joves\\\/wp-content\\\/uploads\\\/sites\\\/32\\\/2025\\\/09\\\/Dones-Mirall_projecte_Fundesplai.webp\",\"datePublished\":\"2025-09-04T11:54:34+00:00\",\"dateModified\":\"2026-02-27T14:37:46+00:00\",\"description\":\"El projecte Dones Mirall acompanya a dones joves menors de 30 anys en risc social i laboral per tal d'assegurar-ne la igualtat d'oportunitats\",\"breadcrumb\":{\"@id\":\"https:\\\/\\\/fundesplai.org\\\/programes-socials-i-joves\\\/dones-mirall\\\/#breadcrumb\"},\"inLanguage\":\"ca\",\"potentialAction\":[{\"@type\":\"ReadAction\",\"target\":[\"https:\\\/\\\/fundesplai.org\\\/programes-socials-i-joves\\\/dones-mirall\\\/\"]}]},{\"@type\":\"ImageObject\",\"inLanguage\":\"ca\",\"@id\":\"https:\\\/\\\/fundesplai.org\\\/programes-socials-i-joves\\\/dones-mirall\\\/#primaryimage\",\"url\":\"https:\\\/\\\/fundesplai.org\\\/programes-socials-i-joves\\\/wp-content\\\/uploads\\\/sites\\\/32\\\/2025\\\/09\\\/Dones-Mirall_projecte_Fundesplai.webp\",\"contentUrl\":\"https:\\\/\\\/fundesplai.org\\\/programes-socials-i-joves\\\/wp-content\\\/uploads\\\/sites\\\/32\\\/2025\\\/09\\\/Dones-Mirall_projecte_Fundesplai.webp\",\"width\":1028,\"height\":577,\"caption\":\"Cercle de dones fent activitat amb el projecte Dones Mirall\"},{\"@type\":\"BreadcrumbList\",\"@id\":\"https:\\\/\\\/fundesplai.org\\\/programes-socials-i-joves\\\/dones-mirall\\\/#breadcrumb\",\"itemListElement\":[{\"@type\":\"ListItem\",\"position\":1,\"name\":\"Inici\",\"item\":\"\\\/\"},{\"@type\":\"ListItem\",\"position\":2,\"name\":\"Programes Socials i per a Joves\",\"item\":\"\\\/programes-socials-i-joves\\\/\"},{\"@type\":\"ListItem\",\"position\":3,\"name\":\"Dones mirall\"}]},{\"@type\":\"WebSite\",\"@id\":\"https:\\\/\\\/fundesplai.org\\\/programes-socials-i-joves\\\/#website\",\"url\":\"https:\\\/\\\/fundesplai.org\\\/programes-socials-i-joves\\\/\",\"name\":\"Programes socials i per a joves\",\"description\":\"Programes socials i per a joves\",\"publisher\":{\"@id\":\"https:\\\/\\\/fundesplai.org\\\/programes-socials-i-joves\\\/#organization\"},\"potentialAction\":[{\"@type\":\"SearchAction\",\"target\":{\"@type\":\"EntryPoint\",\"urlTemplate\":\"https:\\\/\\\/fundesplai.org\\\/programes-socials-i-joves\\\/?s={search_term_string}\"},\"query-input\":{\"@type\":\"PropertyValueSpecification\",\"valueRequired\":true,\"valueName\":\"search_term_string\"}}],\"inLanguage\":\"ca\"},{\"@type\":\"Organization\",\"@id\":\"https:\\\/\\\/fundesplai.org\\\/programes-socials-i-joves\\\/#organization\",\"name\":\"Programes socials i per a joves\",\"url\":\"https:\\\/\\\/fundesplai.org\\\/programes-socials-i-joves\\\/\",\"logo\":{\"@type\":\"ImageObject\",\"inLanguage\":\"ca\",\"@id\":\"https:\\\/\\\/fundesplai.org\\\/programes-socials-i-joves\\\/#\\\/schema\\\/logo\\\/image\\\/\",\"url\":\"https:\\\/\\\/fundesplai.org\\\/programes-socials-i-joves\\\/wp-content\\\/uploads\\\/sites\\\/32\\\/2023\\\/09\\\/Fundesplai-logo-web.png\",\"contentUrl\":\"https:\\\/\\\/fundesplai.org\\\/programes-socials-i-joves\\\/wp-content\\\/uploads\\\/sites\\\/32\\\/2023\\\/09\\\/Fundesplai-logo-web.png\",\"width\":298,\"height\":219,\"caption\":\"Programes socials i per a joves\"},\"image\":{\"@id\":\"https:\\\/\\\/fundesplai.org\\\/programes-socials-i-joves\\\/#\\\/schema\\\/logo\\\/image\\\/\"}}]}<\/script>\n<!-- \/ Yoast SEO plugin. -->","yoast_head_json":{"title":"Dones mirall - Programes socials i per a joves","description":"El projecte Dones Mirall acompanya a dones joves menors de 30 anys en risc social i laboral per tal d'assegurar-ne la igualtat d'oportunitats","robots":{"index":"index","follow":"follow","max-snippet":"max-snippet:-1","max-image-preview":"max-image-preview:large","max-video-preview":"max-video-preview:-1"},"canonical":"https:\/\/fundesplai.org\/programes-socials-i-joves\/dones-mirall\/","og_locale":"ca_ES","og_type":"article","og_title":"Dones mirall - Programes socials i per a joves","og_description":"El projecte Dones Mirall acompanya a dones joves menors de 30 anys en risc social i laboral per tal d'assegurar-ne la igualtat d'oportunitats","og_url":"https:\/\/fundesplai.org\/programes-socials-i-joves\/dones-mirall\/","og_site_name":"Programes socials i per a joves","article_modified_time":"2026-02-27T14:37:46+00:00","og_image":[{"width":1028,"height":577,"url":"https:\/\/fundesplai.org\/programes-socials-i-joves\/wp-content\/uploads\/sites\/32\/2025\/09\/Dones-Mirall_projecte_Fundesplai.webp","type":"image\/webp"}],"twitter_card":"summary_large_image","twitter_misc":{"Temps estimat de lectura":"5 minuts"},"schema":{"@context":"https:\/\/schema.org","@graph":[{"@type":"WebPage","@id":"https:\/\/fundesplai.org\/programes-socials-i-joves\/dones-mirall\/","url":"https:\/\/fundesplai.org\/programes-socials-i-joves\/dones-mirall\/","name":"Dones mirall - Programes socials i per a joves","isPartOf":{"@id":"https:\/\/fundesplai.org\/programes-socials-i-joves\/#website"},"primaryImageOfPage":{"@id":"https:\/\/fundesplai.org\/programes-socials-i-joves\/dones-mirall\/#primaryimage"},"image":{"@id":"https:\/\/fundesplai.org\/programes-socials-i-joves\/dones-mirall\/#primaryimage"},"thumbnailUrl":"https:\/\/fundesplai.org\/programes-socials-i-joves\/wp-content\/uploads\/sites\/32\/2025\/09\/Dones-Mirall_projecte_Fundesplai.webp","datePublished":"2025-09-04T11:54:34+00:00","dateModified":"2026-02-27T14:37:46+00:00","description":"El projecte Dones Mirall acompanya a dones joves menors de 30 anys en risc social i laboral per tal d'assegurar-ne la igualtat d'oportunitats","breadcrumb":{"@id":"https:\/\/fundesplai.org\/programes-socials-i-joves\/dones-mirall\/#breadcrumb"},"inLanguage":"ca","potentialAction":[{"@type":"ReadAction","target":["https:\/\/fundesplai.org\/programes-socials-i-joves\/dones-mirall\/"]}]},{"@type":"ImageObject","inLanguage":"ca","@id":"https:\/\/fundesplai.org\/programes-socials-i-joves\/dones-mirall\/#primaryimage","url":"https:\/\/fundesplai.org\/programes-socials-i-joves\/wp-content\/uploads\/sites\/32\/2025\/09\/Dones-Mirall_projecte_Fundesplai.webp","contentUrl":"https:\/\/fundesplai.org\/programes-socials-i-joves\/wp-content\/uploads\/sites\/32\/2025\/09\/Dones-Mirall_projecte_Fundesplai.webp","width":1028,"height":577,"caption":"Cercle de dones fent activitat amb el projecte Dones Mirall"},{"@type":"BreadcrumbList","@id":"https:\/\/fundesplai.org\/programes-socials-i-joves\/dones-mirall\/#breadcrumb","itemListElement":[{"@type":"ListItem","position":1,"name":"Inici","item":"\/"},{"@type":"ListItem","position":2,"name":"Programes Socials i per a Joves","item":"\/programes-socials-i-joves\/"},{"@type":"ListItem","position":3,"name":"Dones mirall"}]},{"@type":"WebSite","@id":"https:\/\/fundesplai.org\/programes-socials-i-joves\/#website","url":"https:\/\/fundesplai.org\/programes-socials-i-joves\/","name":"Programes socials i per a joves","description":"Programes socials i per a joves","publisher":{"@id":"https:\/\/fundesplai.org\/programes-socials-i-joves\/#organization"},"potentialAction":[{"@type":"SearchAction","target":{"@type":"EntryPoint","urlTemplate":"https:\/\/fundesplai.org\/programes-socials-i-joves\/?s={search_term_string}"},"query-input":{"@type":"PropertyValueSpecification","valueRequired":true,"valueName":"search_term_string"}}],"inLanguage":"ca"},{"@type":"Organization","@id":"https:\/\/fundesplai.org\/programes-socials-i-joves\/#organization","name":"Programes socials i per a joves","url":"https:\/\/fundesplai.org\/programes-socials-i-joves\/","logo":{"@type":"ImageObject","inLanguage":"ca","@id":"https:\/\/fundesplai.org\/programes-socials-i-joves\/#\/schema\/logo\/image\/","url":"https:\/\/fundesplai.org\/programes-socials-i-joves\/wp-content\/uploads\/sites\/32\/2023\/09\/Fundesplai-logo-web.png","contentUrl":"https:\/\/fundesplai.org\/programes-socials-i-joves\/wp-content\/uploads\/sites\/32\/2023\/09\/Fundesplai-logo-web.png","width":298,"height":219,"caption":"Programes socials i per a joves"},"image":{"@id":"https:\/\/fundesplai.org\/programes-socials-i-joves\/#\/schema\/logo\/image\/"}}]}},"_links":{"self":[{"href":"https:\/\/fundesplai.org\/programes-socials-i-joves\/wp-json\/wp\/v2\/pages\/50746","targetHints":{"allow":["GET"]}}],"collection":[{"href":"https:\/\/fundesplai.org\/programes-socials-i-joves\/wp-json\/wp\/v2\/pages"}],"about":[{"href":"https:\/\/fundesplai.org\/programes-socials-i-joves\/wp-json\/wp\/v2\/types\/page"}],"author":[{"embeddable":true,"href":"https:\/\/fundesplai.org\/programes-socials-i-joves\/wp-json\/wp\/v2\/users\/3"}],"replies":[{"embeddable":true,"href":"https:\/\/fundesplai.org\/programes-socials-i-joves\/wp-json\/wp\/v2\/comments?post=50746"}],"version-history":[{"count":14,"href":"https:\/\/fundesplai.org\/programes-socials-i-joves\/wp-json\/wp\/v2\/pages\/50746\/revisions"}],"predecessor-version":[{"id":51797,"href":"https:\/\/fundesplai.org\/programes-socials-i-joves\/wp-json\/wp\/v2\/pages\/50746\/revisions\/51797"}],"wp:featuredmedia":[{"embeddable":true,"href":"https:\/\/fundesplai.org\/programes-socials-i-joves\/wp-json\/wp\/v2\/media\/50763"}],"wp:attachment":[{"href":"https:\/\/fundesplai.org\/programes-socials-i-joves\/wp-json\/wp\/v2\/media?parent=50746"}],"curies":[{"name":"wp","href":"https:\/\/api.w.org\/{rel}","templated":true}]}}