{"id":47852,"date":"2023-09-29T13:20:42","date_gmt":"2023-09-29T11:20:42","guid":{"rendered":"https:\/\/fundesplai.org\/programes-socials-i-joves\/?page_id=47852"},"modified":"2025-10-24T09:48:46","modified_gmt":"2025-10-24T07:48:46","slug":"temps-per-cures-ucraina","status":"publish","type":"page","link":"https:\/\/fundesplai.org\/programes-socials-i-joves\/temps-per-cures-ucraina\/","title":{"rendered":"Temps per cures Ucra\u00efna"},"content":{"rendered":"<p>[et_pb_section fb_built=&#8221;1&#8243; _builder_version=&#8221;4.17.4&#8243; _module_preset=&#8221;51211272-8a6e-4143-bb44-93c4640cd48f&#8221; locked=&#8221;off&#8221; global_colors_info=&#8221;{}&#8221;][et_pb_row _builder_version=&#8221;4.17.4&#8243; _module_preset=&#8221;default&#8221; global_colors_info=&#8221;{}&#8221;][et_pb_column type=&#8221;4_4&#8243; _builder_version=&#8221;4.17.4&#8243; _module_preset=&#8221;default&#8221; global_colors_info=&#8221;{}&#8221;][et_pb_post_title _builder_version=&#8221;4.19.0&#8243; _module_preset=&#8221;acdac75f-1650-44cc-80bf-149a4f3da426&#8243; global_colors_info=&#8221;{}&#8221;][\/et_pb_post_title][et_pb_text admin_label=&#8221;Finalitzat&#8221; _builder_version=&#8221;4.21.0&#8243; _module_preset=&#8221;default&#8221; custom_margin=&#8221;30px||||false|false&#8221; locked=&#8221;off&#8221; global_colors_info=&#8221;{}&#8221;]<\/p>\n<h4 style=\"text-align: center\"><em>Projecte finalitzat<\/em><\/h4>\n<p style=\"text-align: center\"><strong><em>juny 2022 &#8211; desembre 2022<\/em><\/strong><\/p>\n<p>[\/et_pb_text][et_pb_text admin_label=&#8221;Presentaci\u00f3&#8221; _builder_version=&#8221;4.21.0&#8243; _module_preset=&#8221;default&#8221; custom_margin=&#8221;30px||||false|false&#8221; global_colors_info=&#8221;{}&#8221;]<\/p>\n<p><em>Temps per cures Ucra\u00efna<\/em> \u00e9s una iniciativa del <a href=\"https:\/\/igualtat.gencat.cat\/ca\/ambits-dactuacio\/cures-temps-i-treballs\/Cures-i-treballs-de-la-llar-\/temps-x-cures-\/linies-actuacio-temps-x-cures-ucraina\/\" target=\"_blank\" rel=\"noopener\">Departament d\u2019Igualtat i Feminismes de la Generalitat de Catalunya<\/a> destinada a oferir atenci\u00f3 l\u00fadica, social i educativa en l\u2019\u00e0mbit del lleure a infants i joves ucra\u00efnesos (d\u2019entre 0 i 16 anys) i temps personal de respir a les fam\u00edlies <strong>refugiades del conflicte d\u2019Ucra\u00efna<\/strong>. Aquesta iniciativa s&#8217;emmarca en la pol\u00edtica p\u00fablica &#8220;<a href=\"https:\/\/igualtat.gencat.cat\/ca\/ambits-dactuacio\/cures-temps-i-treballs\/Cures-i-treballs-de-la-llar-\/temps-x-cures-\/\">Temps x cures<\/a>&#8221; que preveu finan\u00e7ament i acompanyament per refor\u00e7ar i crear nous serveis de cures per a nenes i nens de 0 a 16 anys a tot el territori catal\u00e0.<\/p>\n<p><em>Temps per cures Ucra\u00efna<\/em> s\u2019ha dut a terme en les \u00e0rees territorials de Terres de l\u2019Ebre, Catalunya Central, Barcelon\u00e8s, Baix Llobregat, Maresme, Garraf, Vall\u00e8s, Girona, Tarragona i Lleida, i ha perm\u00e8s oferir <strong>espais segurs, de joc, d\u2019aprenentatge, de socialitzaci\u00f3, d\u2019alfabetitzaci\u00f3 de la llengua&#8230;<\/strong><\/p>\n<p>[\/et_pb_text][et_pb_image src=&#8221;https:\/\/fundesplai.org\/programes-socials-i-joves\/wp-content\/uploads\/sites\/32\/2023\/09\/Projecte-temps-de-cures-per-Ucraina-Fundesplai_foto-jardi.jpg&#8221; alt=&#8221;Temps per cures Ucra\u00efna fundesplai foto al jard\u00ed&#8221; title_text=&#8221;Temps per cures Ucra\u00efna fundesplai foto al jard\u00ed&#8221; align=&#8221;center&#8221; _builder_version=&#8221;4.19.0&#8243; _module_preset=&#8221;default&#8221; global_colors_info=&#8221;{}&#8221;][\/et_pb_image][et_pb_text admin_label=&#8221;Qu\u00e8 ofereix el projecte&#8221; _builder_version=&#8221;4.19.0&#8243; _module_preset=&#8221;default&#8221; custom_margin=&#8221;30px||||false|false&#8221; global_colors_info=&#8221;{}&#8221;]<\/p>\n<h3>QU\u00c8 OFEREIX EL PROJECTE?<\/h3>\n<ul>\n<li>Atenci\u00f3 l\u00fadica en els dispositius d\u2019allotjament d\u2019urg\u00e8ncia<\/li>\n<li>Habilitaci\u00f3 de serveis de cangur puntuals per donar suport a les fam\u00edlies despla\u00e7ades<\/li>\n<li>Oferta d\u2019altres serveis de cangur itinerants, segons les necessitats de cada moment<\/li>\n<li>Suport puntual a domicili per a situacions d\u2019emerg\u00e8ncia<\/li>\n<li>Casals, col\u00f2nies i campaments d&#8217;estiu<\/li>\n<li>Activitats de suport a les tardes durant el curs escolar<\/li>\n<li>Curs de monitor\/a de lleure infantil i juvenil per a joves i adults ucra\u00efnesos<\/li>\n<\/ul>\n<p>[\/et_pb_text][\/et_pb_column][\/et_pb_row][et_pb_row _builder_version=&#8221;4.17.4&#8243; _module_preset=&#8221;default&#8221; global_colors_info=&#8221;{}&#8221;][et_pb_column type=&#8221;4_4&#8243; _builder_version=&#8221;4.17.4&#8243; _module_preset=&#8221;default&#8221; global_colors_info=&#8221;{}&#8221;][et_pb_gallery gallery_ids=&#8221;47863,47865,47867,47869&#8243; show_title_and_caption=&#8221;off&#8221; show_pagination=&#8221;off&#8221; _builder_version=&#8221;4.19.0&#8243; _module_preset=&#8221;default&#8221; custom_margin=&#8221;30px||||false|false&#8221; global_colors_info=&#8221;{}&#8221;][\/et_pb_gallery][\/et_pb_column][\/et_pb_row][et_pb_row _builder_version=&#8221;4.17.4&#8243; _module_preset=&#8221;default&#8221; global_colors_info=&#8221;{}&#8221;][et_pb_column type=&#8221;4_4&#8243; _builder_version=&#8221;4.17.4&#8243; _module_preset=&#8221;default&#8221; global_colors_info=&#8221;{}&#8221;][et_pb_text _builder_version=&#8221;4.21.0&#8243; _module_preset=&#8221;default&#8221; custom_margin=&#8221;30px||||false|false&#8221; global_colors_info=&#8221;{}&#8221;]<\/p>\n<h3>RECULL DE PREMSA<\/h3>\n<ul>\n<li><a href=\"https:\/\/fundesplai.org\/ca\/recursos\/noticies\/2148-fundesplai-implementara-els-serveis-de-cures-per-a-persones-refugiades-d-ucraina\">Fundesplai implementar\u00e0 el servei de cures per a persones refugiades d&#8217;Ucra\u00efna &#8211; Fundesplai\u00a0<\/a><\/li>\n<li><a href=\"https:\/\/fundesplai.org\/ca\/recursos\/noticies\/2192-el-programa-temps-x-cures-ucraina-ja-ha-ates-mes-de-1-600-infants\">El programa \u2018Temps x Cures Ucra\u00efna\u2019 ja ha at\u00e8s m\u00e9s de 1.600 infants &#8211; Fundesplai<\/a><\/li>\n<li><a href=\"https:\/\/xarxanet.org\/social\/noticies\/jordi-alvarez-infants-i-joves-son-molt-conscients-que-estan-immersos-en-un-conflicte\">Jordi \u00c1lvarez: &#8220;Infants i joves s\u00f3n molt conscients que estan immersos en un conflicte b\u00e8l\u00b7lic&#8221; &#8211; Xarxanet<\/a><\/li>\n<li><a href=\"https:\/\/elpais.com\/cat\/2022\/08\/22\/actualidad\/1661149584_982149.html\">Temps per Cures per a les persones despla\u00e7ades ucra\u00efneses &#8211; El Pa\u00eds<\/a><\/li>\n<li><a href=\"https:\/\/www.elperiodico.cat\/ca\/societat\/20220823\/temps-per-cures-persones-ucraineses-14310392\">Temps x Cures per a les persones ucra\u00efneses despla\u00e7ades &#8211; El Peri\u00f3dico<\/a><\/li>\n<li><a href=\"https:\/\/www.publico.es\/public\/temps-per-cures-per-les-persones-desplacades-ucraineses.html\">Temps per Cures per a les persones despla\u00e7ades ucra\u00efneses &#8211; P\u00fablic<\/a><\/li>\n<li><a href=\"https:\/\/www.ara.cat\/societat\/casals-estiu-oblidar-bombes-infants-ucraina-guerra-refugiats_130_4448120.html\">Casals d&#8217;estiu per oblidar les bombes &#8211; Diari Ara<\/a><\/li>\n<\/ul>\n<h3>\u00a0<\/h3>\n<h3>CONTACTE<\/h3>\n<p>Si tens inter\u00e8s en el projecte de <em>Temps x cures Ucra\u00efna<\/em>, posa&#8217;t en contacte amb nosaltres:<\/p>\n<p>Jordi \u00c1lvarez \u2013 <a href=\"mailto:jalvarez@fundesplai.org\">jalvarez@fundesplai.org<\/a>\u200b<\/p>\n<h3>\u00a0<\/h3>\n<h3>AMB EL SUPORT DE<\/h3>\n<p>Aquest projecte es pot desenvolupar gr\u00e0cies al suport del Departament d&#8217;Igualtat i Feminismes de la Generalitat de Catalunya, Creu Roja Catalunya, Ajuntaments, Consells comarcals i entitats del tercer sector de tot el territori catal\u00e0.<\/p>\n<p>[\/et_pb_text][\/et_pb_column][\/et_pb_row][et_pb_row column_structure=&#8221;1_3,1_3,1_3&#8243; _builder_version=&#8221;4.19.0&#8243; _module_preset=&#8221;default&#8221; global_colors_info=&#8221;{}&#8221;][et_pb_column type=&#8221;1_3&#8243; _builder_version=&#8221;4.19.0&#8243; _module_preset=&#8221;default&#8221; global_colors_info=&#8221;{}&#8221;][et_pb_image src=&#8221;https:\/\/fundesplai.org\/programes-socials-i-joves\/wp-content\/uploads\/sites\/32\/2023\/09\/logotip_departament_digualtat_i_feminismes.jpg&#8221; title_text=&#8221;logotip_departament_digualtat_i_feminismes&#8221; align=&#8221;center&#8221; _builder_version=&#8221;4.19.0&#8243; _module_preset=&#8221;default&#8221; global_colors_info=&#8221;{}&#8221;][\/et_pb_image][\/et_pb_column][et_pb_column type=&#8221;1_3&#8243; _builder_version=&#8221;4.19.0&#8243; _module_preset=&#8221;default&#8221; global_colors_info=&#8221;{}&#8221;][et_pb_image src=&#8221;https:\/\/fundesplai.org\/programes-socials-i-joves\/wp-content\/uploads\/sites\/32\/2023\/09\/Logo-creu-roja.jpg&#8221; title_text=&#8221;Logo creu roja&#8221; align=&#8221;center&#8221; _builder_version=&#8221;4.19.0&#8243; _module_preset=&#8221;default&#8221; global_colors_info=&#8221;{}&#8221;][\/et_pb_image][\/et_pb_column][et_pb_column type=&#8221;1_3&#8243; _builder_version=&#8221;4.19.0&#8243; _module_preset=&#8221;default&#8221; global_colors_info=&#8221;{}&#8221;][et_pb_image src=&#8221;https:\/\/fundesplai.org\/programes-socials-i-joves\/wp-content\/uploads\/sites\/32\/2023\/09\/TempxCures_logotip_generalitat.jpg&#8221; title_text=&#8221;TempxCures_logotip_generalitat&#8221; align=&#8221;center&#8221; _builder_version=&#8221;4.19.0&#8243; _module_preset=&#8221;default&#8221; global_colors_info=&#8221;{}&#8221;][\/et_pb_image][\/et_pb_column][\/et_pb_row][et_pb_row _builder_version=&#8221;4.17.4&#8243; _module_preset=&#8221;default&#8221; global_colors_info=&#8221;{}&#8221;][et_pb_column type=&#8221;4_4&#8243; _builder_version=&#8221;4.17.4&#8243; _module_preset=&#8221;default&#8221; global_colors_info=&#8221;{}&#8221;][et_pb_text admin_label=&#8221;contacte&#8221; _builder_version=&#8221;4.21.0&#8243; _module_preset=&#8221;default&#8221; custom_margin=&#8221;30px||||false|false&#8221; locked=&#8221;off&#8221; global_colors_info=&#8221;{}&#8221;]<\/p>\n<h3>CONTACTE<\/h3>\n<p>Si est\u00e0s interessat\/ada en aquest projecte o altres projectes relacionats amb joves i acci\u00f3 social, contacta amb: <a href=\"mailto:acciosocial@fundesplai.org\" target=\"_blank\" rel=\"noopener noreferrer\" data-auth=\"NotApplicable\" data-linkindex=\"0\">acciosocial@fundesplai.org<\/a>.<\/p>\n<p>[\/et_pb_text][\/et_pb_column][\/et_pb_row][et_pb_row _builder_version=&#8221;4.19.0&#8243; _module_preset=&#8221;default&#8221; custom_margin=&#8221;40px||||false|false&#8221; locked=&#8221;off&#8221; global_colors_info=&#8221;{}&#8221;][et_pb_column type=&#8221;4_4&#8243; _builder_version=&#8221;4.19.0&#8243; _module_preset=&#8221;default&#8221; global_colors_info=&#8221;{}&#8221;][et_pb_button button_url=&#8221;\/programes-socials-i-joves\/&#8221; button_text=&#8221;Descobreix altres projectes d&#8217;acci\u00f3 social i joves&#8221; button_alignment=&#8221;center&#8221; _builder_version=&#8221;4.21.0&#8243; _module_preset=&#8221;default&#8221; global_colors_info=&#8221;{}&#8221;][\/et_pb_button][\/et_pb_column][\/et_pb_row][\/et_pb_section]<\/p>\n","protected":false},"excerpt":{"rendered":"<p>Temps per cures Ucra\u00efna ofereix atenci\u00f3 l\u00fadica, social i educativa en l\u2019\u00e0mbit del lleure a infants i joves ucra\u00efnesos i les seves fam\u00edlies.<\/p>\n","protected":false},"author":3,"featured_media":47871,"parent":0,"menu_order":0,"comment_status":"closed","ping_status":"closed","template":"","meta":{"_et_pb_use_builder":"on","_et_pb_old_content":"","_et_gb_content_width":"","footnotes":""},"class_list":["post-47852","page","type-page","status-publish","has-post-thumbnail","hentry"],"yoast_head":"<!-- This site is optimized with the Yoast SEO plugin v27.5 - https:\/\/yoast.com\/product\/yoast-seo-wordpress\/ -->\n<title>Temps per cures Ucra\u00efna - Programes socials i per a joves<\/title>\n<meta name=\"description\" content=\"Temps per cures Ucra\u00efna ofereix atenci\u00f3 l\u00fadica, social i educativa en l\u2019\u00e0mbit del lleure a infants i joves ucra\u00efnesos i les seves fam\u00edlies.\" \/>\n<meta name=\"robots\" content=\"index, follow, max-snippet:-1, max-image-preview:large, max-video-preview:-1\" \/>\n<link rel=\"canonical\" href=\"https:\/\/fundesplai.org\/programes-socials-i-joves\/temps-per-cures-ucraina\/\" \/>\n<meta property=\"og:locale\" content=\"ca_ES\" \/>\n<meta property=\"og:type\" content=\"article\" \/>\n<meta property=\"og:title\" content=\"Temps per cures Ucra\u00efna - Programes socials i per a joves\" \/>\n<meta property=\"og:description\" content=\"Temps per cures Ucra\u00efna ofereix atenci\u00f3 l\u00fadica, social i educativa en l\u2019\u00e0mbit del lleure a infants i joves ucra\u00efnesos i les seves fam\u00edlies.\" \/>\n<meta property=\"og:url\" content=\"https:\/\/fundesplai.org\/programes-socials-i-joves\/temps-per-cures-ucraina\/\" \/>\n<meta property=\"og:site_name\" content=\"Programes socials i per a joves\" \/>\n<meta property=\"article:modified_time\" content=\"2025-10-24T07:48:46+00:00\" \/>\n<meta property=\"og:image\" content=\"https:\/\/fundesplai.org\/programes-socials-i-joves\/wp-content\/uploads\/sites\/32\/2023\/09\/Projecte-temps-de-cures-per-Ucraina-Fundesplai4-1.jpg\" \/>\n\t<meta property=\"og:image:width\" content=\"350\" \/>\n\t<meta property=\"og:image:height\" content=\"250\" \/>\n\t<meta property=\"og:image:type\" content=\"image\/jpeg\" \/>\n<meta name=\"twitter:card\" content=\"summary_large_image\" \/>\n<meta name=\"twitter:label1\" content=\"Temps estimat de lectura\" \/>\n\t<meta name=\"twitter:data1\" content=\"4 minuts\" \/>\n<script type=\"application\/ld+json\" class=\"yoast-schema-graph\">{\"@context\":\"https:\\\/\\\/schema.org\",\"@graph\":[{\"@type\":\"WebPage\",\"@id\":\"https:\\\/\\\/fundesplai.org\\\/programes-socials-i-joves\\\/temps-per-cures-ucraina\\\/\",\"url\":\"https:\\\/\\\/fundesplai.org\\\/programes-socials-i-joves\\\/temps-per-cures-ucraina\\\/\",\"name\":\"Temps per cures Ucra\u00efna - Programes socials i per a joves\",\"isPartOf\":{\"@id\":\"https:\\\/\\\/fundesplai.org\\\/programes-socials-i-joves\\\/#website\"},\"primaryImageOfPage\":{\"@id\":\"https:\\\/\\\/fundesplai.org\\\/programes-socials-i-joves\\\/temps-per-cures-ucraina\\\/#primaryimage\"},\"image\":{\"@id\":\"https:\\\/\\\/fundesplai.org\\\/programes-socials-i-joves\\\/temps-per-cures-ucraina\\\/#primaryimage\"},\"thumbnailUrl\":\"https:\\\/\\\/fundesplai.org\\\/programes-socials-i-joves\\\/wp-content\\\/uploads\\\/sites\\\/32\\\/2023\\\/09\\\/Projecte-temps-de-cures-per-Ucraina-Fundesplai4-1.jpg\",\"datePublished\":\"2023-09-29T11:20:42+00:00\",\"dateModified\":\"2025-10-24T07:48:46+00:00\",\"description\":\"Temps per cures Ucra\u00efna ofereix atenci\u00f3 l\u00fadica, social i educativa en l\u2019\u00e0mbit del lleure a infants i joves ucra\u00efnesos i les seves fam\u00edlies.\",\"breadcrumb\":{\"@id\":\"https:\\\/\\\/fundesplai.org\\\/programes-socials-i-joves\\\/temps-per-cures-ucraina\\\/#breadcrumb\"},\"inLanguage\":\"ca\",\"potentialAction\":[{\"@type\":\"ReadAction\",\"target\":[\"https:\\\/\\\/fundesplai.org\\\/programes-socials-i-joves\\\/temps-per-cures-ucraina\\\/\"]}]},{\"@type\":\"ImageObject\",\"inLanguage\":\"ca\",\"@id\":\"https:\\\/\\\/fundesplai.org\\\/programes-socials-i-joves\\\/temps-per-cures-ucraina\\\/#primaryimage\",\"url\":\"https:\\\/\\\/fundesplai.org\\\/programes-socials-i-joves\\\/wp-content\\\/uploads\\\/sites\\\/32\\\/2023\\\/09\\\/Projecte-temps-de-cures-per-Ucraina-Fundesplai4-1.jpg\",\"contentUrl\":\"https:\\\/\\\/fundesplai.org\\\/programes-socials-i-joves\\\/wp-content\\\/uploads\\\/sites\\\/32\\\/2023\\\/09\\\/Projecte-temps-de-cures-per-Ucraina-Fundesplai4-1.jpg\",\"width\":350,\"height\":250,\"caption\":\"Projecte temps de cures per Ucra\u00efna Fundesplai infants pintant\"},{\"@type\":\"BreadcrumbList\",\"@id\":\"https:\\\/\\\/fundesplai.org\\\/programes-socials-i-joves\\\/temps-per-cures-ucraina\\\/#breadcrumb\",\"itemListElement\":[{\"@type\":\"ListItem\",\"position\":1,\"name\":\"Inici\",\"item\":\"\\\/\"},{\"@type\":\"ListItem\",\"position\":2,\"name\":\"Programes Socials i per a Joves\",\"item\":\"\\\/programes-socials-i-joves\\\/\"},{\"@type\":\"ListItem\",\"position\":3,\"name\":\"Temps per cures Ucra\u00efna\"}]},{\"@type\":\"WebSite\",\"@id\":\"https:\\\/\\\/fundesplai.org\\\/programes-socials-i-joves\\\/#website\",\"url\":\"https:\\\/\\\/fundesplai.org\\\/programes-socials-i-joves\\\/\",\"name\":\"Programes socials i per a joves\",\"description\":\"Programes socials i per a joves\",\"publisher\":{\"@id\":\"https:\\\/\\\/fundesplai.org\\\/programes-socials-i-joves\\\/#organization\"},\"potentialAction\":[{\"@type\":\"SearchAction\",\"target\":{\"@type\":\"EntryPoint\",\"urlTemplate\":\"https:\\\/\\\/fundesplai.org\\\/programes-socials-i-joves\\\/?s={search_term_string}\"},\"query-input\":{\"@type\":\"PropertyValueSpecification\",\"valueRequired\":true,\"valueName\":\"search_term_string\"}}],\"inLanguage\":\"ca\"},{\"@type\":\"Organization\",\"@id\":\"https:\\\/\\\/fundesplai.org\\\/programes-socials-i-joves\\\/#organization\",\"name\":\"Programes socials i per a joves\",\"url\":\"https:\\\/\\\/fundesplai.org\\\/programes-socials-i-joves\\\/\",\"logo\":{\"@type\":\"ImageObject\",\"inLanguage\":\"ca\",\"@id\":\"https:\\\/\\\/fundesplai.org\\\/programes-socials-i-joves\\\/#\\\/schema\\\/logo\\\/image\\\/\",\"url\":\"https:\\\/\\\/fundesplai.org\\\/programes-socials-i-joves\\\/wp-content\\\/uploads\\\/sites\\\/32\\\/2023\\\/09\\\/Fundesplai-logo-web.png\",\"contentUrl\":\"https:\\\/\\\/fundesplai.org\\\/programes-socials-i-joves\\\/wp-content\\\/uploads\\\/sites\\\/32\\\/2023\\\/09\\\/Fundesplai-logo-web.png\",\"width\":298,\"height\":219,\"caption\":\"Programes socials i per a joves\"},\"image\":{\"@id\":\"https:\\\/\\\/fundesplai.org\\\/programes-socials-i-joves\\\/#\\\/schema\\\/logo\\\/image\\\/\"}}]}<\/script>\n<!-- \/ Yoast SEO plugin. -->","yoast_head_json":{"title":"Temps per cures Ucra\u00efna - Programes socials i per a joves","description":"Temps per cures Ucra\u00efna ofereix atenci\u00f3 l\u00fadica, social i educativa en l\u2019\u00e0mbit del lleure a infants i joves ucra\u00efnesos i les seves fam\u00edlies.","robots":{"index":"index","follow":"follow","max-snippet":"max-snippet:-1","max-image-preview":"max-image-preview:large","max-video-preview":"max-video-preview:-1"},"canonical":"https:\/\/fundesplai.org\/programes-socials-i-joves\/temps-per-cures-ucraina\/","og_locale":"ca_ES","og_type":"article","og_title":"Temps per cures Ucra\u00efna - Programes socials i per a joves","og_description":"Temps per cures Ucra\u00efna ofereix atenci\u00f3 l\u00fadica, social i educativa en l\u2019\u00e0mbit del lleure a infants i joves ucra\u00efnesos i les seves fam\u00edlies.","og_url":"https:\/\/fundesplai.org\/programes-socials-i-joves\/temps-per-cures-ucraina\/","og_site_name":"Programes socials i per a joves","article_modified_time":"2025-10-24T07:48:46+00:00","og_image":[{"width":350,"height":250,"url":"https:\/\/fundesplai.org\/programes-socials-i-joves\/wp-content\/uploads\/sites\/32\/2023\/09\/Projecte-temps-de-cures-per-Ucraina-Fundesplai4-1.jpg","type":"image\/jpeg"}],"twitter_card":"summary_large_image","twitter_misc":{"Temps estimat de lectura":"4 minuts"},"schema":{"@context":"https:\/\/schema.org","@graph":[{"@type":"WebPage","@id":"https:\/\/fundesplai.org\/programes-socials-i-joves\/temps-per-cures-ucraina\/","url":"https:\/\/fundesplai.org\/programes-socials-i-joves\/temps-per-cures-ucraina\/","name":"Temps per cures Ucra\u00efna - Programes socials i per a joves","isPartOf":{"@id":"https:\/\/fundesplai.org\/programes-socials-i-joves\/#website"},"primaryImageOfPage":{"@id":"https:\/\/fundesplai.org\/programes-socials-i-joves\/temps-per-cures-ucraina\/#primaryimage"},"image":{"@id":"https:\/\/fundesplai.org\/programes-socials-i-joves\/temps-per-cures-ucraina\/#primaryimage"},"thumbnailUrl":"https:\/\/fundesplai.org\/programes-socials-i-joves\/wp-content\/uploads\/sites\/32\/2023\/09\/Projecte-temps-de-cures-per-Ucraina-Fundesplai4-1.jpg","datePublished":"2023-09-29T11:20:42+00:00","dateModified":"2025-10-24T07:48:46+00:00","description":"Temps per cures Ucra\u00efna ofereix atenci\u00f3 l\u00fadica, social i educativa en l\u2019\u00e0mbit del lleure a infants i joves ucra\u00efnesos i les seves fam\u00edlies.","breadcrumb":{"@id":"https:\/\/fundesplai.org\/programes-socials-i-joves\/temps-per-cures-ucraina\/#breadcrumb"},"inLanguage":"ca","potentialAction":[{"@type":"ReadAction","target":["https:\/\/fundesplai.org\/programes-socials-i-joves\/temps-per-cures-ucraina\/"]}]},{"@type":"ImageObject","inLanguage":"ca","@id":"https:\/\/fundesplai.org\/programes-socials-i-joves\/temps-per-cures-ucraina\/#primaryimage","url":"https:\/\/fundesplai.org\/programes-socials-i-joves\/wp-content\/uploads\/sites\/32\/2023\/09\/Projecte-temps-de-cures-per-Ucraina-Fundesplai4-1.jpg","contentUrl":"https:\/\/fundesplai.org\/programes-socials-i-joves\/wp-content\/uploads\/sites\/32\/2023\/09\/Projecte-temps-de-cures-per-Ucraina-Fundesplai4-1.jpg","width":350,"height":250,"caption":"Projecte temps de cures per Ucra\u00efna Fundesplai infants pintant"},{"@type":"BreadcrumbList","@id":"https:\/\/fundesplai.org\/programes-socials-i-joves\/temps-per-cures-ucraina\/#breadcrumb","itemListElement":[{"@type":"ListItem","position":1,"name":"Inici","item":"\/"},{"@type":"ListItem","position":2,"name":"Programes Socials i per a Joves","item":"\/programes-socials-i-joves\/"},{"@type":"ListItem","position":3,"name":"Temps per cures Ucra\u00efna"}]},{"@type":"WebSite","@id":"https:\/\/fundesplai.org\/programes-socials-i-joves\/#website","url":"https:\/\/fundesplai.org\/programes-socials-i-joves\/","name":"Programes socials i per a joves","description":"Programes socials i per a joves","publisher":{"@id":"https:\/\/fundesplai.org\/programes-socials-i-joves\/#organization"},"potentialAction":[{"@type":"SearchAction","target":{"@type":"EntryPoint","urlTemplate":"https:\/\/fundesplai.org\/programes-socials-i-joves\/?s={search_term_string}"},"query-input":{"@type":"PropertyValueSpecification","valueRequired":true,"valueName":"search_term_string"}}],"inLanguage":"ca"},{"@type":"Organization","@id":"https:\/\/fundesplai.org\/programes-socials-i-joves\/#organization","name":"Programes socials i per a joves","url":"https:\/\/fundesplai.org\/programes-socials-i-joves\/","logo":{"@type":"ImageObject","inLanguage":"ca","@id":"https:\/\/fundesplai.org\/programes-socials-i-joves\/#\/schema\/logo\/image\/","url":"https:\/\/fundesplai.org\/programes-socials-i-joves\/wp-content\/uploads\/sites\/32\/2023\/09\/Fundesplai-logo-web.png","contentUrl":"https:\/\/fundesplai.org\/programes-socials-i-joves\/wp-content\/uploads\/sites\/32\/2023\/09\/Fundesplai-logo-web.png","width":298,"height":219,"caption":"Programes socials i per a joves"},"image":{"@id":"https:\/\/fundesplai.org\/programes-socials-i-joves\/#\/schema\/logo\/image\/"}}]}},"_links":{"self":[{"href":"https:\/\/fundesplai.org\/programes-socials-i-joves\/wp-json\/wp\/v2\/pages\/47852","targetHints":{"allow":["GET"]}}],"collection":[{"href":"https:\/\/fundesplai.org\/programes-socials-i-joves\/wp-json\/wp\/v2\/pages"}],"about":[{"href":"https:\/\/fundesplai.org\/programes-socials-i-joves\/wp-json\/wp\/v2\/types\/page"}],"author":[{"embeddable":true,"href":"https:\/\/fundesplai.org\/programes-socials-i-joves\/wp-json\/wp\/v2\/users\/3"}],"replies":[{"embeddable":true,"href":"https:\/\/fundesplai.org\/programes-socials-i-joves\/wp-json\/wp\/v2\/comments?post=47852"}],"version-history":[{"count":8,"href":"https:\/\/fundesplai.org\/programes-socials-i-joves\/wp-json\/wp\/v2\/pages\/47852\/revisions"}],"predecessor-version":[{"id":51495,"href":"https:\/\/fundesplai.org\/programes-socials-i-joves\/wp-json\/wp\/v2\/pages\/47852\/revisions\/51495"}],"wp:featuredmedia":[{"embeddable":true,"href":"https:\/\/fundesplai.org\/programes-socials-i-joves\/wp-json\/wp\/v2\/media\/47871"}],"wp:attachment":[{"href":"https:\/\/fundesplai.org\/programes-socials-i-joves\/wp-json\/wp\/v2\/media?parent=47852"}],"curies":[{"name":"wp","href":"https:\/\/api.w.org\/{rel}","templated":true}]}}