{"id":50777,"date":"2025-09-04T13:54:34","date_gmt":"2025-09-04T11:54:34","guid":{"rendered":"https:\/\/fundesplai.org\/programes-socials-i-joves\/dones-mirall\/"},"modified":"2026-02-27T15:42:02","modified_gmt":"2026-02-27T14:42:02","slug":"dones-mirall","status":"publish","type":"page","link":"https:\/\/fundesplai.org\/programes-socials-i-joves\/es\/dones-mirall\/","title":{"rendered":"Estela"},"content":{"rendered":"<p>[et_pb_section fb_built=\u00bb1&#8243; _builder_version=\u00bb4.17.4&#8243; _module_preset=\u00bb5b2c960d-95e0-4382-840a-82112f1c6ab9&#8243; locked=\u00bboff\u00bb global_colors_info=\u00bb{}\u00bb][et_pb_row admin_label=\u00bbRow\u00bb _builder_version=\u00bb4.17.4&#8243; _module_preset=\u00bbdefault\u00bb global_colors_info=\u00bb{}\u00bb][et_pb_column type=\u00bb4_4&#8243; _builder_version=\u00bb4.17.4&#8243; _module_preset=\u00bbdefault\u00bb global_colors_info=\u00bb{}\u00bb][et_pb_post_title _builder_version=\u00bb4.19.0&#8243; _module_preset=\u00bbcba26b9c-acb1-4bcf-8d80-67e6fac305ad\u00bb global_colors_info=\u00bb{}\u00bb][\/et_pb_post_title][et_pb_text admin_label=\u00bbText INTRO\u00bb _builder_version=\u00bb4.27.4&#8243; _module_preset=\u00bbdefault\u00bb custom_margin=\u00bb30px||||false|false\u00bb global_colors_info=\u00bb{}\u00bb]<\/p>\n<p><strong>Dones Mirall<\/strong> es un programa de acompa\u00f1amiento a mujeres j\u00f3venes en riesgo social y laboral para que adquieran las competencias y experiencias necesarias para tener las mismas oportunidades de desarrollo personal y profesional que el resto de la poblaci\u00f3n.<\/p>\n<p>[\/et_pb_text][\/et_pb_column][\/et_pb_row][et_pb_row column_structure=\u00bb1_5,3_5,1_5&#8243; _builder_version=\u00bb4.20.2&#8243; _module_preset=\u00bbdefault\u00bb custom_margin=\u00bb40px||||false|false\u00bb locked=\u00bboff\u00bb global_colors_info=\u00bb{}\u00bb][et_pb_column type=\u00bb1_5&#8243; _builder_version=\u00bb4.19.0&#8243; _module_preset=\u00bbdefault\u00bb global_colors_info=\u00bb{}\u00bb][\/et_pb_column][et_pb_column type=\u00bb3_5&#8243; _builder_version=\u00bb4.19.0&#8243; _module_preset=\u00bbdefault\u00bb global_colors_info=\u00bb{}\u00bb][et_pb_image src=\u00bbhttps:\/\/fundesplai.org\/programes-socials-i-joves\/wp-content\/uploads\/sites\/32\/2025\/09\/Projecte-Dones-mirall-Fundesplai.webp\u00bb alt=\u00bbProyecto Mujeres espejo Fundesplai\u00bb title_text=\u00bbProyecto Mujeres espejo Fundesplai\u00bb align=\u00bbcenter\u00bb _builder_version=\u00bb4.27.4&#8243; _module_preset=\u00bbdefault\u00bb global_colors_info=\u00bb{}\u00bb][\/et_pb_image][\/et_pb_column][et_pb_column type=\u00bb1_5&#8243; _builder_version=\u00bb4.19.0&#8243; _module_preset=\u00bbdefault\u00bb custom_padding=\u00bb40px||||false|false\u00bb global_colors_info=\u00bb{}\u00bb][\/et_pb_column][\/et_pb_row][et_pb_row column_structure=\u00bb1_4,1_4,1_4,1_4&#8243; admin_label=\u00bbRow RODONETES\u00bb module_class=\u00bbllista-icones-blurb-awesome\u00bb _builder_version=\u00bb4.17.4&#8243; _module_preset=\u00bbdefault\u00bb custom_margin=\u00bb50px||||false|false\u00bb locked=\u00bboff\u00bb global_colors_info=\u00bb{}\u00bb][et_pb_column type=\u00bb1_4&#8243; _builder_version=\u00bb4.17.4&#8243; _module_preset=\u00bbdefault\u00bb global_colors_info=\u00bb{}\u00bb][et_pb_blurb title=\u00bbEL PROYECTO\u00bb url=\u00bb#projecte\u00bb use_icon=\u00bbon\u00bb font_icon=\u00bb&#xf05a;||fa||900&#8243; admin_label=\u00bbProjecte\u00bb _builder_version=\u00bb4.21.0&#8243; _module_preset=\u00bbdefault\u00bb global_colors_info=\u00bb{}\u00bb][\/et_pb_blurb][\/et_pb_column][et_pb_column type=\u00bb1_4&#8243; _builder_version=\u00bb4.17.4&#8243; _module_preset=\u00bbdefault\u00bb global_colors_info=\u00bb{}\u00bb][et_pb_blurb title=\u00bbETAPAS\u00bb url=\u00bb#etapes\u00bb use_icon=\u00bbon\u00bb font_icon=\u00bb&#xe289;||fa||900&#8243; admin_label=\u00bbetapes\u00bb _builder_version=\u00bb4.20.2&#8243; _module_preset=\u00bbdefault\u00bb global_colors_info=\u00bb{}\u00bb][\/et_pb_blurb][\/et_pb_column][et_pb_column type=\u00bb1_4&#8243; _builder_version=\u00bb4.17.4&#8243; _module_preset=\u00bbdefault\u00bb global_colors_info=\u00bb{}\u00bb][et_pb_blurb title=\u00bbCONOCE +\u00bb url=\u00bb#coneixer\u00bb use_icon=\u00bbon\u00bb font_icon=\u00bb&#xf57c;||fa||900&#8243; admin_label=\u00bbconeix +\u00bb _builder_version=\u00bb4.20.2&#8243; _module_preset=\u00bbdefault\u00bb global_colors_info=\u00bb{}\u00bb][\/et_pb_blurb][et_pb_blurb title=\u00bbPublicaciones\u00bb url=\u00bb#publicacions\u00bb use_icon=\u00bbon\u00bb font_icon=\u00bb&#xf31c;||fa||900&#8243; disabled_on=\u00bbon|on|on\u00bb admin_label=\u00bbpublicacions\u00bb _builder_version=\u00bb4.20.2&#8243; _module_preset=\u00bbdefault\u00bb disabled=\u00bbon\u00bb global_colors_info=\u00bb{}\u00bb][\/et_pb_blurb][\/et_pb_column][et_pb_column type=\u00bb1_4&#8243; _builder_version=\u00bb4.17.4&#8243; _module_preset=\u00bbdefault\u00bb global_colors_info=\u00bb{}\u00bb][et_pb_blurb title=\u00bbINSCRIPCI\u00d3N\u00bb url=\u00bb#contacte\u00bb use_icon=\u00bbon\u00bb font_icon=\u00bb&#xf674;||fa||900&#8243; _builder_version=\u00bb4.27.5&#8243; _module_preset=\u00bbdefault\u00bb hover_enabled=\u00bb0&#8243; global_colors_info=\u00bb{}\u00bb title__hover_enabled=\u00bboff|desktop\u00bb sticky_enabled=\u00bb0&#8243;][\/et_pb_blurb][\/et_pb_column][\/et_pb_row][et_pb_row admin_label=\u00bbRow PROYECTO\u00bb module_id=\u00bbprojecte\u00bb _builder_version=\u00bb4.20.2&#8243; _module_preset=\u00bbdefault\u00bb custom_margin=\u00bb50px||||false|false\u00bb locked=\u00bboff\u00bb global_colors_info=\u00bb{}\u00bb][et_pb_column type=\u00bb4_4&#8243; _builder_version=\u00bb4.20.2&#8243; _module_preset=\u00bbdefault\u00bb global_colors_info=\u00bb{}\u00bb][et_pb_text admin_label=\u00bbPROJECTE\u00bb _builder_version=\u00bb4.20.2&#8243; _module_preset=\u00bbdefault\u00bb global_colors_info=\u00bb{}\u00bb]<\/p>\n<h2>EL PROYECTO<\/h2>\n<div id=\"mouseposition-extension-element-full-container\" style=\"position: fixed;z-index: 2147483647;font-weight: 400\">\n<div id=\"mouseposition-extension-element-rect-display\" style=\"position: absolute;font-size: 12px;z-index: 2147483647;justify-content: center;align-items: center;cursor: default;color: #000000;font-family: 'Helvetica Neue', Helvetica, Arial, sans-serif;width: 0px;height: 0px\">\n<pre style=\"flex: 1 1 0%;text-align: center;color: #000000;min-width: 42px;min-height: 12px\"> <\/pre>\n<p>&nbsp;<\/p>\n<\/div>\n<p>&nbsp;<\/p>\n<pre id=\"mouseposition-extension-element-coordinate-display\" style=\"position: absolute;background: #ffffff;font-size: 12px;line-height: 14px;border-radius: 3px;border-width: 1px;border-color: #222222 black #333333;border-style: solid;padding: 3px;z-index: 2147483647;color: #222222;cursor: default;font-family: 'Helvetica Neue', Helvetica, Arial, sans-serif\"> <\/pre>\n<\/div>\n<p>[\/et_pb_text][et_pb_text _builder_version=\u00bb4.27.4&#8243; _module_preset=\u00bbdefault\u00bb custom_margin=\u00bb30px||||false|false\u00bb global_colors_info=\u00bb{}\u00bb]<\/p>\n<div id=\":ta\" class=\"Am aiL Al editable LW-avf tS-tW tS-tY\" role=\"textbox\" aria-label=\"Cos del missatge\" aria-controls=\":vo\" aria-expanded=\"false\">\n<p>El proyecto Dones Mirall se dirige a <strong>mujeres j\u00f3venes menores de 30 a\u00f1os<\/strong> que se encuentran en una grave situaci\u00f3n de <strong>riesgo social y laboral<\/strong> :<\/p>\n<ul>\n<li>Mujeres j\u00f3venes de 18 a 29 a\u00f1os, embarazadas o madres con hijos\/as de 0 a 3 a\u00f1os, desempleadas o que todav\u00eda no han accedido al mercado laboral y con un bajo nivel educativo y de cualificaci\u00f3n profesional.<\/li>\n<li>Mujeres j\u00f3venes embarazadas o madres en situaci\u00f3n de aislamiento social y con necesidad de apoyo y organizaci\u00f3n dom\u00e9stica.<\/li>\n<li>Mujeres migradas y madres que se encuentran sin familia ni red social y que necesitan apoyo en la inclusi\u00f3n social y laboral.<\/li>\n<li>Mujeres j\u00f3venes con dificultades socioecon\u00f3micas y un gran n\u00famero de factores de estr\u00e9s que dificultan las competencias en las pautas de crianza.<\/li>\n<\/ul>\n<h3>OBJETIVOS<\/h3>\n<div id=\":ta\" class=\"Am aiL Al editable LW-avf tS-tW tS-tY\" role=\"textbox\" aria-label=\"Cos del missatge\" aria-controls=\":vo\" aria-expanded=\"false\">\n<p><strong>Dones Mirall<\/strong> pretende trabajar por la igualdad de g\u00e9nero, asegurando que las mujeres j\u00f3venes en riesgo de exclusi\u00f3n social tengan las mismas oportunidades de desarrollo personal y profesional.<\/p>\n<p>De este modo, nuestro objetivo general es ofrecer a las mujeres j\u00f3venes un proceso de orientaci\u00f3n, acompa\u00f1amiento, formaci\u00f3n y adquisici\u00f3n de competencias y experiencias profesionales en el \u00e1mbito del ocio educativo. Este proceso debe permitirles dirigir sus trayectorias profesionales y\/o educativas, promover su inclusi\u00f3n en la din\u00e1mica local y ejecutar su proyecto profesional y vital con \u00e9xito. <\/p>\n<\/div>\n<\/div>\n<p>[\/et_pb_text][\/et_pb_column][\/et_pb_row][et_pb_row admin_label=\u00bbRow ETAPAS\u00bb module_id=\u00bbetapes\u00bb _builder_version=\u00bb4.20.2&#8243; _module_preset=\u00bbdefault\u00bb custom_margin=\u00bb50px||||false|false\u00bb locked=\u00bboff\u00bb global_colors_info=\u00bb{}\u00bb][et_pb_column type=\u00bb4_4&#8243; _builder_version=\u00bb4.20.2&#8243; _module_preset=\u00bbdefault\u00bb global_colors_info=\u00bb{}\u00bb][et_pb_text admin_label=\u00bbETAPES\u00bb _builder_version=\u00bb4.20.2&#8243; _module_preset=\u00bbdefault\u00bb global_colors_info=\u00bb{}\u00bb]<\/p>\n<h2>ETAPAS DEL PROYECTO<\/h2>\n<div id=\"mouseposition-extension-element-full-container\" style=\"position: fixed;z-index: 2147483647;font-weight: 400\">\n<div id=\"mouseposition-extension-element-rect-display\" style=\"position: absolute;font-size: 12px;z-index: 2147483647;justify-content: center;align-items: center;cursor: default;color: #000000;font-family: 'Helvetica Neue', Helvetica, Arial, sans-serif;width: 0px;height: 0px\">\n<pre style=\"flex: 1 1 0%;text-align: center;color: #000000;min-width: 42px;min-height: 12px\"> <\/pre>\n<p>&nbsp;<\/p>\n<\/div>\n<p>&nbsp;<\/p>\n<pre id=\"mouseposition-extension-element-coordinate-display\" style=\"position: absolute;background: #ffffff;font-size: 12px;line-height: 14px;border-radius: 3px;border-width: 1px;border-color: #222222 black #333333;border-style: solid;padding: 3px;z-index: 2147483647;color: #222222;cursor: default;font-family: 'Helvetica Neue', Helvetica, Arial, sans-serif\"> <\/pre>\n<\/div>\n<p>[\/et_pb_text][et_pb_text _builder_version=\u00bb4.27.4&#8243; _module_preset=\u00bbdefault\u00bb global_colors_info=\u00bb{}\u00bb]<\/p>\n<div id=\":ta\" class=\"Am aiL Al editable LW-avf tS-tW tS-tY\" role=\"textbox\" aria-label=\"Cos del missatge\" aria-controls=\":vo\" aria-expanded=\"false\">\n<p>Durante su participaci\u00f3n en el programa ofrecemos a las mujeres participantes:<\/p>\n<h3>FORMACI\u00d3N ESPEC\u00cdFICA<\/h3>\n<p>Contempla un itinerario formativo adaptado a la realidad y necesidades de las personas j\u00f3venes participantes a partir de una propuesta que contempla, adem\u00e1s del <strong>curso de Monitora de Ocio<\/strong> , m\u00f3dulos referidos tanto al trabajo de habilidades para la vida y el trabajo de competencias personales, como un m\u00f3dulo de inserci\u00f3n laboral.<\/p>\n<p>La formaci\u00f3n consta de un total de <strong>270 horas<\/strong> aproximadamente, adem\u00e1s de las tutor\u00edas y acompa\u00f1amiento individualizado que se llevar\u00e1 a cabo durante todo el proyecto. Estas horas estar\u00e1n repartidas de la siguiente manera: <\/p>\n<ol>\n<li>Lengua catalana (90 h)<\/li>\n<li>M\u00f3dulo de habilidades sociales y competencias personales transversales (15 h)<\/li>\n<li>Curso de Monitora de Ocio (150 h)<\/li>\n<li>M\u00f3dulo de calificaci\u00f3n laboral (15 h)<\/li>\n<\/ol>\n<h3>PR\u00c1CTICAS: EXPERIENCIAS PRE-LABORALES SIGNIFICATIVAS<\/h3>\n<p>Las pr\u00e1cticas constituyen un momento fundamental del proyecto, puesto que suponen la primera aproximaci\u00f3n al mercado laboral, poniendo en juego los conocimientos adquiridos en la primera fase formativa.<\/p>\n<h3>ACOMPA\u00d1AMIENTO PERSONALIZADO Y DE GRUPO<\/h3>\n<p>El programa promueve un proceso de acompa\u00f1amiento y tutor\u00eda durante todo el per\u00edodo y en todos los espacios por donde transitan las mujeres a lo largo de la propuesta.<\/p>\n<h3>DESARROLLO DE COMPETENCIAS FAMILIARES Y PARTICIPACI\u00d3N<\/h3>\n<p>La educaci\u00f3n en competencias familiares supone un soporte y un aprendizaje clave hacia la marentalidad positiva. Ante las dificultades y\/o complejidades con las que se encuentran las mujeres j\u00f3venes, se hace imprescindible reforzar las propias habilidades para que puedan encarar de forma flexible y adaptativa la tarea vital de ser madres. <\/p>\n<h3>ACTIVIDADES DE SENSIBILIZACI\u00d3N Y PREVENCI\u00d3N DE LA VIOLENCIA MACHISTA<\/h3>\n<p>A trav\u00e9s de talleres educativos, se realizar\u00e1n sesiones informativas sobre lo que es la violencia de g\u00e9nero, sus formas y consecuencias. Incluyen discusiones sobre derechos de las mujeres y la importancia de la democratizaci\u00f3n de los cuidados. Utilizaremos materiales visuales, presentaciones interactivas y actividades grupales para fomentar la participaci\u00f3n activa.  <\/p>\n<\/div>\n<p>[\/et_pb_text][\/et_pb_column][\/et_pb_row][et_pb_row disabled_on=\u00bbon|on|on\u00bb module_id=\u00bbetapes\u00bb _builder_version=\u00bb4.20.2&#8243; _module_preset=\u00bbdefault\u00bb custom_margin=\u00bb50px||||false|false\u00bb disabled=\u00bbon\u00bb locked=\u00bboff\u00bb global_colors_info=\u00bb{}\u00bb][et_pb_column type=\u00bb4_4&#8243; _builder_version=\u00bb4.20.2&#8243; _module_preset=\u00bbdefault\u00bb global_colors_info=\u00bb{}\u00bb][et_pb_image src=\u00bbhttps:\/\/fundesplai.org\/programes-socials-i-joves\/wp-content\/uploads\/sites\/32\/2023\/09\/1-1.jpg\u00bb alt=\u00bbProyecto AMA\u00bb title_text=\u00bb1&#8243; align=\u00bbcenter\u00bb _builder_version=\u00bb4.27.4&#8243; _module_preset=\u00bbdefault\u00bb global_colors_info=\u00bb{}\u00bb][\/et_pb_image][\/et_pb_column][\/et_pb_row][et_pb_row admin_label=\u00bbRow CONOCER\u00bb module_id=\u00bbconeixer\u00bb _builder_version=\u00bb4.20.2&#8243; _module_preset=\u00bbdefault\u00bb custom_margin=\u00bb50px||||false|false\u00bb locked=\u00bboff\u00bb global_colors_info=\u00bb{}\u00bb][et_pb_column type=\u00bb4_4&#8243; _builder_version=\u00bb4.20.2&#8243; _module_preset=\u00bbdefault\u00bb global_colors_info=\u00bb{}\u00bb][et_pb_text admin_label=\u00bbCON\u00c8IXER +\u00bb _builder_version=\u00bb4.20.2&#8243; _module_preset=\u00bbdefault\u00bb global_colors_info=\u00bb{}\u00bb]<\/p>\n<h2><span style=\"font-size: 50px\">Conoce +<\/span><span style=\"color: #666666;font-size: 14px\"><br \/><\/span><\/h2>\n<p>[\/et_pb_text][et_pb_text _builder_version=\u00bb4.27.4&#8243; _module_preset=\u00bbdefault\u00bb global_colors_info=\u00bb{}\u00bb]<\/p>\n<div>\n<h3>ESPACIO INFANTIL<\/h3>\n<div id=\":ta\" class=\"Am aiL Al editable LW-avf tS-tW tS-tY\" role=\"textbox\" aria-label=\"Cos del missatge\" aria-controls=\":vo\" aria-expanded=\"false\">\n<p>Las mujeres j\u00f3venes pueden participar en el proyecto con sus hijos\/as, ya que disponemos de un espacio infantil coordinado por una educadora y adecuada a las necesidades de los ni\u00f1os.<\/p>\n<h3>\u00bfD\u00d3NDE SE REALIZA?<\/h3>\n<p>El proyecto se desarrollar\u00e1 en <strong>Vilafranca del Pened\u00e8s<\/strong> .<\/p>\n<p>Se dar\u00e1 prioridad a las personas residentes de la Veguer\u00eda Pened\u00e8s (27 municipios de la comarca del Alt Pened\u00e8s, 14 del Baix Pened\u00e8s, 6 del Garraf y 25 del Anoia).<\/p>\n<h3>CALENDARIO<\/h3>\n<p>El proyecto se iniciar\u00e1 el 09\/03\/2026 y finalizar\u00e1 el 31\/07\/2026.<\/p>\n<\/div>\n<\/div>\n<p>[\/et_pb_text][\/et_pb_column][\/et_pb_row][et_pb_row disabled_on=\u00bbon|on|on\u00bb admin_label=\u00bbRow PUBLICACIONES\u00bb module_id=\u00bbpublicacions\u00bb _builder_version=\u00bb4.20.2&#8243; _module_preset=\u00bbdefault\u00bb custom_margin=\u00bb50px||||false|false\u00bb disabled=\u00bbon\u00bb locked=\u00bboff\u00bb global_colors_info=\u00bb{}\u00bb][et_pb_column type=\u00bb4_4&#8243; _builder_version=\u00bb4.20.2&#8243; _module_preset=\u00bbdefault\u00bb global_colors_info=\u00bb{}\u00bb][et_pb_text admin_label=\u00bbPublicacions\u00bb _builder_version=\u00bb4.20.2&#8243; _module_preset=\u00bbdefault\u00bb global_colors_info=\u00bb{}\u00bb]<\/p>\n<h2>Publicaciones<\/h2>\n<p>[\/et_pb_text][et_pb_text _builder_version=\u00bb4.20.2&#8243; _module_preset=\u00bbdefault\u00bb global_colors_info=\u00bb{}\u00bb]<\/p>\n<div>Aqu\u00ed, algunas noticias de inter\u00e9s en torno al proyecto:<\/div>\n<ul>\n<li><a href=\"http:\/\/fundesplai.org\/ca\/recursos\/noticies\/969-premis-la-caixa-innovacio-i-transformacio-social-projecte-ama-de-fundesplai-finalista-2014\" data-loopstyle=\"link\">Noticia Premio Madrid proyecto Fundesplai<\/a><\/li>\n<li><a href=\"http:\/\/www.lavanguardia.com\/vida\/20150823\/54435972466\/madres-adolescentes-formacion-apoyo-social-fundesplai.html\">La Vanguardia:\u00bb Ahora creo en m\u00ed misma\u00bb, 23-08-2015.<\/a><\/li>\n<li><a href=\"http:\/\/ccaa.elpais.com\/ccaa\/2015\/06\/28\/catalunya\/1435515666_701342.html\">EL PA\u00cdS: El oficio de ser mam\u00e1, 29-06-2015<\/a><\/li>\n<li><a href=\"https:\/\/fundesplai.org\/arxius\/Audios\/Temp\/20150703_Maria_bruno_la_Nit_Dels_ignorants_CatRadio.mp3\">Noche de los ignorantes 07.03.2015<\/a> , entrevista a Maria Bruno, Responsable del \u00c1rea de J\u00f3venes, Internacional y Social de Fundesplai.<\/li>\n<li><a href=\"https:\/\/youtu.be\/lFqXWeBJUiM\">TV3 AMA 29\/06\/2015<\/a><\/li>\n<li><a href=\"http:\/\/www.ccma.cat\/tv3\/alacarta\/telenoticies-migdia\/un-de-cada-cinc-joves-ni-estudia-ni-treballa-i-els-que-treballen-tenen-una-feina-precaria\/video\/5637257\/?utm_source=Canal%20Recull%20de%20Premsa&amp;utm_medium=butlleti&amp;utm_campaign=Canal%20Recull%20de%20Premsa%202080%2014%2012%202016\">TV3 AMA 13\/12\/2016<\/a><\/li>\n<li><a href=\"http:\/\/criatures.ara.cat\/adolescencia\/Projecte-AMA-insercio-mares-adolescents_0_1639636022.html\">AHORA. CRIATURAS. Proyecto AMA, oportunidad de futuro, 27-08-2016<\/a><\/li>\n<li><a href=\"https:\/\/fundesplai.org\/informa-t\/actualitat\/nova-edicio-del-programa-ama-acompanyament-a-mares-adolescents-i-joves\/\">Nueva edici\u00f3n del programa AMA &#8211; Fundesplai<\/a><\/li>\n<li><a href=\"https:\/\/fundesplai.org\/informa-t\/actualitat\/una-quinzena-de-dones-participara-en-la-nova-edicio-del-projecte-ama\/\">Edici\u00f3n AMA 2022 &#8211; Fundesplai<\/a><\/li>\n<\/ul>\n<p>&nbsp;<\/p>\n<p>&nbsp;<\/p>\n<p>[\/et_pb_text][\/et_pb_column][\/et_pb_row][et_pb_row admin_label=\u00bbRow CONTACTO\u00bb module_id=\u00bbcontacte\u00bb _builder_version=\u00bb4.20.2&#8243; _module_preset=\u00bbdefault\u00bb custom_margin=\u00bb50px||||false|false\u00bb locked=\u00bboff\u00bb global_colors_info=\u00bb{}\u00bb][et_pb_column type=\u00bb4_4&#8243; _builder_version=\u00bb4.20.2&#8243; _module_preset=\u00bbdefault\u00bb global_colors_info=\u00bb{}\u00bb][et_pb_text admin_label=\u00bbCONTACTE\u00bb _builder_version=\u00bb4.27.5&#8243; _module_preset=\u00bbdefault\u00bb hover_enabled=\u00bb0&#8243; global_colors_info=\u00bb{}\u00bb sticky_enabled=\u00bb0&#8243;]<\/p>\n<h2>INSCRIPCI\u00d3N<\/h2>\n<div id=\"mouseposition-extension-element-full-container\" style=\"position: fixed;z-index: 2147483647;font-weight: 400\">\n<div id=\"mouseposition-extension-element-rect-display\" style=\"position: absolute;font-size: 12px;z-index: 2147483647;justify-content: center;align-items: center;cursor: default;color: #000000;font-family: 'Helvetica Neue', Helvetica, Arial, sans-serif;width: 0px;height: 0px\">\n<pre style=\"flex: 1 1 0%;text-align: center;color: #000000;min-width: 42px;min-height: 12px\"> <\/pre>\n<p>&nbsp;<\/p>\n<\/div>\n<p>&nbsp;<\/p>\n<pre id=\"mouseposition-extension-element-coordinate-display\" style=\"position: absolute;background: #ffffff;font-size: 12px;line-height: 14px;border-radius: 3px;border-width: 1px;border-color: #222222 black #333333;border-style: solid;padding: 3px;z-index: 2147483647;color: #222222;cursor: default;font-family: 'Helvetica Neue', Helvetica, Arial, sans-serif\"> <\/pre>\n<\/div>\n<p>[\/et_pb_text][et_pb_text admin_label=\u00bbText (canviar nom projecte)\u00bb _builder_version=\u00bb4.27.4&#8243; _module_preset=\u00bbdefault\u00bb global_colors_info=\u00bb{}\u00bb]<\/p>\n<p style=\"text-align: center\">Si tienes inter\u00e9s en el proyecto <strong>Dones Mirall<\/strong> , rellena este sencillo formulario de contacto para que nos podamos dirigir a ti lo antes posible. \u00a1Muchas gracias!<\/p>\n<div id=\"mouseposition-extension-element-full-container\" style=\"position: fixed;z-index: 2147483647;font-weight: 400\">\n<div id=\"mouseposition-extension-element-rect-display\" style=\"position: absolute;font-size: 12px;z-index: 2147483647;justify-content: center;align-items: center;cursor: default;color: #000000;font-family: 'Helvetica Neue', Helvetica, Arial, sans-serif;width: 0px;height: 0px\">\n<pre style=\"flex: 1 1 0%;text-align: center;color: #000000;min-width: 42px;min-height: 12px\"> <\/pre>\n<p>&nbsp;<\/p>\n<\/div>\n<p>&nbsp;<\/p>\n<pre id=\"mouseposition-extension-element-coordinate-display\" style=\"position: absolute;background: #ffffff;font-size: 12px;line-height: 14px;border-radius: 3px;border-width: 1px;border-color: #222222 black #333333;border-style: solid;padding: 3px;z-index: 2147483647;color: #222222;cursor: default;font-family: 'Helvetica Neue', Helvetica, Arial, sans-serif\"> <\/pre>\n<\/div>\n<p>[\/et_pb_text][et_pb_code admin_label=\u00bbCode FORMULARIO CONTACTO (cambiar nombre proyecto)\u00bb _builder_version=\u00bb4.27.4&#8243; _module_preset=\u00bbdefault\u00bb global_colors_info=\u00bb{}\u00bb]<script type=\"text\/javascript\">\n\/* <![CDATA[ *\/\nvar gform;gform||(document.addEventListener(\"gform_main_scripts_loaded\",function(){gform.scriptsLoaded=!0}),document.addEventListener(\"gform\/theme\/scripts_loaded\",function(){gform.themeScriptsLoaded=!0}),window.addEventListener(\"DOMContentLoaded\",function(){gform.domLoaded=!0}),gform={domLoaded:!1,scriptsLoaded:!1,themeScriptsLoaded:!1,isFormEditor:()=>\"function\"==typeof InitializeEditor,callIfLoaded:function(o){return!(!gform.domLoaded||!gform.scriptsLoaded||!gform.themeScriptsLoaded&&!gform.isFormEditor()||(gform.isFormEditor()&&console.warn(\"The use of gform.initializeOnLoaded() is deprecated in the form editor context and will be removed in Gravity Forms 3.1.\"),o(),0))},initializeOnLoaded:function(o){gform.callIfLoaded(o)||(document.addEventListener(\"gform_main_scripts_loaded\",()=>{gform.scriptsLoaded=!0,gform.callIfLoaded(o)}),document.addEventListener(\"gform\/theme\/scripts_loaded\",()=>{gform.themeScriptsLoaded=!0,gform.callIfLoaded(o)}),window.addEventListener(\"DOMContentLoaded\",()=>{gform.domLoaded=!0,gform.callIfLoaded(o)}))},hooks:{action:{},filter:{}},addAction:function(o,r,e,t){gform.addHook(\"action\",o,r,e,t)},addFilter:function(o,r,e,t){gform.addHook(\"filter\",o,r,e,t)},doAction:function(o){gform.doHook(\"action\",o,arguments)},applyFilters:function(o){return gform.doHook(\"filter\",o,arguments)},removeAction:function(o,r){gform.removeHook(\"action\",o,r)},removeFilter:function(o,r,e){gform.removeHook(\"filter\",o,r,e)},addHook:function(o,r,e,t,n){null==gform.hooks[o][r]&&(gform.hooks[o][r]=[]);var d=gform.hooks[o][r];null==n&&(n=r+\"_\"+d.length),gform.hooks[o][r].push({tag:n,callable:e,priority:t=null==t?10:t})},doHook:function(r,o,e){var t;if(e=Array.prototype.slice.call(e,1),null!=gform.hooks[r][o]&&((o=gform.hooks[r][o]).sort(function(o,r){return o.priority-r.priority}),o.forEach(function(o){\"function\"!=typeof(t=o.callable)&&(t=window[t]),\"action\"==r?t.apply(null,e):e[0]=t.apply(null,e)})),\"filter\"==r)return e[0]},removeHook:function(o,r,t,n){var e;null!=gform.hooks[o][r]&&(e=(e=gform.hooks[o][r]).filter(function(o,r,e){return!!(null!=n&&n!=o.tag||null!=t&&t!=o.priority)}),gform.hooks[o][r]=e)}});\n\/* ]]> *\/\n<\/script>\n\n                <div class='gf_browser_gecko gform_wrapper gravity-theme gform-theme--no-framework' data-form-theme='gravity-theme' data-form-index='0' id='gform_wrapper_1' >\n                        <div class='gform_heading'>\n                            <p class='gform_description'><\/p>\n                        <\/div><form method='post' enctype='multipart\/form-data'  id='gform_1'  action='\/programes-socials-i-joves\/es\/wp-json\/wp\/v2\/pages\/50777' data-formid='1' novalidate>\n                        <div class='gform-body gform_body'><div id='gform_fields_1' class='gform_fields top_label form_sublabel_below description_below validation_below'><div id=\"field_1_7\" class=\"gfield gfield--type-hidden gfield--input-type-hidden gfield--width-full gform_hidden field_sublabel_below gfield--no-description field_description_below field_validation_below gfield_visibility_visible\"  ><div class='ginput_container ginput_container_text'><input name='input_7' id='input_1_7' type='hidden' class='gform_hidden'  aria-invalid=\"false\" value='Dones Mirall' \/><\/div><\/div><fieldset id=\"field_1_11\" class=\"gfield gfield--type-radio gfield--type-choice gfield--input-type-radio gfield--width-full gfield_contains_required field_sublabel_below gfield--no-description field_description_below field_validation_below gfield_visibility_visible\"  ><legend class='gfield_label gform-field-label' >Dinos qui\u00e9n eres<span class=\"gfield_required\"><span class=\"gfield_required gfield_required_text\">(Obligatorio)<\/span><\/span><\/legend><div class='ginput_container ginput_container_radio'><div class='gfield_radio' id='input_1_11'>\n\t\t\t<div class='gchoice gchoice_1_11_0'>\n\t\t\t\t\t<input class='gfield-choice-input' name='input_11' type='radio' value='Entidad \/ Profesional'  id='choice_1_11_0' onchange='gformToggleRadioOther( this )'    \/>\n\t\t\t\t\t<label for='choice_1_11_0' id='label_1_11_0' class='gform-field-label gform-field-label--type-inline'>Entidad \/ Profesional<\/label>\n\t\t\t<\/div>\n\t\t\t<div class='gchoice gchoice_1_11_1'>\n\t\t\t\t\t<input class='gfield-choice-input' name='input_11' type='radio' value='Particular'  id='choice_1_11_1' onchange='gformToggleRadioOther( this )'    \/>\n\t\t\t\t\t<label for='choice_1_11_1' id='label_1_11_1' class='gform-field-label gform-field-label--type-inline'>Particular<\/label>\n\t\t\t<\/div><\/div><\/div><\/fieldset><fieldset id=\"field_1_1\" class=\"gfield gfield--type-name gfield--input-type-name gfield_contains_required field_sublabel_below gfield--no-description field_description_below field_validation_below gfield_visibility_visible\"  ><legend class='gfield_label gform-field-label gfield_label_before_complex' >Nombre y apellidos<span class=\"gfield_required\"><span class=\"gfield_required gfield_required_text\">(Obligatorio)<\/span><\/span><\/legend><div class='ginput_complex ginput_container ginput_container--name no_prefix has_first_name no_middle_name has_last_name no_suffix gf_name_has_2 ginput_container_name gform-grid-row' id='input_1_1'>\n                            \n                            <span id='input_1_1_3_container' class='name_first gform-grid-col gform-grid-col--size-auto' >\n                                                    <input type='text' name='input_1.3' id='input_1_1_3' value=''   aria-required='true'     \/>\n                                                    <label for='input_1_1_3' class='gform-field-label gform-field-label--type-sub '>Nombre<\/label>\n                                                <\/span>\n                            \n                            <span id='input_1_1_6_container' class='name_last gform-grid-col gform-grid-col--size-auto' >\n                                                    <input type='text' name='input_1.6' id='input_1_1_6' value=''   aria-required='true'     \/>\n                                                    <label for='input_1_1_6' class='gform-field-label gform-field-label--type-sub '>Apellidos<\/label>\n                                                <\/span>\n                            \n                        <\/div><\/fieldset><div id=\"field_1_13\" class=\"gfield gfield--type-phone gfield--input-type-phone gfield--width-full gfield_contains_required field_sublabel_below gfield--no-description field_description_below field_validation_below gfield_visibility_visible\"  ><label class='gfield_label gform-field-label' for='input_1_13'>Tel\u00e9fono de contacto<span class=\"gfield_required\"><span class=\"gfield_required gfield_required_text\">(Obligatorio)<\/span><\/span><\/label><div class='ginput_container ginput_container_phone'><input name='input_13' id='input_1_13' type='tel' value='' class='large'   aria-required=\"true\" aria-invalid=\"false\"   \/><\/div><\/div><div id=\"field_1_12\" class=\"gfield gfield--type-email gfield--input-type-email gfield--width-full gfield_contains_required field_sublabel_below gfield--no-description field_description_below field_validation_below gfield_visibility_visible\"  ><label class='gfield_label gform-field-label' for='input_1_12'>Correo electr\u00f3nico<span class=\"gfield_required\"><span class=\"gfield_required gfield_required_text\">(Obligatorio)<\/span><\/span><\/label><div class='ginput_container ginput_container_email'>\n                            <input name='input_12' id='input_1_12' type='email' value='' class='large'    aria-required=\"true\" aria-invalid=\"false\"  \/>\n                        <\/div><\/div><fieldset id=\"field_1_14\" class=\"gfield gfield--type-address gfield--input-type-address gfield--width-full gfield_contains_required field_sublabel_below gfield--no-description field_description_below field_validation_below gfield_visibility_visible\"  ><legend class='gfield_label gform-field-label gfield_label_before_complex' >Poblaci\u00f3n<span class=\"gfield_required\"><span class=\"gfield_required gfield_required_text\">(Obligatorio)<\/span><\/span><\/legend>    \n                    <div class='ginput_complex ginput_container has_city ginput_container_address gform-grid-row' id='input_1_14' >\n                        <span class='ginput_left address_city ginput_address_city gform-grid-col' id='input_1_14_3_container' >\n                                    <input type='text' name='input_14.3' id='input_1_14_3' value=''    aria-required='true'    \/>\n                                    <label for='input_1_14_3' id='input_1_14_3_label' class='gform-field-label gform-field-label--type-sub '>Ciudad<\/label>\n                                 <\/span><input type='hidden' class='gform_hidden' name='input_14.4' id='input_1_14_4' value=''\/><input type='hidden' class='gform_hidden' name='input_14.6' id='input_1_14_6' value='' \/>\n                    <div class='gf_clear gf_clear_complex'><\/div>\n                <\/div><\/fieldset><div id=\"field_1_4\" class=\"gfield gfield--type-textarea gfield--input-type-textarea gfield--width-full field_sublabel_below gfield--no-description field_description_below field_validation_below gfield_visibility_visible\"  ><label class='gfield_label gform-field-label' for='input_1_4'>Comentarios<\/label><div class='ginput_container ginput_container_textarea'><textarea name='input_4' id='input_1_4' class='textarea small'      aria-invalid=\"false\"   rows='10' cols='50'><\/textarea><\/div><\/div><fieldset id=\"field_1_6\" class=\"gfield gfield--type-checkbox gfield--type-choice gfield--input-type-checkbox gfield--width-full field_sublabel_below gfield--no-description field_description_below hidden_label field_validation_below gfield_visibility_visible\"  ><legend class='gfield_label gform-field-label gfield_label_before_complex' >Suscripci\u00f3n bolet\u00edn<\/legend><div class='ginput_container ginput_container_checkbox'><div class='gfield_checkbox ' id='input_1_6'><div class='gchoice gchoice_1_6_1'>\n\t\t\t\t\t\t\t\t<input class='gfield-choice-input' name='input_6.1' type='checkbox'  value='Quiero recibir informaci\u00f3n sobre sus actividades'  id='choice_1_6_1'   \/>\n\t\t\t\t\t\t\t\t<label for='choice_1_6_1' id='label_1_6_1' class='gform-field-label gform-field-label--type-inline'>Quiero recibir informaci\u00f3n sobre sus actividades<\/label>\n\t\t\t\t\t\t\t<\/div><\/div><\/div><\/fieldset><fieldset id=\"field_1_5\" class=\"gfield gfield--type-checkbox gfield--type-choice gfield--input-type-checkbox gfield--width-full gfield_contains_required field_sublabel_below gfield--no-description field_description_below hidden_label field_validation_below gfield_visibility_visible\"  ><legend class='gfield_label gform-field-label gfield_label_before_complex' >Pol\u00edtica de privacidad<span class=\"gfield_required\"><span class=\"gfield_required gfield_required_text\">(Obligatorio)<\/span><\/span><\/legend><div class='ginput_container ginput_container_checkbox'><div class='gfield_checkbox ' id='input_1_5'><div class='gchoice gchoice_1_5_1'>\n\t\t\t\t\t\t\t\t<input class='gfield-choice-input' name='input_5.1' type='checkbox'  value='He le\u00eddo y acepto la &lt;a href=&quot;\/politica-de-privacitat\/&quot; target=&quot;_blank&quot;&gt;pol\u00edtica de privacidad&lt;\/a&gt;'  id='choice_1_5_1'   \/>\n\t\t\t\t\t\t\t\t<label for='choice_1_5_1' id='label_1_5_1' class='gform-field-label gform-field-label--type-inline'>He le\u00eddo y acepto la <a href=\"\/politica-de-privacitat\/\" target=\"_blank\">pol\u00edtica de privacidad<\/a><\/label>\n\t\t\t\t\t\t\t<\/div><\/div><\/div><\/fieldset><\/div><\/div>\n        <div class='gform-footer gform_footer top_label'> <input type='submit' id='gform_submit_button_1' class='gform_button button' onclick='gform.submission.handleButtonClick(this);' data-submission-type='submit' value='Env\u00eda'  \/> \n            <input type='hidden' class='gform_hidden' name='gform_submission_method' data-js='gform_submission_method_1' value='postback' \/>\n            <input type='hidden' class='gform_hidden' name='gform_theme' data-js='gform_theme_1' id='gform_theme_1' value='gravity-theme' \/>\n            <input type='hidden' class='gform_hidden' name='gform_style_settings' data-js='gform_style_settings_1' id='gform_style_settings_1' value='[]' \/>\n            <input type='hidden' class='gform_hidden' name='is_submit_1' value='1' \/>\n            <input type='hidden' class='gform_hidden' name='gform_submit' value='1' \/>\n            \n            <input type='hidden' class='gform_hidden' name='gform_currency' data-currency='EUR' value='0ayGcznzGwDi4bJVaY73bHGBUx2zpwmPLKIJUOQjJzNM\/2VlIaPpvyFsbjS6ypwo0OrjLQj+hd6QQIWq41hT0ruqWRCBZRBJW7pW95mNE+6Dvl8=' \/>\n            <input type='hidden' class='gform_hidden' name='gform_unique_id' value='' \/>\n            <input type='hidden' class='gform_hidden' name='state_1' value='WyJ7XCIxMVwiOltcIjAyYmIwN2M4NzdiMzhhYmIzYWNhNGM3NTZhNDg5ZWEyXCIsXCJkZDhkMGU3ZDNjNGEzMmQ3YzRlZjdlZDk3ZDA2ZWFhMFwiXSxcIjYuMVwiOlwiNjQyODA1ZWNiYmZhNDA4ZDAwYjRkNDM1ZmQyYTYxMTdcIixcIjUuMVwiOlwiNDBhOWVhY2FhYzU0YTg5NmM4OWFiYTJiZmYyMTkxZTFcIn0iLCJjZTU3ODZmZjRhNGVjMTVjMDkyYmI0ODc0OWI0NTQxMSJd' \/>\n            <input type='hidden' autocomplete='off' class='gform_hidden' name='gform_target_page_number_1' id='gform_target_page_number_1' value='0' \/>\n            <input type='hidden' autocomplete='off' class='gform_hidden' name='gform_source_page_number_1' id='gform_source_page_number_1' value='1' \/>\n            <input type='hidden' name='gform_field_values' value='projecte=Dones+Mirall' \/>\n            \n        <\/div>\n                        <\/form>\n                        <\/div><script type=\"text\/javascript\">\n\/* <![CDATA[ *\/\n gform.initializeOnLoaded( function() {gformInitSpinner( 1, 'https:\/\/fundesplai.org\/programes-socials-i-joves\/wp-content\/plugins\/gravityforms\/images\/spinner.svg', true );jQuery('#gform_ajax_frame_1').on('load',function(){var contents = jQuery(this).contents().find('*').html();var is_postback = contents.indexOf('GF_AJAX_POSTBACK') >= 0;if(!is_postback){return;}var form_content = jQuery(this).contents().find('#gform_wrapper_1');var is_confirmation = jQuery(this).contents().find('#gform_confirmation_wrapper_1').length > 0;var is_redirect = contents.indexOf('gformRedirect(){') >= 0;var is_form = form_content.length > 0 && ! is_redirect && ! is_confirmation;var mt = parseInt(jQuery('html').css('margin-top'), 10) + parseInt(jQuery('body').css('margin-top'), 10) + 100;if(is_form){jQuery('#gform_wrapper_1').html(form_content.html());if(form_content.hasClass('gform_validation_error')){jQuery('#gform_wrapper_1').addClass('gform_validation_error');} else {jQuery('#gform_wrapper_1').removeClass('gform_validation_error');}setTimeout( function() { \/* delay the scroll by 50 milliseconds to fix a bug in chrome *\/  }, 50 );if(window['gformInitDatepicker']) {gformInitDatepicker();}if(window['gformInitPriceFields']) {gformInitPriceFields();}var current_page = jQuery('#gform_source_page_number_1').val();gformInitSpinner( 1, 'https:\/\/fundesplai.org\/programes-socials-i-joves\/wp-content\/plugins\/gravityforms\/images\/spinner.svg', true );jQuery(document).trigger('gform_page_loaded', [1, current_page]);window['gf_submitting_1'] = false;}else if(!is_redirect){var confirmation_content = jQuery(this).contents().find('.GF_AJAX_POSTBACK').html();if(!confirmation_content){confirmation_content = contents;}jQuery('#gform_wrapper_1').replaceWith(confirmation_content);jQuery(document).trigger('gform_confirmation_loaded', [1]);window['gf_submitting_1'] = false;wp.a11y.speak(jQuery('#gform_confirmation_message_1').text());}else{jQuery('#gform_1').append(contents);if(window['gformRedirect']) {gformRedirect();}}jQuery(document).trigger(\"gform_pre_post_render\", [{ formId: \"1\", currentPage: \"current_page\", abort: function() { this.preventDefault(); } }]);        if (event && event.defaultPrevented) {                return;        }        const gformWrapperDiv = document.getElementById( \"gform_wrapper_1\" );        if ( gformWrapperDiv ) {            const visibilitySpan = document.createElement( \"span\" );            visibilitySpan.id = \"gform_visibility_test_1\";            gformWrapperDiv.insertAdjacentElement( \"afterend\", visibilitySpan );        }        const visibilityTestDiv = document.getElementById( \"gform_visibility_test_1\" );        let postRenderFired = false;        function triggerPostRender() {            if ( postRenderFired ) {                return;            }            postRenderFired = true;            gform.core.triggerPostRenderEvents( 1, current_page );            if ( visibilityTestDiv ) {                visibilityTestDiv.parentNode.removeChild( visibilityTestDiv );            }        }        function debounce( func, wait, immediate ) {            var timeout;            return function() {                var context = this, args = arguments;                var later = function() {                    timeout = null;                    if ( !immediate ) func.apply( context, args );                };                var callNow = immediate && !timeout;                clearTimeout( timeout );                timeout = setTimeout( later, wait );                if ( callNow ) func.apply( context, args );            };        }        const debouncedTriggerPostRender = debounce( function() {            triggerPostRender();        }, 200 );        if ( visibilityTestDiv && visibilityTestDiv.offsetParent === null ) {            const observer = new MutationObserver( ( mutations ) => {                mutations.forEach( ( mutation ) => {                    if ( mutation.type === 'attributes' && visibilityTestDiv.offsetParent !== null ) {                        debouncedTriggerPostRender();                        observer.disconnect();                    }                });            });            observer.observe( document.body, {                attributes: true,                childList: false,                subtree: true,                attributeFilter: [ 'style', 'class' ],            });        } else {            triggerPostRender();        }    } );} ); \n\/* ]]> *\/\n<\/script>\n[\/et_pb_code][et_pb_text disabled_on=\u00bbon|on|on\u00bb _builder_version=\u00bb4.27.4&#8243; _module_preset=\u00bbdefault\u00bb disabled=\u00bbon\u00bb global_colors_info=\u00bb{}\u00bb]<\/p>\n<p><a href=\"mailto:acciosocial@fundesplai.org\">acciosocial@fundesplai.org<\/a><\/p>\n<div id=\"mouseposition-extension-element-full-container\" style=\"position: fixed;z-index: 2147483647;font-weight: 400\">\n<div id=\"mouseposition-extension-element-rect-display\" style=\"position: absolute;font-size: 12px;z-index: 2147483647;justify-content: center;align-items: center;cursor: default;color: #000000;font-family: 'Helvetica Neue', Helvetica, Arial, sans-serif;width: 0px;height: 0px\">\n<pre style=\"flex: 1 1 0%;text-align: center;color: #000000;min-width: 42px;min-height: 12px\"> <\/pre>\n<p>&nbsp;<\/p>\n<\/div>\n<p>&nbsp;<\/p>\n<pre id=\"mouseposition-extension-element-coordinate-display\" style=\"position: absolute;background: #ffffff;font-size: 12px;line-height: 14px;border-radius: 3px;border-width: 1px;border-color: #222222 black #333333;border-style: solid;padding: 3px;z-index: 2147483647;color: #222222;cursor: default;font-family: 'Helvetica Neue', Helvetica, Arial, sans-serif\"> <\/pre>\n<\/div>\n<p>[\/et_pb_text][\/et_pb_column][\/et_pb_row][et_pb_row admin_label=\u00bbRow SUPORT\u00bb _builder_version=\u00bb4.17.4&#8243; _module_preset=\u00bbdefault\u00bb locked=\u00bboff\u00bb global_colors_info=\u00bb{}\u00bb][et_pb_column type=\u00bb4_4&#8243; _builder_version=\u00bb4.17.4&#8243; _module_preset=\u00bbdefault\u00bb global_colors_info=\u00bb{}\u00bb][et_pb_text admin_label=\u00bbSuport\u00bb _builder_version=\u00bb4.20.2&#8243; _module_preset=\u00bbdefault\u00bb custom_margin=\u00bb30px||||false|false\u00bb global_colors_info=\u00bb{}\u00bb]<\/p>\n<h2 style=\"text-align: center\">CON EL APOYO DE<\/h2>\n<p>[\/et_pb_text][\/et_pb_column][\/et_pb_row][et_pb_row column_structure=\u00bb1_3,1_3,1_3&#8243; _builder_version=\u00bb4.17.4&#8243; _module_preset=\u00bbdefault\u00bb locked=\u00bboff\u00bb global_colors_info=\u00bb{}\u00bb][et_pb_column type=\u00bb1_3&#8243; _builder_version=\u00bb4.17.4&#8243; _module_preset=\u00bbdefault\u00bb global_colors_info=\u00bb{}\u00bb][\/et_pb_column][et_pb_column type=\u00bb1_3&#8243; _builder_version=\u00bb4.17.4&#8243; _module_preset=\u00bbdefault\u00bb global_colors_info=\u00bb{}\u00bb][et_pb_image src=\u00bbhttps:\/\/fundesplai.org\/programes-socials-i-joves\/wp-content\/uploads\/sites\/32\/2025\/09\/Logo_Fundacio_Pinnae.webp\u00bb alt=\u00bbLogo Fundaci\u00f3n Pinnae\u00bb title_text=\u00bbLogo_Fundacio_Pinnae\u00bb align=\u00bbcenter\u00bb _builder_version=\u00bb4.27.4&#8243; _module_preset=\u00bbdefault\u00bb width=\u00bb50%\u00bb max_width=\u00bb50%\u00bb custom_margin=\u00bb30px||50px||false|false\u00bb global_colors_info=\u00bb{}\u00bb][\/et_pb_image][\/et_pb_column][et_pb_column type=\u00bb1_3&#8243; _builder_version=\u00bb4.17.4&#8243; _module_preset=\u00bbdefault\u00bb global_colors_info=\u00bb{}\u00bb][\/et_pb_column][\/et_pb_row][et_pb_row admin_label=\u00bbRow M\u00c1S PROYECTOS J\u00d3VENES\u00bb _builder_version=\u00bb4.27.4&#8243; _module_preset=\u00bbdefault\u00bb custom_margin=\u00bb40px||40px||false|false\u00bb locked=\u00bboff\u00bb global_colors_info=\u00bb{}\u00bb][et_pb_column type=\u00bb4_4&#8243; _builder_version=\u00bb4.19.0&#8243; _module_preset=\u00bbdefault\u00bb global_colors_info=\u00bb{}\u00bb][et_pb_button button_url=\u00bb&lt;!&#8211;&#091;CDATA&#091;\/programes-socials-i-joves\/&#093;&#093;&#8211;&gt;\u00bb button_text=\u00bbDescubre otros proyectos de acci\u00f3n social y j\u00f3venes\u00bb button_alignment=\u00bbcenter\u00bb _builder_version=\u00bb4.21.0&#8243; _module_preset=\u00bbdefault\u00bb global_colors_info=\u00bb{}\u00bb][\/et_pb_button][\/et_pb_column][\/et_pb_row][\/et_pb_section]<\/p>\n","protected":false},"excerpt":{"rendered":"<p>El proyecto Dones Mirall acompa\u00f1a a mujeres j\u00f3venes menores de 30 a\u00f1os en riesgo social y laboral para asegurar su igualdad de oportunidades en el \u00e1mbito laboral, personal y formativo.<\/p>\n","protected":false},"author":3,"featured_media":50764,"parent":0,"menu_order":0,"comment_status":"closed","ping_status":"closed","template":"","meta":{"_et_pb_use_builder":"on","_et_pb_old_content":"","_et_gb_content_width":"","footnotes":""},"class_list":["post-50777","page","type-page","status-publish","has-post-thumbnail","hentry"],"yoast_head":"<!-- This site is optimized with the Yoast SEO plugin v27.4 - https:\/\/yoast.com\/product\/yoast-seo-wordpress\/ -->\n<title>Estela - Programes socials i per a joves<\/title>\n<meta name=\"description\" content=\"El proyecto Dones Mirall acompa\u00f1a a mujeres j\u00f3venes menores de 30 a\u00f1os en riesgo social y laboral para asegurar su igualdad de oportunidades\" \/>\n<meta name=\"robots\" content=\"index, follow, max-snippet:-1, max-image-preview:large, max-video-preview:-1\" \/>\n<link rel=\"canonical\" href=\"https:\/\/fundesplai.org\/programes-socials-i-joves\/es\/dones-mirall\/\" \/>\n<meta property=\"og:locale\" content=\"es_ES\" \/>\n<meta property=\"og:type\" content=\"article\" \/>\n<meta property=\"og:title\" content=\"Estela - Programes socials i per a joves\" \/>\n<meta property=\"og:description\" content=\"El proyecto Dones Mirall acompa\u00f1a a mujeres j\u00f3venes menores de 30 a\u00f1os en riesgo social y laboral para asegurar su igualdad de oportunidades\" \/>\n<meta property=\"og:url\" content=\"https:\/\/fundesplai.org\/programes-socials-i-joves\/es\/dones-mirall\/\" \/>\n<meta property=\"og:site_name\" content=\"Programes socials i per a joves\" \/>\n<meta property=\"article:modified_time\" content=\"2026-02-27T14:42:02+00:00\" \/>\n<meta property=\"og:image\" content=\"https:\/\/fundesplai.org\/programes-socials-i-joves\/wp-content\/uploads\/sites\/32\/2025\/09\/Dones-Mirall_projecte_Fundesplai.webp\" \/>\n\t<meta property=\"og:image:width\" content=\"1028\" \/>\n\t<meta property=\"og:image:height\" content=\"577\" \/>\n\t<meta property=\"og:image:type\" content=\"image\/webp\" \/>\n<meta name=\"twitter:card\" content=\"summary_large_image\" \/>\n<meta name=\"twitter:label1\" content=\"Tiempo de lectura\" \/>\n\t<meta name=\"twitter:data1\" content=\"10 minutos\" \/>\n<script type=\"application\/ld+json\" class=\"yoast-schema-graph\">{\"@context\":\"https:\\\/\\\/schema.org\",\"@graph\":[{\"@type\":\"WebPage\",\"@id\":\"https:\\\/\\\/fundesplai.org\\\/programes-socials-i-joves\\\/es\\\/dones-mirall\\\/\",\"url\":\"https:\\\/\\\/fundesplai.org\\\/programes-socials-i-joves\\\/es\\\/dones-mirall\\\/\",\"name\":\"Estela - Programes socials i per a joves\",\"isPartOf\":{\"@id\":\"https:\\\/\\\/fundesplai.org\\\/programes-socials-i-joves\\\/es\\\/#website\"},\"primaryImageOfPage\":{\"@id\":\"https:\\\/\\\/fundesplai.org\\\/programes-socials-i-joves\\\/es\\\/dones-mirall\\\/#primaryimage\"},\"image\":{\"@id\":\"https:\\\/\\\/fundesplai.org\\\/programes-socials-i-joves\\\/es\\\/dones-mirall\\\/#primaryimage\"},\"thumbnailUrl\":\"https:\\\/\\\/fundesplai.org\\\/programes-socials-i-joves\\\/wp-content\\\/uploads\\\/sites\\\/32\\\/2025\\\/09\\\/Dones-Mirall_projecte_Fundesplai.webp\",\"datePublished\":\"2025-09-04T11:54:34+00:00\",\"dateModified\":\"2026-02-27T14:42:02+00:00\",\"description\":\"El proyecto Dones Mirall acompa\u00f1a a mujeres j\u00f3venes menores de 30 a\u00f1os en riesgo social y laboral para asegurar su igualdad de oportunidades\",\"breadcrumb\":{\"@id\":\"https:\\\/\\\/fundesplai.org\\\/programes-socials-i-joves\\\/es\\\/dones-mirall\\\/#breadcrumb\"},\"inLanguage\":\"es\",\"potentialAction\":[{\"@type\":\"ReadAction\",\"target\":[\"https:\\\/\\\/fundesplai.org\\\/programes-socials-i-joves\\\/es\\\/dones-mirall\\\/\"]}]},{\"@type\":\"ImageObject\",\"inLanguage\":\"es\",\"@id\":\"https:\\\/\\\/fundesplai.org\\\/programes-socials-i-joves\\\/es\\\/dones-mirall\\\/#primaryimage\",\"url\":\"https:\\\/\\\/fundesplai.org\\\/programes-socials-i-joves\\\/wp-content\\\/uploads\\\/sites\\\/32\\\/2025\\\/09\\\/Dones-Mirall_projecte_Fundesplai.webp\",\"contentUrl\":\"https:\\\/\\\/fundesplai.org\\\/programes-socials-i-joves\\\/wp-content\\\/uploads\\\/sites\\\/32\\\/2025\\\/09\\\/Dones-Mirall_projecte_Fundesplai.webp\",\"width\":1028,\"height\":577,\"caption\":\"C\u00edrculo de mujeres haciendo actividad con el proyecto Dones Mirall\"},{\"@type\":\"BreadcrumbList\",\"@id\":\"https:\\\/\\\/fundesplai.org\\\/programes-socials-i-joves\\\/es\\\/dones-mirall\\\/#breadcrumb\",\"itemListElement\":[{\"@type\":\"ListItem\",\"position\":1,\"name\":\"Inicio\",\"item\":\"\\\/\"},{\"@type\":\"ListItem\",\"position\":2,\"name\":\"Programas Sociales y para J\u00f3venes\",\"item\":\"\\\/programes-socials-i-joves\\\/\"},{\"@type\":\"ListItem\",\"position\":3,\"name\":\"Estela\"}]},{\"@type\":\"WebSite\",\"@id\":\"https:\\\/\\\/fundesplai.org\\\/programes-socials-i-joves\\\/es\\\/#website\",\"url\":\"https:\\\/\\\/fundesplai.org\\\/programes-socials-i-joves\\\/es\\\/\",\"name\":\"Programes socials i per a joves\",\"description\":\"Programes socials i per a joves\",\"publisher\":{\"@id\":\"https:\\\/\\\/fundesplai.org\\\/programes-socials-i-joves\\\/es\\\/#organization\"},\"potentialAction\":[{\"@type\":\"SearchAction\",\"target\":{\"@type\":\"EntryPoint\",\"urlTemplate\":\"https:\\\/\\\/fundesplai.org\\\/programes-socials-i-joves\\\/es\\\/?s={search_term_string}\"},\"query-input\":{\"@type\":\"PropertyValueSpecification\",\"valueRequired\":true,\"valueName\":\"search_term_string\"}}],\"inLanguage\":\"es\"},{\"@type\":\"Organization\",\"@id\":\"https:\\\/\\\/fundesplai.org\\\/programes-socials-i-joves\\\/es\\\/#organization\",\"name\":\"Programes socials i per a joves\",\"url\":\"https:\\\/\\\/fundesplai.org\\\/programes-socials-i-joves\\\/es\\\/\",\"logo\":{\"@type\":\"ImageObject\",\"inLanguage\":\"es\",\"@id\":\"https:\\\/\\\/fundesplai.org\\\/programes-socials-i-joves\\\/es\\\/#\\\/schema\\\/logo\\\/image\\\/\",\"url\":\"https:\\\/\\\/fundesplai.org\\\/programes-socials-i-joves\\\/wp-content\\\/uploads\\\/sites\\\/32\\\/2023\\\/09\\\/Fundesplai-logo-web.png\",\"contentUrl\":\"https:\\\/\\\/fundesplai.org\\\/programes-socials-i-joves\\\/wp-content\\\/uploads\\\/sites\\\/32\\\/2023\\\/09\\\/Fundesplai-logo-web.png\",\"width\":298,\"height\":219,\"caption\":\"Programes socials i per a joves\"},\"image\":{\"@id\":\"https:\\\/\\\/fundesplai.org\\\/programes-socials-i-joves\\\/es\\\/#\\\/schema\\\/logo\\\/image\\\/\"}}]}<\/script>\n<!-- \/ Yoast SEO plugin. -->","yoast_head_json":{"title":"Estela - Programes socials i per a joves","description":"El proyecto Dones Mirall acompa\u00f1a a mujeres j\u00f3venes menores de 30 a\u00f1os en riesgo social y laboral para asegurar su igualdad de oportunidades","robots":{"index":"index","follow":"follow","max-snippet":"max-snippet:-1","max-image-preview":"max-image-preview:large","max-video-preview":"max-video-preview:-1"},"canonical":"https:\/\/fundesplai.org\/programes-socials-i-joves\/es\/dones-mirall\/","og_locale":"es_ES","og_type":"article","og_title":"Estela - Programes socials i per a joves","og_description":"El proyecto Dones Mirall acompa\u00f1a a mujeres j\u00f3venes menores de 30 a\u00f1os en riesgo social y laboral para asegurar su igualdad de oportunidades","og_url":"https:\/\/fundesplai.org\/programes-socials-i-joves\/es\/dones-mirall\/","og_site_name":"Programes socials i per a joves","article_modified_time":"2026-02-27T14:42:02+00:00","og_image":[{"width":1028,"height":577,"url":"https:\/\/fundesplai.org\/programes-socials-i-joves\/wp-content\/uploads\/sites\/32\/2025\/09\/Dones-Mirall_projecte_Fundesplai.webp","type":"image\/webp"}],"twitter_card":"summary_large_image","twitter_misc":{"Tiempo de lectura":"10 minutos"},"schema":{"@context":"https:\/\/schema.org","@graph":[{"@type":"WebPage","@id":"https:\/\/fundesplai.org\/programes-socials-i-joves\/es\/dones-mirall\/","url":"https:\/\/fundesplai.org\/programes-socials-i-joves\/es\/dones-mirall\/","name":"Estela - Programes socials i per a joves","isPartOf":{"@id":"https:\/\/fundesplai.org\/programes-socials-i-joves\/es\/#website"},"primaryImageOfPage":{"@id":"https:\/\/fundesplai.org\/programes-socials-i-joves\/es\/dones-mirall\/#primaryimage"},"image":{"@id":"https:\/\/fundesplai.org\/programes-socials-i-joves\/es\/dones-mirall\/#primaryimage"},"thumbnailUrl":"https:\/\/fundesplai.org\/programes-socials-i-joves\/wp-content\/uploads\/sites\/32\/2025\/09\/Dones-Mirall_projecte_Fundesplai.webp","datePublished":"2025-09-04T11:54:34+00:00","dateModified":"2026-02-27T14:42:02+00:00","description":"El proyecto Dones Mirall acompa\u00f1a a mujeres j\u00f3venes menores de 30 a\u00f1os en riesgo social y laboral para asegurar su igualdad de oportunidades","breadcrumb":{"@id":"https:\/\/fundesplai.org\/programes-socials-i-joves\/es\/dones-mirall\/#breadcrumb"},"inLanguage":"es","potentialAction":[{"@type":"ReadAction","target":["https:\/\/fundesplai.org\/programes-socials-i-joves\/es\/dones-mirall\/"]}]},{"@type":"ImageObject","inLanguage":"es","@id":"https:\/\/fundesplai.org\/programes-socials-i-joves\/es\/dones-mirall\/#primaryimage","url":"https:\/\/fundesplai.org\/programes-socials-i-joves\/wp-content\/uploads\/sites\/32\/2025\/09\/Dones-Mirall_projecte_Fundesplai.webp","contentUrl":"https:\/\/fundesplai.org\/programes-socials-i-joves\/wp-content\/uploads\/sites\/32\/2025\/09\/Dones-Mirall_projecte_Fundesplai.webp","width":1028,"height":577,"caption":"C\u00edrculo de mujeres haciendo actividad con el proyecto Dones Mirall"},{"@type":"BreadcrumbList","@id":"https:\/\/fundesplai.org\/programes-socials-i-joves\/es\/dones-mirall\/#breadcrumb","itemListElement":[{"@type":"ListItem","position":1,"name":"Inicio","item":"\/"},{"@type":"ListItem","position":2,"name":"Programas Sociales y para J\u00f3venes","item":"\/programes-socials-i-joves\/"},{"@type":"ListItem","position":3,"name":"Estela"}]},{"@type":"WebSite","@id":"https:\/\/fundesplai.org\/programes-socials-i-joves\/es\/#website","url":"https:\/\/fundesplai.org\/programes-socials-i-joves\/es\/","name":"Programes socials i per a joves","description":"Programes socials i per a joves","publisher":{"@id":"https:\/\/fundesplai.org\/programes-socials-i-joves\/es\/#organization"},"potentialAction":[{"@type":"SearchAction","target":{"@type":"EntryPoint","urlTemplate":"https:\/\/fundesplai.org\/programes-socials-i-joves\/es\/?s={search_term_string}"},"query-input":{"@type":"PropertyValueSpecification","valueRequired":true,"valueName":"search_term_string"}}],"inLanguage":"es"},{"@type":"Organization","@id":"https:\/\/fundesplai.org\/programes-socials-i-joves\/es\/#organization","name":"Programes socials i per a joves","url":"https:\/\/fundesplai.org\/programes-socials-i-joves\/es\/","logo":{"@type":"ImageObject","inLanguage":"es","@id":"https:\/\/fundesplai.org\/programes-socials-i-joves\/es\/#\/schema\/logo\/image\/","url":"https:\/\/fundesplai.org\/programes-socials-i-joves\/wp-content\/uploads\/sites\/32\/2023\/09\/Fundesplai-logo-web.png","contentUrl":"https:\/\/fundesplai.org\/programes-socials-i-joves\/wp-content\/uploads\/sites\/32\/2023\/09\/Fundesplai-logo-web.png","width":298,"height":219,"caption":"Programes socials i per a joves"},"image":{"@id":"https:\/\/fundesplai.org\/programes-socials-i-joves\/es\/#\/schema\/logo\/image\/"}}]}},"_links":{"self":[{"href":"https:\/\/fundesplai.org\/programes-socials-i-joves\/es\/wp-json\/wp\/v2\/pages\/50777","targetHints":{"allow":["GET"]}}],"collection":[{"href":"https:\/\/fundesplai.org\/programes-socials-i-joves\/es\/wp-json\/wp\/v2\/pages"}],"about":[{"href":"https:\/\/fundesplai.org\/programes-socials-i-joves\/es\/wp-json\/wp\/v2\/types\/page"}],"author":[{"embeddable":true,"href":"https:\/\/fundesplai.org\/programes-socials-i-joves\/es\/wp-json\/wp\/v2\/users\/3"}],"replies":[{"embeddable":true,"href":"https:\/\/fundesplai.org\/programes-socials-i-joves\/es\/wp-json\/wp\/v2\/comments?post=50777"}],"version-history":[{"count":15,"href":"https:\/\/fundesplai.org\/programes-socials-i-joves\/es\/wp-json\/wp\/v2\/pages\/50777\/revisions"}],"predecessor-version":[{"id":51800,"href":"https:\/\/fundesplai.org\/programes-socials-i-joves\/es\/wp-json\/wp\/v2\/pages\/50777\/revisions\/51800"}],"wp:featuredmedia":[{"embeddable":true,"href":"https:\/\/fundesplai.org\/programes-socials-i-joves\/es\/wp-json\/wp\/v2\/media\/50764"}],"wp:attachment":[{"href":"https:\/\/fundesplai.org\/programes-socials-i-joves\/es\/wp-json\/wp\/v2\/media?parent=50777"}],"curies":[{"name":"wp","href":"https:\/\/api.w.org\/{rel}","templated":true}]}}