{"id":63,"date":"2021-08-17T11:29:12","date_gmt":"2021-08-17T09:29:12","guid":{"rendered":"https:\/\/fundesplai.org\/mandala\/?page_id=63"},"modified":"2021-10-18T12:27:54","modified_gmt":"2021-10-18T10:27:54","slug":"continguts-2","status":"publish","type":"page","link":"https:\/\/fundesplai.org\/mandala\/continguts-2\/","title":{"rendered":"Continguts"},"content":{"rendered":"[et_pb_section fb_built=&#8221;1&#8243; _builder_version=&#8221;3.22&#8243; global_colors_info=&#8221;{}&#8221;][et_pb_row _builder_version=&#8221;3.25&#8243; background_size=&#8221;initial&#8221; background_position=&#8221;top_left&#8221; background_repeat=&#8221;repeat&#8221; global_colors_info=&#8221;{}&#8221;][et_pb_column type=&#8221;4_4&#8243; _builder_version=&#8221;3.25&#8243; custom_padding=&#8221;|||&#8221; global_colors_info=&#8221;{}&#8221; custom_padding__hover=&#8221;|||&#8221;][et_pb_post_title _builder_version=&#8221;4.10.5&#8243; _module_preset=&#8221;default&#8221; meta=&#8221;off&#8221; featured_image=&#8221;off&#8221; hover_enabled=&#8221;0&#8243; sticky_enabled=&#8221;0&#8243;][\/et_pb_post_title][et_pb_text _builder_version=&#8221;3.27.4&#8243; background_size=&#8221;initial&#8221; background_position=&#8221;top_left&#8221; background_repeat=&#8221;repeat&#8221; global_colors_info=&#8221;{}&#8221;]\r\n<p>Els tres eixos de continguts que formen part de la proposta educativa d\u2019enguany es relacionen de la seg\u00fcent manera:<\/p>\r\n\r\n\r\n\r\n<p><img loading=\"lazy\" decoding=\"async\" src=\"http:\/\/www2.fundesplai.org\/mandala\/images\/grafic-continguts.gif\" alt=\"Gr\u00e0fic\" width=\"543\" height=\"488\" \/><br \/>L\u2019educaci\u00f3 intercultural i de la fraternitat es basa en el reconeixement de les identitats i les pertinences m\u00faltiples i en l\u2019esperit cr\u00edtic enfront les injust\u00edcies i les desigualtats socials. Per\u00f2 aquests dos elements han d\u2019anar sempre acompanyats de les actituds b\u00e0siques d\u2019empatia, comunicaci\u00f3 i respecte que s\u00f3n a la base del treball intercultural i que us presentem m\u00e9s endavant.<\/p>\r\n\r[\/et_pb_text][\/et_pb_column][\/et_pb_row][\/et_pb_section]","protected":false},"excerpt":{"rendered":"<p>Els tres eixos de continguts que formen part de la proposta educativa d\u2019enguany es relacionen de la seg\u00fcent manera: L\u2019educaci\u00f3 intercultural i de la fraternitat es basa en el reconeixement de les identitats i les pertinences m\u00faltiples i en l\u2019esperit cr\u00edtic enfront les injust\u00edcies i les desigualtats socials. Per\u00f2 aquests dos elements han d\u2019anar sempre [&hellip;]<\/p>\n","protected":false},"author":4,"featured_media":0,"parent":0,"menu_order":0,"comment_status":"closed","ping_status":"closed","template":"","meta":{"_et_pb_use_builder":"on","_et_pb_old_content":"<!-- wp:paragraph -->\r\n<p>Els tres eixos de continguts que formen part de la proposta educativa d\u2019enguany es relacionen de la seg\u00fcent manera:<\/p>\r\n<!-- \/wp:paragraph --><!-- wp:paragraph -->\r\n<p><img src=\"http:\/\/www2.fundesplai.org\/mandala\/images\/grafic-continguts.gif\" alt=\"Gr\u00e0fic\" width=\"543\" height=\"488\" \/><br \/>L\u2019educaci\u00f3 intercultural i de la fraternitat es basa en el reconeixement de les identitats i les pertinences m\u00faltiples i en l\u2019esperit cr\u00edtic enfront les injust\u00edcies i les desigualtats socials. Per\u00f2 aquests dos elements han d\u2019anar sempre acompanyats de les actituds b\u00e0siques d\u2019empatia, comunicaci\u00f3 i respecte que s\u00f3n a la base del treball intercultural i que us presentem m\u00e9s endavant.<\/p>\r\n<!-- \/wp:paragraph -->","_et_gb_content_width":"1200","footnotes":""},"class_list":["post-63","page","type-page","status-publish","hentry"],"yoast_head":"<!-- This site is optimized with the Yoast SEO plugin v27.5 - https:\/\/yoast.com\/product\/yoast-seo-wordpress\/ -->\n<title>Continguts - Mandala<\/title>\n<meta name=\"robots\" content=\"index, follow, max-snippet:-1, max-image-preview:large, max-video-preview:-1\" \/>\n<link rel=\"canonical\" href=\"https:\/\/fundesplai.org\/mandala\/continguts-2\/\" \/>\n<meta property=\"og:locale\" content=\"ca_ES\" \/>\n<meta property=\"og:type\" content=\"article\" \/>\n<meta property=\"og:title\" content=\"Continguts - Mandala\" \/>\n<meta property=\"og:description\" content=\"Els tres eixos de continguts que formen part de la proposta educativa d\u2019enguany es relacionen de la seg\u00fcent manera: L\u2019educaci\u00f3 intercultural i de la fraternitat es basa en el reconeixement de les identitats i les pertinences m\u00faltiples i en l\u2019esperit cr\u00edtic enfront les injust\u00edcies i les desigualtats socials. Per\u00f2 aquests dos elements han d\u2019anar sempre [&hellip;]\" \/>\n<meta property=\"og:url\" content=\"https:\/\/fundesplai.org\/mandala\/continguts-2\/\" \/>\n<meta property=\"og:site_name\" content=\"Mandala\" \/>\n<meta property=\"article:modified_time\" content=\"2021-10-18T10:27:54+00:00\" \/>\n<meta property=\"og:image\" content=\"http:\/\/www2.fundesplai.org\/mandala\/images\/grafic-continguts.gif\" \/>\n<meta name=\"twitter:card\" content=\"summary_large_image\" \/>\n<meta name=\"twitter:label1\" content=\"Temps estimat de lectura\" \/>\n\t<meta name=\"twitter:data1\" content=\"1 minut\" \/>\n<script type=\"application\/ld+json\" class=\"yoast-schema-graph\">{\"@context\":\"https:\\\/\\\/schema.org\",\"@graph\":[{\"@type\":\"WebPage\",\"@id\":\"https:\\\/\\\/fundesplai.org\\\/mandala\\\/continguts-2\\\/\",\"url\":\"https:\\\/\\\/fundesplai.org\\\/mandala\\\/continguts-2\\\/\",\"name\":\"Continguts - Mandala\",\"isPartOf\":{\"@id\":\"https:\\\/\\\/fundesplai.org\\\/mandala\\\/#website\"},\"primaryImageOfPage\":{\"@id\":\"https:\\\/\\\/fundesplai.org\\\/mandala\\\/continguts-2\\\/#primaryimage\"},\"image\":{\"@id\":\"https:\\\/\\\/fundesplai.org\\\/mandala\\\/continguts-2\\\/#primaryimage\"},\"thumbnailUrl\":\"http:\\\/\\\/www2.fundesplai.org\\\/mandala\\\/images\\\/grafic-continguts.gif\",\"datePublished\":\"2021-08-17T09:29:12+00:00\",\"dateModified\":\"2021-10-18T10:27:54+00:00\",\"breadcrumb\":{\"@id\":\"https:\\\/\\\/fundesplai.org\\\/mandala\\\/continguts-2\\\/#breadcrumb\"},\"inLanguage\":\"ca\",\"potentialAction\":[{\"@type\":\"ReadAction\",\"target\":[\"https:\\\/\\\/fundesplai.org\\\/mandala\\\/continguts-2\\\/\"]}]},{\"@type\":\"ImageObject\",\"inLanguage\":\"ca\",\"@id\":\"https:\\\/\\\/fundesplai.org\\\/mandala\\\/continguts-2\\\/#primaryimage\",\"url\":\"http:\\\/\\\/www2.fundesplai.org\\\/mandala\\\/images\\\/grafic-continguts.gif\",\"contentUrl\":\"http:\\\/\\\/www2.fundesplai.org\\\/mandala\\\/images\\\/grafic-continguts.gif\"},{\"@type\":\"BreadcrumbList\",\"@id\":\"https:\\\/\\\/fundesplai.org\\\/mandala\\\/continguts-2\\\/#breadcrumb\",\"itemListElement\":[{\"@type\":\"ListItem\",\"position\":1,\"name\":\"Inici\",\"item\":\"\\\/\"},{\"@type\":\"ListItem\",\"position\":2,\"name\":\"Mandala\",\"item\":\"https:\\\/\\\/fundesplai.org\\\/mandala\"},{\"@type\":\"ListItem\",\"position\":3,\"name\":\"Continguts\"}]},{\"@type\":\"WebSite\",\"@id\":\"https:\\\/\\\/fundesplai.org\\\/mandala\\\/#website\",\"url\":\"https:\\\/\\\/fundesplai.org\\\/mandala\\\/\",\"name\":\"Mandala\",\"description\":\"Proposta educativa de Fundesplai\",\"potentialAction\":[{\"@type\":\"SearchAction\",\"target\":{\"@type\":\"EntryPoint\",\"urlTemplate\":\"https:\\\/\\\/fundesplai.org\\\/mandala\\\/?s={search_term_string}\"},\"query-input\":{\"@type\":\"PropertyValueSpecification\",\"valueRequired\":true,\"valueName\":\"search_term_string\"}}],\"inLanguage\":\"ca\"}]}<\/script>\n<!-- \/ Yoast SEO plugin. -->","yoast_head_json":{"title":"Continguts - Mandala","robots":{"index":"index","follow":"follow","max-snippet":"max-snippet:-1","max-image-preview":"max-image-preview:large","max-video-preview":"max-video-preview:-1"},"canonical":"https:\/\/fundesplai.org\/mandala\/continguts-2\/","og_locale":"ca_ES","og_type":"article","og_title":"Continguts - Mandala","og_description":"Els tres eixos de continguts que formen part de la proposta educativa d\u2019enguany es relacionen de la seg\u00fcent manera: L\u2019educaci\u00f3 intercultural i de la fraternitat es basa en el reconeixement de les identitats i les pertinences m\u00faltiples i en l\u2019esperit cr\u00edtic enfront les injust\u00edcies i les desigualtats socials. Per\u00f2 aquests dos elements han d\u2019anar sempre [&hellip;]","og_url":"https:\/\/fundesplai.org\/mandala\/continguts-2\/","og_site_name":"Mandala","article_modified_time":"2021-10-18T10:27:54+00:00","og_image":[{"url":"http:\/\/www2.fundesplai.org\/mandala\/images\/grafic-continguts.gif","type":"","width":"","height":""}],"twitter_card":"summary_large_image","twitter_misc":{"Temps estimat de lectura":"1 minut"},"schema":{"@context":"https:\/\/schema.org","@graph":[{"@type":"WebPage","@id":"https:\/\/fundesplai.org\/mandala\/continguts-2\/","url":"https:\/\/fundesplai.org\/mandala\/continguts-2\/","name":"Continguts - Mandala","isPartOf":{"@id":"https:\/\/fundesplai.org\/mandala\/#website"},"primaryImageOfPage":{"@id":"https:\/\/fundesplai.org\/mandala\/continguts-2\/#primaryimage"},"image":{"@id":"https:\/\/fundesplai.org\/mandala\/continguts-2\/#primaryimage"},"thumbnailUrl":"http:\/\/www2.fundesplai.org\/mandala\/images\/grafic-continguts.gif","datePublished":"2021-08-17T09:29:12+00:00","dateModified":"2021-10-18T10:27:54+00:00","breadcrumb":{"@id":"https:\/\/fundesplai.org\/mandala\/continguts-2\/#breadcrumb"},"inLanguage":"ca","potentialAction":[{"@type":"ReadAction","target":["https:\/\/fundesplai.org\/mandala\/continguts-2\/"]}]},{"@type":"ImageObject","inLanguage":"ca","@id":"https:\/\/fundesplai.org\/mandala\/continguts-2\/#primaryimage","url":"http:\/\/www2.fundesplai.org\/mandala\/images\/grafic-continguts.gif","contentUrl":"http:\/\/www2.fundesplai.org\/mandala\/images\/grafic-continguts.gif"},{"@type":"BreadcrumbList","@id":"https:\/\/fundesplai.org\/mandala\/continguts-2\/#breadcrumb","itemListElement":[{"@type":"ListItem","position":1,"name":"Inici","item":"\/"},{"@type":"ListItem","position":2,"name":"Mandala","item":"https:\/\/fundesplai.org\/mandala"},{"@type":"ListItem","position":3,"name":"Continguts"}]},{"@type":"WebSite","@id":"https:\/\/fundesplai.org\/mandala\/#website","url":"https:\/\/fundesplai.org\/mandala\/","name":"Mandala","description":"Proposta educativa de Fundesplai","potentialAction":[{"@type":"SearchAction","target":{"@type":"EntryPoint","urlTemplate":"https:\/\/fundesplai.org\/mandala\/?s={search_term_string}"},"query-input":{"@type":"PropertyValueSpecification","valueRequired":true,"valueName":"search_term_string"}}],"inLanguage":"ca"}]}},"_links":{"self":[{"href":"https:\/\/fundesplai.org\/mandala\/wp-json\/wp\/v2\/pages\/63","targetHints":{"allow":["GET"]}}],"collection":[{"href":"https:\/\/fundesplai.org\/mandala\/wp-json\/wp\/v2\/pages"}],"about":[{"href":"https:\/\/fundesplai.org\/mandala\/wp-json\/wp\/v2\/types\/page"}],"author":[{"embeddable":true,"href":"https:\/\/fundesplai.org\/mandala\/wp-json\/wp\/v2\/users\/4"}],"replies":[{"embeddable":true,"href":"https:\/\/fundesplai.org\/mandala\/wp-json\/wp\/v2\/comments?post=63"}],"version-history":[{"count":3,"href":"https:\/\/fundesplai.org\/mandala\/wp-json\/wp\/v2\/pages\/63\/revisions"}],"predecessor-version":[{"id":134,"href":"https:\/\/fundesplai.org\/mandala\/wp-json\/wp\/v2\/pages\/63\/revisions\/134"}],"wp:attachment":[{"href":"https:\/\/fundesplai.org\/mandala\/wp-json\/wp\/v2\/media?parent=63"}],"curies":[{"name":"wp","href":"https:\/\/api.w.org\/{rel}","templated":true}]}}