{"id":59286,"date":"2022-07-11T12:21:07","date_gmt":"2022-07-11T10:21:07","guid":{"rendered":"https:\/\/fundesplai.org\/connaitre\/transparence\/enfance\/protection-de-lenfance\/"},"modified":"2023-10-31T11:38:56","modified_gmt":"2023-10-31T10:38:56","slug":"protection-de-lenfance","status":"publish","type":"page","link":"https:\/\/fundesplai.org\/fr\/connaitre\/transparence\/enfance\/protection-de-lenfance\/","title":{"rendered":"Protection de l\u2019enfance"},"content":{"rendered":"<p>[et_pb_section fb_built=\u00a0\u00bb1&Prime; fullwidth=\u00a0\u00bbon\u00a0\u00bb admin_label=\u00a0\u00bbSection\u00a0\u00bb _builder_version=\u00a0\u00bb4.16&Prime; _module_preset=\u00a0\u00bbdefault\u00a0\u00bb locked=\u00a0\u00bboff\u00a0\u00bb collapsed=\u00a0\u00bboff\u00a0\u00bb global_colors_info=\u00a0\u00bb{}\u00a0\u00bb][et_pb_fullwidth_slider module_id=\u00a0\u00bbfix-padding\u00a0\u00bb module_class=\u00a0\u00bbslider-capcalera slider-text-cta\u00a0\u00bb _builder_version=\u00a0\u00bb4.21.0&Prime; _module_preset=\u00a0\u00bbdefault\u00a0\u00bb background_enable_image=\u00a0\u00bboff\u00a0\u00bb global_colors_info=\u00a0\u00bb{}\u00a0\u00bb][et_pb_slide button_link=\u00a0\u00bbhttps:\/\/escoles.fundesplai.org\/contacta\/?servei=extraescolars\u00a0\u00bb _builder_version=\u00a0\u00bb4.21.0&Prime; _module_preset=\u00a0\u00bbdefault\u00a0\u00bb background_image=\u00a0\u00bbhttps:\/\/fundesplai.org\/wp-content\/uploads\/2023\/01\/Proteccio-infancia-Fundesplai.jpg\u00a0\u00bb background_enable_image=\u00a0\u00bbon\u00a0\u00bb global_colors_info=\u00a0\u00bb{}\u00a0\u00bb sticky_transition=\u00a0\u00bbon\u00a0\u00bb][\/et_pb_slide][\/et_pb_fullwidth_slider][\/et_pb_section][et_pb_section fb_built=\u00a0\u00bb1&Prime; _builder_version=\u00a0\u00bb4.17.4&Prime; _module_preset=\u00a0\u00bbdefault\u00a0\u00bb global_colors_info=\u00a0\u00bb{}\u00a0\u00bb][et_pb_row _builder_version=\u00a0\u00bb4.17.4&Prime; _module_preset=\u00a0\u00bbdefault\u00a0\u00bb global_colors_info=\u00a0\u00bb{}\u00a0\u00bb][et_pb_column type=\u00a0\u00bb4_4&Prime; _builder_version=\u00a0\u00bb4.17.4&Prime; _module_preset=\u00a0\u00bbdefault\u00a0\u00bb global_colors_info=\u00a0\u00bb{}\u00a0\u00bb][et_pb_post_title _builder_version=\u00a0\u00bb4.19.0&Prime; _module_preset=\u00a0\u00bbdefault\u00a0\u00bb custom_margin=\u00a0\u00bb30px||||false|false\u00a0\u00bb global_colors_info=\u00a0\u00bb{}\u00a0\u00bb][\/et_pb_post_title][et_pb_text admin_label=\u00a0\u00bbparagraf intro\u00a0\u00bb _builder_version=\u00a0\u00bb4.21.0&Prime; _module_preset=\u00a0\u00bbdefault\u00a0\u00bb custom_margin=\u00a0\u00bb||||false|false\u00a0\u00bb global_colors_info=\u00a0\u00bb{}\u00a0\u00bb]<\/p>\n<p style=\"text-align: center\"><strong>En tant qu\u2019agents \u00e9ducatifs,<\/strong> nous agissons pour prot\u00e9ger les enfants et garantir leurs droits dans tous les aspects de la vie. En ce sens, nous avons d\u00e9velopp\u00e9 une <strong>politique de bonne traite<\/strong> envers les enfants et les adolescents qui suit Lopivi (<a href=\"https:\/\/www.boe.es\/diario_boe\/txt.php?id=BOE-A-2021-9347\" target=\"_blank\" rel=\"noopener\"><span class=\"list-group-item-wrapper-content\">Loi organique 8\/2021, du 4 juin, sur la protection int\u00e9grale des enfants et des adolescents contre la violence<\/span><\/a> ). Dans ce m\u00eame cadre, nous avons \u00e9labor\u00e9 un <strong>code de conduite<\/strong> et <strong>des protocoles de pr\u00e9vention, de d\u00e9tection et d\u2019action<\/strong> dans les situations de violation des droits fondamentaux des enfants et des adolescents.<\/p>\n<p>[\/et_pb_text][\/et_pb_column][\/et_pb_row][et_pb_row _builder_version=\u00a0\u00bb4.21.0&Prime; _module_preset=\u00a0\u00bbdefault\u00a0\u00bb custom_margin=\u00a0\u00bb40px||||false|false\u00a0\u00bb global_colors_info=\u00a0\u00bb{}\u00a0\u00bb][et_pb_column type=\u00a0\u00bb4_4&Prime; _builder_version=\u00a0\u00bb4.17.4&Prime; _module_preset=\u00a0\u00bbdefault\u00a0\u00bb global_colors_info=\u00a0\u00bb{}\u00a0\u00bb][et_pb_text disabled_on=\u00a0\u00bbon|on|on\u00a0\u00bb admin_label=\u00a0\u00bbCODI DE CONDUCTA\u00a0\u00bb _builder_version=\u00a0\u00bb4.21.0&Prime; _module_preset=\u00a0\u00bbdefault\u00a0\u00bb custom_margin=\u00a0\u00bb||||false|false\u00a0\u00bb disabled=\u00a0\u00bbon\u00a0\u00bb global_colors_info=\u00a0\u00bb{}\u00a0\u00bb]<\/p>\n<h2 style=\"text-align: center\">CODE DE CONDUITE<strong><br \/><\/strong><\/h2>\n<p style=\"text-align: center\">Ce code refl\u00e8te notre politique d\u2019action et de bonne traite envers l\u2019enfance et <strong><span class=\"OYPEnA text-decoration-none text-strikethrough-none\">l\u2019adolescence et marque les lignes directrices pour <\/span> un <span class=\"OYPEnA text-decoration-none text-strikethrough-none\">comportement appropri\u00e9 et un bon traitement<\/span><\/strong> des <span class=\"OYPEnA text-decoration-none text-strikethrough-none\"> professionnels, b\u00e9n\u00e9voles et contractuels, qui interagissent avec les enfants et les adolescents dans les activit\u00e9s de Fundesplai et des entit\u00e9s associ\u00e9es.<\/span><\/p>\n<p>[\/et_pb_text][et_pb_image src=\u00a0\u00bbhttps:\/\/fundesplai.org\/wp-content\/uploads\/2023\/10\/CODI-DE-CONDUCTA-frances.jpg\u00a0\u00bb alt=\u00a0\u00bbCODI DE CONDUCTA franc\u00e8s\u00a0\u00bb title_text=\u00a0\u00bbCODI DE CONDUCTA franc\u00e8s\u00a0\u00bb align=\u00a0\u00bbcenter\u00a0\u00bb admin_label=\u00a0\u00bbImage\u00a0\u00bb _builder_version=\u00a0\u00bb4.21.0&Prime; _module_preset=\u00a0\u00bbdefault\u00a0\u00bb custom_margin=\u00a0\u00bb40px||||false|false\u00a0\u00bb hover_enabled=\u00a0\u00bb0&Prime; global_colors_info=\u00a0\u00bb{}\u00a0\u00bb sticky_enabled=\u00a0\u00bb0&Prime;][\/et_pb_image][et_pb_text admin_label=\u00a0\u00bbenlla\u00e7os desc\u00e0rrega\u00a0\u00bb _builder_version=\u00a0\u00bb4.21.0&Prime; _module_preset=\u00a0\u00bbdefault\u00a0\u00bb custom_margin=\u00a0\u00bb||||false|false\u00a0\u00bb global_colors_info=\u00a0\u00bb{}\u00a0\u00bb]<\/p>\n<p style=\"text-align: center\"><a href=\"https:\/\/fundesplai.org\/wp-content\/uploads\/2023\/09\/codi-conducta-Fundesplai-2023-blanc.pdf\">&gt; T\u00e9l\u00e9charger l\u2019affiche en PDF<\/a><\/p>\n<p style=\"text-align: center\"><a href=\"https:\/\/fundesplai.org\/wp-content\/uploads\/2023\/09\/CODI-DE-CONDUCTA.jpg\">&gt; T\u00e9l\u00e9charger l\u2019affiche en JPG<\/a><\/p>\n<p>[\/et_pb_text][et_pb_button button_url=\u00a0\u00bb#\u00a0\u00bb button_text=\u00a0\u00bbT\u00e9l\u00e9charger le PDF complet avec la politique de bon traitement\u00a0\u00bb disabled_on=\u00a0\u00bbon|on|on\u00a0\u00bb _builder_version=\u00a0\u00bb4.21.0&Prime; _module_preset=\u00a0\u00bbdefault\u00a0\u00bb disabled=\u00a0\u00bbon\u00a0\u00bb global_colors_info=\u00a0\u00bb{}\u00a0\u00bb][\/et_pb_button][\/et_pb_column][\/et_pb_row][et_pb_row column_structure=\u00a0\u00bb1_2,1_2&Prime; _builder_version=\u00a0\u00bb4.17.4&Prime; _module_preset=\u00a0\u00bbdefault\u00a0\u00bb custom_margin=\u00a0\u00bb30px||30px||false|false\u00a0\u00bb global_colors_info=\u00a0\u00bb{}\u00a0\u00bb][et_pb_column type=\u00a0\u00bb1_2&Prime; _builder_version=\u00a0\u00bb4.17.4&Prime; _module_preset=\u00a0\u00bbdefault\u00a0\u00bb global_colors_info=\u00a0\u00bb{}\u00a0\u00bb][et_pb_text admin_label=\u00a0\u00bbt\u00edtol abusos\u00a0\u00bb _builder_version=\u00a0\u00bb4.21.0&Prime; _module_preset=\u00a0\u00bbdefault\u00a0\u00bb custom_margin=\u00a0\u00bb30px|50px||50px|false|false\u00a0\u00bb global_colors_info=\u00a0\u00bb{}\u00a0\u00bb]<\/p>\n<h3 style=\"text-align: center\">PROTOCOLE DE PR\u00c9VENTION, DE D\u00c9TECTION ET D\u2019ACTION EN CAS D\u2019ABUS SEXUEL<\/h3>\n<p>[\/et_pb_text][\/et_pb_column][et_pb_column type=\u00a0\u00bb1_2&Prime; _builder_version=\u00a0\u00bb4.17.4&Prime; _module_preset=\u00a0\u00bbdefault\u00a0\u00bb global_colors_info=\u00a0\u00bb{}\u00a0\u00bb][et_pb_text admin_label=\u00a0\u00bbt\u00edtol assetjament\u00a0\u00bb _builder_version=\u00a0\u00bb4.17.4&Prime; _module_preset=\u00a0\u00bbdefault\u00a0\u00bb custom_margin=\u00a0\u00bb30px|50px||50px|false|false\u00a0\u00bb global_colors_info=\u00a0\u00bb{}\u00a0\u00bb]<\/p>\n<h3 style=\"text-align: center\">PROTOCOLE DE PR\u00c9VENTION, DE D\u00c9TECTION ET DE LUTTE CONTRE LE HARC\u00c8LEMENT ENTRE ENFANTS<\/h3>\n<p>[\/et_pb_text][\/et_pb_column][\/et_pb_row][et_pb_row column_structure=\u00a0\u00bb1_2,1_2&Prime; _builder_version=\u00a0\u00bb4.17.4&Prime; _module_preset=\u00a0\u00bbdefault\u00a0\u00bb custom_margin=\u00a0\u00bb||80px||false|false\u00a0\u00bb global_colors_info=\u00a0\u00bb{}\u00a0\u00bb][et_pb_column type=\u00a0\u00bb1_2&Prime; _builder_version=\u00a0\u00bb4.17.4&Prime; _module_preset=\u00a0\u00bbdefault\u00a0\u00bb global_colors_info=\u00a0\u00bb{}\u00a0\u00bb][et_pb_image src=\u00a0\u00bbhttps:\/\/fundesplai.org\/wp-content\/uploads\/2022\/07\/Protocol-Prevencio-Abusos-Sexuals-Fundesplai-1.jpg\u00a0\u00bb alt=\u00a0\u00bbProtocole de pr\u00e9vention des abus sexuels de Fundesplai\u00a0\u00bb title_text=\u00a0\u00bbProtocole de pr\u00e9vention des abus sexuels de Fundesplai\u00a0\u00bb url=\u00a0\u00bbhttps:\/\/fundesplai.org\/wp-content\/uploads\/2023\/03\/20201104_Protocol_Abusos_Fundesplai.pdf\u00a0\u00bb align=\u00a0\u00bbcenter\u00a0\u00bb admin_label=\u00a0\u00bbProt.Abusos\u00a0\u00bb _builder_version=\u00a0\u00bb4.19.0&Prime; _module_preset=\u00a0\u00bbdefault\u00a0\u00bb width=\u00a0\u00bb100%\u00a0\u00bb max_width=\u00a0\u00bb100%\u00a0\u00bb custom_margin=\u00a0\u00bb30px||||false|false\u00a0\u00bb global_colors_info=\u00a0\u00bb{}\u00a0\u00bb][\/et_pb_image][et_pb_button button_url=\u00a0\u00bbhttps:\/\/fundesplai.org\/wp-content\/uploads\/2023\/03\/20201104_Protocol_Abusos_Fundesplai.pdf\u00a0\u00bb button_text=\u00a0\u00bbT\u00e9l\u00e9charger le protocole d\u2019abus\u00a0\u00bb button_alignment=\u00a0\u00bbcenter\u00a0\u00bb _builder_version=\u00a0\u00bb4.19.0&Prime; _module_preset=\u00a0\u00bbdefault\u00a0\u00bb custom_margin=\u00a0\u00bb30px||||false|false\u00a0\u00bb global_colors_info=\u00a0\u00bb{}\u00a0\u00bb][\/et_pb_button][\/et_pb_column][et_pb_column type=\u00a0\u00bb1_2&Prime; _builder_version=\u00a0\u00bb4.17.4&Prime; _module_preset=\u00a0\u00bbdefault\u00a0\u00bb global_colors_info=\u00a0\u00bb{}\u00a0\u00bb][et_pb_image src=\u00a0\u00bbhttps:\/\/fundesplai.org\/wp-content\/uploads\/2022\/07\/Protocol-Prevencio-Assetjament-Fundesplai-2.jpg\u00a0\u00bb alt=\u00a0\u00bbProtocole de pr\u00e9vention du harc\u00e8lement de Fundesplai\u00a0\u00bb title_text=\u00a0\u00bbProtocole de pr\u00e9vention du harc\u00e8lement de Fundesplai\u00a0\u00bb url=\u00a0\u00bbhttps:\/\/fundesplai.org\/wp-content\/uploads\/2023\/03\/PROTOCOL_ASSETJAMENT_DEF.pdf\u00a0\u00bb align=\u00a0\u00bbcenter\u00a0\u00bb admin_label=\u00a0\u00bbProt.Assetjament\u00a0\u00bb _builder_version=\u00a0\u00bb4.19.0&Prime; _module_preset=\u00a0\u00bbdefault\u00a0\u00bb width=\u00a0\u00bb100%\u00a0\u00bb max_width=\u00a0\u00bb100%\u00a0\u00bb custom_margin=\u00a0\u00bb30px||||false|false\u00a0\u00bb global_colors_info=\u00a0\u00bb{}\u00a0\u00bb][\/et_pb_image][et_pb_button button_url=\u00a0\u00bbhttps:\/\/fundesplai.org\/wp-content\/uploads\/2023\/03\/PROTOCOL_ASSETJAMENT_DEF.pdf\u00a0\u00bb button_text=\u00a0\u00bbT\u00e9l\u00e9charger le protocole sur le harc\u00e8lement\u00a0\u00bb button_alignment=\u00a0\u00bbcenter\u00a0\u00bb _builder_version=\u00a0\u00bb4.19.0&Prime; _module_preset=\u00a0\u00bbdefault\u00a0\u00bb custom_margin=\u00a0\u00bb30px||||false|false\u00a0\u00bb global_colors_info=\u00a0\u00bb{}\u00a0\u00bb][\/et_pb_button][\/et_pb_column][\/et_pb_row][et_pb_row _builder_version=\u00a0\u00bb4.17.4&Prime; _module_preset=\u00a0\u00bbdefault\u00a0\u00bb global_colors_info=\u00a0\u00bb{}\u00a0\u00bb][et_pb_column type=\u00a0\u00bb4_4&Prime; _builder_version=\u00a0\u00bb4.17.4&Prime; _module_preset=\u00a0\u00bbdefault\u00a0\u00bb global_colors_info=\u00a0\u00bb{}\u00a0\u00bb][et_pb_text _builder_version=\u00a0\u00bb4.19.0&Prime; _module_preset=\u00a0\u00bbdefault\u00a0\u00bb custom_margin=\u00a0\u00bb30px||50px||false|false\u00a0\u00bb global_colors_info=\u00a0\u00bb{}\u00a0\u00bb]<\/p>\n<h2 style=\"text-align: center\">Articles connexes<\/h2>\n<ul>\n<li><a href=\"https:\/\/escoles.fundesplai.org\/blog\/lleure\/com-actuar-davant-els-abusos-sexuals-a-menors\/\">Comment agir face \u00e0 l\u2019abus sexuel d\u2019enfants<\/a><\/li>\n<li><a href=\"https:\/\/escoles.fundesplai.org\/blog\/lleure\/abusos-sexuals-infantils-protocol-de-prevencio-i-actuacio\/\">Maltraitance des enfants : protocole de pr\u00e9vention et d\u2019action<\/a><\/li>\n<\/ul>\n<p>[\/et_pb_text][\/et_pb_column][\/et_pb_row][et_pb_row _builder_version=\u00a0\u00bb4.19.0&Prime; _module_preset=\u00a0\u00bbdefault\u00a0\u00bb custom_margin=\u00a0\u00bb40px||||false|false\u00a0\u00bb locked=\u00a0\u00bboff\u00a0\u00bb global_colors_info=\u00a0\u00bb{}\u00a0\u00bb][et_pb_column type=\u00a0\u00bb4_4&Prime; _builder_version=\u00a0\u00bb4.19.0&Prime; _module_preset=\u00a0\u00bbdefault\u00a0\u00bb global_colors_info=\u00a0\u00bb{}\u00a0\u00bb][et_pb_button button_text=\u00a0\u00bbNos engagements en faveur des enfants\u00a0\u00bb button_alignment=\u00a0\u00bbcenter\u00a0\u00bb _builder_version=\u00a0\u00bb4.19.0&Prime; _module_preset=\u00a0\u00bbdefault\u00a0\u00bb global_colors_info=\u00a0\u00bb{}\u00a0\u00bb][\/et_pb_button][\/et_pb_column][\/et_pb_row][\/et_pb_section]<\/p>\n","protected":false},"excerpt":{"rendered":"<p>En tant qu\u2019agents \u00e9ducatifs, nous agissons en garantissant la protection des enfants et de leurs droits dans tous les aspects de la vie.<\/p>\n","protected":false},"author":26,"featured_media":57712,"parent":59271,"menu_order":0,"comment_status":"closed","ping_status":"closed","template":"","meta":{"_et_pb_use_builder":"on","_et_pb_old_content":"","_et_gb_content_width":"","footnotes":""},"class_list":["post-59286","page","type-page","status-publish","has-post-thumbnail","hentry"],"yoast_head":"<!-- This site is optimized with the Yoast SEO plugin v27.5 - https:\/\/yoast.com\/product\/yoast-seo-wordpress\/ -->\n<title>Protection de l\u2019enfance - Fundesplai<\/title>\n<meta name=\"description\" content=\"En tant qu\u2019agents \u00e9ducatifs, nous agissons en garantissant la protection des enfants et de leurs droits dans tous les aspects de la vie.\" \/>\n<meta name=\"robots\" content=\"index, follow, max-snippet:-1, max-image-preview:large, max-video-preview:-1\" \/>\n<link rel=\"canonical\" href=\"https:\/\/fundesplai.org\/fr\/connaitre\/transparence\/enfance\/protection-de-lenfance\/\" \/>\n<meta property=\"og:locale\" content=\"fr_FR\" \/>\n<meta property=\"og:type\" content=\"article\" \/>\n<meta property=\"og:title\" content=\"Protection de l\u2019enfance - Fundesplai\" \/>\n<meta property=\"og:description\" content=\"En tant qu\u2019agents \u00e9ducatifs, nous agissons en garantissant la protection des enfants et de leurs droits dans tous les aspects de la vie.\" \/>\n<meta property=\"og:url\" content=\"https:\/\/fundesplai.org\/fr\/connaitre\/transparence\/enfance\/protection-de-lenfance\/\" \/>\n<meta property=\"og:site_name\" content=\"Fundesplai\" \/>\n<meta property=\"article:modified_time\" content=\"2023-10-31T10:38:56+00:00\" \/>\n<meta property=\"og:image\" content=\"https:\/\/fundesplai.org\/wp-content\/uploads\/2023\/01\/Proteccio-infancia-Fundesplai.jpg\" \/>\n\t<meta property=\"og:image:width\" content=\"1888\" \/>\n\t<meta property=\"og:image:height\" content=\"900\" \/>\n\t<meta property=\"og:image:type\" content=\"image\/jpeg\" \/>\n<meta name=\"twitter:card\" content=\"summary_large_image\" \/>\n<meta name=\"twitter:label1\" content=\"Dur\u00e9e de lecture estim\u00e9e\" \/>\n\t<meta name=\"twitter:data1\" content=\"3 minutes\" \/>\n<script type=\"application\/ld+json\" class=\"yoast-schema-graph\">{\"@context\":\"https:\\\/\\\/schema.org\",\"@graph\":[{\"@type\":\"WebPage\",\"@id\":\"https:\\\/\\\/fundesplai.org\\\/fr\\\/connaitre\\\/transparence\\\/enfance\\\/protection-de-lenfance\\\/\",\"url\":\"https:\\\/\\\/fundesplai.org\\\/fr\\\/connaitre\\\/transparence\\\/enfance\\\/protection-de-lenfance\\\/\",\"name\":\"Protection de l\u2019enfance - Fundesplai\",\"isPartOf\":{\"@id\":\"https:\\\/\\\/fundesplai.org\\\/fr\\\/#website\"},\"primaryImageOfPage\":{\"@id\":\"https:\\\/\\\/fundesplai.org\\\/fr\\\/connaitre\\\/transparence\\\/enfance\\\/protection-de-lenfance\\\/#primaryimage\"},\"image\":{\"@id\":\"https:\\\/\\\/fundesplai.org\\\/fr\\\/connaitre\\\/transparence\\\/enfance\\\/protection-de-lenfance\\\/#primaryimage\"},\"thumbnailUrl\":\"https:\\\/\\\/fundesplai.org\\\/wp-content\\\/uploads\\\/2023\\\/01\\\/Proteccio-infancia-Fundesplai.jpg\",\"datePublished\":\"2022-07-11T10:21:07+00:00\",\"dateModified\":\"2023-10-31T10:38:56+00:00\",\"description\":\"En tant qu\u2019agents \u00e9ducatifs, nous agissons en garantissant la protection des enfants et de leurs droits dans tous les aspects de la vie.\",\"breadcrumb\":{\"@id\":\"https:\\\/\\\/fundesplai.org\\\/fr\\\/connaitre\\\/transparence\\\/enfance\\\/protection-de-lenfance\\\/#breadcrumb\"},\"inLanguage\":\"fr-FR\",\"potentialAction\":[{\"@type\":\"ReadAction\",\"target\":[\"https:\\\/\\\/fundesplai.org\\\/fr\\\/connaitre\\\/transparence\\\/enfance\\\/protection-de-lenfance\\\/\"]}]},{\"@type\":\"ImageObject\",\"inLanguage\":\"fr-FR\",\"@id\":\"https:\\\/\\\/fundesplai.org\\\/fr\\\/connaitre\\\/transparence\\\/enfance\\\/protection-de-lenfance\\\/#primaryimage\",\"url\":\"https:\\\/\\\/fundesplai.org\\\/wp-content\\\/uploads\\\/2023\\\/01\\\/Proteccio-infancia-Fundesplai.jpg\",\"contentUrl\":\"https:\\\/\\\/fundesplai.org\\\/wp-content\\\/uploads\\\/2023\\\/01\\\/Proteccio-infancia-Fundesplai.jpg\",\"width\":1888,\"height\":900},{\"@type\":\"BreadcrumbList\",\"@id\":\"https:\\\/\\\/fundesplai.org\\\/fr\\\/connaitre\\\/transparence\\\/enfance\\\/protection-de-lenfance\\\/#breadcrumb\",\"itemListElement\":[{\"@type\":\"ListItem\",\"position\":1,\"name\":\"Inici\",\"item\":\"https:\\\/\\\/fundesplai.org\\\/fr\\\/\"},{\"@type\":\"ListItem\",\"position\":2,\"name\":\"Conna\u00eetre\",\"item\":\"https:\\\/\\\/fundesplai.org\\\/fr\\\/connaitre\\\/\"},{\"@type\":\"ListItem\",\"position\":3,\"name\":\"Transparence\",\"item\":\"https:\\\/\\\/fundesplai.org\\\/fr\\\/connaitre\\\/transparence\\\/\"},{\"@type\":\"ListItem\",\"position\":4,\"name\":\"Enfance\",\"item\":\"https:\\\/\\\/fundesplai.org\\\/fr\\\/connaitre\\\/transparence\\\/enfance\\\/\"},{\"@type\":\"ListItem\",\"position\":5,\"name\":\"Protection de l\u2019enfance\"}]},{\"@type\":\"WebSite\",\"@id\":\"https:\\\/\\\/fundesplai.org\\\/fr\\\/#website\",\"url\":\"https:\\\/\\\/fundesplai.org\\\/fr\\\/\",\"name\":\"Fundesplai\",\"description\":\"Eduquem per la conviv\u00e8ncia i la sostenibilitat\",\"potentialAction\":[{\"@type\":\"SearchAction\",\"target\":{\"@type\":\"EntryPoint\",\"urlTemplate\":\"https:\\\/\\\/fundesplai.org\\\/fr\\\/?s={search_term_string}\"},\"query-input\":{\"@type\":\"PropertyValueSpecification\",\"valueRequired\":true,\"valueName\":\"search_term_string\"}}],\"inLanguage\":\"fr-FR\"}]}<\/script>\n<!-- \/ Yoast SEO plugin. -->","yoast_head_json":{"title":"Protection de l\u2019enfance - Fundesplai","description":"En tant qu\u2019agents \u00e9ducatifs, nous agissons en garantissant la protection des enfants et de leurs droits dans tous les aspects de la vie.","robots":{"index":"index","follow":"follow","max-snippet":"max-snippet:-1","max-image-preview":"max-image-preview:large","max-video-preview":"max-video-preview:-1"},"canonical":"https:\/\/fundesplai.org\/fr\/connaitre\/transparence\/enfance\/protection-de-lenfance\/","og_locale":"fr_FR","og_type":"article","og_title":"Protection de l\u2019enfance - Fundesplai","og_description":"En tant qu\u2019agents \u00e9ducatifs, nous agissons en garantissant la protection des enfants et de leurs droits dans tous les aspects de la vie.","og_url":"https:\/\/fundesplai.org\/fr\/connaitre\/transparence\/enfance\/protection-de-lenfance\/","og_site_name":"Fundesplai","article_modified_time":"2023-10-31T10:38:56+00:00","og_image":[{"width":1888,"height":900,"url":"https:\/\/fundesplai.org\/wp-content\/uploads\/2023\/01\/Proteccio-infancia-Fundesplai.jpg","type":"image\/jpeg"}],"twitter_card":"summary_large_image","twitter_misc":{"Dur\u00e9e de lecture estim\u00e9e":"3 minutes"},"schema":{"@context":"https:\/\/schema.org","@graph":[{"@type":"WebPage","@id":"https:\/\/fundesplai.org\/fr\/connaitre\/transparence\/enfance\/protection-de-lenfance\/","url":"https:\/\/fundesplai.org\/fr\/connaitre\/transparence\/enfance\/protection-de-lenfance\/","name":"Protection de l\u2019enfance - Fundesplai","isPartOf":{"@id":"https:\/\/fundesplai.org\/fr\/#website"},"primaryImageOfPage":{"@id":"https:\/\/fundesplai.org\/fr\/connaitre\/transparence\/enfance\/protection-de-lenfance\/#primaryimage"},"image":{"@id":"https:\/\/fundesplai.org\/fr\/connaitre\/transparence\/enfance\/protection-de-lenfance\/#primaryimage"},"thumbnailUrl":"https:\/\/fundesplai.org\/wp-content\/uploads\/2023\/01\/Proteccio-infancia-Fundesplai.jpg","datePublished":"2022-07-11T10:21:07+00:00","dateModified":"2023-10-31T10:38:56+00:00","description":"En tant qu\u2019agents \u00e9ducatifs, nous agissons en garantissant la protection des enfants et de leurs droits dans tous les aspects de la vie.","breadcrumb":{"@id":"https:\/\/fundesplai.org\/fr\/connaitre\/transparence\/enfance\/protection-de-lenfance\/#breadcrumb"},"inLanguage":"fr-FR","potentialAction":[{"@type":"ReadAction","target":["https:\/\/fundesplai.org\/fr\/connaitre\/transparence\/enfance\/protection-de-lenfance\/"]}]},{"@type":"ImageObject","inLanguage":"fr-FR","@id":"https:\/\/fundesplai.org\/fr\/connaitre\/transparence\/enfance\/protection-de-lenfance\/#primaryimage","url":"https:\/\/fundesplai.org\/wp-content\/uploads\/2023\/01\/Proteccio-infancia-Fundesplai.jpg","contentUrl":"https:\/\/fundesplai.org\/wp-content\/uploads\/2023\/01\/Proteccio-infancia-Fundesplai.jpg","width":1888,"height":900},{"@type":"BreadcrumbList","@id":"https:\/\/fundesplai.org\/fr\/connaitre\/transparence\/enfance\/protection-de-lenfance\/#breadcrumb","itemListElement":[{"@type":"ListItem","position":1,"name":"Inici","item":"https:\/\/fundesplai.org\/fr\/"},{"@type":"ListItem","position":2,"name":"Conna\u00eetre","item":"https:\/\/fundesplai.org\/fr\/connaitre\/"},{"@type":"ListItem","position":3,"name":"Transparence","item":"https:\/\/fundesplai.org\/fr\/connaitre\/transparence\/"},{"@type":"ListItem","position":4,"name":"Enfance","item":"https:\/\/fundesplai.org\/fr\/connaitre\/transparence\/enfance\/"},{"@type":"ListItem","position":5,"name":"Protection de l\u2019enfance"}]},{"@type":"WebSite","@id":"https:\/\/fundesplai.org\/fr\/#website","url":"https:\/\/fundesplai.org\/fr\/","name":"Fundesplai","description":"Eduquem per la conviv\u00e8ncia i la sostenibilitat","potentialAction":[{"@type":"SearchAction","target":{"@type":"EntryPoint","urlTemplate":"https:\/\/fundesplai.org\/fr\/?s={search_term_string}"},"query-input":{"@type":"PropertyValueSpecification","valueRequired":true,"valueName":"search_term_string"}}],"inLanguage":"fr-FR"}]}},"_links":{"self":[{"href":"https:\/\/fundesplai.org\/fr\/wp-json\/wp\/v2\/pages\/59286","targetHints":{"allow":["GET"]}}],"collection":[{"href":"https:\/\/fundesplai.org\/fr\/wp-json\/wp\/v2\/pages"}],"about":[{"href":"https:\/\/fundesplai.org\/fr\/wp-json\/wp\/v2\/types\/page"}],"author":[{"embeddable":true,"href":"https:\/\/fundesplai.org\/fr\/wp-json\/wp\/v2\/users\/26"}],"replies":[{"embeddable":true,"href":"https:\/\/fundesplai.org\/fr\/wp-json\/wp\/v2\/comments?post=59286"}],"version-history":[{"count":3,"href":"https:\/\/fundesplai.org\/fr\/wp-json\/wp\/v2\/pages\/59286\/revisions"}],"predecessor-version":[{"id":60446,"href":"https:\/\/fundesplai.org\/fr\/wp-json\/wp\/v2\/pages\/59286\/revisions\/60446"}],"up":[{"embeddable":true,"href":"https:\/\/fundesplai.org\/fr\/wp-json\/wp\/v2\/pages\/59271"}],"wp:featuredmedia":[{"embeddable":true,"href":"https:\/\/fundesplai.org\/fr\/wp-json\/wp\/v2\/media\/57712"}],"wp:attachment":[{"href":"https:\/\/fundesplai.org\/fr\/wp-json\/wp\/v2\/media?parent=59286"}],"curies":[{"name":"wp","href":"https:\/\/api.w.org\/{rel}","templated":true}]}}