{"id":2526,"date":"2023-09-01T11:27:26","date_gmt":"2023-09-01T09:27:26","guid":{"rendered":"https:\/\/fundesplai.org\/estima\/?page_id=2526"},"modified":"2024-09-12T13:22:55","modified_gmt":"2024-09-12T11:22:55","slug":"una-aventura-emocionant","status":"publish","type":"page","link":"https:\/\/fundesplai.org\/estima\/eix-danimacio\/una-aventura-emocionant\/","title":{"rendered":"Una aventura emocionant"},"content":{"rendered":"<p>[et_pb_section fb_built=&#8221;1&#8243; _builder_version=&#8221;4.16&#8243; _module_preset=&#8221;default&#8221; locked=&#8221;off&#8221; global_colors_info=&#8221;{}&#8221;][et_pb_row _builder_version=&#8221;4.16&#8243; _module_preset=&#8221;default&#8221; custom_margin=&#8221;50px||50px||false|false&#8221; global_colors_info=&#8221;{}&#8221;][et_pb_column type=&#8221;4_4&#8243; _builder_version=&#8221;4.16&#8243; _module_preset=&#8221;default&#8221; global_colors_info=&#8221;{}&#8221;][et_pb_text admin_label=&#8221;t\u00edtol&#8221; _builder_version=&#8221;4.21.0&#8243; _module_preset=&#8221;default&#8221; global_colors_info=&#8221;{}&#8221;]<\/p>\n<h2 style=\"text-align: center\">Una aventura emocionant<\/h2>\n<h3 style=\"text-align: center\">Eix d&#8217;animaci\u00f3 de 3 a 12 anys<br \/>Curs 23-24<\/h3>\n<p>[\/et_pb_text][et_pb_image src=&#8221;https:\/\/fundesplai.org\/estima\/wp-content\/uploads\/sites\/30\/2023\/07\/linia-icones-ESTIMA2.png&#8221; alt=&#8221;franja verduretes&#8221; title_text=&#8221;linia icones ESTIMA2&#8243; align=&#8221;center&#8221; admin_label=&#8221;l\u00ednia icones&#8221; _builder_version=&#8221;4.21.0&#8243; _module_preset=&#8221;default&#8221; custom_margin=&#8221;20px||20px||false|false&#8221; locked=&#8221;off&#8221; global_colors_info=&#8221;{}&#8221; disabled_on=&#8221;on|on|on&#8221; disabled=&#8221;on&#8221;][\/et_pb_image][\/et_pb_column][\/et_pb_row][et_pb_row _builder_version=&#8221;4.16&#8243; _module_preset=&#8221;default&#8221; custom_margin=&#8221;40px||40px||false|false&#8221; global_colors_info=&#8221;{}&#8221;][et_pb_column type=&#8221;4_4&#8243; _builder_version=&#8221;4.16&#8243; _module_preset=&#8221;default&#8221; global_colors_info=&#8221;{}&#8221;][et_pb_image src=&#8221;https:\/\/fundesplai.org\/estima\/wp-content\/uploads\/sites\/30\/2023\/09\/Personatges-aventura-Estima-Fundesplai.png&#8221; alt=&#8221;Personatges aventura Estima Fundesplai&#8221; title_text=&#8221;Personatges aventura Estima Fundesplai&#8221; align=&#8221;center&#8221; _builder_version=&#8221;4.21.0&#8243; _module_preset=&#8221;default&#8221; custom_margin=&#8221;||||false|false&#8221; global_colors_info=&#8221;{}&#8221;][\/et_pb_image][et_pb_text admin_label=&#8221;Text PRESENTACI\u00d3 PROJECTE&#8221; _builder_version=&#8221;4.21.0&#8243; _module_preset=&#8221;default&#8221; custom_margin=&#8221;30px||||false|false&#8221; global_colors_info=&#8221;{}&#8221;]<\/p>\n<p><em><strong>Una aventura emocionant!<\/strong><\/em> \u00e9s el fil conductor de les activitats i reptes per als nens i nenes <strong>de 3 a 12 anys<\/strong>. De la m\u00e0 de<strong> la Lluna, el Roc i la Rajae<\/strong> ens endinsarem a la gran aventura de descobrir qu\u00e8 necessitem i qu\u00e8 podem fer per contribuir a sentir-nos b\u00e9 i fer sentir b\u00e9 als qui tenim a prop.<\/p>\n<p>Aquest tres amics comparteixen una bonica amistat que va n\u00e9ixer en un espai de lleure a Canet.<\/p>\n<p>Un bon dia, a la platja, ensopeguen amb una <strong>motxilla que cont\u00e9 alguns objectes<\/strong> aparentment molt normals: <strong>un mocador, uns binocles i una br\u00faixola<\/strong>. En una butxaca petita descobreixen tamb\u00e9 una pista que els dur\u00e0 a un lloc molt especial. Vols descobrir-ho?<\/p>\n<p>[\/et_pb_text][et_pb_button button_url=&#8221;https:\/\/fundesplai.org\/estima\/wp-content\/uploads\/sites\/30\/2023\/09\/Eix-animacio-ESTIMA-Fundesplai.pdf&#8221; button_text=&#8221;Descobreix com aterrar l&#8217;eix d&#8217;animaci\u00f3&#8221; button_alignment=&#8221;center&#8221; _builder_version=&#8221;4.21.0&#8243; _module_preset=&#8221;default&#8221; custom_margin=&#8221;30px||||false|false&#8221; global_colors_info=&#8221;{}&#8221;][\/et_pb_button][\/et_pb_column][\/et_pb_row][et_pb_row column_structure=&#8221;1_3,1_3,1_3&#8243; _builder_version=&#8221;4.21.0&#8243; _module_preset=&#8221;default&#8221; custom_margin=&#8221;40px||40px||false|false&#8221; border_color_all=&#8221;#FFFFFF&#8221; global_colors_info=&#8221;{}&#8221;][et_pb_column type=&#8221;1_3&#8243; _builder_version=&#8221;4.16&#8243; _module_preset=&#8221;default&#8221; global_colors_info=&#8221;{}&#8221;][\/et_pb_column][et_pb_column type=&#8221;1_3&#8243; _builder_version=&#8221;4.16&#8243; _module_preset=&#8221;default&#8221; global_colors_info=&#8221;{}&#8221;][et_pb_text _builder_version=&#8221;4.21.0&#8243; _module_preset=&#8221;default&#8221; global_colors_info=&#8221;{}&#8221;]<\/p>\n<h3 style=\"text-align: center\">L&#8217;\u00c0UDIO DE LA RAJAE<\/h3>\n<p>[\/et_pb_text][et_pb_audio audio=&#8221;https:\/\/fundesplai.org\/estima\/wp-content\/uploads\/sites\/30\/2023\/09\/Locucio-Eix-animacio-ESTIMA-Fundesplai.mp3&#8243; title=&#8221;La Rajae ens explica com va comen\u00e7ar tot&#8230;&#8221; _builder_version=&#8221;4.21.0&#8243; _module_preset=&#8221;default&#8221; title_text_color=&#8221;#5B8500&#8243; background_color=&#8221;#FFFFFF&#8221; background_layout=&#8221;light&#8221; border_radii=&#8221;on|7px|7px|7px|7px&#8221; border_width_all=&#8221;3px&#8221; border_color_all=&#8221;#dcdc1c&#8221; global_colors_info=&#8221;{}&#8221;][\/et_pb_audio][\/et_pb_column][et_pb_column type=&#8221;1_3&#8243; _builder_version=&#8221;4.16&#8243; _module_preset=&#8221;default&#8221; global_colors_info=&#8221;{}&#8221;][\/et_pb_column][\/et_pb_row][et_pb_row _builder_version=&#8221;4.16&#8243; _module_preset=&#8221;default&#8221; global_colors_info=&#8221;{}&#8221;][et_pb_column type=&#8221;4_4&#8243; _builder_version=&#8221;4.16&#8243; _module_preset=&#8221;default&#8221; global_colors_info=&#8221;{}&#8221;][et_pb_image src=&#8221;https:\/\/fundesplai.org\/estima\/wp-content\/uploads\/sites\/30\/2023\/07\/linia-icones-ESTIMA2.png&#8221; alt=&#8221;franja verduretes&#8221; title_text=&#8221;linia icones ESTIMA2&#8243; align=&#8221;center&#8221; admin_label=&#8221;l\u00ednia icones&#8221; _builder_version=&#8221;4.21.0&#8243; _module_preset=&#8221;default&#8221; custom_margin=&#8221;20px||20px||false|false&#8221; locked=&#8221;off&#8221; global_colors_info=&#8221;{}&#8221;][\/et_pb_image][\/et_pb_column][\/et_pb_row][et_pb_row _builder_version=&#8221;4.16&#8243; _module_preset=&#8221;default&#8221; global_colors_info=&#8221;{}&#8221;][et_pb_column type=&#8221;4_4&#8243; _builder_version=&#8221;4.16&#8243; _module_preset=&#8221;default&#8221; global_colors_info=&#8221;{}&#8221;][et_pb_text admin_label=&#8221;Orientacions pedag\u00f2giques&#8221; _builder_version=&#8221;4.21.0&#8243; _module_preset=&#8221;default&#8221; custom_margin=&#8221;30px||30px||false|false&#8221; global_colors_info=&#8221;{}&#8221;]<\/p>\n<h2 style=\"text-align: center\">Orientacions pedag\u00f2giques<\/h2>\n<p>[\/et_pb_text][et_pb_text admin_label=&#8221;Text&#8221; _builder_version=&#8221;4.21.0&#8243; _module_preset=&#8221;default&#8221; global_colors_info=&#8221;{}&#8221;]<\/p>\n<div class=\"elementToProof\">La Lluna, el Roc i la Rajae ens aportaran, cadascun d&#8217;ells, i a trav\u00e9s dels seus <strong>objectes m\u00e0gics<\/strong>, recursos diferents per identificar les <strong>emocions i sentiments.<\/strong><\/div>\n<div>\u00a0<\/div>\n<div class=\"elementToProof\">Aquesta aventura comen\u00e7ar\u00e0 amb la troballa d\u2019<strong>una carta escrita per la Rajae<\/strong> que ens donar\u00e0 una pista per trobar un joc que ens convidar\u00e0 a endinsar-nos a un m\u00f3n ple de<strong> reptes i activitats per a infants de 3 a 12 anys.<\/strong><\/div>\n<div class=\"elementToProof\">\u00a0<\/div>\n<div class=\"elementToProof\">Tot amb l\u2019objectiu d\u2019aprendre, descobrir i potenciar les <strong>compet\u00e8ncies emocionals<\/strong> a trav\u00e9s d\u2019un eix d\u2019animaci\u00f3 apassionant!<\/div>\n<p>[\/et_pb_text][\/et_pb_column][\/et_pb_row][et_pb_row _builder_version=&#8221;4.16&#8243; _module_preset=&#8221;default&#8221; global_colors_info=&#8221;{}&#8221;][et_pb_column type=&#8221;4_4&#8243; _builder_version=&#8221;4.16&#8243; _module_preset=&#8221;default&#8221; global_colors_info=&#8221;{}&#8221;][et_pb_text admin_label=&#8221;Els objectes m\u00e0gics&#8221; _builder_version=&#8221;4.21.0&#8243; _module_preset=&#8221;default&#8221; custom_margin=&#8221;30px||30px||false|false&#8221; global_colors_info=&#8221;{}&#8221;]<\/p>\n<h2 style=\"text-align: center\">Els objectes m\u00e0gics<\/h2>\n<p>[\/et_pb_text][\/et_pb_column][\/et_pb_row][et_pb_row column_structure=&#8221;1_4,3_4&#8243; _builder_version=&#8221;4.16&#8243; _module_preset=&#8221;default&#8221; global_colors_info=&#8221;{}&#8221;][et_pb_column type=&#8221;1_4&#8243; _builder_version=&#8221;4.16&#8243; _module_preset=&#8221;default&#8221; global_colors_info=&#8221;{}&#8221;][et_pb_image src=&#8221;https:\/\/fundesplai.org\/estima\/wp-content\/uploads\/sites\/30\/2023\/09\/motxilla_petita_estima.jpg&#8221; alt=&#8221;motxilla proposta educativa estima Fundesplai&#8221; title_text=&#8221;motxilla_petita_estima&#8221; align=&#8221;center&#8221; _builder_version=&#8221;4.21.0&#8243; _module_preset=&#8221;default&#8221; global_colors_info=&#8221;{}&#8221;][\/et_pb_image][\/et_pb_column][et_pb_column type=&#8221;3_4&#8243; _builder_version=&#8221;4.16&#8243; _module_preset=&#8221;default&#8221; global_colors_info=&#8221;{}&#8221;][et_pb_text admin_label=&#8221;MOTXILLA&#8221; _builder_version=&#8221;4.21.0&#8243; _module_preset=&#8221;default&#8221; custom_margin=&#8221;30px|||10px|false|false&#8221; global_colors_info=&#8221;{}&#8221;]<\/p>\n<h3>LA MOTXILLA<\/h3>\n<p>La Rajae, la Lluna i el Roc troben <strong>una motxilla<\/strong> a la platja i dins d&#8217;aquesta motxilla hi ha diversos <strong>objectes m\u00e0gics<\/strong>, cadascun dels quals ens anir\u00e0 ajudant a desenvolupar les diferents <strong>compet\u00e8ncies emocionals<\/strong> i ens introduir\u00e0 a les <strong>activitats i reptes<\/strong> corresponents.<\/p>\n<p>[\/et_pb_text][\/et_pb_column][\/et_pb_row][et_pb_row column_structure=&#8221;1_4,3_4&#8243; _builder_version=&#8221;4.16&#8243; _module_preset=&#8221;default&#8221; global_colors_info=&#8221;{}&#8221;][et_pb_column type=&#8221;1_4&#8243; _builder_version=&#8221;4.16&#8243; _module_preset=&#8221;default&#8221; global_colors_info=&#8221;{}&#8221;][et_pb_image src=&#8221;https:\/\/fundesplai.org\/estima\/wp-content\/uploads\/sites\/30\/2023\/09\/binocles_petit_estima.jpg&#8221; alt=&#8221;prism\u00e0tics m\u00e0gics de la proposta educativa estima de Fundesplai&#8221; title_text=&#8221;binocles_petit_estima&#8221; align=&#8221;center&#8221; _builder_version=&#8221;4.21.0&#8243; _module_preset=&#8221;default&#8221; global_colors_info=&#8221;{}&#8221;][\/et_pb_image][\/et_pb_column][et_pb_column type=&#8221;3_4&#8243; _builder_version=&#8221;4.16&#8243; _module_preset=&#8221;default&#8221; global_colors_info=&#8221;{}&#8221;][et_pb_text admin_label=&#8221;PRISM\u00c0TICS&#8221; _builder_version=&#8221;4.21.0&#8243; _module_preset=&#8221;default&#8221; custom_margin=&#8221;30px|||10px|false|false&#8221; global_colors_info=&#8221;{}&#8221;]<\/p>\n<h3>ELS PRISM\u00c0TICS<\/h3>\n<div><strong>Els prism\u00e0tics<\/strong> s\u00f3n l&#8217;objecte m\u00e0gic preferit per la Lluna. Aquests, ens facilitaran <strong>posar consci\u00e8ncia a les nostres emocions<\/strong> i veure el seu impacte en els altres. Aprendre a regular-les i <strong>desenvolupar l\u2019empatia<\/strong>.<\/div>\n<p>[\/et_pb_text][\/et_pb_column][\/et_pb_row][et_pb_row column_structure=&#8221;1_4,3_4&#8243; _builder_version=&#8221;4.16&#8243; _module_preset=&#8221;default&#8221; global_colors_info=&#8221;{}&#8221;][et_pb_column type=&#8221;1_4&#8243; _builder_version=&#8221;4.16&#8243; _module_preset=&#8221;default&#8221; global_colors_info=&#8221;{}&#8221;][et_pb_image src=&#8221;https:\/\/fundesplai.org\/estima\/wp-content\/uploads\/sites\/30\/2023\/09\/bruixola_petita_estima.jpg&#8221; alt=&#8221;Br\u00faixola m\u00e0gica proposta educativa estima Fundesplai&#8221; title_text=&#8221;bruixola_petita_estima&#8221; align=&#8221;center&#8221; _builder_version=&#8221;4.21.0&#8243; _module_preset=&#8221;default&#8221; global_colors_info=&#8221;{}&#8221;][\/et_pb_image][\/et_pb_column][et_pb_column type=&#8221;3_4&#8243; _builder_version=&#8221;4.16&#8243; _module_preset=&#8221;default&#8221; global_colors_info=&#8221;{}&#8221;][et_pb_text admin_label=&#8221;BR\u00daIXOLA&#8221; _builder_version=&#8221;4.21.0&#8243; _module_preset=&#8221;default&#8221; custom_margin=&#8221;30px|||10px|false|false&#8221; global_colors_info=&#8221;{}&#8221;]<\/p>\n<div>\n<h3>LA BR\u00daIXOLA<\/h3>\n<div><strong>La br\u00faixola<\/strong> \u00e9s l&#8217;objecte preferit de la Rajae. Ens ajudar\u00e0 a parar <strong>atenci\u00f3 al di\u00e0leg intern<\/strong>, a con\u00e8ixer-nos millor, cercar l\u2019<strong>actitud positiva<\/strong> davant la vida i a aprendre a enfocar les petites metes. Tamb\u00e9 a <strong>estimar-se i expressar gratitud<\/strong>!<\/div>\n<\/div>\n<p>[\/et_pb_text][\/et_pb_column][\/et_pb_row][et_pb_row column_structure=&#8221;1_4,3_4&#8243; _builder_version=&#8221;4.16&#8243; _module_preset=&#8221;default&#8221; global_colors_info=&#8221;{}&#8221;][et_pb_column type=&#8221;1_4&#8243; _builder_version=&#8221;4.16&#8243; _module_preset=&#8221;default&#8221; global_colors_info=&#8221;{}&#8221;][et_pb_image src=&#8221;https:\/\/fundesplai.org\/estima\/wp-content\/uploads\/sites\/30\/2023\/09\/mocador_petit_estima.jpg&#8221; alt=&#8221;mocador m\u00e0gic de la proposta educativa Estima de Fundesplai&#8221; title_text=&#8221;mocador_petit_estima&#8221; align=&#8221;center&#8221; _builder_version=&#8221;4.21.0&#8243; _module_preset=&#8221;default&#8221; global_colors_info=&#8221;{}&#8221;][\/et_pb_image][\/et_pb_column][et_pb_column type=&#8221;3_4&#8243; _builder_version=&#8221;4.16&#8243; _module_preset=&#8221;default&#8221; global_colors_info=&#8221;{}&#8221;][et_pb_text admin_label=&#8221;MOCADOR&#8221; _builder_version=&#8221;4.21.0&#8243; _module_preset=&#8221;default&#8221; custom_margin=&#8221;30px|||10px|false|false&#8221; global_colors_info=&#8221;{}&#8221;]<\/p>\n<div>\n<div>\n<h3>EL MOCADOR<\/h3>\n<div><strong>El mocador<\/strong> \u00e9s l&#8217;objecte preferit del Roc. Ens acompanyar\u00e0 a l\u2019hora d\u2019<strong>expressar-nos<\/strong> davant dels companys i companyes. A <strong>mostrar opinions sense por<\/strong> i a fer front a la pressi\u00f3 de grup. Convidar\u00e0 a crear un espai que generi <strong>bon clima emocional<\/strong>: seure i xerrar per resoldre aquells conflictes que m\u00e9s ens preocupen, entre d\u2019altres!<\/div>\n<\/div>\n<\/div>\n<p>[\/et_pb_text][\/et_pb_column][\/et_pb_row][\/et_pb_section][et_pb_section fb_built=&#8221;1&#8243; _builder_version=&#8221;4.21.0&#8243; _module_preset=&#8221;default&#8221; custom_margin=&#8221;30px||||false|false&#8221; global_colors_info=&#8221;{}&#8221;][et_pb_row _builder_version=&#8221;4.21.0&#8243; _module_preset=&#8221;default&#8221; global_colors_info=&#8221;{}&#8221;][et_pb_column type=&#8221;4_4&#8243; _builder_version=&#8221;4.21.0&#8243; _module_preset=&#8221;default&#8221; global_colors_info=&#8221;{}&#8221;][et_pb_button button_url=&#8221;https:\/\/fundesplai.org\/estima\/eix-danimacio\/&#8221; button_text=&#8221;Torna a la p\u00e0gina general de l&#8217;eix d&#8217;animaci\u00f3&#8221; button_alignment=&#8221;center&#8221; admin_label=&#8221;Button %22torna a la p\u00e0gina general de l&#8217;eix d&#8217;animaci\u00f3%22&#8243; _builder_version=&#8221;4.21.0&#8243; _module_preset=&#8221;default&#8221; global_colors_info=&#8221;{}&#8221;][\/et_pb_button][\/et_pb_column][\/et_pb_row][\/et_pb_section][et_pb_section fb_built=&#8221;1&#8243; admin_label=&#8221;Section&#8221; _builder_version=&#8221;4.16&#8243; locked=&#8221;off&#8221; collapsed=&#8221;off&#8221; global_colors_info=&#8221;{}&#8221;][et_pb_row _builder_version=&#8221;4.16&#8243; module_alignment=&#8221;center&#8221; custom_margin=&#8221;50px||50px||true|false&#8221; custom_margin_tablet=&#8221;&#8221; custom_margin_phone=&#8221;10px||10px||false|false&#8221; custom_margin_last_edited=&#8221;on|phone&#8221; locked=&#8221;off&#8221; global_colors_info=&#8221;{}&#8221;][et_pb_column type=&#8221;4_4&#8243; _builder_version=&#8221;4.16&#8243; global_colors_info=&#8221;{}&#8221;][et_pb_text admin_label=&#8221;ALTRES ELEMENTS CLAU&#8221; _builder_version=&#8221;4.21.0&#8243; global_colors_info=&#8221;{}&#8221;]<\/p>\n<h2 style=\"text-align: center\">Altres elements clau<\/h2>\n<p>[\/et_pb_text][\/et_pb_column][\/et_pb_row][et_pb_row column_structure=&#8221;1_3,1_3,1_3&#8243; make_equal=&#8221;on&#8221; _builder_version=&#8221;4.21.0&#8243; background_image=&#8221;https:\/\/fundesplai.org\/mcm\/wp-content\/uploads\/sites\/25\/2021\/08\/eix-animacio-Fundesplai-proposta-alimentacio.jpg&#8221; width=&#8221;100%&#8221; max_width=&#8221;2559px&#8221; custom_margin=&#8221;50px||50px||true|false&#8221; custom_margin_tablet=&#8221;&#8221; custom_margin_phone=&#8221;||||true&#8221; custom_margin_last_edited=&#8221;on|phone&#8221; global_colors_info=&#8221;{}&#8221;][et_pb_column type=&#8221;1_3&#8243; _builder_version=&#8221;4.21.0&#8243; background_image=&#8221;https:\/\/fundesplai.org\/estima\/wp-content\/uploads\/sites\/30\/2023\/07\/Destacat_activitats_Estima_Fundesplai.jpg&#8221; global_colors_info=&#8221;{}&#8221;][et_pb_cta title=&#8221;Activitats&#8221; button_url=&#8221;https:\/\/fundesplai.org\/estima\/activitats\/&#8221; button_text=&#8221; +&#8221; admin_label=&#8221;ACTIVITATS&#8221; _builder_version=&#8221;4.21.0&#8243; header_level=&#8221;h1&#8243; header_font=&#8221;|600|||||||&#8221; header_text_align=&#8221;center&#8221; body_font=&#8221;|600|||||||&#8221; background_enable_color=&#8221;off&#8221; background_enable_image=&#8221;off&#8221; custom_button=&#8221;on&#8221; button_text_size=&#8221;17px&#8221; button_border_width=&#8221;0px&#8221; button_border_radius=&#8221;33px&#8221; button_use_icon=&#8221;off&#8221; button_alignment=&#8221;center&#8221; animation_style=&#8221;zoom&#8221; animation_direction=&#8221;bottom&#8221; animation_starting_opacity=&#8221;56%&#8221; link_option_url=&#8221;https:\/\/fundesplai.org\/estima\/activitats\/&#8221; header_text_shadow_style=&#8221;preset3&#8243; header_text_shadow_color=&#8221;#000000&#8243; text_shadow_style=&#8221;preset3&#8243; text_shadow_blur_strength=&#8221;0.02em&#8221; text_shadow_color=&#8221;#000000&#8243; global_colors_info=&#8221;{}&#8221;]<\/p>\n<p>Activitats de lleure per a totes les edats enfocades a aprofundir en la proposta educativa ESTIMA.<br \/>Educaci\u00f3 emocional per celebrar la vida!<\/p>\n<p>Descobreix-les!<\/p>\n<p>[\/et_pb_cta][\/et_pb_column][et_pb_column type=&#8221;1_3&#8243; _builder_version=&#8221;4.21.0&#8243; background_image=&#8221;https:\/\/fundesplai.org\/estima\/wp-content\/uploads\/sites\/30\/2023\/07\/Destacat_reptes_Estima_Fundesplai.jpg&#8221; global_colors_info=&#8221;{}&#8221;][et_pb_cta title=&#8221;Reptes col\u00b7lectius&#8221; button_url=&#8221;@ET-DC@eyJkeW5hbWljIjp0cnVlLCJjb250ZW50IjoicG9zdF9saW5rX3VybF9wYWdlIiwic2V0dGluZ3MiOnsicG9zdF9pZCI6IjI4In19@&#8221; button_text=&#8221; +&#8221; admin_label=&#8221;REPTES COL\u00b7LECTIUS&#8221; _builder_version=&#8221;4.21.0&#8243; _dynamic_attributes=&#8221;button_url,link_option_url&#8221; header_level=&#8221;h1&#8243; header_font=&#8221;|600|||||||&#8221; header_text_align=&#8221;center&#8221; body_font=&#8221;|600|||||||&#8221; background_enable_color=&#8221;off&#8221; custom_button=&#8221;on&#8221; button_text_size=&#8221;17px&#8221; button_border_width=&#8221;0px&#8221; button_border_radius=&#8221;33px&#8221; button_use_icon=&#8221;off&#8221; button_alignment=&#8221;center&#8221; animation_style=&#8221;zoom&#8221; animation_direction=&#8221;bottom&#8221; animation_starting_opacity=&#8221;56%&#8221; link_option_url=&#8221;@ET-DC@eyJkeW5hbWljIjp0cnVlLCJjb250ZW50IjoicG9zdF9saW5rX3VybF9wYWdlIiwic2V0dGluZ3MiOnsicG9zdF9pZCI6IjI4In19@&#8221; header_text_shadow_style=&#8221;preset3&#8243; header_text_shadow_color=&#8221;#000000&#8243; text_shadow_style=&#8221;preset3&#8243; text_shadow_blur_strength=&#8221;0.02em&#8221; text_shadow_color=&#8221;#000000&#8243; locked=&#8221;off&#8221; global_colors_info=&#8221;{}&#8221;]<\/p>\n<p style=\"text-align: center\">Amb els reptes col\u00b7lectius ens mobilitzem en un moment puntual per refor\u00e7ar la incid\u00e8ncia p\u00fablica entorn a un tema concret. Amb ESTIMA posarem l&#8217;\u00e8mfasi en:<\/p>\n<p style=\"text-align: center\">El SILENCI i LA GRATITUD<\/p>\n<p>[\/et_pb_cta][\/et_pb_column][et_pb_column type=&#8221;1_3&#8243; _builder_version=&#8221;4.21.0&#8243; background_image=&#8221;https:\/\/fundesplai.org\/estima\/wp-content\/uploads\/sites\/30\/2023\/07\/Destacat_quadern_Estima_Fundesplai.jpg&#8221; global_colors_info=&#8221;{}&#8221;][et_pb_cta title=&#8221;Quadern pedag\u00f2gic&#8221; button_url=&#8221;https:\/\/fundesplai.org\/estima\/quadern-pedagogic\/&#8221; button_text=&#8221; +&#8221; admin_label=&#8221;QUADERN&#8221; _builder_version=&#8221;4.21.0&#8243; header_level=&#8221;h1&#8243; header_font=&#8221;|600|||||||&#8221; header_text_align=&#8221;center&#8221; body_font=&#8221;|600|||||||&#8221; background_enable_color=&#8221;off&#8221; background_enable_image=&#8221;off&#8221; custom_button=&#8221;on&#8221; button_text_size=&#8221;17px&#8221; button_border_width=&#8221;0px&#8221; button_border_radius=&#8221;33px&#8221; button_use_icon=&#8221;off&#8221; button_alignment=&#8221;center&#8221; animation_style=&#8221;zoom&#8221; animation_direction=&#8221;bottom&#8221; animation_starting_opacity=&#8221;56%&#8221; link_option_url=&#8221;https:\/\/fundesplai.org\/estima\/quadern-pedagogic\/&#8221; header_text_shadow_style=&#8221;preset3&#8243; header_text_shadow_color=&#8221;#000000&#8243; text_shadow_style=&#8221;preset3&#8243; text_shadow_blur_strength=&#8221;0.02em&#8221; text_shadow_color=&#8221;#000000&#8243; locked=&#8221;off&#8221; global_colors_info=&#8221;{}&#8221;]<\/p>\n<p style=\"text-align: center\">Encara no te l\u2019has llegit? Te\u2019l pots descarregar per aprofundir en les tem\u00e0tiques de la proposta educativa i aclarir conceptes per fer front a aquesta aventura educativa.<\/p>\n<p>[\/et_pb_cta][\/et_pb_column][\/et_pb_row][\/et_pb_section][et_pb_section fb_built=&#8221;1&#8243; admin_label=&#8221;Section&#8221; _builder_version=&#8221;4.16&#8243; global_module=&#8221;2343&#8243; locked=&#8221;off&#8221; collapsed=&#8221;off&#8221; global_colors_info=&#8221;{}&#8221;][et_pb_row _builder_version=&#8221;4.16&#8243; custom_margin=&#8221;50px||50px||true|false&#8221; custom_margin_tablet=&#8221;&#8221; custom_margin_phone=&#8221;30px||30px||true|false&#8221; custom_margin_last_edited=&#8221;on|desktop&#8221; global_colors_info=&#8221;{}&#8221;][et_pb_column type=&#8221;4_4&#8243; _builder_version=&#8221;4.16&#8243; global_colors_info=&#8221;{}&#8221;][et_pb_text admin_label=&#8221;AMB LA COL\u00b7LABORACI\u00f3 DE&#8221; _builder_version=&#8221;4.19.0&#8243; global_colors_info=&#8221;{}&#8221;]<\/p>\n<h2 style=\"text-align: center\">Amb la col\u00b7laboraci\u00f3 de<\/h2>\n<p>[\/et_pb_text][\/et_pb_column][\/et_pb_row][et_pb_row column_structure=&#8221;1_5,1_5,1_5,1_5,1_5&#8243; admin_label=&#8221;Row col\u00b7laboracions&#8221; _builder_version=&#8221;4.16&#8243; custom_margin=&#8221;50px||50px||true|false&#8221; custom_margin_tablet=&#8221;&#8221; custom_margin_phone=&#8221;30px||30px||true|false&#8221; custom_margin_last_edited=&#8221;on|phone&#8221; locked=&#8221;off&#8221; global_colors_info=&#8221;{}&#8221;][et_pb_column type=&#8221;1_5&#8243; _builder_version=&#8221;4.16&#8243; global_colors_info=&#8221;{}&#8221;][et_pb_image src=&#8221;https:\/\/fundesplai.org\/estima\/wp-content\/uploads\/sites\/30\/2023\/07\/Generalitat.jpg&#8221; title_text=&#8221;Generalitat&#8221; _builder_version=&#8221;4.21.0&#8243; custom_margin=&#8221;|30px||30px|false|true&#8221; global_colors_info=&#8221;{}&#8221;][\/et_pb_image][\/et_pb_column][et_pb_column type=&#8221;1_5&#8243; _builder_version=&#8221;4.16&#8243; global_colors_info=&#8221;{}&#8221;][et_pb_image src=&#8221;https:\/\/fundesplai.org\/estima\/wp-content\/uploads\/sites\/30\/2023\/07\/Diputacio-de-barcelona.jpg&#8221; title_text=&#8221;Diputacio-de-barcelona&#8221; _builder_version=&#8221;4.21.0&#8243; custom_margin=&#8221;|30px||30px|false|true&#8221; global_colors_info=&#8221;{}&#8221;][\/et_pb_image][\/et_pb_column][et_pb_column type=&#8221;1_5&#8243; _builder_version=&#8221;4.16&#8243; global_colors_info=&#8221;{}&#8221;][et_pb_image src=&#8221;https:\/\/fundesplai.org\/estima\/wp-content\/uploads\/sites\/30\/2023\/07\/Ajuntament-de-barcelona.jpg&#8221; title_text=&#8221;Ajuntament-de-barcelona&#8221; _builder_version=&#8221;4.21.0&#8243; custom_margin=&#8221;|30px||30px|false|true&#8221; global_colors_info=&#8221;{}&#8221;][\/et_pb_image][\/et_pb_column][et_pb_column type=&#8221;1_5&#8243; _builder_version=&#8221;4.16&#8243; global_colors_info=&#8221;{}&#8221;][et_pb_image src=&#8221;https:\/\/fundesplai.org\/estima\/wp-content\/uploads\/sites\/30\/2023\/07\/OTROS_FINES_I_S_GOB.jpg&#8221; title_text=&#8221;OTROS_FINES_I_S_GOB&#8221; _builder_version=&#8221;4.21.0&#8243; custom_margin=&#8221;|30px||30px|false|true&#8221; global_colors_info=&#8221;{}&#8221;][\/et_pb_image][\/et_pb_column][et_pb_column type=&#8221;1_5&#8243; _builder_version=&#8221;4.16&#8243; global_colors_info=&#8221;{}&#8221;][et_pb_image src=&#8221;https:\/\/fundesplai.org\/estima\/wp-content\/uploads\/sites\/30\/2023\/07\/agenda2030.jpg&#8221; title_text=&#8221;agenda2030&#8243; _builder_version=&#8221;4.21.0&#8243; custom_margin=&#8221;|30px||30px|false|true&#8221; global_colors_info=&#8221;{}&#8221;][\/et_pb_image][\/et_pb_column][\/et_pb_row][\/et_pb_section]<\/p>\n","protected":false},"excerpt":{"rendered":"<p>Una aventura emocionant Eix d&#8217;animaci\u00f3 de 3 a 12 anysCurs 23-24Una aventura emocionant! \u00e9s el fil conductor de les activitats i reptes per als nens i nenes de 3 a 12 anys. De la m\u00e0 de la Lluna, el Roc i la Rajae ens endinsarem a la gran aventura de descobrir qu\u00e8 necessitem i qu\u00e8 [&hellip;]<\/p>\n","protected":false},"author":3,"featured_media":2534,"parent":18,"menu_order":0,"comment_status":"closed","ping_status":"closed","template":"","meta":{"_et_pb_use_builder":"on","_et_pb_old_content":"","_et_gb_content_width":"","footnotes":""},"class_list":["post-2526","page","type-page","status-publish","has-post-thumbnail","hentry"],"yoast_head":"<!-- This site is optimized with the Yoast SEO plugin v27.5 - https:\/\/yoast.com\/product\/yoast-seo-wordpress\/ -->\n<title>Una aventura emocionant - Estima<\/title>\n<meta name=\"robots\" content=\"index, follow, max-snippet:-1, max-image-preview:large, max-video-preview:-1\" \/>\n<link rel=\"canonical\" href=\"https:\/\/fundesplai.org\/estima\/eix-danimacio\/una-aventura-emocionant\/\" \/>\n<meta property=\"og:locale\" content=\"ca_ES\" \/>\n<meta property=\"og:type\" content=\"article\" \/>\n<meta property=\"og:title\" content=\"Una aventura emocionant - Estima\" \/>\n<meta property=\"og:description\" content=\"Una aventura emocionant Eix d&#039;animaci\u00f3 de 3 a 12 anysCurs 23-24Una aventura emocionant! \u00e9s el fil conductor de les activitats i reptes per als nens i nenes de 3 a 12 anys. De la m\u00e0 de la Lluna, el Roc i la Rajae ens endinsarem a la gran aventura de descobrir qu\u00e8 necessitem i qu\u00e8 [&hellip;]\" \/>\n<meta property=\"og:url\" content=\"https:\/\/fundesplai.org\/estima\/eix-danimacio\/una-aventura-emocionant\/\" \/>\n<meta property=\"og:site_name\" content=\"Estima\" \/>\n<meta property=\"article:modified_time\" content=\"2024-09-12T11:22:55+00:00\" \/>\n<meta property=\"og:image\" content=\"https:\/\/fundesplai.org\/estima\/wp-content\/uploads\/sites\/30\/2023\/09\/motxilla_petita_estima.jpg\" \/>\n\t<meta property=\"og:image:width\" content=\"1000\" \/>\n\t<meta property=\"og:image:height\" content=\"1000\" \/>\n\t<meta property=\"og:image:type\" content=\"image\/jpeg\" \/>\n<meta name=\"twitter:card\" content=\"summary_large_image\" \/>\n<meta name=\"twitter:label1\" content=\"Temps estimat de lectura\" \/>\n\t<meta name=\"twitter:data1\" content=\"13 minuts\" \/>\n<script type=\"application\/ld+json\" class=\"yoast-schema-graph\">{\"@context\":\"https:\\\/\\\/schema.org\",\"@graph\":[{\"@type\":\"WebPage\",\"@id\":\"https:\\\/\\\/fundesplai.org\\\/estima\\\/eix-danimacio\\\/una-aventura-emocionant\\\/\",\"url\":\"https:\\\/\\\/fundesplai.org\\\/estima\\\/eix-danimacio\\\/una-aventura-emocionant\\\/\",\"name\":\"Una aventura emocionant - Estima\",\"isPartOf\":{\"@id\":\"https:\\\/\\\/fundesplai.org\\\/estima\\\/#website\"},\"primaryImageOfPage\":{\"@id\":\"https:\\\/\\\/fundesplai.org\\\/estima\\\/eix-danimacio\\\/una-aventura-emocionant\\\/#primaryimage\"},\"image\":{\"@id\":\"https:\\\/\\\/fundesplai.org\\\/estima\\\/eix-danimacio\\\/una-aventura-emocionant\\\/#primaryimage\"},\"thumbnailUrl\":\"https:\\\/\\\/fundesplai.org\\\/estima\\\/wp-content\\\/uploads\\\/sites\\\/30\\\/2023\\\/09\\\/motxilla_petita_estima.jpg\",\"datePublished\":\"2023-09-01T09:27:26+00:00\",\"dateModified\":\"2024-09-12T11:22:55+00:00\",\"breadcrumb\":{\"@id\":\"https:\\\/\\\/fundesplai.org\\\/estima\\\/eix-danimacio\\\/una-aventura-emocionant\\\/#breadcrumb\"},\"inLanguage\":\"ca\",\"potentialAction\":[{\"@type\":\"ReadAction\",\"target\":[\"https:\\\/\\\/fundesplai.org\\\/estima\\\/eix-danimacio\\\/una-aventura-emocionant\\\/\"]}]},{\"@type\":\"ImageObject\",\"inLanguage\":\"ca\",\"@id\":\"https:\\\/\\\/fundesplai.org\\\/estima\\\/eix-danimacio\\\/una-aventura-emocionant\\\/#primaryimage\",\"url\":\"https:\\\/\\\/fundesplai.org\\\/estima\\\/wp-content\\\/uploads\\\/sites\\\/30\\\/2023\\\/09\\\/motxilla_petita_estima.jpg\",\"contentUrl\":\"https:\\\/\\\/fundesplai.org\\\/estima\\\/wp-content\\\/uploads\\\/sites\\\/30\\\/2023\\\/09\\\/motxilla_petita_estima.jpg\",\"width\":1000,\"height\":1000,\"caption\":\"motxilla proposta educativa estima Fundesplai\"},{\"@type\":\"BreadcrumbList\",\"@id\":\"https:\\\/\\\/fundesplai.org\\\/estima\\\/eix-danimacio\\\/una-aventura-emocionant\\\/#breadcrumb\",\"itemListElement\":[{\"@type\":\"ListItem\",\"position\":1,\"name\":\"Inici\",\"item\":\"\\\/\"},{\"@type\":\"ListItem\",\"position\":2,\"name\":\"Estima\",\"item\":\"https:\\\/\\\/fundesplai.org\\\/estima\"},{\"@type\":\"ListItem\",\"position\":3,\"name\":\"Eix d&#8217;animaci\u00f3\",\"item\":\"https:\\\/\\\/fundesplai.org\\\/estima\\\/eix-danimacio\\\/\"},{\"@type\":\"ListItem\",\"position\":4,\"name\":\"Una aventura emocionant\"}]},{\"@type\":\"WebSite\",\"@id\":\"https:\\\/\\\/fundesplai.org\\\/estima\\\/#website\",\"url\":\"https:\\\/\\\/fundesplai.org\\\/estima\\\/\",\"name\":\"Estima\",\"description\":\"\",\"potentialAction\":[{\"@type\":\"SearchAction\",\"target\":{\"@type\":\"EntryPoint\",\"urlTemplate\":\"https:\\\/\\\/fundesplai.org\\\/estima\\\/?s={search_term_string}\"},\"query-input\":{\"@type\":\"PropertyValueSpecification\",\"valueRequired\":true,\"valueName\":\"search_term_string\"}}],\"inLanguage\":\"ca\"}]}<\/script>\n<!-- \/ Yoast SEO plugin. -->","yoast_head_json":{"title":"Una aventura emocionant - Estima","robots":{"index":"index","follow":"follow","max-snippet":"max-snippet:-1","max-image-preview":"max-image-preview:large","max-video-preview":"max-video-preview:-1"},"canonical":"https:\/\/fundesplai.org\/estima\/eix-danimacio\/una-aventura-emocionant\/","og_locale":"ca_ES","og_type":"article","og_title":"Una aventura emocionant - Estima","og_description":"Una aventura emocionant Eix d'animaci\u00f3 de 3 a 12 anysCurs 23-24Una aventura emocionant! \u00e9s el fil conductor de les activitats i reptes per als nens i nenes de 3 a 12 anys. De la m\u00e0 de la Lluna, el Roc i la Rajae ens endinsarem a la gran aventura de descobrir qu\u00e8 necessitem i qu\u00e8 [&hellip;]","og_url":"https:\/\/fundesplai.org\/estima\/eix-danimacio\/una-aventura-emocionant\/","og_site_name":"Estima","article_modified_time":"2024-09-12T11:22:55+00:00","og_image":[{"width":1000,"height":1000,"url":"https:\/\/fundesplai.org\/estima\/wp-content\/uploads\/sites\/30\/2023\/09\/motxilla_petita_estima.jpg","type":"image\/jpeg"}],"twitter_card":"summary_large_image","twitter_misc":{"Temps estimat de lectura":"13 minuts"},"schema":{"@context":"https:\/\/schema.org","@graph":[{"@type":"WebPage","@id":"https:\/\/fundesplai.org\/estima\/eix-danimacio\/una-aventura-emocionant\/","url":"https:\/\/fundesplai.org\/estima\/eix-danimacio\/una-aventura-emocionant\/","name":"Una aventura emocionant - Estima","isPartOf":{"@id":"https:\/\/fundesplai.org\/estima\/#website"},"primaryImageOfPage":{"@id":"https:\/\/fundesplai.org\/estima\/eix-danimacio\/una-aventura-emocionant\/#primaryimage"},"image":{"@id":"https:\/\/fundesplai.org\/estima\/eix-danimacio\/una-aventura-emocionant\/#primaryimage"},"thumbnailUrl":"https:\/\/fundesplai.org\/estima\/wp-content\/uploads\/sites\/30\/2023\/09\/motxilla_petita_estima.jpg","datePublished":"2023-09-01T09:27:26+00:00","dateModified":"2024-09-12T11:22:55+00:00","breadcrumb":{"@id":"https:\/\/fundesplai.org\/estima\/eix-danimacio\/una-aventura-emocionant\/#breadcrumb"},"inLanguage":"ca","potentialAction":[{"@type":"ReadAction","target":["https:\/\/fundesplai.org\/estima\/eix-danimacio\/una-aventura-emocionant\/"]}]},{"@type":"ImageObject","inLanguage":"ca","@id":"https:\/\/fundesplai.org\/estima\/eix-danimacio\/una-aventura-emocionant\/#primaryimage","url":"https:\/\/fundesplai.org\/estima\/wp-content\/uploads\/sites\/30\/2023\/09\/motxilla_petita_estima.jpg","contentUrl":"https:\/\/fundesplai.org\/estima\/wp-content\/uploads\/sites\/30\/2023\/09\/motxilla_petita_estima.jpg","width":1000,"height":1000,"caption":"motxilla proposta educativa estima Fundesplai"},{"@type":"BreadcrumbList","@id":"https:\/\/fundesplai.org\/estima\/eix-danimacio\/una-aventura-emocionant\/#breadcrumb","itemListElement":[{"@type":"ListItem","position":1,"name":"Inici","item":"\/"},{"@type":"ListItem","position":2,"name":"Estima","item":"https:\/\/fundesplai.org\/estima"},{"@type":"ListItem","position":3,"name":"Eix d&#8217;animaci\u00f3","item":"https:\/\/fundesplai.org\/estima\/eix-danimacio\/"},{"@type":"ListItem","position":4,"name":"Una aventura emocionant"}]},{"@type":"WebSite","@id":"https:\/\/fundesplai.org\/estima\/#website","url":"https:\/\/fundesplai.org\/estima\/","name":"Estima","description":"","potentialAction":[{"@type":"SearchAction","target":{"@type":"EntryPoint","urlTemplate":"https:\/\/fundesplai.org\/estima\/?s={search_term_string}"},"query-input":{"@type":"PropertyValueSpecification","valueRequired":true,"valueName":"search_term_string"}}],"inLanguage":"ca"}]}},"_links":{"self":[{"href":"https:\/\/fundesplai.org\/estima\/wp-json\/wp\/v2\/pages\/2526","targetHints":{"allow":["GET"]}}],"collection":[{"href":"https:\/\/fundesplai.org\/estima\/wp-json\/wp\/v2\/pages"}],"about":[{"href":"https:\/\/fundesplai.org\/estima\/wp-json\/wp\/v2\/types\/page"}],"author":[{"embeddable":true,"href":"https:\/\/fundesplai.org\/estima\/wp-json\/wp\/v2\/users\/3"}],"replies":[{"embeddable":true,"href":"https:\/\/fundesplai.org\/estima\/wp-json\/wp\/v2\/comments?post=2526"}],"version-history":[{"count":27,"href":"https:\/\/fundesplai.org\/estima\/wp-json\/wp\/v2\/pages\/2526\/revisions"}],"predecessor-version":[{"id":2802,"href":"https:\/\/fundesplai.org\/estima\/wp-json\/wp\/v2\/pages\/2526\/revisions\/2802"}],"up":[{"embeddable":true,"href":"https:\/\/fundesplai.org\/estima\/wp-json\/wp\/v2\/pages\/18"}],"wp:featuredmedia":[{"embeddable":true,"href":"https:\/\/fundesplai.org\/estima\/wp-json\/wp\/v2\/media\/2534"}],"wp:attachment":[{"href":"https:\/\/fundesplai.org\/estima\/wp-json\/wp\/v2\/media?parent=2526"}],"curies":[{"name":"wp","href":"https:\/\/api.w.org\/{rel}","templated":true}]}}