{"id":584,"date":"2023-07-06T11:45:29","date_gmt":"2023-07-06T09:45:29","guid":{"rendered":"https:\/\/fundesplai.org\/esplaismessostenibles\/?page_id=584"},"modified":"2023-07-11T13:05:38","modified_gmt":"2023-07-11T11:05:38","slug":"recursos","status":"publish","type":"page","link":"https:\/\/fundesplai.org\/esplaismessostenibles\/recursos\/","title":{"rendered":"Recursos"},"content":{"rendered":"<p>[et_pb_section fb_built=&#8221;1&#8243; _builder_version=&#8221;4.21.0&#8243; _module_preset=&#8221;default&#8221; global_colors_info=&#8221;{}&#8221;][et_pb_row _builder_version=&#8221;4.21.0&#8243; _module_preset=&#8221;default&#8221; custom_margin=&#8221;||50px||false|false&#8221; global_colors_info=&#8221;{}&#8221;][et_pb_column type=&#8221;4_4&#8243; _builder_version=&#8221;4.21.0&#8243; _module_preset=&#8221;default&#8221; global_colors_info=&#8221;{}&#8221;][et_pb_post_title _builder_version=&#8221;4.21.0&#8243; _module_preset=&#8221;default&#8221; meta=&#8221;off&#8221; featured_image=&#8221;off&#8221; hover_enabled=&#8221;0&#8243; sticky_enabled=&#8221;0&#8243;][\/et_pb_post_title][et_pb_text _builder_version=&#8221;4.21.0&#8243; _module_preset=&#8221;default&#8221; global_colors_info=&#8221;{}&#8221;][\/et_pb_text][et_pb_accordion _builder_version=&#8221;4.21.0&#8243; _module_preset=&#8221;default&#8221; global_colors_info=&#8221;{}&#8221;][et_pb_accordion_item title=&#8221;V\u00eddeos Esplais M\u00e9s Sostenibles&#8221; open=&#8221;on&#8221; _builder_version=&#8221;4.21.0&#8243; _module_preset=&#8221;default&#8221; global_colors_info=&#8221;{}&#8221;]<\/p>\n<p>Aqu\u00ed us deixem els v\u00eddeo espots que han creat els grups de joves dels\u00a0<strong>esplais Ping\u00fc\u00ed (Sant Andreu de la Barca), Nus (Sant Joan Desp\u00ed) \u00a0i Bellvitge (Hospitalet de Llobregat), \u00a0<\/strong>per conscienciar la ciutadania sobre els efectes dels nostres h\u00e0bits de consum pel medi ambient.<\/p>\n<p>Aquests espots han estat dissenyats \u00edntegrament pels joves. Hi ha participat prop de 50 nois i noies entre els 13 i els 16 anys.<\/p>\n<p>La iniciativa ha comptat amb el\u00a0<strong>suport<\/strong>\u00a0del\u00a0<strong>Departament de Cultura<\/strong>\u00a0de la Generalitat de Catalunya.<\/p>\n<p><iframe loading=\"lazy\" title=\"Espot Ping\u00fc\u00ed_Esplais M\u00e9s Sostenibles\" width=\"1080\" height=\"608\" src=\"https:\/\/www.youtube.com\/embed\/jvOdUdMxegE?feature=oembed\"  allow=\"accelerometer; autoplay; clipboard-write; encrypted-media; gyroscope; picture-in-picture; web-share\" allowfullscreen><\/iframe><\/p>\n<p><iframe loading=\"lazy\" title=\"Espot CE Bellvitge_Esplais M\u00e9s Sostenibles\" width=\"1080\" height=\"608\" src=\"https:\/\/www.youtube.com\/embed\/pxVK9XFUAuk?feature=oembed\"  allow=\"accelerometer; autoplay; clipboard-write; encrypted-media; gyroscope; picture-in-picture; web-share\" allowfullscreen><\/iframe><\/p>\n<p>&nbsp;<\/p>\n<p><iframe loading=\"lazy\" title=\"Espot CE Nus_Esplais M\u00e9s Sostenibles\" width=\"1080\" height=\"608\" src=\"https:\/\/www.youtube.com\/embed\/tWzy8N-YbCc?feature=oembed\"  allow=\"accelerometer; autoplay; clipboard-write; encrypted-media; gyroscope; picture-in-picture; web-share\" allowfullscreen><\/iframe><\/p>\n<p>[\/et_pb_accordion_item][et_pb_accordion_item title=&#8221;+ Activitats \u00c0rea Metropolitana de Barcelona&#8221; _builder_version=&#8221;4.21.0&#8243; _module_preset=&#8221;default&#8221; global_colors_info=&#8221;{}&#8221; open=&#8221;off&#8221;]<\/p>\n<p><strong><a href=\"http:\/\/www.amb.cat\/s\/home.html\">L\u2019\u00c0rea Metropolitana de Barcelona\u00a0<\/a><\/strong>col\u00b7labora amb la campanya Esplais m\u00e9s Sostenibles, a trav\u00e9s del seu programa d\u2019Educaci\u00f3 per a la Sostenibilitat,\u00a0\u00a0posant a disposici\u00f3 dels esplais de la Federaci\u00f3 Catalana de l\u2019Esplai activitats divulgatives i recursos\u00a0per\u00a0ajudar a incorporar h\u00e0bits m\u00e9s sostenibles en la vida quotidiana.<\/p>\n<p>Pel per\u00edode\u00a0<strong>novembre, desembre i casal de Nadal (desembre -gener),\u00a0<\/strong>\u00a0els esplais que territorialment esteu a l<a href=\"http:\/\/ca.wikipedia.org\/wiki\/%C3%80rea_Metropolitana_de_Barcelona\">\u2018\u00e0rea metropolitana de Barcelon<\/a>a podeu sol\u00b7licitar fins a un m\u00e0xim de 3 activitats del seg\u00fcent cat\u00e0leg:<\/p>\n<h3>\u00a0<\/h3>\n<h3>CAT\u00c0LEG D\u2019ACTIVITATS I RECURSOS<\/h3>\n<h4>Tem\u00e0tica:\u00a0Residus i Recursos<\/h4>\n<ul>\n<li><b>ANEM AL MERCAT: <\/b>El conte d\u2019en Panxut i en Marcel apropa els nens\/es al m\u00f3n dels residus. Els nens\/s venen i compren al mercat simulat i se\u2019ls convida a pensar sobre comprar sense envasos, comprar la quantitat justa que cal, menjar sa\u2026.<br \/><strong>Edat:<\/strong>\u00a0de 2 a 7 anys<br \/><strong>Durada:<\/strong>\u00a01 hora<br \/><strong>Dies:<\/strong>\u00a0Dilluns a dissabte \u2013 mat\u00ed i tarda.<\/li>\n<li><strong>DE CAB\u00c0S A CAB\u00c0S\u2026UNA BONA COMPRA FAR\u00c0S: <\/strong>A trav\u00e9s del joc de l\u2019oca es posa en pr\u00e0ctica el consum responsable i es plantegen els principals impactes que causen els diferents estils de vida.<br \/><strong>Edat:<\/strong>\u00a0de 5 a 12 anys.<br \/><strong>Durada:<\/strong>\u00a01 hora.<br \/><strong>Dies:<\/strong>\u00a0Dilluns a dissabte \u2013 mat\u00ed i tarda. Diumenges mat\u00ed.<\/li>\n<li><b><strong>QU\u00c8 POTS FER TU? PREVENCI\u00d3 I <\/strong><strong>RECOLLIDA SELECTIVA:\u00a0<\/strong><\/b>En aquesta activitat els participants han de preparar un berenar per un aniversari repensant qu\u00e8 necessiten realment i les diferents alternatives de productes. En acabar la festa\u2026qu\u00e8 fem amb els residus?<br \/><strong>Edat:<\/strong>\u00a0de 10 a 18 anys.\u00a0Durada:\u00a01 hora.<strong><br \/><\/strong><strong>Dies<\/strong>: Dilluns a dissabte \u2013 mat\u00ed i tarda.<\/li>\n<li><strong>ELS ABANDONES? ELECTRODOM\u00c8STICS I GRANS RESIDUS: <\/strong>Din\u00e0mica participativa on s\u2019apr\u00e8n qu\u00e8 hem de fer amb els residus grans i els electrodom\u00e8stics quan ja no els volem i qu\u00e8\u00a0se\u2019n\u00a0fa despr\u00e9s.<strong><br \/>Edat:<\/strong>\u00a0de 10 a 17 anys.<br \/><strong>Durada:<\/strong>\u00a01 hora.<br \/><strong>Dies:<\/strong>\u00a0Dilluns a dissabte \u2013 mat\u00ed i tarda.\u00a0<strong>\u00a0<\/strong><\/li>\n<\/ul>\n<h4>\u00a0Tem\u00e0tica: El cicle de l\u2019aigua<\/h4>\n<ul>\n<li><b>UN GOT D\u2019AIGUA: <\/b>Tast\u00a0d\u2019aig\u00fces\u00a0per assaborir els diferents tipus\u00a0d\u2019aigua\u00a0i con\u00e8ixer les caracter\u00edstiques de l\u2019aigua potable\u00a0d\u2019aixeta.<br \/><strong>Edat:<\/strong>\u00a0de 7 a 16 anys.<br \/><strong>Durada:<\/strong>\u00a01 hora.<br \/><strong>Dies:<\/strong>\u00a0Dilluns a dissabte \u2013 mat\u00ed i tarda i Diumenges mat\u00ed.<\/li>\n<li><b>AIGUA NETA!: <\/b>experimenten amb aigua, sorra, oli\u2026 Per aprendre els procediments de depuraci\u00f3 de l\u2019aigua.<br \/><strong>Edat:<\/strong>\u00a0de 9 a 15 anys.<br \/><strong>Durada:<\/strong>\u00a01 hora.<strong><br \/>Dies:<\/strong>\u00a0Dilluns a dissabte \u2013 mat\u00ed i tarda. Diumenges mat\u00ed.<\/li>\n<\/ul>\n<h4>Tem\u00e0tica: Energia i canvi clim\u00e0tic<\/h4>\n<ul>\n<li><strong>EL CANVI CLIM\u00c0TIC I EL VERD URB\u00c0: CAN RIGAL, UN CLAR EXEMPLE:\u00a0<\/strong>Visita participativa al parc per descobrir el paper que juga el teixit del verd urb\u00e0 com a element mitigador de l\u2019illa de calor de la ciutat, aix\u00ed com a element de confort t\u00e8rmic.<strong><br \/>Edat:<\/strong>\u00a0a partir de 8 anys.<br \/><strong>Durada:<\/strong>\u00a0segons modalitat: 2h. visitant al parc o 40\u2019 al centre.<br \/><strong>Dies:<\/strong>\u00a0Dilluns a dissabte \u2013 mat\u00ed i tarda.<\/li>\n<\/ul>\n<p>[\/et_pb_accordion_item][\/et_pb_accordion][\/et_pb_column][\/et_pb_row][\/et_pb_section]<\/p>\n","protected":false},"excerpt":{"rendered":"<p>Aqu\u00ed us deixem els v\u00eddeo espots que han creat els grups de joves dels\u00a0esplais Ping\u00fc\u00ed (Sant Andreu de la Barca), Nus (Sant Joan Desp\u00ed) \u00a0i Bellvitge (Hospitalet de Llobregat), \u00a0per conscienciar la ciutadania sobre els efectes dels nostres h\u00e0bits de consum pel medi ambient. Aquests espots han estat dissenyats \u00edntegrament pels joves. Hi ha participat [&hellip;]<\/p>\n","protected":false},"author":27,"featured_media":0,"parent":0,"menu_order":0,"comment_status":"closed","ping_status":"closed","template":"","meta":{"_et_pb_use_builder":"on","_et_pb_old_content":"","_et_gb_content_width":"","footnotes":""},"class_list":["post-584","page","type-page","status-publish","hentry"],"yoast_head":"<!-- This site is optimized with the Yoast SEO plugin v27.5 - https:\/\/yoast.com\/product\/yoast-seo-wordpress\/ -->\n<title>Recursos - Esplais M\u00e9s Sostenibles<\/title>\n<meta name=\"robots\" content=\"index, follow, max-snippet:-1, max-image-preview:large, max-video-preview:-1\" \/>\n<link rel=\"canonical\" href=\"https:\/\/fundesplai.org\/esplaismessostenibles\/recursos\/\" \/>\n<meta property=\"og:locale\" content=\"ca_ES\" \/>\n<meta property=\"og:type\" content=\"article\" \/>\n<meta property=\"og:title\" content=\"Recursos - Esplais M\u00e9s Sostenibles\" \/>\n<meta property=\"og:description\" content=\"Aqu\u00ed us deixem els v\u00eddeo espots que han creat els grups de joves dels\u00a0esplais Ping\u00fc\u00ed (Sant Andreu de la Barca), Nus (Sant Joan Desp\u00ed) \u00a0i Bellvitge (Hospitalet de Llobregat), \u00a0per conscienciar la ciutadania sobre els efectes dels nostres h\u00e0bits de consum pel medi ambient. Aquests espots han estat dissenyats \u00edntegrament pels joves. Hi ha participat [&hellip;]\" \/>\n<meta property=\"og:url\" content=\"https:\/\/fundesplai.org\/esplaismessostenibles\/recursos\/\" \/>\n<meta property=\"og:site_name\" content=\"Esplais M\u00e9s Sostenibles\" \/>\n<meta property=\"article:modified_time\" content=\"2023-07-11T11:05:38+00:00\" \/>\n<meta name=\"twitter:card\" content=\"summary_large_image\" \/>\n<meta name=\"twitter:label1\" content=\"Temps estimat de lectura\" \/>\n\t<meta name=\"twitter:data1\" content=\"4 minuts\" \/>\n<script type=\"application\/ld+json\" class=\"yoast-schema-graph\">{\"@context\":\"https:\\\/\\\/schema.org\",\"@graph\":[{\"@type\":\"WebPage\",\"@id\":\"https:\\\/\\\/fundesplai.org\\\/esplaismessostenibles\\\/recursos\\\/\",\"url\":\"https:\\\/\\\/fundesplai.org\\\/esplaismessostenibles\\\/recursos\\\/\",\"name\":\"Recursos - Esplais M\u00e9s Sostenibles\",\"isPartOf\":{\"@id\":\"https:\\\/\\\/fundesplai.org\\\/esplaismessostenibles\\\/#website\"},\"datePublished\":\"2023-07-06T09:45:29+00:00\",\"dateModified\":\"2023-07-11T11:05:38+00:00\",\"breadcrumb\":{\"@id\":\"https:\\\/\\\/fundesplai.org\\\/esplaismessostenibles\\\/recursos\\\/#breadcrumb\"},\"inLanguage\":\"ca\",\"potentialAction\":[{\"@type\":\"ReadAction\",\"target\":[\"https:\\\/\\\/fundesplai.org\\\/esplaismessostenibles\\\/recursos\\\/\"]}]},{\"@type\":\"BreadcrumbList\",\"@id\":\"https:\\\/\\\/fundesplai.org\\\/esplaismessostenibles\\\/recursos\\\/#breadcrumb\",\"itemListElement\":[{\"@type\":\"ListItem\",\"position\":1,\"name\":\"Inici\",\"item\":\"\\\/\"},{\"@type\":\"ListItem\",\"position\":2,\"name\":\"Esplais M\u00e9s Sostenibles\",\"item\":\"https:\\\/\\\/fundesplai.org\\\/esplaismessostenibles\"},{\"@type\":\"ListItem\",\"position\":3,\"name\":\"Recursos\"}]},{\"@type\":\"WebSite\",\"@id\":\"https:\\\/\\\/fundesplai.org\\\/esplaismessostenibles\\\/#website\",\"url\":\"https:\\\/\\\/fundesplai.org\\\/esplaismessostenibles\\\/\",\"name\":\"Esplais M\u00e9s Sostenibles\",\"description\":\"Proposta educativa de Fundesplai\",\"potentialAction\":[{\"@type\":\"SearchAction\",\"target\":{\"@type\":\"EntryPoint\",\"urlTemplate\":\"https:\\\/\\\/fundesplai.org\\\/esplaismessostenibles\\\/?s={search_term_string}\"},\"query-input\":{\"@type\":\"PropertyValueSpecification\",\"valueRequired\":true,\"valueName\":\"search_term_string\"}}],\"inLanguage\":\"ca\"}]}<\/script>\n<!-- \/ Yoast SEO plugin. -->","yoast_head_json":{"title":"Recursos - Esplais M\u00e9s Sostenibles","robots":{"index":"index","follow":"follow","max-snippet":"max-snippet:-1","max-image-preview":"max-image-preview:large","max-video-preview":"max-video-preview:-1"},"canonical":"https:\/\/fundesplai.org\/esplaismessostenibles\/recursos\/","og_locale":"ca_ES","og_type":"article","og_title":"Recursos - Esplais M\u00e9s Sostenibles","og_description":"Aqu\u00ed us deixem els v\u00eddeo espots que han creat els grups de joves dels\u00a0esplais Ping\u00fc\u00ed (Sant Andreu de la Barca), Nus (Sant Joan Desp\u00ed) \u00a0i Bellvitge (Hospitalet de Llobregat), \u00a0per conscienciar la ciutadania sobre els efectes dels nostres h\u00e0bits de consum pel medi ambient. Aquests espots han estat dissenyats \u00edntegrament pels joves. Hi ha participat [&hellip;]","og_url":"https:\/\/fundesplai.org\/esplaismessostenibles\/recursos\/","og_site_name":"Esplais M\u00e9s Sostenibles","article_modified_time":"2023-07-11T11:05:38+00:00","twitter_card":"summary_large_image","twitter_misc":{"Temps estimat de lectura":"4 minuts"},"schema":{"@context":"https:\/\/schema.org","@graph":[{"@type":"WebPage","@id":"https:\/\/fundesplai.org\/esplaismessostenibles\/recursos\/","url":"https:\/\/fundesplai.org\/esplaismessostenibles\/recursos\/","name":"Recursos - Esplais M\u00e9s Sostenibles","isPartOf":{"@id":"https:\/\/fundesplai.org\/esplaismessostenibles\/#website"},"datePublished":"2023-07-06T09:45:29+00:00","dateModified":"2023-07-11T11:05:38+00:00","breadcrumb":{"@id":"https:\/\/fundesplai.org\/esplaismessostenibles\/recursos\/#breadcrumb"},"inLanguage":"ca","potentialAction":[{"@type":"ReadAction","target":["https:\/\/fundesplai.org\/esplaismessostenibles\/recursos\/"]}]},{"@type":"BreadcrumbList","@id":"https:\/\/fundesplai.org\/esplaismessostenibles\/recursos\/#breadcrumb","itemListElement":[{"@type":"ListItem","position":1,"name":"Inici","item":"\/"},{"@type":"ListItem","position":2,"name":"Esplais M\u00e9s Sostenibles","item":"https:\/\/fundesplai.org\/esplaismessostenibles"},{"@type":"ListItem","position":3,"name":"Recursos"}]},{"@type":"WebSite","@id":"https:\/\/fundesplai.org\/esplaismessostenibles\/#website","url":"https:\/\/fundesplai.org\/esplaismessostenibles\/","name":"Esplais M\u00e9s Sostenibles","description":"Proposta educativa de Fundesplai","potentialAction":[{"@type":"SearchAction","target":{"@type":"EntryPoint","urlTemplate":"https:\/\/fundesplai.org\/esplaismessostenibles\/?s={search_term_string}"},"query-input":{"@type":"PropertyValueSpecification","valueRequired":true,"valueName":"search_term_string"}}],"inLanguage":"ca"}]}},"_links":{"self":[{"href":"https:\/\/fundesplai.org\/esplaismessostenibles\/wp-json\/wp\/v2\/pages\/584","targetHints":{"allow":["GET"]}}],"collection":[{"href":"https:\/\/fundesplai.org\/esplaismessostenibles\/wp-json\/wp\/v2\/pages"}],"about":[{"href":"https:\/\/fundesplai.org\/esplaismessostenibles\/wp-json\/wp\/v2\/types\/page"}],"author":[{"embeddable":true,"href":"https:\/\/fundesplai.org\/esplaismessostenibles\/wp-json\/wp\/v2\/users\/27"}],"replies":[{"embeddable":true,"href":"https:\/\/fundesplai.org\/esplaismessostenibles\/wp-json\/wp\/v2\/comments?post=584"}],"version-history":[{"count":10,"href":"https:\/\/fundesplai.org\/esplaismessostenibles\/wp-json\/wp\/v2\/pages\/584\/revisions"}],"predecessor-version":[{"id":602,"href":"https:\/\/fundesplai.org\/esplaismessostenibles\/wp-json\/wp\/v2\/pages\/584\/revisions\/602"}],"wp:attachment":[{"href":"https:\/\/fundesplai.org\/esplaismessostenibles\/wp-json\/wp\/v2\/media?parent=584"}],"curies":[{"name":"wp","href":"https:\/\/api.w.org\/{rel}","templated":true}]}}