{"id":67745,"date":"2024-02-22T15:23:18","date_gmt":"2024-02-22T14:23:18","guid":{"rendered":"https:\/\/fundesplai.org\/colabora\/campana-solidaria-de-verano\/"},"modified":"2024-09-16T09:37:24","modified_gmt":"2024-09-16T07:37:24","slug":"campana-solidaria-de-verano","status":"publish","type":"page","link":"https:\/\/fundesplai.org\/es\/colabora\/campana-solidaria-de-verano\/","title":{"rendered":"Campa\u00f1a solidaria de verano"},"content":{"rendered":"<p>[et_pb_section fb_built=\u00bb1&#8243; fullwidth=\u00bbon\u00bb _builder_version=\u00bb4.21.0&#8243; _module_preset=\u00bbdefault\u00bb global_colors_info=\u00bb{}\u00bb][et_pb_fullwidth_slider module_id=\u00bbfix-padding\u00bb module_class=\u00bbslider-capcalera slider-text-cta\u00bb _builder_version=\u00bb4.21.0&#8243; background_enable_image=\u00bboff\u00bb locked=\u00bboff\u00bb global_colors_info=\u00bb{}\u00bb][et_pb_slide heading=\u00bbCampa\u00f1a solidaria de verano\u00bb button_link=\u00bbhttps:\/\/escoles.fundesplai.org\/es\/contacta\/\u00bb _builder_version=\u00bb4.21.0&#8243; background_image=\u00bbhttps:\/\/fundesplai.org\/wp-content\/uploads\/2024\/05\/Campanya-beques-estiu.png\u00bb background_enable_image=\u00bbon\u00bb locked=\u00bboff\u00bb global_colors_info=\u00bb{}\u00bb sticky_transition=\u00bbon\u00bb]<\/p>\n<p style=\"text-align: center\">\u00a1Ay\u00fadanos a hacer posible un verano para todos los ni\u00f1os y ni\u00f1as!<\/p>\n<p>[\/et_pb_slide][\/et_pb_fullwidth_slider][\/et_pb_section][et_pb_section fb_built=\u00bb1&#8243; _builder_version=\u00bb4.21.0&#8243; _module_preset=\u00bbdefault\u00bb global_colors_info=\u00bb{}\u00bb][et_pb_row _builder_version=\u00bb4.21.0&#8243; _module_preset=\u00bbdefault\u00bb custom_margin=\u00bb40px||||false|false\u00bb global_colors_info=\u00bb{}\u00bb][et_pb_column type=\u00bb4_4&#8243; _builder_version=\u00bb4.21.0&#8243; _module_preset=\u00bbdefault\u00bb global_colors_info=\u00bb{}\u00bb][et_pb_text admin_label=\u00bbt\u00edtol\u00bb _builder_version=\u00bb4.21.0&#8243; _module_preset=\u00bbdefault\u00bb locked=\u00bboff\u00bb global_colors_info=\u00bb{}\u00bb]<\/p>\n<h2 style=\"text-align: center\">\u00a1HAZ UN DONATIVO POR LA IGUALDAD DE OPORTUNIDADES ESTE VERANO!<\/h2>\n<p>[\/et_pb_text][\/et_pb_column][\/et_pb_row][et_pb_row column_structure=\u00bb1_5,3_5,1_5&#8243; _builder_version=\u00bb4.21.0&#8243; _module_preset=\u00bbdefault\u00bb global_colors_info=\u00bb{}\u00bb][et_pb_column type=\u00bb1_5&#8243; _builder_version=\u00bb4.21.0&#8243; _module_preset=\u00bbdefault\u00bb global_colors_info=\u00bb{}\u00bb][\/et_pb_column][et_pb_column type=\u00bb3_5&#8243; _builder_version=\u00bb4.21.0&#8243; _module_preset=\u00bbdefault\u00bb global_colors_info=\u00bb{}\u00bb][et_pb_button button_url=\u00bbhttps:\/\/fundesplai.org\/es\/colabora\/haz-un-donativo\/\u00bb button_text=\u00bb\u00a1Haz un donativo para las becas de este verano!\u00bb button_alignment=\u00bbcenter\u00bb _builder_version=\u00bb4.21.0&#8243; _module_preset=\u00bbdefault\u00bb global_colors_info=\u00bb{}\u00bb][\/et_pb_button][\/et_pb_column][et_pb_column type=\u00bb1_5&#8243; _builder_version=\u00bb4.21.0&#8243; _module_preset=\u00bbdefault\u00bb global_colors_info=\u00bb{}\u00bb][\/et_pb_column][\/et_pb_row][et_pb_row _builder_version=\u00bb4.21.0&#8243; _module_preset=\u00bbdefault\u00bb custom_margin=\u00bb40px||||false|false\u00bb global_colors_info=\u00bb{}\u00bb][et_pb_column type=\u00bb4_4&#8243; _builder_version=\u00bb4.21.0&#8243; _module_preset=\u00bbdefault\u00bb global_colors_info=\u00bb{}\u00bb][et_pb_text admin_label=\u00bbt\u00edtol\u00bb _builder_version=\u00bb4.21.0&#8243; _module_preset=\u00bbdefault\u00bb locked=\u00bboff\u00bb global_colors_info=\u00bb{}\u00bb]<\/p>\n<h2 style=\"text-align: center\">BECAS PARA CASALES Y COLONIAS DE VERANO<\/h2>\n<p>[\/et_pb_text][et_pb_text admin_label=\u00bbintroducci\u00f3\u00bb _builder_version=\u00bb4.21.0&#8243; _module_preset=\u00bbdefault\u00bb global_colors_info=\u00bb{}\u00bb]<\/p>\n<p><strong>Uno de cada tres menores en Catalu\u00f1a (un 31,7%) vive en riesgo de pobreza o exclusi\u00f3n social.<\/strong> As\u00ed lo indican las \u00faltimas cifras del Instituto de Estad\u00edstica de Catalu\u00f1a (Idescat).<\/p>\n<p>Esto significa que <strong>muchas familias tienen dificultades<\/strong> para comprar productos alimenticios para una dieta equilibrada, hacer frente a un gasto imprevisto o que sus hijos\/as puedan participar en actividades de ocio educativo como los <strong>casales<\/strong> o las <strong>colonias<\/strong>, fundamentales para el <strong>desarrollo integral de ni\u00f1as y ni\u00f1os<\/strong>. Los casales, las colonias, los campamentos y otras actividades de <strong>ocio educativo<\/strong> tienen muchos <strong>beneficios pedag\u00f3gicos<\/strong> para los ni\u00f1os y ni\u00f1as: el contacto con la naturaleza, el juego libre y los espacios abiertos, la vivencia de peque\u00f1os retos personales y colectivos (hacer una cima, poner y quitar la mesa, etc.), la convivencia, el descubrimiento del territorio o la acci\u00f3n para el cambio. <\/p>\n<p><strong>Durante las vacaciones de verano se acent\u00faan las desigualdades entre ni\u00f1os, ni\u00f1as y j\u00f3venes en el acceso a las actividades de ocio educativo. Muchos ni\u00f1os y ni\u00f1as no pueden disfrutar de estas actividades por motivos econ\u00f3micos y pierden una oportunidad educativa \u00fanica. <\/strong><\/p>\n<p>En <strong>Fundesplai<\/strong> trabajamos desde hace m\u00e1s de 50 a\u00f1os a favor de la felicidad de todos los ni\u00f1os, ni\u00f1as y j\u00f3venes y de la igualdad de oportunidades. Lo hacemos, entre otros, impulsando una federaci\u00f3n con m\u00e1s de <strong>127 esplais y proyectos de ocio,<\/strong> desarrollando programas y proyectos en <strong>m\u00e1s de 1.660 escuelas<\/strong> y en 27 casas de colonias, albergues de naturaleza y terrenos de acampada que, s\u00f3lo el pasado a\u00f1o, beneficiaron a m\u00e1s de 379.100 participantes. <\/p>\n<p>[\/et_pb_text][et_pb_text admin_label=\u00bbbeques 2023&#8243; _builder_version=\u00bb4.21.0&#8243; _module_preset=\u00bbdefault\u00bb custom_margin=\u00bb40px||40px||false|false\u00bb border_radii=\u00bbon|10px|10px|10px|10px\u00bb border_width_all=\u00bb3px\u00bb border_color_all=\u00bb#dcdc1c\u00bb global_colors_info=\u00bb{}\u00bb]<\/p>\n<h3 style=\"text-align: center\">\u00a1En 2023 otorgamos 30.538 ayudas y becas!<\/h3>\n<p style=\"text-align: center\">para el tiempo educativo del mediod\u00eda, colonias, actividades de ocio y refuerzo escolar<\/p>\n<p>[\/et_pb_text][\/et_pb_column][\/et_pb_row][\/et_pb_section][et_pb_section fb_built=\u00bb1&#8243; _builder_version=\u00bb4.21.0&#8243; _module_preset=\u00bbdefault\u00bb global_colors_info=\u00bb{}\u00bb][et_pb_row _builder_version=\u00bb4.21.0&#8243; _module_preset=\u00bbdefault\u00bb custom_margin=\u00bb40px||||false|false\u00bb global_colors_info=\u00bb{}\u00bb][et_pb_column type=\u00bb4_4&#8243; _builder_version=\u00bb4.21.0&#8243; _module_preset=\u00bbdefault\u00bb global_colors_info=\u00bb{}\u00bb][et_pb_text admin_label=\u00bbnecessitem col\u00b7laboraci\u00f3\u00bb _builder_version=\u00bb4.21.0&#8243; _module_preset=\u00bbdefault\u00bb global_colors_info=\u00bb{}\u00bb]<\/p>\n<h2 style=\"text-align: center\">\u00a1Necesitamos la colaboraci\u00f3n de todos y todas!<\/h2>\n<p style=\"text-align: center\">Si quieres colaborar, \u00a1participa en la campa\u00f1a de captaci\u00f3n de fondos <strong>\u201cCampa\u00f1a solidaria a favor de la infancia\u201d!<\/strong><\/p>\n<p>[\/et_pb_text][\/et_pb_column][\/et_pb_row][\/et_pb_section][et_pb_section fb_built=\u00bb1&#8243; _builder_version=\u00bb4.21.0&#8243; _module_preset=\u00bbdefault\u00bb custom_margin=\u00bb40px||||false|false\u00bb global_colors_info=\u00bb{}\u00bb][et_pb_row _builder_version=\u00bb4.21.0&#8243; _module_preset=\u00bbdefault\u00bb custom_margin=\u00bb40px||||false|false\u00bb global_colors_info=\u00bb{}\u00bb][et_pb_column type=\u00bb4_4&#8243; _builder_version=\u00bb4.21.0&#8243; _module_preset=\u00bbdefault\u00bb global_colors_info=\u00bb{}\u00bb][et_pb_image src=\u00bbhttps:\/\/fundesplai.org\/wp-content\/uploads\/2024\/05\/campanya-beques-estiu-Fundesplai.jpg\u00bb alt=\u00bbCampa\u00f1a becas verano de Fundesplai.\u00bb title_text=\u00bbcampa\u00f1a-becas-verano-Fundesplai\u00bb url=\u00bbhttps:\/\/fundesplai.org\/es\/colabora\/haz-un-donativo\/\u00bb _builder_version=\u00bb4.21.0&#8243; _module_preset=\u00bbdefault\u00bb custom_padding=\u00bb23px||||false|false\u00bb global_colors_info=\u00bb{}\u00bb][\/et_pb_image][\/et_pb_column][\/et_pb_row][et_pb_row column_structure=\u00bb1_5,3_5,1_5&#8243; _builder_version=\u00bb4.21.0&#8243; _module_preset=\u00bbdefault\u00bb custom_margin=\u00bb40px||40px||false|false\u00bb global_colors_info=\u00bb{}\u00bb][et_pb_column type=\u00bb1_5&#8243; _builder_version=\u00bb4.21.0&#8243; _module_preset=\u00bbdefault\u00bb global_colors_info=\u00bb{}\u00bb][\/et_pb_column][et_pb_column type=\u00bb3_5&#8243; _builder_version=\u00bb4.21.0&#8243; _module_preset=\u00bbdefault\u00bb global_colors_info=\u00bb{}\u00bb][et_pb_button button_url=\u00bbhttps:\/\/fundesplai.org\/es\/colabora\/haz-un-donativo\/\u00bb button_text=\u00bb\u00a1Haz un donativo para las becas de este verano!\u00bb button_alignment=\u00bbcenter\u00bb _builder_version=\u00bb4.21.0&#8243; _module_preset=\u00bbdefault\u00bb global_colors_info=\u00bb{}\u00bb][\/et_pb_button][\/et_pb_column][et_pb_column type=\u00bb1_5&#8243; _builder_version=\u00bb4.21.0&#8243; _module_preset=\u00bbdefault\u00bb global_colors_info=\u00bb{}\u00bb][\/et_pb_column][\/et_pb_row][et_pb_row _builder_version=\u00bb4.21.0&#8243; _module_preset=\u00bbdefault\u00bb custom_margin=\u00bb40px||||false|false\u00bb global_colors_info=\u00bb{}\u00bb][et_pb_column type=\u00bb4_4&#8243; _builder_version=\u00bb4.21.0&#8243; _module_preset=\u00bbdefault\u00bb global_colors_info=\u00bb{}\u00bb][et_pb_text admin_label=\u00bbmira el v\u00eddeo\u00bb _builder_version=\u00bb4.21.0&#8243; _module_preset=\u00bbdefault\u00bb locked=\u00bboff\u00bb global_colors_info=\u00bb{}\u00bb]<\/p>\n<h2 style=\"text-align: center\">\u00a1MIRA EL V\u00cdDEO DE LA CAMPA\u00d1A!<\/h2>\n<p>[\/et_pb_text][et_pb_video src=\u00bbhttps:\/\/www.youtube.com\/watch?v=UYuy9AHeHb0&#8243; _builder_version=\u00bb4.21.0&#8243; _module_preset=\u00bbdefault\u00bb hover_enabled=\u00bb0&#8243; global_colors_info=\u00bb{}\u00bb sticky_enabled=\u00bb0&#8243;][\/et_pb_video][\/et_pb_column][\/et_pb_row][et_pb_row _builder_version=\u00bb4.21.0&#8243; _module_preset=\u00bbdefault\u00bb custom_margin=\u00bb40px||||false|false\u00bb global_colors_info=\u00bb{}\u00bb][et_pb_column type=\u00bb4_4&#8243; _builder_version=\u00bb4.21.0&#8243; _module_preset=\u00bbdefault\u00bb global_colors_info=\u00bb{}\u00bb][et_pb_text admin_label=\u00bbconclusi\u00f3!\u00bb _builder_version=\u00bb4.21.0&#8243; _module_preset=\u00bbdefault\u00bb locked=\u00bboff\u00bb global_colors_info=\u00bb{}\u00bb]<\/p>\n<h2 style=\"text-align: center\">MUCHAS GRACIAS!<\/h2>\n<p style=\"text-align: center\">Colaborando en esta campa\u00f1a haces un gran regalo a los ni\u00f1os, ni\u00f1as y j\u00f3venes que puedan participar en las actividades de verano gracias a nuestras becas y ayudas. \u00a1Vivir\u00e1n experiencias educativas y enriquecedoras que les acompa\u00f1ar\u00e1n toda la vida! <\/p>\n<p>[\/et_pb_text][\/et_pb_column][\/et_pb_row][\/et_pb_section][et_pb_section fb_built=\u00bb1&#8243; module_class=\u00bbgraella-moduls-grisa\u00bb _builder_version=\u00bb4.21.0&#8243; _module_preset=\u00bbdefault\u00bb custom_margin=\u00bb40px||||false|false\u00bb global_colors_info=\u00bb{}\u00bb][et_pb_row column_structure=\u00bb1_2,1_2&#8243; use_custom_gutter=\u00bbon\u00bb _builder_version=\u00bb4.19.0&#8243; _module_preset=\u00bbdefault\u00bb width=\u00bb100%\u00bb max_width=\u00bb2560px\u00bb locked=\u00bboff\u00bb global_colors_info=\u00bb{}\u00bb][et_pb_column type=\u00bb1_2&#8243; _builder_version=\u00bb4.19.0&#8243; _module_preset=\u00bbdefault\u00bb global_colors_info=\u00bb{}\u00bb][et_pb_blurb title=\u00bbHAZ UN DONATIVO\u00bb url=\u00bbhttps:\/\/fundesplai.org\/es\/colabora\/haz-un-donativo\/\u00bb use_icon=\u00bbon\u00bb font_icon=\u00bb&#xf4c3;||fa||900&#8243; admin_label=\u00bbDonacions\u00bb _builder_version=\u00bb4.21.0&#8243; header_level=\u00bbh3&#8243; link_option_url=\u00bbhttps:\/\/fundesplai.org\/es\/colabora\/haz-un-donativo\/\u00bb z_index_tablet=\u00bb500&#8243; locked=\u00bboff\u00bb global_colors_info=\u00bb{}\u00bb]<\/p>\n<p style=\"text-align: center\">Transforma vidas: apuesta por la educaci\u00f3n en el tiempo libre<\/p>\n<p>[\/et_pb_blurb][\/et_pb_column][et_pb_column type=\u00bb1_2&#8243; _builder_version=\u00bb4.19.0&#8243; _module_preset=\u00bbdefault\u00bb global_colors_info=\u00bb{}\u00bb][et_pb_blurb title=\u00bbHaz voluntariado\u00bb url=\u00bb@ET-DC@eyJkeW5hbWljIjp0cnVlLCJjb250ZW50IjoicG9zdF9saW5rX3VybF9wYWdlIiwic2V0dGluZ3MiOnsicG9zdF9pZCI6IjEzMiJ9fQ==@\u00bb use_icon=\u00bbon\u00bb font_icon=\u00bb&#xf4c4;||fa||900&#8243; admin_label=\u00bbvoluntariat\u00bb _builder_version=\u00bb4.19.0&#8243; _dynamic_attributes=\u00bburl,link_option_url\u00bb _module_preset=\u00bbdefault\u00bb text_orientation=\u00bbcenter\u00bb link_option_url=\u00bb@ET-DC@eyJkeW5hbWljIjp0cnVlLCJjb250ZW50IjoicG9zdF9saW5rX3VybF9wYWdlIiwic2V0dGluZ3MiOnsicG9zdF9pZCI6IjEzMiJ9fQ==@\u00bb global_colors_info=\u00bb{}\u00bb]<\/p>\n<p>\u00a1Regala tiempo y sonrisas!<\/p>\n<p>[\/et_pb_blurb][\/et_pb_column][\/et_pb_row][\/et_pb_section]<\/p>\n","protected":false},"excerpt":{"rendered":"<p>\u00a1Ay\u00fadanos a hacer posible un verano para todos los ni\u00f1os y ni\u00f1as!\u00a1HAZ UN DONATIVO POR LA IGUALDAD DE OPORTUNIDADES ESTE VERANO!BECAS PARA CASALES Y COLONIAS DE VERANOUno de cada tres menores en Catalu\u00f1a (un 31,7%) vive en riesgo de pobreza o exclusi\u00f3n social. As\u00ed lo indican las \u00faltimas cifras del Instituto de Estad\u00edstica de Catalu\u00f1a [&hellip;]<\/p>\n","protected":false},"author":9,"featured_media":65670,"parent":46661,"menu_order":0,"comment_status":"closed","ping_status":"closed","template":"","meta":{"_et_pb_use_builder":"on","_et_pb_old_content":"","_et_gb_content_width":"","footnotes":""},"class_list":["post-67745","page","type-page","status-publish","has-post-thumbnail","hentry"],"yoast_head":"<!-- This site is optimized with the Yoast SEO plugin v27.5 - https:\/\/yoast.com\/product\/yoast-seo-wordpress\/ -->\n<title>Campa\u00f1a solidaria de verano - Fundesplai<\/title>\n<meta name=\"robots\" content=\"index, follow, max-snippet:-1, max-image-preview:large, max-video-preview:-1\" \/>\n<link rel=\"canonical\" href=\"https:\/\/fundesplai.org\/es\/colabora\/campana-solidaria-de-verano\/\" \/>\n<meta property=\"og:locale\" content=\"es_ES\" \/>\n<meta property=\"og:type\" content=\"article\" \/>\n<meta property=\"og:title\" content=\"Campa\u00f1a solidaria de verano - Fundesplai\" \/>\n<meta property=\"og:description\" content=\"\u00a1Ay\u00fadanos a hacer posible un verano para todos los ni\u00f1os y ni\u00f1as!\u00a1HAZ UN DONATIVO POR LA IGUALDAD DE OPORTUNIDADES ESTE VERANO!BECAS PARA CASALES Y COLONIAS DE VERANOUno de cada tres menores en Catalu\u00f1a (un 31,7%) vive en riesgo de pobreza o exclusi\u00f3n social. As\u00ed lo indican las \u00faltimas cifras del Instituto de Estad\u00edstica de Catalu\u00f1a [&hellip;]\" \/>\n<meta property=\"og:url\" content=\"https:\/\/fundesplai.org\/es\/colabora\/campana-solidaria-de-verano\/\" \/>\n<meta property=\"og:site_name\" content=\"Fundesplai\" \/>\n<meta property=\"article:modified_time\" content=\"2024-09-16T07:37:24+00:00\" \/>\n<meta property=\"og:image\" content=\"https:\/\/fundesplai.org\/wp-content\/uploads\/2024\/05\/campanya-beques-estiu-Fundesplai-banner-1024x488.png\" \/>\n\t<meta property=\"og:image:width\" content=\"1024\" \/>\n\t<meta property=\"og:image:height\" content=\"488\" \/>\n\t<meta property=\"og:image:type\" content=\"image\/png\" \/>\n<meta name=\"twitter:card\" content=\"summary_large_image\" \/>\n<meta name=\"twitter:label1\" content=\"Tiempo de lectura\" \/>\n\t<meta name=\"twitter:data1\" content=\"7 minutos\" \/>\n<script type=\"application\/ld+json\" class=\"yoast-schema-graph\">{\"@context\":\"https:\\\/\\\/schema.org\",\"@graph\":[{\"@type\":\"WebPage\",\"@id\":\"https:\\\/\\\/fundesplai.org\\\/es\\\/colabora\\\/campana-solidaria-de-verano\\\/\",\"url\":\"https:\\\/\\\/fundesplai.org\\\/es\\\/colabora\\\/campana-solidaria-de-verano\\\/\",\"name\":\"Campa\u00f1a solidaria de verano - Fundesplai\",\"isPartOf\":{\"@id\":\"https:\\\/\\\/fundesplai.org\\\/es\\\/#website\"},\"primaryImageOfPage\":{\"@id\":\"https:\\\/\\\/fundesplai.org\\\/es\\\/colabora\\\/campana-solidaria-de-verano\\\/#primaryimage\"},\"image\":{\"@id\":\"https:\\\/\\\/fundesplai.org\\\/es\\\/colabora\\\/campana-solidaria-de-verano\\\/#primaryimage\"},\"thumbnailUrl\":\"https:\\\/\\\/fundesplai.org\\\/wp-content\\\/uploads\\\/2024\\\/05\\\/campanya-beques-estiu-Fundesplai-banner.png\",\"datePublished\":\"2024-02-22T14:23:18+00:00\",\"dateModified\":\"2024-09-16T07:37:24+00:00\",\"breadcrumb\":{\"@id\":\"https:\\\/\\\/fundesplai.org\\\/es\\\/colabora\\\/campana-solidaria-de-verano\\\/#breadcrumb\"},\"inLanguage\":\"es\",\"potentialAction\":[{\"@type\":\"ReadAction\",\"target\":[\"https:\\\/\\\/fundesplai.org\\\/es\\\/colabora\\\/campana-solidaria-de-verano\\\/\"]}]},{\"@type\":\"ImageObject\",\"inLanguage\":\"es\",\"@id\":\"https:\\\/\\\/fundesplai.org\\\/es\\\/colabora\\\/campana-solidaria-de-verano\\\/#primaryimage\",\"url\":\"https:\\\/\\\/fundesplai.org\\\/wp-content\\\/uploads\\\/2024\\\/05\\\/campanya-beques-estiu-Fundesplai-banner.png\",\"contentUrl\":\"https:\\\/\\\/fundesplai.org\\\/wp-content\\\/uploads\\\/2024\\\/05\\\/campanya-beques-estiu-Fundesplai-banner.png\",\"width\":1888,\"height\":900,\"caption\":\"Campanya de beques d'estiu de Fundesplai.\"},{\"@type\":\"BreadcrumbList\",\"@id\":\"https:\\\/\\\/fundesplai.org\\\/es\\\/colabora\\\/campana-solidaria-de-verano\\\/#breadcrumb\",\"itemListElement\":[{\"@type\":\"ListItem\",\"position\":1,\"name\":\"Inici\",\"item\":\"https:\\\/\\\/fundesplai.org\\\/es\\\/inicio\\\/\"},{\"@type\":\"ListItem\",\"position\":2,\"name\":\"Colabora\",\"item\":\"https:\\\/\\\/fundesplai.org\\\/es\\\/colabora\\\/\"},{\"@type\":\"ListItem\",\"position\":3,\"name\":\"Campa\u00f1a solidaria de verano\"}]},{\"@type\":\"WebSite\",\"@id\":\"https:\\\/\\\/fundesplai.org\\\/es\\\/#website\",\"url\":\"https:\\\/\\\/fundesplai.org\\\/es\\\/\",\"name\":\"Fundesplai\",\"description\":\"Eduquem per la conviv\u00e8ncia i la sostenibilitat\",\"potentialAction\":[{\"@type\":\"SearchAction\",\"target\":{\"@type\":\"EntryPoint\",\"urlTemplate\":\"https:\\\/\\\/fundesplai.org\\\/es\\\/?s={search_term_string}\"},\"query-input\":{\"@type\":\"PropertyValueSpecification\",\"valueRequired\":true,\"valueName\":\"search_term_string\"}}],\"inLanguage\":\"es\"}]}<\/script>\n<!-- \/ Yoast SEO plugin. -->","yoast_head_json":{"title":"Campa\u00f1a solidaria de verano - Fundesplai","robots":{"index":"index","follow":"follow","max-snippet":"max-snippet:-1","max-image-preview":"max-image-preview:large","max-video-preview":"max-video-preview:-1"},"canonical":"https:\/\/fundesplai.org\/es\/colabora\/campana-solidaria-de-verano\/","og_locale":"es_ES","og_type":"article","og_title":"Campa\u00f1a solidaria de verano - Fundesplai","og_description":"\u00a1Ay\u00fadanos a hacer posible un verano para todos los ni\u00f1os y ni\u00f1as!\u00a1HAZ UN DONATIVO POR LA IGUALDAD DE OPORTUNIDADES ESTE VERANO!BECAS PARA CASALES Y COLONIAS DE VERANOUno de cada tres menores en Catalu\u00f1a (un 31,7%) vive en riesgo de pobreza o exclusi\u00f3n social. As\u00ed lo indican las \u00faltimas cifras del Instituto de Estad\u00edstica de Catalu\u00f1a [&hellip;]","og_url":"https:\/\/fundesplai.org\/es\/colabora\/campana-solidaria-de-verano\/","og_site_name":"Fundesplai","article_modified_time":"2024-09-16T07:37:24+00:00","og_image":[{"width":1024,"height":488,"url":"https:\/\/fundesplai.org\/wp-content\/uploads\/2024\/05\/campanya-beques-estiu-Fundesplai-banner-1024x488.png","type":"image\/png"}],"twitter_card":"summary_large_image","twitter_misc":{"Tiempo de lectura":"7 minutos"},"schema":{"@context":"https:\/\/schema.org","@graph":[{"@type":"WebPage","@id":"https:\/\/fundesplai.org\/es\/colabora\/campana-solidaria-de-verano\/","url":"https:\/\/fundesplai.org\/es\/colabora\/campana-solidaria-de-verano\/","name":"Campa\u00f1a solidaria de verano - Fundesplai","isPartOf":{"@id":"https:\/\/fundesplai.org\/es\/#website"},"primaryImageOfPage":{"@id":"https:\/\/fundesplai.org\/es\/colabora\/campana-solidaria-de-verano\/#primaryimage"},"image":{"@id":"https:\/\/fundesplai.org\/es\/colabora\/campana-solidaria-de-verano\/#primaryimage"},"thumbnailUrl":"https:\/\/fundesplai.org\/wp-content\/uploads\/2024\/05\/campanya-beques-estiu-Fundesplai-banner.png","datePublished":"2024-02-22T14:23:18+00:00","dateModified":"2024-09-16T07:37:24+00:00","breadcrumb":{"@id":"https:\/\/fundesplai.org\/es\/colabora\/campana-solidaria-de-verano\/#breadcrumb"},"inLanguage":"es","potentialAction":[{"@type":"ReadAction","target":["https:\/\/fundesplai.org\/es\/colabora\/campana-solidaria-de-verano\/"]}]},{"@type":"ImageObject","inLanguage":"es","@id":"https:\/\/fundesplai.org\/es\/colabora\/campana-solidaria-de-verano\/#primaryimage","url":"https:\/\/fundesplai.org\/wp-content\/uploads\/2024\/05\/campanya-beques-estiu-Fundesplai-banner.png","contentUrl":"https:\/\/fundesplai.org\/wp-content\/uploads\/2024\/05\/campanya-beques-estiu-Fundesplai-banner.png","width":1888,"height":900,"caption":"Campanya de beques d'estiu de Fundesplai."},{"@type":"BreadcrumbList","@id":"https:\/\/fundesplai.org\/es\/colabora\/campana-solidaria-de-verano\/#breadcrumb","itemListElement":[{"@type":"ListItem","position":1,"name":"Inici","item":"https:\/\/fundesplai.org\/es\/inicio\/"},{"@type":"ListItem","position":2,"name":"Colabora","item":"https:\/\/fundesplai.org\/es\/colabora\/"},{"@type":"ListItem","position":3,"name":"Campa\u00f1a solidaria de verano"}]},{"@type":"WebSite","@id":"https:\/\/fundesplai.org\/es\/#website","url":"https:\/\/fundesplai.org\/es\/","name":"Fundesplai","description":"Eduquem per la conviv\u00e8ncia i la sostenibilitat","potentialAction":[{"@type":"SearchAction","target":{"@type":"EntryPoint","urlTemplate":"https:\/\/fundesplai.org\/es\/?s={search_term_string}"},"query-input":{"@type":"PropertyValueSpecification","valueRequired":true,"valueName":"search_term_string"}}],"inLanguage":"es"}]}},"_links":{"self":[{"href":"https:\/\/fundesplai.org\/es\/wp-json\/wp\/v2\/pages\/67745","targetHints":{"allow":["GET"]}}],"collection":[{"href":"https:\/\/fundesplai.org\/es\/wp-json\/wp\/v2\/pages"}],"about":[{"href":"https:\/\/fundesplai.org\/es\/wp-json\/wp\/v2\/types\/page"}],"author":[{"embeddable":true,"href":"https:\/\/fundesplai.org\/es\/wp-json\/wp\/v2\/users\/9"}],"replies":[{"embeddable":true,"href":"https:\/\/fundesplai.org\/es\/wp-json\/wp\/v2\/comments?post=67745"}],"version-history":[{"count":2,"href":"https:\/\/fundesplai.org\/es\/wp-json\/wp\/v2\/pages\/67745\/revisions"}],"predecessor-version":[{"id":67747,"href":"https:\/\/fundesplai.org\/es\/wp-json\/wp\/v2\/pages\/67745\/revisions\/67747"}],"up":[{"embeddable":true,"href":"https:\/\/fundesplai.org\/es\/wp-json\/wp\/v2\/pages\/46661"}],"wp:featuredmedia":[{"embeddable":true,"href":"https:\/\/fundesplai.org\/es\/wp-json\/wp\/v2\/media\/65670"}],"wp:attachment":[{"href":"https:\/\/fundesplai.org\/es\/wp-json\/wp\/v2\/media?parent=67745"}],"curies":[{"name":"wp","href":"https:\/\/api.w.org\/{rel}","templated":true}]}}