{"id":46940,"date":"2021-05-16T19:17:34","date_gmt":"2021-05-16T17:17:34","guid":{"rendered":"https:\/\/fundesplai.org\/inicio\/"},"modified":"2026-08-25T10:43:27","modified_gmt":"2026-08-25T08:43:27","slug":"inicio","status":"publish","type":"page","link":"https:\/\/fundesplai.org\/es\/","title":{"rendered":"Inicio"},"content":{"rendered":"<p>[et_pb_section fb_built=\u00bb1&#8243; fullwidth=\u00bbon\u00bb disabled_on=\u00bbon|on|on\u00bb admin_label=\u00bbSection SLIDER DIVERS\u00bb _builder_version=\u00bb4.16&#8243; _module_preset=\u00bbdefault\u00bb disabled=\u00bbon\u00bb locked=\u00bboff\u00bb collapsed=\u00bboff\u00bb global_colors_info=\u00bb{}\u00bb][et_pb_fullwidth_slider module_id=\u00bbfix-padding\u00bb module_class=\u00bbslider-capcalera slider-text-cta\u00bb _builder_version=\u00bb4.21.0&#8243; _module_preset=\u00bbdefault\u00bb global_colors_info=\u00bb{}\u00bb][et_pb_slide heading=\u00bbUn verano para todos y todas\u00bb button_text=\u00bb\u00a1Haz un donativo!\u00bb button_link=\u00bbhttps:\/\/fundesplai.org\/es\/colabora\/haz-un-donativo\/?mtm_campaign=Campanya%20Estiu%202025&amp;mtm_source=Slider%20web\u00bb dot_nav_custom_color=\u00bbRGBA(255,255,255,0)\u00bb _builder_version=\u00bb4.21.0&#8243; _module_preset=\u00bbdefault\u00bb background_image=\u00bbhttps:\/\/fundesplai.org\/wp-content\/uploads\/2024\/05\/Campanya-beques-estiu.png\u00bb background_enable_image=\u00bbon\u00bb background_position=\u00bbtop_center\u00bb link_option_url=\u00bbhttps:\/\/fundesplai.org\/es\/colabora\/haz-un-donativo\/?mtm_campaign=Campanya%20Estiu%202025&amp;mtm_source=Slider%20web\u00bb global_colors_info=\u00bb{}\u00bb sticky_transition=\u00bbon\u00bb]<\/p>\n<p style=\"text-align: center\">Becas para casales y colonias<\/p>\n<p>[\/et_pb_slide][et_pb_slide heading=\u00bbSomos Fundesplai\u00bb button_text=\u00bbConoce nuestra misi\u00f3n\u00bb button_link=\u00bbhttps:\/\/fundesplai.org\/es\/conoce\/mision-y-valores\/?mtm_campaign=Som%20Fundesplai&amp;mtm_source=Slider%20web\u00bb dot_nav_custom_color=\u00bbRGBA(255,255,255,0)\u00bb _builder_version=\u00bb4.21.0&#8243; _module_preset=\u00bbdefault\u00bb background_image=\u00bbhttps:\/\/fundesplai.org\/wp-content\/uploads\/2025\/05\/RS329_20N-Activitats-escola-Joan-Perucho-Albinyana-pintura_NOU.jpg\u00bb background_enable_image=\u00bbon\u00bb background_position=\u00bbtop_center\u00bb link_option_url=\u00bbhttps:\/\/fundesplai.org\/es\/conoce\/mision-y-valores\/?mtm_campaign=Som%20Fundesplai&amp;mtm_source=Slider%20web\u00bb global_colors_info=\u00bb{}\u00bb sticky_transition=\u00bbon\u00bb]<\/p>\n<p style=\"text-align: center\">Educamos para la convivencia y la sostenibilidad<\/p>\n<p>[\/et_pb_slide][et_pb_slide heading=\u00bbUn verano para vivir\u00bb button_text=\u00bb\u00a1Inscripciones abiertas!\u00bb button_link=\u00bbhttps:\/\/estiu.fundesplai.org\/\u00bb dot_nav_custom_color=\u00bbRGBA(255,255,255,0)\u00bb _builder_version=\u00bb4.21.0&#8243; _module_preset=\u00bbdefault\u00bb background_image=\u00bbhttps:\/\/fundesplai.org\/wp-content\/uploads\/2025\/05\/activitats-estiu-colonies-fundesplai.jpg\u00bb background_enable_image=\u00bbon\u00bb background_position=\u00bbtop_center\u00bb link_option_url=\u00bbhttps:\/\/estiu.fundesplai.org\/\u00bb global_colors_info=\u00bb{}\u00bb sticky_transition=\u00bbon\u00bb]<\/p>\n<p style=\"text-align: center\">Colonias, campos de trabajo, casales,&#8230; \u00a1todas las actividades de verano a un clic!<\/p>\n<p>[\/et_pb_slide][\/et_pb_fullwidth_slider][\/et_pb_section][et_pb_section fb_built=\u00bb1&#8243; disabled_on=\u00bbon|on|on\u00bb admin_label=\u00bbSection principal (desktop)  _ VIDEO INSTITUCIONAL DURANT EL CURS\u00bb module_id=\u00bbseccion-principal\u00bb _builder_version=\u00bb4.21.0&#8243; _module_preset=\u00bbdefault\u00bb background_video_mp4=\u00bbhttps:\/\/fundesplai.org\/wp-content\/uploads\/2023\/02\/home_1280x720.mp4&#8243; background_video_pause_outside_viewport=\u00bboff\u00bb background_last_edited=\u00bboff|desktop\u00bb disabled=\u00bbon\u00bb global_colors_info=\u00bb{}\u00bb background__hover_enabled=\u00bboff|desktop\u00bb][et_pb_row _builder_version=\u00bb4.19.0&#8243; _module_preset=\u00bbdefault\u00bb global_colors_info=\u00bb{}\u00bb][et_pb_column type=\u00bb4_4&#8243; _builder_version=\u00bb4.19.0&#8243; _module_preset=\u00bbdefault\u00bb global_colors_info=\u00bb{}\u00bb][et_pb_button button_url=\u00bb@ET-DC@eyJkeW5hbWljIjp0cnVlLCJjb250ZW50IjoicG9zdF9saW5rX3VybF9wYWdlIiwic2V0dGluZ3MiOnsicG9zdF9pZCI6IjIwIiwiZW5hYmxlX2h0bWwiOiJvZmYifX0=@\u00bb button_text=\u00bbConoce Fundesplai\u00bb admin_label=\u00bbButton Coneix\u00bb _builder_version=\u00bb4.21.0&#8243; _dynamic_attributes=\u00bbbutton_url\u00bb _module_preset=\u00bbdefault\u00bb global_colors_info=\u00bb{}\u00bb][\/et_pb_button][et_pb_code admin_label=\u00bbLink sigue leyendo\u00bb _builder_version=\u00bb4.19.0&#8243; _module_preset=\u00bbdefault\u00bb global_colors_info=\u00bb{}\u00bb]<a href=\"#seccio-descobreix-projectes-serveis\" id=\"link-segueix-llegint\"><i class=\"fas fa-chevron-down\"><\/i><span>Sigue leyendo<\/span><\/a>[\/et_pb_code][\/et_pb_column][\/et_pb_row][\/et_pb_section][et_pb_section fb_built=\u00bb1&#8243; disabled_on=\u00bboff|off|off\u00bb admin_label=\u00bbSection principal (desktop) _ VIDEO CAMPANYA SOLID\u00c0RIA ESTIU \u00bb module_id=\u00bbseccion-principal\u00bb _builder_version=\u00bb4.27.5&#8243; _module_preset=\u00bbdefault\u00bb background_video_mp4=\u00bbhttps:\/\/fundesplai.org\/wp-content\/uploads\/2026\/06\/CampnyaEstiu2026-NO-SUBS.mp4&#8243; background_video_pause_outside_viewport=\u00bboff\u00bb background_last_edited=\u00bboff|desktop\u00bb global_colors_info=\u00bb{}\u00bb background__hover_enabled=\u00bboff|desktop\u00bb][et_pb_row _builder_version=\u00bb4.19.0&#8243; _module_preset=\u00bbdefault\u00bb global_colors_info=\u00bb{}\u00bb][et_pb_column type=\u00bb4_4&#8243; _builder_version=\u00bb4.19.0&#8243; _module_preset=\u00bbdefault\u00bb global_colors_info=\u00bb{}\u00bb][et_pb_button button_url=\u00bbhttps:\/\/fundesplai.org\/es\/colabora\/campana-solidaria-de-verano\/\u00bb button_text=\u00bb\u00a1Campa\u00f1a de verano!\u00bb _builder_version=\u00bb4.27.5&#8243; _module_preset=\u00bbdefault\u00bb global_colors_info=\u00bb{}\u00bb][\/et_pb_button][et_pb_button button_url=\u00bb@ET-DC@eyJkeW5hbWljIjp0cnVlLCJjb250ZW50IjoicG9zdF9saW5rX3VybF9wYWdlIiwic2V0dGluZ3MiOnsicG9zdF9pZCI6IjMyIiwiZW5hYmxlX2h0bWwiOiJvZmYifX0=@\u00bb button_text=\u00bb\u00a1Campa\u00f1a de verano!\u00bb disabled_on=\u00bbon|on|on\u00bb admin_label=\u00bbButton Fes donatiu\u00bb _builder_version=\u00bb4.27.5&#8243; _dynamic_attributes=\u00bbbutton_url\u00bb _module_preset=\u00bbdefault\u00bb disabled=\u00bbon\u00bb global_colors_info=\u00bb{}\u00bb][\/et_pb_button][et_pb_code admin_label=\u00bbLink sigue leyendo\u00bb _builder_version=\u00bb4.19.0&#8243; _module_preset=\u00bbdefault\u00bb global_colors_info=\u00bb{}\u00bb]<a href=\"#seccio-descobreix-projectes-serveis\" id=\"link-segueix-llegint\"><i class=\"fas fa-chevron-down\"><\/i><span>Sigue leyendo<\/span><\/a>[\/et_pb_code][\/et_pb_column][\/et_pb_row][\/et_pb_section][et_pb_section fb_built=\u00bb1&#8243; disabled_on=\u00bbon|on|on\u00bb admin_label=\u00bbSection principal (m\u00f2bil)\u00bb module_id=\u00bbseccion-principal\u00bb _builder_version=\u00bb4.21.0&#8243; _module_preset=\u00bbdefault\u00bb background_video_mp4=\u00bbhttps:\/\/fundesplai.org\/wp-content\/uploads\/2023\/03\/home_640x360.mp4&#8243; background_video_pause_outside_viewport=\u00bboff\u00bb disabled=\u00bbon\u00bb global_colors_info=\u00bb{}\u00bb][et_pb_row _builder_version=\u00bb4.19.0&#8243; _module_preset=\u00bbdefault\u00bb global_colors_info=\u00bb{}\u00bb][et_pb_column type=\u00bb4_4&#8243; _builder_version=\u00bb4.19.0&#8243; _module_preset=\u00bbdefault\u00bb global_colors_info=\u00bb{}\u00bb][et_pb_button button_url=\u00bb@ET-DC@eyJkeW5hbWljIjp0cnVlLCJjb250ZW50IjoicG9zdF9saW5rX3VybF9wYWdlIiwic2V0dGluZ3MiOnsicG9zdF9pZCI6IjIwIiwiZW5hYmxlX2h0bWwiOiJvZmYifX0=@\u00bb button_text=\u00bbConoce Fundesplai\u00bb admin_label=\u00bbButton Coneix\u00bb _builder_version=\u00bb4.21.0&#8243; _dynamic_attributes=\u00bbbutton_url\u00bb _module_preset=\u00bbdefault\u00bb global_colors_info=\u00bb{}\u00bb][\/et_pb_button][et_pb_code admin_label=\u00bbLink sigue leyendo\u00bb _builder_version=\u00bb4.19.0&#8243; _module_preset=\u00bbdefault\u00bb global_colors_info=\u00bb{}\u00bb]<a href=\"#seccio-descobreix-projectes-serveis\" id=\"link-segueix-llegint\"><i class=\"fas fa-chevron-down\"><\/i><span>Sigue leyendo<\/span><\/a>[\/et_pb_code][\/et_pb_column][\/et_pb_row][\/et_pb_section][et_pb_section fb_built=\u00bb1&#8243; disabled_on=\u00bbon|on|on\u00bb admin_label=\u00bbSection\u00bb _builder_version=\u00bb4.19.0&#8243; _module_preset=\u00bbdefault\u00bb disabled=\u00bbon\u00bb collapsed=\u00bboff\u00bb global_colors_info=\u00bb{}\u00bb][et_pb_row column_structure=\u00bb1_3,1_3,1_3&#8243; use_custom_gutter=\u00bbon\u00bb _builder_version=\u00bb4.19.0&#8243; _module_preset=\u00bbdefault\u00bb width=\u00bb100%\u00bb max_width=\u00bb2560px\u00bb global_colors_info=\u00bb{}\u00bb][et_pb_column type=\u00bb1_3&#8243; _builder_version=\u00bb4.19.0&#8243; _module_preset=\u00bbdefault\u00bb global_colors_info=\u00bb{}\u00bb][et_pb_cta title=\u00bbEl consejero de Educaci\u00f3n visita Fundesplai\u00bb button_url=\u00bb#\u00bb button_text=\u00bb\u00a1Click!\u00bb module_class=\u00bbcta-destacats-home\u00bb _builder_version=\u00bb4.19.0&#8243; _module_preset=\u00bbdefault\u00bb background_image=\u00bbhttps:\/\/fundesplai.org\/wp-content\/uploads\/2023\/01\/VisitaCambray3.jpg\u00bb link_option_url=\u00bb#\u00bb global_colors_info=\u00bb{}\u00bb]<\/p>\n<p>Josep Gonz\u00e1lez Cambray, Consejero de Educaci\u00f3n de la Generalidad de Catalu\u00f1a, ha visitado este jueves 19 de enero de 2023 la sede de Fundesplai en El Prat de Llobregat. Durante la visita ha podido hablar con j\u00f3venes del Ma\u00f1ana Joven, visitar la exposici\u00f3n \u00abCome. Act\u00faa. Impacta\u00bb y conocer los proyectos de presente y futuro de la entidad. <\/p>\n<p>[\/et_pb_cta][\/et_pb_column][et_pb_column type=\u00bb1_3&#8243; _builder_version=\u00bb4.19.0&#8243; _module_preset=\u00bbdefault\u00bb global_colors_info=\u00bb{}\u00bb][et_pb_cta title=\u00bbCOME. ACT\u00daA. IMPACTA  \u00bb button_url=\u00bb#\u00bb button_text=\u00bb\u00a1Click!\u00bb module_class=\u00bbcta-destacats-home\u00bb _builder_version=\u00bb4.19.0&#8243; _module_preset=\u00bbdefault\u00bb background_image=\u00bbhttps:\/\/fundesplai.org\/wp-content\/uploads\/2022\/12\/screenshot-fundesplai.org-2022.12.15-14_07_04.png\u00bb link_option_url=\u00bb#\u00bb global_colors_info=\u00bb{}\u00bb]<\/p>\n<p>Una innovadora exposici\u00f3n sobre alimentaci\u00f3n sostenible y saludable de 1500 m2. Un viaje para saber c\u00f3mo a trav\u00e9s de la comida podemos promover un ma\u00f1ana m\u00e1s saludable, justo y sostenible. <\/p>\n<p>[\/et_pb_cta][\/et_pb_column][et_pb_column type=\u00bb1_3&#8243; _builder_version=\u00bb4.19.0&#8243; _module_preset=\u00bbdefault\u00bb global_colors_info=\u00bb{}\u00bb][et_pb_cta title=\u00bbCOME. ACT\u00daA. IMPACTA  \u00bb button_url=\u00bb#\u00bb button_text=\u00bb\u00a1Click!\u00bb module_class=\u00bbcta-destacats-home\u00bb _builder_version=\u00bb4.19.0&#8243; _module_preset=\u00bbdefault\u00bb background_image=\u00bbhttps:\/\/fundesplai.org\/wp-content\/uploads\/2022\/12\/screenshot-fundesplai.org-2022.12.15-14_07_04.png\u00bb link_option_url=\u00bb#\u00bb global_colors_info=\u00bb{}\u00bb]<\/p>\n<p>Una innovadora exposici\u00f3n sobre alimentaci\u00f3n sostenible y saludable de 1500 m2. Un viaje para saber c\u00f3mo a trav\u00e9s de la comida podemos promover un ma\u00f1ana m\u00e1s saludable, justo y sostenible. <\/p>\n<p>[\/et_pb_cta][\/et_pb_column][\/et_pb_row][\/et_pb_section][et_pb_section fb_built=\u00bb1&#8243; disabled_on=\u00bbon|on|on\u00bb admin_label=\u00bbSection Descobreix programes i serveis\u00bb module_id=\u00bbseccion-descubre-proyectos-servicios\u00bb module_class=\u00bbgraella-icona-circular-giratoria\u00bb _builder_version=\u00bb4.19.0&#8243; _module_preset=\u00bbdefault\u00bb custom_margin=\u00bb50px||||false|false\u00bb disabled=\u00bbon\u00bb collapsed=\u00bbon\u00bb global_colors_info=\u00bb{}\u00bb][et_pb_row _builder_version=\u00bb4.19.0&#8243; _module_preset=\u00bbdefault\u00bb global_colors_info=\u00bb{}\u00bb][et_pb_column type=\u00bb4_4&#8243; _builder_version=\u00bb4.19.0&#8243; _module_preset=\u00bbdefault\u00bb global_colors_info=\u00bb{}\u00bb][et_pb_text admin_label=\u00bbT\u00edtol\u00bb _builder_version=\u00bb4.19.0&#8243; _module_preset=\u00bbdefault\u00bb global_colors_info=\u00bb{}\u00bb]<\/p>\n<h2>Descubre los proyectos y servicios<\/h2>\n<p>[\/et_pb_text][\/et_pb_column][\/et_pb_row][et_pb_row column_structure=\u00bb1_3,1_3,1_3&#8243; _builder_version=\u00bb4.19.0&#8243; _module_preset=\u00bbdefault\u00bb global_colors_info=\u00bb{}\u00bb][et_pb_column type=\u00bb1_3&#8243; _builder_version=\u00bb4.19.0&#8243; _module_preset=\u00bbdefault\u00bb global_colors_info=\u00bb{}\u00bb][et_pb_blurb title=\u00bbProgramas escolares\u00bb url=\u00bbhttps:\/\/escoles.fundesplai.org\/es\/\u00bb use_icon=\u00bbon\u00bb font_icon=\u00bb&#xf549;||fa||900&#8243; icon_placement=\u00bbleft\u00bb admin_label=\u00bbBlurb Programes escolars\u00bb _builder_version=\u00bb4.19.0&#8243; _module_preset=\u00bbdefault\u00bb link_option_url=\u00bbhttps:\/\/escoles.fundesplai.org\/es\/\u00bb global_colors_info=\u00bb{}\u00bb]<\/p>\n<p>Ocio educativo transformador para escuelas: comedor escolar, salidas, colonias,\u2026<\/p>\n<p><span class=\"link-web\">Entra en la web del Mundo escolar <i class=\"fa-solid fa-arrow-up-right-from-square\"><\/i><\/span><\/p>\n<p>[\/et_pb_blurb][\/et_pb_column][et_pb_column type=\u00bb1_3&#8243; _builder_version=\u00bb4.19.0&#8243; _module_preset=\u00bbdefault\u00bb global_colors_info=\u00bb{}\u00bb][et_pb_blurb title=\u00bbCasas de colonias\u00bb url=\u00bbhttps:\/\/cases.fundesplai.org\/es\/\u00bb use_icon=\u00bbon\u00bb font_icon=\u00bb&#xe010;||fa||900&#8243; icon_placement=\u00bbleft\u00bb admin_label=\u00bbBlurb Cases de col\u00f2nies\u00bb _builder_version=\u00bb4.19.0&#8243; _module_preset=\u00bbdefault\u00bb link_option_url=\u00bbhttps:\/\/cases.fundesplai.org\/es\/\u00bb global_colors_info=\u00bb{}\u00bb]<\/p>\n<p>\u00a126 casas de colonias, albergues y terrenos de acampada en plena naturaleza!<\/p>\n<p><span class=\"link-web\">Entra en la web de las casas de colonias <i class=\"fa-solid fa-arrow-up-right-from-square\"><\/i><\/span><\/p>\n<p>[\/et_pb_blurb][\/et_pb_column][et_pb_column type=\u00bb1_3&#8243; _builder_version=\u00bb4.19.0&#8243; _module_preset=\u00bbdefault\u00bb global_colors_info=\u00bb{}\u00bb][et_pb_blurb title=\u00bbFormaci\u00f3n\u00bb url=\u00bbhttps:\/\/formacio.fundesplai.org\/es\/\u00bb use_icon=\u00bbon\u00bb font_icon=\u00bb&#xf109;||fa||900&#8243; icon_placement=\u00bbleft\u00bb admin_label=\u00bbBlurb Formaci\u00f3\u00bb _builder_version=\u00bb4.19.0&#8243; _module_preset=\u00bbdefault\u00bb link_option_url=\u00bbhttps:\/\/formacio.fundesplai.org\/es\/\u00bb global_colors_info=\u00bb{}\u00bb]<\/p>\n<p>Cursos presenciales y online por la capacitaci\u00f3n y el impulso de cambios sociales.<\/p>\n<p><span class=\"link-web\">Entra en la web de Formaci\u00f3n <i class=\"fa-solid fa-arrow-up-right-from-square\"><\/i><\/span><\/p>\n<p>[\/et_pb_blurb][\/et_pb_column][\/et_pb_row][et_pb_row column_structure=\u00bb1_3,1_3,1_3&#8243; _builder_version=\u00bb4.19.0&#8243; _module_preset=\u00bbdefault\u00bb global_colors_info=\u00bb{}\u00bb][et_pb_column type=\u00bb1_3&#8243; _builder_version=\u00bb4.19.0&#8243; _module_preset=\u00bbdefault\u00bb global_colors_info=\u00bb{}\u00bb][et_pb_blurb title=\u00bbSuport Tercer Sector\u00bb url=\u00bbhttps:\/\/suport.fundesplai.org\/es\/\u00bb use_icon=\u00bbon\u00bb font_icon=\u00bb&#xf4c4;||fa||900&#8243; icon_placement=\u00bbleft\u00bb admin_label=\u00bbBlurb Suport Tercer Sector\u00bb _builder_version=\u00bb4.19.0&#8243; _module_preset=\u00bbdefault\u00bb link_option_url=\u00bbhttps:\/\/suport.fundesplai.org\/es\/\u00bb global_colors_info=\u00bb{}\u00bb]<\/p>\n<p>Servicios para entidades: jur\u00eddico, econ\u00f3mico, inform\u00e1tico, laboral\u2026<\/p>\n<p><span class=\"link-web\">Entra en la web de Apoyo Tercer Sector <i class=\"fa-solid fa-arrow-up-right-from-square\"><\/i><\/span><\/p>\n<p>[\/et_pb_blurb][\/et_pb_column][et_pb_column type=\u00bb1_3&#8243; _builder_version=\u00bb4.19.0&#8243; _module_preset=\u00bbdefault\u00bb global_colors_info=\u00bb{}\u00bb][et_pb_blurb title=\u00bbProgramas sociales y para j\u00f3venes\u00bb url=\u00bb@ET-DC@eyJkeW5hbWljIjp0cnVlLCJjb250ZW50IjoicG9zdF9saW5rX3VybF9wYWdlIiwic2V0dGluZ3MiOnsicG9zdF9pZCI6IjM1NDU1IiwiZW5hYmxlX2h0bWwiOiJvZmYifX0=@\u00bb use_icon=\u00bbon\u00bb font_icon=\u00bb&#xf0c0;||fa||900&#8243; icon_placement=\u00bbleft\u00bb admin_label=\u00bbBlurb Programes socials i per a joves\u00bb _builder_version=\u00bb4.19.0&#8243; _dynamic_attributes=\u00bburl,link_option_url\u00bb _module_preset=\u00bbdefault\u00bb link_option_url=\u00bb@ET-DC@eyJkeW5hbWljIjp0cnVlLCJjb250ZW50IjoicG9zdF9saW5rX3VybF9wYWdlIiwic2V0dGluZ3MiOnsicG9zdF9pZCI6IjM1NDU1IiwiZW5hYmxlX2h0bWwiOiJvZmYifX0=@\u00bb global_colors_info=\u00bb{}\u00bb]<\/p>\n<p>Proyectos socioeducativos de capacitaci\u00f3n e inserci\u00f3n sociolaboral<\/p>\n<p><span class=\"link-web\">Consulta todos los proyectos<\/span><\/p>\n<p>[\/et_pb_blurb][\/et_pb_column][et_pb_column type=\u00bb1_3&#8243; _builder_version=\u00bb4.19.0&#8243; _module_preset=\u00bbdefault\u00bb global_colors_info=\u00bb{}\u00bb][et_pb_blurb title=\u00bbEsplais\u00bb url=\u00bbhttps:\/\/esplai.fundesplai.org\/\u00bb use_icon=\u00bbon\u00bb font_icon=\u00bb&#xf6f4;||fa||900&#8243; icon_placement=\u00bbleft\u00bb admin_label=\u00bbBlurb Esplais\u00bb _builder_version=\u00bb4.19.0&#8243; _module_preset=\u00bbdefault\u00bb link_option_url=\u00bbhttps:\/\/esplai.fundesplai.org\/\u00bb global_colors_info=\u00bb{}\u00bb]<\/p>\n<p>133 Esplais y proyectos de ocio por toda Catalu\u00f1a.<\/p>\n<p><span class=\"link-web\">Entra en la web de la Federac\u00f3 <i class=\"fa-solid fa-arrow-up-right-from-square\"><\/i><\/span><\/p>\n<p>[\/et_pb_blurb][\/et_pb_column][\/et_pb_row][et_pb_row column_structure=\u00bb1_3,1_3,1_3&#8243; _builder_version=\u00bb4.19.0&#8243; _module_preset=\u00bbdefault\u00bb global_colors_info=\u00bb{}\u00bb][et_pb_column type=\u00bb1_3&#8243; _builder_version=\u00bb4.19.0&#8243; _module_preset=\u00bbdefault\u00bb global_colors_info=\u00bb{}\u00bb][et_pb_blurb title=\u00bbServicios para la peque\u00f1a infancia\u00bb url=\u00bbhttps:\/\/fundesplai.org\/wp-content\/uploads\/2022\/07\/Escola-bressol-Fundesplai.jpg\u00bb use_icon=\u00bbon\u00bb font_icon=\u00bb&#xf77c;||fa||900&#8243; icon_placement=\u00bbleft\u00bb admin_label=\u00bbBlurb Serveis per a la petita inf\u00e0ncia\u00bb _builder_version=\u00bb4.19.0&#8243; _module_preset=\u00bbdefault\u00bb link_option_url=\u00bbhttps:\/\/fundesplai.org\/wp-content\/uploads\/2022\/07\/Escola-bressol-Fundesplai.jpg\u00bb global_colors_info=\u00bb{}\u00bb]<\/p>\n<p>Gesti\u00f3n de guarder\u00edas, espacios familiares, cunas de verano, apoyo educativo,\u2026<\/p>\n<p><span class=\"link-web\">Entra en la web del Mundo escolar <i class=\"fa-solid fa-arrow-up-right-from-square\"><\/i><\/span><\/p>\n<p>[\/et_pb_blurb][\/et_pb_column][et_pb_column type=\u00bb1_3&#8243; _builder_version=\u00bb4.19.0&#8243; _module_preset=\u00bbdefault\u00bb global_colors_info=\u00bb{}\u00bb][et_pb_blurb title=\u00bbAlber Centre Esplai\u00bb url=\u00bbhttps:\/\/albergueesplaibarcelona.com\/\u00bb use_icon=\u00bbon\u00bb font_icon=\u00bb&#xe00e;||fa||900&#8243; icon_placement=\u00bbleft\u00bb admin_label=\u00bbBlurb Alberg Centre Esplai\u00bb _builder_version=\u00bb4.19.0&#8243; _module_preset=\u00bbdefault\u00bb link_option_url=\u00bbhttps:\/\/albergueesplaibarcelona.com\/\u00bb global_colors_info=\u00bb{}\u00bb]<\/p>\n<p>Nuestro albergue sostenible en El Prat del Llobregat<\/p>\n<p><span class=\"link-web\">Entra en la web del albergue <i class=\"fa-solid fa-arrow-up-right-from-square\"><\/i><\/span><\/p>\n<p>[\/et_pb_blurb][\/et_pb_column][et_pb_column type=\u00bb1_3&#8243; _builder_version=\u00bb4.19.0&#8243; _module_preset=\u00bbdefault\u00bb global_colors_info=\u00bb{}\u00bb][et_pb_blurb title=\u00bbMenja Actua Impacta\u00bb url=\u00bbhttps:\/\/menjaactuaimpacta.org\/es\/\u00bb use_icon=\u00bbon\u00bb font_icon=\u00bb&#xe559;||fa||900&#8243; icon_placement=\u00bbleft\u00bb admin_label=\u00bbBlurb Menja Actua Impacta\u00bb _builder_version=\u00bb4.19.0&#8243; _module_preset=\u00bbdefault\u00bb link_option_url=\u00bbhttps:\/\/menjaactuaimpacta.org\/es\/\u00bb global_colors_info=\u00bb{}\u00bb]<\/p>\n<p>La exposici\u00f3n sobre alimentaci\u00f3n sostenible y saludable.<\/p>\n<p><span class=\"link-web\">Entra en la web de la exposici\u00f3n <i class=\"fa-solid fa-arrow-up-right-from-square\"><\/i><\/span><\/p>\n<p>[\/et_pb_blurb][\/et_pb_column][\/et_pb_row][\/et_pb_section][et_pb_section fb_built=\u00bb1&#8243; admin_label=\u00bbSection Qu\u00e8 fem\u00bb module_id=\u00bbseccion-descubre-proyectos-servicios\u00bb module_class=\u00bbgraella-icona-circular-giratoria\u00bb _builder_version=\u00bb4.19.0&#8243; _module_preset=\u00bbdefault\u00bb custom_margin=\u00bb50px||||false|false\u00bb global_colors_info=\u00bb{}\u00bb][et_pb_row _builder_version=\u00bb4.19.0&#8243; _module_preset=\u00bbdefault\u00bb custom_margin=\u00bb||50px||false|false\u00bb global_colors_info=\u00bb{}\u00bb][et_pb_column type=\u00bb4_4&#8243; _builder_version=\u00bb4.19.0&#8243; _module_preset=\u00bbdefault\u00bb global_colors_info=\u00bb{}\u00bb][et_pb_text admin_label=\u00bbEduquem per a la conviv\u00e8ncia i la sostenibilitat\u00bb _builder_version=\u00bb4.19.0&#8243; _module_preset=\u00bbdefault\u00bb global_colors_info=\u00bb{}\u00bb]<\/p>\n<h2>Educamos para la convivencia y la sostenibilidad<\/h2>\n<p>[\/et_pb_text][et_pb_text _builder_version=\u00bb4.19.0&#8243; _module_preset=\u00bbdefault\u00bb global_colors_info=\u00bb{}\u00bb]<\/p>\n<p style=\"text-align: center\">Nuestra <a href=\"https:\/\/fundesplai.org\/es\/conoce\/mision-y-valores\/\">misi\u00f3n<\/a> es educar a los ni\u00f1os y j\u00f3venes, fortalecer a las entidades de ocio y al Tercer Sector, mejorar el medio ambiente y promover la ciudadan\u00eda y la inclusi\u00f3n social, con voluntad transformadora. Todos nuestros <strong>proyectos y servicios<\/strong> est\u00e1n enfocados a cumplir con ese objetivo a partir de nuestros compromisos con la educaci\u00f3n, la convivencia y la sostenibilidad. <\/p>\n<p>[\/et_pb_text][\/et_pb_column][\/et_pb_row][et_pb_row column_structure=\u00bb1_3,1_3,1_3&#8243; _builder_version=\u00bb4.19.0&#8243; _module_preset=\u00bbdefault\u00bb global_colors_info=\u00bb{}\u00bb][et_pb_column type=\u00bb1_3&#8243; _builder_version=\u00bb4.19.0&#8243; _module_preset=\u00bbdefault\u00bb global_colors_info=\u00bb{}\u00bb][et_pb_blurb title=\u00bbOcio educativo escolar\u00bb url=\u00bbhttps:\/\/escoles.fundesplai.org\/es\/\u00bb use_icon=\u00bbon\u00bb font_icon=\u00bb&#xf549;||fa||900&#8243; admin_label=\u00bbBlurb Programes escolars\u00bb _builder_version=\u00bb4.21.0&#8243; _module_preset=\u00bbdefault\u00bb text_orientation=\u00bbcenter\u00bb link_option_url=\u00bbhttps:\/\/escoles.fundesplai.org\/es\/\u00bb global_colors_info=\u00bb{}\u00bb]<\/p>\n<p>Ocio educativo en el \u00e1mbito escolar: tiempo educativo del mediod\u00eda, extraescolares, salidas,&#8230;<\/p>\n<p><span class=\"link-web\">Entra en la web del Mundo escolar <i class=\"fa-solid fa-arrow-up-right-from-square\"><\/i><\/span><\/p>\n<p>[\/et_pb_blurb][\/et_pb_column][et_pb_column type=\u00bb1_3&#8243; _builder_version=\u00bb4.19.0&#8243; _module_preset=\u00bbdefault\u00bb global_colors_info=\u00bb{}\u00bb][et_pb_blurb title=\u00bbCasas de colonias\u00bb url=\u00bbhttps:\/\/cases.fundesplai.org\/es\/\u00bb use_icon=\u00bbon\u00bb font_icon=\u00bb&#xe010;||fa||900&#8243; admin_label=\u00bbBlurb Cases de col\u00f2nies\u00bb _builder_version=\u00bb4.19.0&#8243; _module_preset=\u00bbdefault\u00bb text_orientation=\u00bbcenter\u00bb link_option_url=\u00bbhttps:\/\/cases.fundesplai.org\/es\/\u00bb global_colors_info=\u00bb{}\u00bb]<\/p>\n<p>\u00a1Casas de colonias, albergues y terrenos de acampada en plena naturaleza!<\/p>\n<p><span class=\"link-web\">Entra en la web de las casas de colonias <i class=\"fa-solid fa-arrow-up-right-from-square\"><\/i><\/span><\/p>\n<p>[\/et_pb_blurb][\/et_pb_column][et_pb_column type=\u00bb1_3&#8243; _builder_version=\u00bb4.19.0&#8243; _module_preset=\u00bbdefault\u00bb global_colors_info=\u00bb{}\u00bb][et_pb_blurb title=\u00bbFormaci\u00f3n\u00bb url=\u00bbhttps:\/\/formacio.fundesplai.org\/es\/\u00bb use_icon=\u00bbon\u00bb font_icon=\u00bb&#xf63d;||fa||900&#8243; admin_label=\u00bbBlurb Formaci\u00f3\u00bb _builder_version=\u00bb4.19.0&#8243; _module_preset=\u00bbdefault\u00bb text_orientation=\u00bbcenter\u00bb link_option_url=\u00bbhttps:\/\/formacio.fundesplai.org\/es\/\u00bb global_colors_info=\u00bb{}\u00bb]<\/p>\n<p>Cursos presenciales y online por la capacitaci\u00f3n y el impulso de cambios sociales.<\/p>\n<p><span class=\"link-web\">Entra en la web de Formaci\u00f3n <i class=\"fa-solid fa-arrow-up-right-from-square\"><\/i><\/span><\/p>\n<p>[\/et_pb_blurb][\/et_pb_column][\/et_pb_row][et_pb_row column_structure=\u00bb1_3,1_3,1_3&#8243; _builder_version=\u00bb4.19.0&#8243; _module_preset=\u00bbdefault\u00bb global_colors_info=\u00bb{}\u00bb][et_pb_column type=\u00bb1_3&#8243; _builder_version=\u00bb4.19.0&#8243; _module_preset=\u00bbdefault\u00bb global_colors_info=\u00bb{}\u00bb][et_pb_blurb title=\u00bbEsplais\u00bb url=\u00bbhttps:\/\/fundesplai.org\/es\/esplais\/\u00bb use_icon=\u00bbon\u00bb font_icon=\u00bb&#xf6f4;||fa||900&#8243; admin_label=\u00bbBlurb Esplais\u00bb _builder_version=\u00bb4.19.0&#8243; _module_preset=\u00bbdefault\u00bb text_orientation=\u00bbcenter\u00bb link_option_url=\u00bbhttps:\/\/fundesplai.org\/es\/esplais\/\u00bb global_colors_info=\u00bb{}\u00bb]<\/p>\n<p>Esplais y proyectos de ocio educativo por toda Catalu\u00f1a.<\/p>\n<p><span class=\"link-web\">Entra en la p\u00e1gina de los esplais<\/span>[\/et_pb_blurb][\/et_pb_column][et_pb_column type=\u00bb1_3&#8243; _builder_version=\u00bb4.19.0&#8243; _module_preset=\u00bbdefault\u00bb global_colors_info=\u00bb{}\u00bb][et_pb_blurb title=\u00bbSuport Tercer Sector\u00bb url=\u00bbhttps:\/\/suport.fundesplai.org\/es\/\u00bb use_icon=\u00bbon\u00bb font_icon=\u00bb&#xe165;||fa||900&#8243; admin_label=\u00bbBlurb Suport Tercer Sector\u00bb _builder_version=\u00bb4.19.0&#8243; _module_preset=\u00bbdefault\u00bb text_orientation=\u00bbcenter\u00bb link_option_url=\u00bbhttps:\/\/suport.fundesplai.org\/es\/\u00bb global_colors_info=\u00bb{}\u00bb]<\/p>\n<p>Servicios para entidades: jur\u00eddico, econ\u00f3mico, inform\u00e1tico, laboral\u2026<\/p>\n<p><span class=\"link-web\">Entra en la web de Apoyo Tercer Sector <i class=\"fa-solid fa-arrow-up-right-from-square\"><\/i><\/span><\/p>\n<p>[\/et_pb_blurb][\/et_pb_column][et_pb_column type=\u00bb1_3&#8243; _builder_version=\u00bb4.19.0&#8243; _module_preset=\u00bbdefault\u00bb global_colors_info=\u00bb{}\u00bb][et_pb_blurb title=\u00bbProgramas sociales y para j\u00f3venes\u00bb url=\u00bbhttps:\/\/fundesplai.org\/programes-socials-i-joves\/es\/\u00bb use_icon=\u00bbon\u00bb font_icon=\u00bb&#xe533;||fa||900&#8243; admin_label=\u00bbBlurb Programes socials i per a joves\u00bb _builder_version=\u00bb4.21.0&#8243; _module_preset=\u00bbdefault\u00bb text_orientation=\u00bbcenter\u00bb link_option_url=\u00bbhttps:\/\/fundesplai.org\/programes-socials-i-joves\/es\/\u00bb global_colors_info=\u00bb{}\u00bb]<\/p>\n<p>Proyectos socioeducativos de capacitaci\u00f3n e inserci\u00f3n sociolaboral.<\/p>\n<p><span class=\"link-web\">Consulta todos los proyectos<\/span><\/p>\n<p>[\/et_pb_blurb][\/et_pb_column][\/et_pb_row][et_pb_row column_structure=\u00bb1_3,1_3,1_3&#8243; make_equal=\u00bbon\u00bb _builder_version=\u00bb4.19.0&#8243; _module_preset=\u00bbdefault\u00bb global_colors_info=\u00bb{}\u00bb][et_pb_column type=\u00bb1_3&#8243; _builder_version=\u00bb4.19.0&#8243; _module_preset=\u00bbdefault\u00bb global_colors_info=\u00bb{}\u00bb][et_pb_blurb title=\u00bbActividades de vacaciones\u00bb url=\u00bbhttps:\/\/estiu.fundesplai.org\/\u00bb use_icon=\u00bbon\u00bb font_icon=\u00bb&#xf185;||fa||900&#8243; admin_label=\u00bbActivitats de vacances\u00bb _builder_version=\u00bb4.19.0&#8243; _module_preset=\u00bbdefault\u00bb text_orientation=\u00bbcenter\u00bb link_option_url=\u00bbhttps:\/\/estiu.fundesplai.org\/\u00bb global_colors_info=\u00bb{}\u00bb]<\/p>\n<p>Casales de verano, de invierno, colonias, campamentos, campos de trabajo,&#8230;<\/p>\n<p><span class=\"link-web\">\u00a1Inscr\u00edbete a las actividades! <i class=\"fa-solid fa-arrow-up-right-from-square\"><\/i><\/span><\/p>\n<p>[\/et_pb_blurb][\/et_pb_column][et_pb_column type=\u00bb1_3&#8243; _builder_version=\u00bb4.19.0&#8243; _module_preset=\u00bbdefault\u00bb global_colors_info=\u00bb{}\u00bb][et_pb_blurb title=\u00bbAlberg Centre Esplai\u00bb url=\u00bbhttps:\/\/albergueesplaibarcelona.com\/\u00bb use_icon=\u00bbon\u00bb font_icon=\u00bb&#xf236;||fa||900&#8243; admin_label=\u00bbBlurb Alberg Centre Esplai\u00bb _builder_version=\u00bb4.19.0&#8243; _module_preset=\u00bbdefault\u00bb text_orientation=\u00bbcenter\u00bb link_option_url=\u00bbhttps:\/\/albergueesplaibarcelona.com\/\u00bb global_colors_info=\u00bb{}\u00bb]<\/p>\n<p>Nuestro albergue sostenible en El Prat del Llobregat.<\/p>\n<p><span class=\"link-web\">Entra en la web del albergue <i class=\"fa-solid fa-arrow-up-right-from-square\"><\/i><\/span><\/p>\n<p>[\/et_pb_blurb][\/et_pb_column][et_pb_column type=\u00bb1_3&#8243; _builder_version=\u00bb4.19.0&#8243; _module_preset=\u00bbdefault\u00bb global_colors_info=\u00bb{}\u00bb][et_pb_blurb title=\u00bbExposici\u00f3n MENJA, ACTUA, IMPACTA\u00bb url=\u00bbhttps:\/\/menjaactuaimpacta.org\/es\/\u00bb use_icon=\u00bbon\u00bb font_icon=\u00bb&#xe43f;||fa||900&#8243; admin_label=\u00bbExposici\u00f3\u00bb _builder_version=\u00bb4.19.0&#8243; _module_preset=\u00bbdefault\u00bb text_orientation=\u00bbcenter\u00bb link_option_url=\u00bbhttps:\/\/menjaactuaimpacta.org\/es\/\u00bb global_colors_info=\u00bb{}\u00bb]<\/p>\n<p>Exposici\u00f3n tem\u00e1tica sobre alimentaci\u00f3n sostenible y saludable<\/p>\n<p><span class=\"link-web\">Entra en la web de la exposici\u00f3n <i class=\"fa-solid fa-arrow-up-right-from-square\"><\/i><\/span><\/p>\n<p>[\/et_pb_blurb][\/et_pb_column][\/et_pb_row][\/et_pb_section][et_pb_section fb_built=\u00bb1&#8243; admin_label=\u00bbSection Destaquem\u00bb _builder_version=\u00bb4.19.0&#8243; _module_preset=\u00bbdefault\u00bb global_colors_info=\u00bb{}\u00bb][et_pb_row _builder_version=\u00bb4.19.0&#8243; _module_preset=\u00bbdefault\u00bb global_colors_info=\u00bb{}\u00bb][et_pb_column type=\u00bb4_4&#8243; _builder_version=\u00bb4.19.0&#8243; _module_preset=\u00bbdefault\u00bb global_colors_info=\u00bb{}\u00bb][et_pb_text admin_label=\u00bbDESTAQUEM\u00bb _builder_version=\u00bb4.21.0&#8243; _module_preset=\u00bbdefault\u00bb global_colors_info=\u00bb{}\u00bb]<\/p>\n<h2>Destacamos<\/h2>\n<p>[\/et_pb_text][\/et_pb_column][\/et_pb_row][et_pb_row _builder_version=\u00bb4.19.0&#8243; _module_preset=\u00bbdefault\u00bb custom_margin=\u00bb||||false|false\u00bb global_colors_info=\u00bb{}\u00bb][et_pb_column type=\u00bb4_4&#8243; _builder_version=\u00bb4.19.0&#8243; _module_preset=\u00bbdefault\u00bb global_colors_info=\u00bb{}\u00bb][et_pb_code _builder_version=\u00bb4.21.0&#8243; _module_preset=\u00bbdefault\u00bb global_colors_info=\u00bb{}\u00bb]\n\t\t\t<div class='seccio-informat seccio-destacats seccio-destacats-5'>\n\t\t\n\t\t\t\t<a class='informat-item destacat destacat-0 ' href='https:\/\/fundesplai.org\/premis-josep-gasso\/' style=\"background-image:url('https:\/\/fundesplai.org\/wp-content\/uploads\/2025\/05\/PremisJG-1024x488.jpg')\">\n\t\t\t\t\t<div class='informat-tipus'>Destacat<\/div>\n\t\t\t\t\t<div class='informat-body'>\n\t\t\t\t\t\t<div class='informat-header'>\n\t\t\t\t\t\t\t<h3 class='informat-titol'>\n\t\t\t\t\t\t\t\tII Premios Josep Gass\u00f3 Espina: inscripciones abiertas\n\t\t\t\t\t\t\t<\/h3>\n\t\t\t\t\t\t<\/div>\n\t\t\t\t\t<\/div>\n\t\t\t\t\t<div class='informat-body-hover'>\n\t\t\t\t\t\t<p>Ya se pueden presentar los proyectos para la segunda edici\u00f3n de los Premios Josep Gass\u00f3 Espina, hasta el 15 de octubre. Premios para entidades, esplais y grupos de j\u00f3venes.<\/p>\n\n\t\t\t\t\t<\/div>\n\t\t\t\t<\/a>\n\t\t\t\n\t\t\t\t<a class='informat-item destacat destacat-1 ' href='https:\/\/fundesplai.org\/es\/informa-t\/actualidad\/families-viuen-eclipsi-solar-cases-colonies\/' style=\"background-image:url('https:\/\/fundesplai.org\/wp-content\/uploads\/2026\/08\/eclipsi-cases-colonies-1024x513.jpg')\">\n\t\t\t\t\t<div class='informat-tipus'>Destacat<\/div>\n\t\t\t\t\t<div class='informat-body'>\n\t\t\t\t\t\t<div class='informat-header'>\n\t\t\t\t\t\t\t<h3 class='informat-titol'>\n\t\t\t\t\t\t\t\tLas familias viven el eclipse solar en las casas de colonias entre actividades de astronom\u00eda y naturaleza\n\t\t\t\t\t\t\t<\/h3>\n\t\t\t\t\t\t<\/div>\n\t\t\t\t\t<\/div>\n\t\t\t\t\t<div class='informat-body-hover'>\n\t\t\t\t\t\t<p>Coincidiendo con el eclipse solar del 12 de agosto, decenas de familias que disfrutaban de unos d\u00edas de vacaciones en casas de colonias en la naturaleza han podido acercarse al mundo de la astronom\u00eda a trav\u00e9s de propuestas de ocio educativo.<\/p>\n\n\t\t\t\t\t<\/div>\n\t\t\t\t<\/a>\n\t\t\t\n\t\t\t\t<a class='informat-item destacat destacat-2 ' href='https:\/\/fundesplai.org\/es\/informa-t\/actualidad\/actividades-de-ocio-educativo-en-agosto\/' style=\"background-image:url('https:\/\/fundesplai.org\/wp-content\/uploads\/2026\/07\/activitats-lleure-agost-1024x682.jpg')\">\n\t\t\t\t\t<div class='informat-tipus'>Destacat<\/div>\n\t\t\t\t\t<div class='informat-body'>\n\t\t\t\t\t\t<div class='informat-header'>\n\t\t\t\t\t\t\t<h3 class='informat-titol'>\n\t\t\t\t\t\t\t\tActividades de ocio educativo en agosto\n\t\t\t\t\t\t\t<\/h3>\n\t\t\t\t\t\t<\/div>\n\t\t\t\t\t<\/div>\n\t\t\t\t\t<div class='informat-body-hover'>\n\t\t\t\t\t\t<p>Mantenemos diferentes actividades con el objetivo de facilitar la conciliaci\u00f3n de las familias y ofrecer una alternativa de ocio educativo de calidad durante el mes de agosto, especialmente para aquellos ni\u00f1os y ni\u00f1as en situaci\u00f3n de vulnerabilidad.<\/p>\n\n\t\t\t\t\t<\/div>\n\t\t\t\t<\/a>\n\t\t\t\n\t\t\t\t<a class='informat-item destacat destacat-3 ' href='https:\/\/fundesplai.org\/es\/informa-t\/actualidad\/talent45-abrimos-inscripciones-para-impulsar-la-insercion-laboral-de-personas-mayores-de-45-anos\/' style=\"background-image:url('https:\/\/fundesplai.org\/wp-content\/uploads\/2026\/07\/Talent45-Accio-Social-Fundesplai-1024x489.png')\">\n\t\t\t\t\t<div class='informat-tipus'>Destacat<\/div>\n\t\t\t\t\t<div class='informat-body'>\n\t\t\t\t\t\t<div class='informat-header'>\n\t\t\t\t\t\t\t<h3 class='informat-titol'>\n\t\t\t\t\t\t\t\tTalent+45: abrimos inscripciones para impulsar la inserci\u00f3n laboral de personas mayores de 45 a\u00f1os\n\t\t\t\t\t\t\t<\/h3>\n\t\t\t\t\t\t<\/div>\n\t\t\t\t\t<\/div>\n\t\t\t\t\t<div class='informat-body-hover'>\n\t\t\t\t\t\t<p>El programa combina la formaci\u00f3n t\u00e9cnica necesaria para trabajar en el sector de los cuidados con un proceso de acompa\u00f1amiento que refuerza la autonom\u00eda, la motivaci\u00f3n y las competencias personales. \u00a1Inscr\u00edbete!<\/p>\n\n\t\t\t\t\t<\/div>\n\t\t\t\t<\/a>\n\t\t\t\n\t\t\t\t<a class='informat-item destacat destacat-4 ' href='https:\/\/fundesplai.org\/es\/informa-t\/actualidad\/inclusion-joven\/' style=\"background-image:url('https:\/\/fundesplai.org\/wp-content\/uploads\/2025\/07\/inclusio_jove-Fundesplai-1024x488.jpg')\">\n\t\t\t\t\t<div class='informat-tipus'>Destacat<\/div>\n\t\t\t\t\t<div class='informat-body'>\n\t\t\t\t\t\t<div class='informat-header'>\n\t\t\t\t\t\t\t<h3 class='informat-titol'>\n\t\t\t\t\t\t\t\tInclusi\u00f3n Joven: una oportunidad sociolaboral para j\u00f3venes con discapacidad intelectual y del desarrollo\n\t\t\t\t\t\t\t<\/h3>\n\t\t\t\t\t\t<\/div>\n\t\t\t\t\t<\/div>\n\t\t\t\t\t<div class='informat-body-hover'>\n\t\t\t\t\t\t<p>Este septiembre ponemos en marcha una nueva edici\u00f3n de Inclusi\u00f3n Joven, un proyecto que apoya la vida independiente de j\u00f3venes de 16 a 29 a\u00f1os con discapacidad intelectual y del desarrollo y\/o diagn\u00f3stico de salud mental. Inscripciones abiertas.<\/p>\n\n\t\t\t\t\t<\/div>\n\t\t\t\t<\/a>\n\t\t\t\n\t\t\t<\/div>\n\t\t[\/et_pb_code][\/et_pb_column][\/et_pb_row][et_pb_row _builder_version=\u00bb4.19.0&#8243; _module_preset=\u00bbdefault\u00bb custom_margin=\u00bb||50px||false|false\u00bb global_colors_info=\u00bb{}\u00bb][et_pb_column type=\u00bb4_4&#8243; _builder_version=\u00bb4.19.0&#8243; _module_preset=\u00bbdefault\u00bb global_colors_info=\u00bb{}\u00bb][et_pb_text admin_label=\u00bbLink m\u00e9s info\u00bb _builder_version=\u00bb4.21.0&#8243; _module_preset=\u00bbdefault\u00bb custom_margin=\u00bb30px||||false|false\u00bb locked=\u00bboff\u00bb global_colors_info=\u00bb{}\u00bb]<\/p>\n<p style=\"text-align: center\">Sigue la actualidad de Fundesplai en <a href=\"https:\/\/fundesplai.org\/es\/informate\/\">la secci\u00f3n \u00abInf\u00f3rmate\u00bb<\/a> <\/p>\n<p>[\/et_pb_text][\/et_pb_column][\/et_pb_row][\/et_pb_section][et_pb_section fb_built=\u00bb1&#8243; admin_label=\u00bbSection Inscripcions\u00bb module_class=\u00bbseccio-cta-inscripcio\u00bb _builder_version=\u00bb4.19.0&#8243; _module_preset=\u00bbdefault\u00bb background_color=\u00bb#007c37&#8243; custom_margin=\u00bb50px||||false|false\u00bb custom_padding=\u00bb50px||50px||false|false\u00bb collapsed=\u00bboff\u00bb global_colors_info=\u00bb{}\u00bb][et_pb_row column_structure=\u00bb2_5,3_5&#8243; _builder_version=\u00bb4.19.0&#8243; _module_preset=\u00bbdefault\u00bb global_colors_info=\u00bb{}\u00bb][et_pb_column type=\u00bb2_5&#8243; _builder_version=\u00bb4.19.0&#8243; _module_preset=\u00bbdefault\u00bb global_colors_info=\u00bb{}\u00bb][et_pb_image src=\u00bbhttps:\/\/fundesplai.org\/wp-content\/uploads\/2023\/02\/portatil-inscripcions-fundesplai-web.png\u00bb alt=\u00bbinscripciones Fundesplai tablet\u00bb title_text=\u00bbportatil-inscripciones-fundesplai-web\u00bb admin_label=\u00bbImage inscripcions\u00bb _builder_version=\u00bb4.19.0&#8243; _module_preset=\u00bbdefault\u00bb custom_css_main_element=\u00bbborder-radius:50%;||ovrflow\t: hidden;\u00bb global_colors_info=\u00bb{}\u00bb][\/et_pb_image][\/et_pb_column][et_pb_column type=\u00bb3_5&#8243; _builder_version=\u00bb4.19.0&#8243; _module_preset=\u00bbdefault\u00bb global_colors_info=\u00bb{}\u00bb][et_pb_text admin_label=\u00bbT\u00edtol INSCRIPCIONS\u00bb _builder_version=\u00bb4.19.0&#8243; _module_preset=\u00bbdefault\u00bb global_colors_info=\u00bb{}\u00bb]<\/p>\n<h2>Inscripciones<\/h2>\n<p>[\/et_pb_text][et_pb_text admin_label=\u00bbText\u00bb _builder_version=\u00bb4.19.0&#8243; _module_preset=\u00bbdefault\u00bb text_orientation=\u00bbcenter\u00bb global_colors_info=\u00bb{}\u00bb text_text_color__hover_enabled=\u00bboff|desktop\u00bb]<\/p>\n<p>Inscripciones y reservas online en todas nuestras actividades para ni\u00f1os y j\u00f3venes, cursos y formaciones, conferencias y otros eventos, actividades familiares en las casas de colonias, etc.<\/p>\n<p>[\/et_pb_text][et_pb_button button_url=\u00bb@ET-DC@eyJkeW5hbWljIjp0cnVlLCJjb250ZW50IjoicG9zdF9saW5rX3VybF9wYWdlIiwic2V0dGluZ3MiOnsicG9zdF9pZCI6IjQzIiwiZW5hYmxlX2h0bWwiOiJvZmYifX0=@\u00bb button_text=\u00bbAccede al portal de inscripciones\u00bb button_alignment=\u00bbcenter\u00bb _builder_version=\u00bb4.19.0&#8243; _dynamic_attributes=\u00bbbutton_url\u00bb _module_preset=\u00bbdefault\u00bb global_colors_info=\u00bb{}\u00bb][\/et_pb_button][\/et_pb_column][\/et_pb_row][\/et_pb_section][et_pb_section fb_built=\u00bb1&#8243; disabled_on=\u00bbon|on|on\u00bb admin_label=\u00bbSection destacat 1&#8243; _builder_version=\u00bb4.19.0&#8243; _module_preset=\u00bbdefault\u00bb background_image=\u00bbhttps:\/\/fundesplai.org\/wp-content\/uploads\/2022\/07\/Centre-Esplai-el-Prat-del-Llobregat_-Fundesplai_p.jpg\u00bb custom_margin=\u00bb50px||||false|false\u00bb custom_padding=\u00bb200px||200px||false|false\u00bb disabled=\u00bbon\u00bb collapsed=\u00bboff\u00bb global_colors_info=\u00bb{}\u00bb][et_pb_row _builder_version=\u00bb4.19.0&#8243; _module_preset=\u00bbdefault\u00bb width=\u00bb100%\u00bb max_width=\u00bb2560px\u00bb global_colors_info=\u00bb{}\u00bb][et_pb_column type=\u00bb4_4&#8243; _builder_version=\u00bb4.19.0&#8243; _module_preset=\u00bbdefault\u00bb global_colors_info=\u00bb{}\u00bb][et_pb_text admin_label=\u00bbT\u00edtol destacat\u00bb module_class=\u00bbfont-sophia\u00bb _builder_version=\u00bb4.19.0&#8243; _module_preset=\u00bbdefault\u00bb header_text_align=\u00bbcenter\u00bb header_text_color=\u00bb#FFFFFF\u00bb header_font_size=\u00bb150px\u00bb custom_css_main_element=\u00bbtext-shadow: 0 0 3px #000, 0 0 20px #000;\u00bb global_colors_info=\u00bb{}\u00bb]<\/p>\n<h1 class=\"font-sophia\">\u00a1T\u00edtulo destacado un poco largo!<\/h1>\n<p>[\/et_pb_text][\/et_pb_column][\/et_pb_row][\/et_pb_section][et_pb_section fb_built=\u00bb1&#8243; admin_label=\u00bbSection Agenda\u00bb _builder_version=\u00bb4.19.0&#8243; _module_preset=\u00bbdefault\u00bb custom_margin=\u00bb50px||||false|false\u00bb global_colors_info=\u00bb{}\u00bb][et_pb_row _builder_version=\u00bb4.19.0&#8243; _module_preset=\u00bbdefault\u00bb global_colors_info=\u00bb{}\u00bb][et_pb_column type=\u00bb4_4&#8243; _builder_version=\u00bb4.19.0&#8243; _module_preset=\u00bbdefault\u00bb global_colors_info=\u00bb{}\u00bb][et_pb_text admin_label=\u00bbT\u00edtol\u00bb _builder_version=\u00bb4.19.0&#8243; _module_preset=\u00bbdefault\u00bb global_colors_info=\u00bb{}\u00bb]<\/p>\n<h2 style=\"text-align: center\">Agenda<\/h2>\n<p>[\/et_pb_text][et_pb_code admin_label=\u00bbShortcode agenda\u00bb _builder_version=\u00bb4.27.7&#8243; _module_preset=\u00bbdefault\u00bb hover_enabled=\u00bb0&#8243; global_colors_info=\u00bb{}\u00bb sticky_enabled=\u00bb0&#8243;]\n\n\n<style>\n.fs-agenda {\n  width: 100%;\n  max-width: 1080px;\n  margin: 42px auto;\n  padding: 0 20px;\n}\n\n.fs-agenda-list {\n  display: flex;\n  flex-direction: column;\n  gap: 20px;\n}\n\n.fs-event {\n  display: grid;\n  grid-template-columns: 180px 1fr 165px;\n  gap: 34px;\n  align-items: center;\n  background: #fff;\n  border: 1px solid #ececec;\n  border-radius: 24px;\n  padding: 30px 32px;\n  box-shadow: 0 16px 48px rgba(0,0,0,0.055);\n  transition: transform .18s ease, box-shadow .18s ease, border-color .18s ease;\n}\n\n.fs-event:hover {\n  transform: translateY(-2px);\n  box-shadow: 0 22px 60px rgba(0,0,0,0.085);\n  border-color: #dedede;\n}\n\n.fs-event-datecol {\n  display: flex;\n  flex-direction: column;\n  gap: 14px;\n}\n\n.fs-event-date {\n  display: flex;\n  align-items: center;\n  gap: 10px;\n}\n\n.fs-date-box {\n  width: 65px;\n  height: 80px;\n  border-radius: 5px;\n  background: #00843d;\n  color: #fff;\n  display: flex;\n  flex-direction: column;\n  align-items: center;\n  justify-content: center;\n}\n\n.fs-date-box.end {\n  background: #111;\n}\n\n.fs-date-day {\n  display: block;\n  font-size: 24px;\n  line-height: 1;\n\n}\n\n.fs-date-month {\n  display: block;\n  margin-top: 7px;\n  font-size: 15px;\n  line-height: 1;\n  text-transform: uppercase;\n}\n\n.fs-date-arrow {\n  color: #aaa;\n  font-size: 18px;\n  font-weight: 700;\n}\n\n.fs-date-meta {\n  display: flex;\n  flex-direction: column;\n  gap: 8px;\n}\n\n.fs-date-meta .fs-meta-item {\n  width: fit-content;\n  max-width: 170px;\n}\n\n.fs-event-main {\n  min-width: 0;\n}\n\n.fs-event-title {\n  margin: 0 0 10px 0;\n  color: #171717;\n  font-size: 25px;\n  font-weight: 800;\n}\n\n.fs-event-title a {\n  color: inherit;\n  text-decoration: none;\n}\n\n.fs-event-title a:hover {\n  color: #00843d;\n}\n\n.fs-event-tags {\n  display: flex;\n  flex-wrap: wrap;\n  gap: 8px;\n  margin: 0 0 14px 0;\n}\n\n.fs-tag {\n  display: inline-flex;\n  align-items: center;\n  background: #f4f5f1;\n  color: #444;\n  border-radius: 999px;\n  padding: 10px 15px;\n  font-size: 16px;\n  line-height: 1;\n  font-weight: 800;\n}\n\n.fs-tag-main {\n  background: #eef8f2;\n  border-color: #ccead6;\n  color: #00843d;\n}\n\n.fs-event-desc {\n  max-width: 650px;\n  margin: 0;\n  color: #5d5d5d;\n  font-size: 15px;\n  line-height: 1.6;\n}\n\n.fs-meta-item {\n  display: inline-flex;\n  align-items: center;\n  gap: 7px;\n  color: #3f3f3f;\n  font-size: 16px;\n  line-height: 1.35;\n}\n\n.fs-meta-icon {\n  width: 30px;\n  height: 30px;\n  border-radius: 999px;\n  color: black;\n  display: inline-flex;\n  align-items: center;\n  justify-content: center;\n  flex: 0 0 22px;\n}\n\n.fs-meta-icon svg {\n  width: 13px;\n  height: 13px;\n  display: block;\n}\n\n.fs-event-action {\n  display: flex;\n  justify-content: flex-end;\n}\n\n.fs-event-btn {\n      background-color: #DCDC1C !important;\n    border-width: 0px !important;\n    border-radius: 10px !important;\n    color: #333 !important;\n    font-weight: 500 !important;\n    font-size: 16px !important;\n    padding: 5px 20px !important;\n    text-transform: none !important;\n    letter-spacing: inherit !important;\n    line-height: 1.8 !important;\n}\n\n.fs-event-btn:hover {\n  background: #caca18;\n  transform: translateX(2px);\n}\n\n.fs-no-events {\n  max-width: 720px;\n  margin: 40px auto;\n  background: #f7f7f7;\n  border-radius: 18px;\n  padding: 28px;\n  text-align: center;\n  color: #666;\n  font-size: 16px;\n}\n\n@media (max-width: 900px) {\n  .fs-event {\n    grid-template-columns: 1fr;\n    gap: 22px;\n    padding: 24px;\n  }\n\n  .fs-event-action {\n    justify-content: flex-start;\n  }\n\n  .fs-date-meta {\n    flex-direction: row;\n    flex-wrap: wrap;\n  }\n\n  .fs-date-meta .fs-meta-item {\n    max-width: none;\n  }\n}\n\n@media (max-width: 520px) {\n  .fs-agenda {\n    padding: 0 14px;\n  }\n\n  .fs-event {\n    border-radius: 18px;\n    padding: 22px 18px;\n  }\n\n  .fs-event-title {\n    font-size: 21px;\n  }\n\n  .fs-date-box {\n    width: 58px;\n    height: 66px;\n  }\n\n  .fs-date-day {\n    font-size: 22px;\n  }\n}\n<\/style>\n\n<div id=\"wpv-view-layout-920758\" class=\"js-wpv-view-layout js-wpv-layout-responsive js-wpv-view-layout-920758\" data-viewnumber=\"920758\" data-pagination=\"{&quot;id&quot;:920758,&quot;query&quot;:&quot;normal&quot;,&quot;type&quot;:&quot;disabled&quot;,&quot;effect&quot;:&quot;fade&quot;,&quot;duration&quot;:500,&quot;speed&quot;:5,&quot;pause_on_hover&quot;:&quot;enabled&quot;,&quot;stop_rollover&quot;:&quot;false&quot;,&quot;cache_pages&quot;:&quot;enabled&quot;,&quot;preload_images&quot;:&quot;enabled&quot;,&quot;preload_pages&quot;:&quot;enabled&quot;,&quot;preload_reach&quot;:1,&quot;spinner&quot;:&quot;builtin&quot;,&quot;spinner_image&quot;:&quot;https:\/\/fundesplai.org\/wp-content\/plugins\/toolset-blocks\/embedded\/res\/img\/ajax-loader.gif&quot;,&quot;callback_next&quot;:&quot;&quot;,&quot;manage_history&quot;:&quot;enabled&quot;,&quot;has_controls_in_form&quot;:&quot;disabled&quot;,&quot;infinite_tolerance&quot;:&quot;0&quot;,&quot;max_pages&quot;:0,&quot;page&quot;:1,&quot;base_permalink&quot;:&quot;\/es\/wp-json\/wp\/v2\/pages\/46940?wpv_view_count=920758&amp;wpv_paged=WPV_PAGE_NUM&quot;,&quot;loop&quot;:{&quot;type&quot;:&quot;&quot;,&quot;name&quot;:&quot;&quot;,&quot;data&quot;:[],&quot;id&quot;:0}}\" data-permalink=\"\/es\/wp-json\/wp\/v2\/pages\/46940?wpv_view_count=920758\">\n\n\n<div class=\"fs-agenda\">\n  <div class=\"fs-agenda-list\">\n\n    \n\n    \n    \n\n      <article class=\"fs-event\">\n\n        <div class=\"fs-event-datecol\">\n\n          <div class=\"fs-event-date\">\n            <div class=\"fs-date-box\">\n              <span class=\"fs-date-day\">02<\/span>\n              <span class=\"fs-date-month\">Jul<\/span>\n            <\/div>\n\n            \n              <span class=\"fs-date-arrow\">\u2192<\/span>\n              <div class=\"fs-date-box end\">\n                <span class=\"fs-date-day\">12<\/span>\n                <span class=\"fs-date-month\">Oct<\/span>\n              <\/div>\n            \n          <\/div>\n\n          <div class=\"fs-date-meta\">\n\n            \n              <span class=\"fs-meta-item\">\n                <span class=\"fs-meta-icon\">\n                  <svg viewBox=\"0 0 24 24\" fill=\"none\" stroke=\"currentColor\" stroke-width=\"2\">\n                    <circle cx=\"12\" cy=\"12\" r=\"9\"><\/circle>\n                    <path d=\"M12 7v5l3 2\"><\/path>\n                  <\/svg>\n                <\/span>\n                18:00 - 20:00\n              <\/span>\n            \n\n            \n              <span class=\"fs-meta-item\">\n                <span class=\"fs-meta-icon\">\n                  <svg viewBox=\"0 0 24 24\" fill=\"none\" stroke=\"currentColor\" stroke-width=\"2\">\n                    <path d=\"M12 21s7-5.2 7-12a7 7 0 1 0-14 0c0 6.8 7 12 7 12z\"><\/path>\n                    <circle cx=\"12\" cy=\"9\" r=\"2.5\"><\/circle>\n                  <\/svg>\n                <\/span>\n                Capella del Carme\n              <\/span>\n            \n\n          <\/div>\n\n        <\/div>\n\n        <div class=\"fs-event-main\">\n\n          <h3 class=\"fs-event-title\">\n            <a href=\"https:\/\/fundesplai.org\/es\/informa-t\/event\/exposicio-menja-actua-impacta\/\">Exposici\u00f3 \u2018Menja. Actua. Impacta\u2019<\/a>\n          <\/h3>\n\n          <div class=\"fs-event-tags\">\n            <span class=\"fs-tag fs-tag-main\">Formaci\u00f3<\/span>\n            <span class=\"fs-tag\">Presencial<\/span>\n          <\/div>\n\n          \n            <p class=\"fs-event-desc\">\n              <p>A partir del\u00a0<strong>2 de juliol<\/strong>\u00a0pots visitar l\u2019<a href=&quot;https:\/\/menjaactuaimpacta.org\/exposicio\/exposicio-itinerant\/&quot; target=&quot;_blank&quot; rel=&quot;noopener&quot;>exposici\u00f3 itinerant de MENJA, ACTUA, IMPACTA<\/a>\u00a0a la\u00a0<a href=&quot;https:\/\/maps.app.goo.gl\/UoCo2CEZJRPsVf6h9&quot; target=&quot;_blank&quot; rel=&quot;noopener&quot;>Capella del Carme de Palam\u00f3s<\/a>, gr\u00e0cies a l\u2019impuls del Consell Comarcal del Baix Empord\u00e0, amb la col\u00b7laboraci\u00f3 de l\u2019Ajuntament de Palam\u00f3s, la Diputaci\u00f3 de Girona i Fundesplai.<\/p>\n\n            <\/p>\n          \n\n        <\/div>\n\n        <div class=\"fs-event-action\">\n\n          \n\n          \n            <a class=\"fs-event-btn\" href=\"https:\/\/fundesplai.org\/es\/informa-t\/event\/exposicio-menja-actua-impacta\/\">\n              M\u00e9s informaci\u00f3\n            <\/a>\n          \n\n        <\/div>\n\n      <\/article>\n\n    \n    \n\n    \n\n    \n\n  <\/div>\n<\/div>\n\n<\/div>[\/et_pb_code][et_pb_text admin_label=\u00bbLink m\u00e9s info\u00bb _builder_version=\u00bb4.19.0&#8243; _module_preset=\u00bbdefault\u00bb custom_margin=\u00bb30px||||false|false\u00bb global_colors_info=\u00bb{}\u00bb]<\/p>\n<p style=\"text-align: center\"><a href=\"https:\/\/fundesplai.org\/es\/agenda-2\/\">Consulta toda la Agenda<\/a><\/p>\n<p>[\/et_pb_text][\/et_pb_column][\/et_pb_row][\/et_pb_section][et_pb_section fb_built=\u00bb1&#8243; admin_label=\u00bbSection Col\u00b7labora\u00bb _builder_version=\u00bb4.19.0&#8243; _module_preset=\u00bbdefault\u00bb custom_margin=\u00bb50px||||false|false\u00bb global_colors_info=\u00bb{}\u00bb][et_pb_row _builder_version=\u00bb4.19.0&#8243; _module_preset=\u00bbdefault\u00bb global_colors_info=\u00bb{}\u00bb][et_pb_column type=\u00bb4_4&#8243; _builder_version=\u00bb4.19.0&#8243; _module_preset=\u00bbdefault\u00bb global_colors_info=\u00bb{}\u00bb][et_pb_text admin_label=\u00bbT\u00edtol\u00bb _builder_version=\u00bb4.21.0&#8243; _module_preset=\u00bbdefault\u00bb global_colors_info=\u00bb{}\u00bb]<\/p>\n<h2 style=\"text-align: center\">Colabora con nuestra causa<\/h2>\n<p>[\/et_pb_text][\/et_pb_column][\/et_pb_row][\/et_pb_section][et_pb_section fb_built=\u00bb1&#8243; admin_label=\u00bbSection Col\u00b7labora Graella\u00bb module_class=\u00bbgraella-moduls-grisa\u00bb _builder_version=\u00bb4.19.0&#8243; _module_preset=\u00bbdefault\u00bb custom_margin=\u00bb40px||||false|false\u00bb global_colors_info=\u00bb{}\u00bb][et_pb_row column_structure=\u00bb1_3,1_3,1_3&#8243; use_custom_gutter=\u00bbon\u00bb _builder_version=\u00bb4.19.0&#8243; _module_preset=\u00bbdefault\u00bb width=\u00bb100%\u00bb max_width=\u00bb2560px\u00bb global_colors_info=\u00bb{}\u00bb][et_pb_column type=\u00bb1_3&#8243; _builder_version=\u00bb4.19.0&#8243; _module_preset=\u00bbdefault\u00bb global_colors_info=\u00bb{}\u00bb][et_pb_blurb title=\u00bbHAZ UN DONATIVO\u00bb url=\u00bbhttps:\/\/fundesplai.org\/es\/colabora\/haz-un-donativo\/\u00bb use_icon=\u00bbon\u00bb font_icon=\u00bb&#xf4c3;||fa||900&#8243; admin_label=\u00bbDonacions\u00bb _builder_version=\u00bb4.19.0&#8243; header_level=\u00bbh3&#8243; link_option_url=\u00bbhttps:\/\/fundesplai.org\/es\/colabora\/haz-un-donativo\/\u00bb z_index_tablet=\u00bb500&#8243; locked=\u00bboff\u00bb global_colors_info=\u00bb{}\u00bb]<\/p>\n<p style=\"text-align: center\">Transforma vidas: apuesta por la educaci\u00f3n en el ocio<\/p>\n<p>[\/et_pb_blurb][\/et_pb_column][et_pb_column type=\u00bb1_3&#8243; _builder_version=\u00bb4.19.0&#8243; _module_preset=\u00bbdefault\u00bb global_colors_info=\u00bb{}\u00bb][et_pb_blurb title=\u00bbTRABAJA CON NOSOTROS\u00bb url=\u00bbhttps:\/\/fundesplai.org\/es\/colabora\/trabaja-con-nosotros\/\u00bb use_icon=\u00bbon\u00bb font_icon=\u00bb&#xf234;||fa||900&#8243; admin_label=\u00bbTreballa\u00bb module_class=\u00bbsin-icono-enlace\u00bb _builder_version=\u00bb4.19.0&#8243; header_level=\u00bbh3&#8243; link_option_url=\u00bbhttps:\/\/fundesplai.org\/es\/colabora\/trabaja-con-nosotros\/\u00bb z_index_tablet=\u00bb500&#8243; locked=\u00bboff\u00bb global_colors_info=\u00bb{}\u00bb]<\/p>\n<p style=\"text-align: center\">\u00a1S\u00famate a nuestra gran familia!<\/p>\n<p>[\/et_pb_blurb][\/et_pb_column][et_pb_column type=\u00bb1_3&#8243; _builder_version=\u00bb4.19.0&#8243; _module_preset=\u00bbdefault\u00bb global_colors_info=\u00bb{}\u00bb][et_pb_blurb title=\u00bbHaz voluntariado\u00bb url=\u00bb@ET-DC@eyJkeW5hbWljIjp0cnVlLCJjb250ZW50IjoicG9zdF9saW5rX3VybF9wYWdlIiwic2V0dGluZ3MiOnsicG9zdF9pZCI6IjEzMiIsImVuYWJsZV9odG1sIjoib2ZmIn19@\u00bb use_icon=\u00bbon\u00bb font_icon=\u00bb&#xf4c4;||fa||900&#8243; admin_label=\u00bbvoluntariat\u00bb _builder_version=\u00bb4.19.0&#8243; _dynamic_attributes=\u00bburl,link_option_url\u00bb _module_preset=\u00bbdefault\u00bb text_orientation=\u00bbcenter\u00bb link_option_url=\u00bb@ET-DC@eyJkeW5hbWljIjp0cnVlLCJjb250ZW50IjoicG9zdF9saW5rX3VybF9wYWdlIiwic2V0dGluZ3MiOnsicG9zdF9pZCI6IjEzMiIsImVuYWJsZV9odG1sIjoib2ZmIn19@\u00bb global_colors_info=\u00bb{}\u00bb]<\/p>\n<p>\u00a1Regala tiempo y sonrisas!<\/p>\n<p>[\/et_pb_blurb][\/et_pb_column][\/et_pb_row][\/et_pb_section][et_pb_section fb_built=\u00bb1&#8243; admin_label=\u00bbSection Blog\u00bb _builder_version=\u00bb4.19.0&#8243; _module_preset=\u00bbdefault\u00bb custom_margin=\u00bb50px||||false|false\u00bb global_colors_info=\u00bb{}\u00bb][et_pb_row _builder_version=\u00bb4.19.0&#8243; _module_preset=\u00bbdefault\u00bb width=\u00bb100%\u00bb max_width=\u00bb2560px\u00bb global_colors_info=\u00bb{}\u00bb][et_pb_column type=\u00bb4_4&#8243; _builder_version=\u00bb4.19.0&#8243; _module_preset=\u00bbdefault\u00bb global_colors_info=\u00bb{}\u00bb][et_pb_text admin_label=\u00bbT\u00edtol\u00bb _builder_version=\u00bb4.19.0&#8243; _module_preset=\u00bbdefault\u00bb global_colors_info=\u00bb{}\u00bb]<\/p>\n<h2 style=\"text-align: center\">Inf\u00f3rmate<\/h2>\n<p>[\/et_pb_text][et_pb_blog fullwidth=\u00bboff\u00bb posts_number=\u00bb3&#8243; show_author=\u00bboff\u00bb show_excerpt=\u00bboff\u00bb show_pagination=\u00bboff\u00bb module_class=\u00bbgraella-blog\u00bb _builder_version=\u00bb4.19.0&#8243; _module_preset=\u00bbdefault\u00bb global_colors_info=\u00bb{}\u00bb][\/et_pb_blog][et_pb_text admin_label=\u00bbLink m\u00e9s info\u00bb _builder_version=\u00bb4.21.0&#8243; _module_preset=\u00bbdefault\u00bb custom_margin=\u00bb30px||||false|false\u00bb global_colors_info=\u00bb{}\u00bb]<\/p>\n<p style=\"text-align: center\"><a href=\"https:\/\/fundesplai.org\/es\/informate\/\">Leer m\u00e1s en la secci\u00f3n \u00abInf\u00f3rmate\u00bb<\/a><\/p>\n<p>[\/et_pb_text][\/et_pb_column][\/et_pb_row][\/et_pb_section]<\/p>\n","protected":false},"excerpt":{"rendered":"<p>Nuestra misi\u00f3n es educar a los ni\u00f1os y j\u00f3venes, fortalecer entidades de ocio y el Tercer Sector, mejorar el medio ambiente y promover la ciudadan\u00eda y la inclusi\u00f3n social.<\/p>\n","protected":false},"author":1,"featured_media":0,"parent":0,"menu_order":0,"comment_status":"closed","ping_status":"closed","template":"","meta":{"_et_pb_use_builder":"on","_et_pb_old_content":"","_et_gb_content_width":"","footnotes":"","_members_access_role":[],"_members_access_error":""},"class_list":["post-46940","page","type-page","status-publish","hentry"],"yoast_head":"<!-- This site is optimized with the Yoast SEO plugin v28.4 - https:\/\/yoast.com\/product\/yoast-seo-wordpress\/ -->\n<title>Fundesplai - Educamos para la convivencia y la sostenibilidad<\/title>\n<meta name=\"description\" content=\"Nuestra misi\u00f3n es educar a los ni\u00f1os y j\u00f3venes, fortalecer entidades de ocio y el Tercer Sector, mejorar el medio ambiente y promover la ciudadan\u00eda y la inclusi\u00f3n social.\" \/>\n<meta name=\"robots\" content=\"index, follow, max-snippet:-1, max-image-preview:large, max-video-preview:-1\" \/>\n<link rel=\"canonical\" href=\"https:\/\/fundesplai.org\/es\/\" \/>\n<meta property=\"og:locale\" content=\"es_ES\" \/>\n<meta property=\"og:type\" content=\"article\" \/>\n<meta property=\"og:title\" content=\"Fundesplai - Educamos para la convivencia y la sostenibilidad\" \/>\n<meta property=\"og:description\" content=\"Nuestra misi\u00f3n es educar a los ni\u00f1os y j\u00f3venes, fortalecer entidades de ocio y el Tercer Sector, mejorar el medio ambiente y promover la ciudadan\u00eda y la inclusi\u00f3n social.\" \/>\n<meta property=\"og:url\" content=\"https:\/\/fundesplai.org\/es\/\" \/>\n<meta property=\"og:site_name\" content=\"Fundesplai\" \/>\n<meta property=\"article:modified_time\" content=\"2026-08-25T08:43:27+00:00\" \/>\n<meta name=\"twitter:card\" content=\"summary_large_image\" \/>\n<meta name=\"twitter:label1\" content=\"Tiempo de lectura\" \/>\n\t<meta name=\"twitter:data1\" content=\"5 minutos\" \/>\n<script type=\"application\/ld+json\" class=\"yoast-schema-graph\">{\"@context\":\"https:\\\/\\\/schema.org\",\"@graph\":[{\"@type\":\"WebPage\",\"@id\":\"https:\\\/\\\/fundesplai.org\\\/es\\\/\",\"url\":\"https:\\\/\\\/fundesplai.org\\\/es\\\/\",\"name\":\"Fundesplai - Educamos para la convivencia y la sostenibilidad\",\"isPartOf\":{\"@id\":\"https:\\\/\\\/fundesplai.org\\\/es\\\/#website\"},\"datePublished\":\"2021-05-16T17:17:34+00:00\",\"dateModified\":\"2026-08-25T08:43:27+00:00\",\"description\":\"Nuestra misi\u00f3n es educar a los ni\u00f1os y j\u00f3venes, fortalecer entidades de ocio y el Tercer Sector, mejorar el medio ambiente y promover la ciudadan\u00eda y la inclusi\u00f3n social.\",\"breadcrumb\":{\"@id\":\"https:\\\/\\\/fundesplai.org\\\/es\\\/#breadcrumb\"},\"inLanguage\":\"es\",\"potentialAction\":[{\"@type\":\"ReadAction\",\"target\":[\"https:\\\/\\\/fundesplai.org\\\/es\\\/\"]}]},{\"@type\":\"BreadcrumbList\",\"@id\":\"https:\\\/\\\/fundesplai.org\\\/es\\\/#breadcrumb\",\"itemListElement\":[{\"@type\":\"ListItem\",\"position\":1,\"name\":\"Inici\",\"item\":\"https:\\\/\\\/fundesplai.org\\\/es\\\/\"},{\"@type\":\"ListItem\",\"position\":2,\"name\":\"Inicio\"}]},{\"@type\":\"WebSite\",\"@id\":\"https:\\\/\\\/fundesplai.org\\\/es\\\/#website\",\"url\":\"https:\\\/\\\/fundesplai.org\\\/es\\\/\",\"name\":\"Fundesplai\",\"description\":\"Eduquem per la conviv\u00e8ncia i la sostenibilitat\",\"potentialAction\":[{\"@type\":\"SearchAction\",\"target\":{\"@type\":\"EntryPoint\",\"urlTemplate\":\"https:\\\/\\\/fundesplai.org\\\/es\\\/?s={search_term_string}\"},\"query-input\":{\"@type\":\"PropertyValueSpecification\",\"valueRequired\":true,\"valueName\":\"search_term_string\"}}],\"inLanguage\":\"es\"}]}<\/script>\n<!-- \/ Yoast SEO plugin. -->","yoast_head_json":{"title":"Fundesplai - Educamos para la convivencia y la sostenibilidad","description":"Nuestra misi\u00f3n es educar a los ni\u00f1os y j\u00f3venes, fortalecer entidades de ocio y el Tercer Sector, mejorar el medio ambiente y promover la ciudadan\u00eda y la inclusi\u00f3n social.","robots":{"index":"index","follow":"follow","max-snippet":"max-snippet:-1","max-image-preview":"max-image-preview:large","max-video-preview":"max-video-preview:-1"},"canonical":"https:\/\/fundesplai.org\/es\/","og_locale":"es_ES","og_type":"article","og_title":"Fundesplai - Educamos para la convivencia y la sostenibilidad","og_description":"Nuestra misi\u00f3n es educar a los ni\u00f1os y j\u00f3venes, fortalecer entidades de ocio y el Tercer Sector, mejorar el medio ambiente y promover la ciudadan\u00eda y la inclusi\u00f3n social.","og_url":"https:\/\/fundesplai.org\/es\/","og_site_name":"Fundesplai","article_modified_time":"2026-08-25T08:43:27+00:00","twitter_card":"summary_large_image","twitter_misc":{"Tiempo de lectura":"5 minutos"},"schema":{"@context":"https:\/\/schema.org","@graph":[{"@type":"WebPage","@id":"https:\/\/fundesplai.org\/es\/","url":"https:\/\/fundesplai.org\/es\/","name":"Fundesplai - Educamos para la convivencia y la sostenibilidad","isPartOf":{"@id":"https:\/\/fundesplai.org\/es\/#website"},"datePublished":"2021-05-16T17:17:34+00:00","dateModified":"2026-08-25T08:43:27+00:00","description":"Nuestra misi\u00f3n es educar a los ni\u00f1os y j\u00f3venes, fortalecer entidades de ocio y el Tercer Sector, mejorar el medio ambiente y promover la ciudadan\u00eda y la inclusi\u00f3n social.","breadcrumb":{"@id":"https:\/\/fundesplai.org\/es\/#breadcrumb"},"inLanguage":"es","potentialAction":[{"@type":"ReadAction","target":["https:\/\/fundesplai.org\/es\/"]}]},{"@type":"BreadcrumbList","@id":"https:\/\/fundesplai.org\/es\/#breadcrumb","itemListElement":[{"@type":"ListItem","position":1,"name":"Inici","item":"https:\/\/fundesplai.org\/es\/"},{"@type":"ListItem","position":2,"name":"Inicio"}]},{"@type":"WebSite","@id":"https:\/\/fundesplai.org\/es\/#website","url":"https:\/\/fundesplai.org\/es\/","name":"Fundesplai","description":"Eduquem per la conviv\u00e8ncia i la sostenibilitat","potentialAction":[{"@type":"SearchAction","target":{"@type":"EntryPoint","urlTemplate":"https:\/\/fundesplai.org\/es\/?s={search_term_string}"},"query-input":{"@type":"PropertyValueSpecification","valueRequired":true,"valueName":"search_term_string"}}],"inLanguage":"es"}]}},"_links":{"self":[{"href":"https:\/\/fundesplai.org\/es\/wp-json\/wp\/v2\/pages\/46940","targetHints":{"allow":["GET"]}}],"collection":[{"href":"https:\/\/fundesplai.org\/es\/wp-json\/wp\/v2\/pages"}],"about":[{"href":"https:\/\/fundesplai.org\/es\/wp-json\/wp\/v2\/types\/page"}],"author":[{"embeddable":true,"href":"https:\/\/fundesplai.org\/es\/wp-json\/wp\/v2\/users\/1"}],"replies":[{"embeddable":true,"href":"https:\/\/fundesplai.org\/es\/wp-json\/wp\/v2\/comments?post=46940"}],"version-history":[{"count":127,"href":"https:\/\/fundesplai.org\/es\/wp-json\/wp\/v2\/pages\/46940\/revisions"}],"predecessor-version":[{"id":921286,"href":"https:\/\/fundesplai.org\/es\/wp-json\/wp\/v2\/pages\/46940\/revisions\/921286"}],"wp:attachment":[{"href":"https:\/\/fundesplai.org\/es\/wp-json\/wp\/v2\/media?parent=46940"}],"curies":[{"name":"wp","href":"https:\/\/api.w.org\/{rel}","templated":true}]}}