{"id":46873,"date":"2023-02-15T12:55:26","date_gmt":"2023-02-15T11:55:26","guid":{"rendered":"https:\/\/fundesplai.org\/conoce\/transparencia\/memoria-de-actividades\/memoria-2020-2021\/"},"modified":"2023-10-05T08:50:02","modified_gmt":"2023-10-05T06:50:02","slug":"memoria-2020-2021","status":"publish","type":"page","link":"https:\/\/fundesplai.org\/es\/conoce\/transparencia\/memoria-de-actividades\/memoria-2020-2021\/","title":{"rendered":"Memoria 2020-2021"},"content":{"rendered":"<p>[et_pb_section fb_built=\u00bb1&#8243; fullwidth=\u00bbon\u00bb _builder_version=\u00bb4.19.0&#8243; _module_preset=\u00bbdefault\u00bb global_colors_info=\u00bb{}\u00bb][et_pb_fullwidth_image src=\u00bbhttps:\/\/fundesplai.org\/wp-content\/uploads\/2023\/02\/fullwidth_portada_informe2020-2021.jpg\u00bb title_text=\u00bbfullwidth_portada_informe2020-2021&#8243; _builder_version=\u00bb4.19.0&#8243; _module_preset=\u00bbdefault\u00bb global_colors_info=\u00bb{}\u00bb][\/et_pb_fullwidth_image][\/et_pb_section][et_pb_section fb_built=\u00bb1&#8243; _builder_version=\u00bb4.19.0&#8243; _module_preset=\u00bbdefault\u00bb global_colors_info=\u00bb{}\u00bb][et_pb_row _builder_version=\u00bb4.19.0&#8243; _module_preset=\u00bbdefault\u00bb global_colors_info=\u00bb{}\u00bb][et_pb_column type=\u00bb4_4&#8243; _builder_version=\u00bb4.19.0&#8243; _module_preset=\u00bbdefault\u00bb global_colors_info=\u00bb{}\u00bb][et_pb_text _builder_version=\u00bb4.19.0&#8243; _module_preset=\u00bbdefault\u00bb custom_margin=\u00bb40px||||false|false\u00bb global_colors_info=\u00bb{}\u00bb]<\/p>\n<h2 style=\"text-align: center\">Qu\u00e9 es Fundesplai<\/h2>\n<p style=\"text-align: center\">Fundesplai es la marca con la que se presentan la Fundaci\u00f3 Catalana del Esplai y las entidades que re\u00fane. Se trata de una iniciativa sin \u00e1nimo de lucro que, desde hace m\u00e1s de 50 a\u00f1os, trabaja a favor de los ni\u00f1os, los j\u00f3venes, las familias y el Tercer Sector desde los \u00e1mbitos educativo, social y medioambiental. La actuaci\u00f3n global de Fundesplai en el a\u00f1o 2019 lleg\u00f3 a <strong>m\u00e1s de 280.000 personas<\/strong>. En 2020 la pandemia ha hecho que esta cifra sea de 172.778 participantes.<\/p>\n<p>[\/et_pb_text][et_pb_button button_url=\u00bbhttps:\/\/fundesplai.org\/wp-content\/uploads\/2022\/07\/memoria_fundesplai_2021.pdf\u00bb button_text=\u00bbDescargue el PDF de la memoria\u00bb button_alignment=\u00bbcenter\u00bb _builder_version=\u00bb4.19.0&#8243; _module_preset=\u00bbdefault\u00bb custom_margin=\u00bb40px||||false|false\u00bb global_colors_info=\u00bb{}\u00bb][\/et_pb_button][\/et_pb_column][\/et_pb_row][et_pb_row _builder_version=\u00bb4.19.0&#8243; _module_preset=\u00bbdefault\u00bb global_colors_info=\u00bb{}\u00bb][et_pb_column type=\u00bb4_4&#8243; _builder_version=\u00bb4.19.0&#8243; _module_preset=\u00bbdefault\u00bb global_colors_info=\u00bb{}\u00bb][et_pb_text _builder_version=\u00bb4.19.0&#8243; _module_preset=\u00bbdefault\u00bb custom_margin=\u00bb50px||||false|false\u00bb global_colors_info=\u00bb{}\u00bb]<\/p>\n<h2 class=\"et_pb_module_header\" style=\"text-align: center\">Cuidamos a las personas y del planeta<\/h2>\n<p style=\"text-align: center\">Ten\u00e9is en las manos el Informe 2020-2021 de Fundesplai, un resumen de las principales actuaciones que hemos impulsado estos \u00faltimos meses en<br \/>qu\u00e9 hemos sufrido las consecuencias de la pandemia de la Covid-19. Unos proyectos e iniciativas que tienen como denominador com\u00fan el cuidado<br \/>de las personas y del planeta. Y es que desde Fundesplai trabajamos porque, una vez superemos la embestida sanitaria, econ\u00f3mica y social de esta pandemia, no volvemos al punto de partida, sino que encontramos nuevas maneras de vivir en el mundo y convivir con los dem\u00e1s.<\/p>\n<p>[\/et_pb_text][et_pb_button button_url=\u00bbhttps:\/\/issuu.com\/fundacioesplai\/docs\/memoria_fundesplai_2021\/2&#8243; button_text=\u00bb\u00bfQuieres saber m\u00e1s?\u00bb button_alignment=\u00bbcenter\u00bb _builder_version=\u00bb4.19.0&#8243; _module_preset=\u00bbdefault\u00bb custom_margin=\u00bb40px||||false|false\u00bb global_colors_info=\u00bb{}\u00bb][\/et_pb_button][\/et_pb_column][\/et_pb_row][et_pb_row _builder_version=\u00bb4.19.0&#8243; _module_preset=\u00bbdefault\u00bb global_colors_info=\u00bb{}\u00bb][et_pb_column type=\u00bb4_4&#8243; _builder_version=\u00bb4.19.0&#8243; _module_preset=\u00bbdefault\u00bb global_colors_info=\u00bb{}\u00bb][et_pb_text _builder_version=\u00bb4.19.0&#8243; _module_preset=\u00bbdefault\u00bb custom_margin=\u00bb50px||||false|false\u00bb global_colors_info=\u00bb{}\u00bb]<\/p>\n<h2 style=\"text-align: center\">Fundesplai en Catalu\u00f1a y en cifras<\/h2>\n<p>[\/et_pb_text][et_pb_image src=\u00bbhttps:\/\/fundesplai.org\/wp-content\/uploads\/2023\/02\/mapa-cat-2021.jpg\u00bb title_text=\u00bbmapa-cat-2021&#8243; align=\u00bbcenter\u00bb _builder_version=\u00bb4.19.0&#8243; _module_preset=\u00bbdefault\u00bb global_colors_info=\u00bb{}\u00bb][\/et_pb_image][\/et_pb_column][\/et_pb_row][\/et_pb_section][et_pb_section fb_built=\u00bb1&#8243; fullwidth=\u00bbon\u00bb disabled_on=\u00bbon|on|on\u00bb _builder_version=\u00bb4.16&#8243; _module_preset=\u00bbdefault\u00bb disabled=\u00bbon\u00bb collapsed=\u00bbon\u00bb global_colors_info=\u00bb{}\u00bb][et_pb_fullwidth_image src=\u00bbhttps:\/\/fundesplai.org\/wp-content\/uploads\/2023\/02\/presentacio.jpg\u00bb title_text=\u00bbpresentacio\u00bb _builder_version=\u00bb4.16&#8243; _module_preset=\u00bbdefault\u00bb animation_style=\u00bbfold\u00bb animation_direction=\u00bbleft\u00bb global_colors_info=\u00bb{}\u00bb][\/et_pb_fullwidth_image][\/et_pb_section][et_pb_section fb_built=\u00bb1&#8243; disabled_on=\u00bbon|on|on\u00bb _builder_version=\u00bb4.16&#8243; inner_width_tablet=\u00bb50px\u00bb inner_max_width_tablet=\u00bb50px\u00bb z_index_tablet=\u00bb500&#8243; disabled=\u00bbon\u00bb collapsed=\u00bbon\u00bb global_colors_info=\u00bb{}\u00bb][et_pb_row _builder_version=\u00bb4.16&#8243; background_size=\u00bbinitial\u00bb background_position=\u00bbtop_left\u00bb background_repeat=\u00bbrepeat\u00bb global_colors_info=\u00bb{}\u00bb][et_pb_column type=\u00bb4_4&#8243; _builder_version=\u00bb4.16&#8243; custom_padding=\u00bb|||\u00bb global_colors_info=\u00bb{}\u00bb custom_padding__hover=\u00bb|||\u00bb][et_pb_text disabled_on=\u00bboff|off|off\u00bb admin_label=\u00bbpresentacio text\u00bb _builder_version=\u00bb4.19.0&#8243; text_font=\u00bbLato||||||||\u00bb text_text_color=\u00bb#000000&#8243; text_font_size=\u00bb22px\u00bb text_letter_spacing=\u00bb2px\u00bb header_font=\u00bbLato|700||||on|||\u00bb header_text_align=\u00bbcenter\u00bb header_text_color=\u00bb#258543&#8243; header_font_size=\u00bb60px\u00bb header_letter_spacing=\u00bb2px\u00bb vertical_offset_tablet=\u00bb0&#8243; horizontal_offset_tablet=\u00bb0&#8243; text_orientation=\u00bbcenter\u00bb background_layout=\u00bbdark\u00bb z_index_tablet=\u00bb500&#8243; text_text_shadow_style=\u00bbpreset1&#8243; text_text_shadow_horizontal_length=\u00bb0.08em\u00bb header_text_shadow_style=\u00bbpreset1&#8243; box_shadow_horizontal_tablet=\u00bb0px\u00bb box_shadow_vertical_tablet=\u00bb0px\u00bb box_shadow_blur_tablet=\u00bb40px\u00bb box_shadow_spread_tablet=\u00bb0px\u00bb global_colors_info=\u00bb{}\u00bb]<\/p>\n<h1 class=\"et_pb_module_header\">Cuidamos a las personas y del planeta<\/h1>\n<p>Ten\u00e9is en las manos el Informe 2020-2021 de Fundesplai, un resumen de las principales actuaciones que hemos impulsado estos \u00faltimos meses en<br \/>qu\u00e9 hemos sufrido las consecuencias de la pandemia de la Covid-19. Unos proyectos e iniciativas que tienen como denominador com\u00fan el cuidado<br \/>de las personas y del planeta. Y es que desde Fundesplai trabajamos porque, una vez superemos la embestida sanitaria, econ\u00f3mica y social de esta pandemia, no volvemos al punto de partida, sino que encontramos nuevas maneras de vivir en el mundo y convivir con los dem\u00e1s.<\/p>\n<p>[\/et_pb_text][et_pb_button button_url=\u00bbhttps:\/\/issuu.com\/fundacioesplai\/docs\/memoria_fundesplai_2021\/2&#8243; button_text=\u00bb\u00bfQUIERES SABER M\u00c1S?\u00bb button_alignment=\u00bbcenter\u00bb _builder_version=\u00bb4.19.0&#8243; custom_button=\u00bbon\u00bb button_text_color=\u00bb#ffffff\u00bb button_bg_color=\u00bb#258543&#8243; animation_style=\u00bbfade\u00bb z_index_tablet=\u00bb500&#8243; box_shadow_style=\u00bbpreset2&#8243; global_colors_info=\u00bb{}\u00bb button_text_size__hover_enabled=\u00bboff\u00bb button_text_size__hover=\u00bbnull\u00bb button_one_text_size__hover_enabled=\u00bboff\u00bb button_one_text_size__hover=\u00bbnull\u00bb button_two_text_size__hover_enabled=\u00bboff\u00bb button_two_text_size__hover=\u00bbnull\u00bb button_text_color__hover_enabled=\u00bboff\u00bb button_text_color__hover=\u00bbnull\u00bb button_one_text_color__hover_enabled=\u00bboff\u00bb button_one_text_color__hover=\u00bbnull\u00bb button_two_text_color__hover_enabled=\u00bboff\u00bb button_two_text_color__hover=\u00bbnull\u00bb button_border_width__hover_enabled=\u00bboff\u00bb button_border_width__hover=\u00bbnull\u00bb button_one_border_width__hover_enabled=\u00bboff\u00bb button_one_border_width__hover=\u00bbnull\u00bb button_two_border_width__hover_enabled=\u00bboff\u00bb button_two_border_width__hover=\u00bbnull\u00bb button_border_color__hover_enabled=\u00bboff\u00bb button_border_color__hover=\u00bbnull\u00bb button_one_border_color__hover_enabled=\u00bboff\u00bb button_one_border_color__hover=\u00bbnull\u00bb button_two_border_color__hover_enabled=\u00bboff\u00bb button_two_border_color__hover=\u00bbnull\u00bb button_border_radius__hover_enabled=\u00bboff\u00bb button_border_radius__hover=\u00bbnull\u00bb button_one_border_radius__hover_enabled=\u00bboff\u00bb button_one_border_radius__hover=\u00bbnull\u00bb button_two_border_radius__hover_enabled=\u00bboff\u00bb button_two_border_radius__hover=\u00bbnull\u00bb button_letter_spacing__hover_enabled=\u00bboff\u00bb button_letter_spacing__hover=\u00bbnull\u00bb button_one_letter_spacing__hover_enabled=\u00bboff\u00bb button_one_letter_spacing__hover=\u00bbnull\u00bb button_two_letter_spacing__hover_enabled=\u00bboff\u00bb button_two_letter_spacing__hover=\u00bbnull\u00bb button_bg_color__hover_enabled=\u00bboff\u00bb button_bg_color__hover=\u00bbnull\u00bb button_one_bg_color__hover_enabled=\u00bboff\u00bb button_one_bg_color__hover=\u00bbnull\u00bb button_two_bg_color__hover_enabled=\u00bboff\u00bb button_two_bg_color__hover=\u00bbnull\u00bb]&nbsp;<br \/>\n[\/et_pb_button][\/et_pb_column][\/et_pb_row][\/et_pb_section][et_pb_section fb_built=\u00bb1&#8243; disabled_on=\u00bbon|on|on\u00bb _builder_version=\u00bb4.16&#8243; inner_width_tablet=\u00bb50px\u00bb inner_max_width_tablet=\u00bb50px\u00bb z_index_tablet=\u00bb500&#8243; disabled=\u00bbon\u00bb collapsed=\u00bbon\u00bb global_colors_info=\u00bb{}\u00bb][et_pb_row _builder_version=\u00bb4.16&#8243; background_size=\u00bbinitial\u00bb background_position=\u00bbtop_left\u00bb background_repeat=\u00bbrepeat\u00bb global_colors_info=\u00bb{}\u00bb][et_pb_column type=\u00bb4_4&#8243; _builder_version=\u00bb4.16&#8243; custom_padding=\u00bb|||\u00bb global_colors_info=\u00bb{}\u00bb custom_padding__hover=\u00bb|||\u00bb][et_pb_text disabled_on=\u00bboff|off|off\u00bb admin_label=\u00bbFundesplai a Catalunya\u00bb _builder_version=\u00bb4.16&#8243; text_font=\u00bbLato|900|||||||\u00bb text_text_color=\u00bb#258543&#8243; text_font_size=\u00bb62px\u00bb text_letter_spacing=\u00bb6px\u00bb text_line_height=\u00bb2.5em\u00bb header_font=\u00bbAlike Angular|700|||||||\u00bb header_text_align=\u00bbleft\u00bb header_font_size=\u00bb92px\u00bb text_orientation=\u00bbcenter\u00bb background_layout=\u00bbdark\u00bb z_index_tablet=\u00bb500&#8243; text_text_shadow_style=\u00bbpreset1&#8243; global_colors_info=\u00bb{}\u00bb]<\/p>\n<p>FUNDESPLAI EN CATALU\u00d1A<\/p>\n<p>[\/et_pb_text][\/et_pb_column][\/et_pb_row][\/et_pb_section][et_pb_section fb_built=\u00bb1&#8243; fullwidth=\u00bbon\u00bb disabled_on=\u00bbon|on|on\u00bb _builder_version=\u00bb4.16&#8243; disabled=\u00bbon\u00bb collapsed=\u00bbon\u00bb global_colors_info=\u00bb{}\u00bb][et_pb_fullwidth_image src=\u00bbhttps:\/\/fundesplai.org\/wp-content\/uploads\/2023\/02\/mapa-cat-2021.jpg\u00bb title_text=\u00bbmapa-cat-2021&#8243; show_in_lightbox=\u00bbon\u00bb disabled_on=\u00bboff|off|off\u00bb admin_label=\u00bbMapa Catalunya\u00bb _builder_version=\u00bb4.16&#8243; vertical_offset_tablet=\u00bb0&#8243; horizontal_offset_tablet=\u00bb0&#8243; animation_style=\u00bbfold\u00bb animation_direction=\u00bbleft\u00bb animation_duration=\u00bb1250ms\u00bb z_index_tablet=\u00bb500&#8243; box_shadow_horizontal_tablet=\u00bb0px\u00bb box_shadow_vertical_tablet=\u00bb0px\u00bb box_shadow_blur_tablet=\u00bb40px\u00bb box_shadow_spread_tablet=\u00bb0px\u00bb global_colors_info=\u00bb{}\u00bb]&nbsp;<br \/>\n[\/et_pb_fullwidth_image][\/et_pb_section][et_pb_section fb_built=\u00bb1&#8243; _builder_version=\u00bb4.16&#8243; background_color_gradient_start=\u00bb#008749&#8243; background_color_gradient_end=\u00bb#a2bd30&#8243; inner_width_tablet=\u00bb50px\u00bb inner_max_width_tablet=\u00bb50px\u00bb z_index_tablet=\u00bb500&#8243; locked=\u00bboff\u00bb global_colors_info=\u00bb{}\u00bb][et_pb_row column_structure=\u00bb1_3,1_3,1_3&#8243; _builder_version=\u00bb4.19.0&#8243; _module_preset=\u00bbdefault\u00bb custom_margin=\u00bb50px||||false|false\u00bb locked=\u00bboff\u00bb global_colors_info=\u00bb{}\u00bb][et_pb_column type=\u00bb1_3&#8243; _builder_version=\u00bb4.17.4&#8243; _module_preset=\u00bbdefault\u00bb global_colors_info=\u00bb{}\u00bb][et_pb_number_counter title=\u00bbPERSONAS A LAS QUE LLEGA NUESTRA ACCI\u00d3N\u00bb number=\u00bb172.778&#8243; percent_sign=\u00bboff\u00bb admin_label=\u00bbPERSONES A LES QUALS ARRIBA LA NOSTRA ACCI\u00d3\u00bb _builder_version=\u00bb4.19.0&#8243; _module_preset=\u00bbdefault\u00bb number_text_color=\u00bb#000000&#8243; number_font_size=\u00bb40px\u00bb background_color=\u00bb#FFFFFF\u00bb max_width=\u00bb250px\u00bb custom_css_main_element=\u00bb    aspect-ratio: 1;||\u00bb border_radii=\u00bbon|300px|300px|300px|300px\u00bb border_width_all=\u00bb5px\u00bb border_color_all=\u00bb#dcdc1c\u00bb global_colors_info=\u00bb{}\u00bb][\/et_pb_number_counter][\/et_pb_column][et_pb_column type=\u00bb1_3&#8243; _builder_version=\u00bb4.17.4&#8243; _module_preset=\u00bbdefault\u00bb global_colors_info=\u00bb{}\u00bb][et_pb_number_counter title=\u00bbESPLAIS Y PROYECTOS DE OCIO\u00bb number=\u00bb119&#8243; percent_sign=\u00bboff\u00bb admin_label=\u00bbESPLAIS I PROJECTES DE LLEURE\u00bb _builder_version=\u00bb4.19.0&#8243; _module_preset=\u00bbdefault\u00bb number_text_color=\u00bb#000000&#8243; number_font_size=\u00bb40px\u00bb background_color=\u00bb#FFFFFF\u00bb max_width=\u00bb250px\u00bb custom_css_main_element=\u00bb    aspect-ratio: 1;||.et_pb_number_counter h3 {padding:10px;}||\u00bb border_radii=\u00bbon|300px|300px|300px|300px\u00bb border_width_all=\u00bb5px\u00bb border_color_all=\u00bb#91b836&#8243; global_colors_info=\u00bb{}\u00bb][\/et_pb_number_counter][\/et_pb_column][et_pb_column type=\u00bb1_3&#8243; _builder_version=\u00bb4.17.4&#8243; _module_preset=\u00bbdefault\u00bb global_colors_info=\u00bb{}\u00bb][et_pb_number_counter title=\u00bbPARTICIPANTES EN ESPLAIS\u00bb number=\u00bb31.804&#8243; percent_sign=\u00bboff\u00bb admin_label=\u00bbINFANTS EN ESPLAIS\u00bb _builder_version=\u00bb4.19.0&#8243; _module_preset=\u00bbdefault\u00bb title_text_align=\u00bbcenter\u00bb number_text_align=\u00bbcenter\u00bb number_text_color=\u00bb#000000&#8243; number_font_size=\u00bb40px\u00bb background_color=\u00bb#FFFFFF\u00bb max_width=\u00bb250px\u00bb custom_css_main_element=\u00bb    aspect-ratio: 1;||\u00bb border_radii=\u00bbon|300px|300px|300px|300px\u00bb border_width_all=\u00bb5px\u00bb border_color_all=\u00bb#34a147&#8243; global_colors_info=\u00bb{}\u00bb][\/et_pb_number_counter][\/et_pb_column][\/et_pb_row][et_pb_row column_structure=\u00bb1_3,1_3,1_3&#8243; _builder_version=\u00bb4.17.4&#8243; _module_preset=\u00bbdefault\u00bb custom_margin=\u00bb50px||||false|false\u00bb locked=\u00bboff\u00bb global_colors_info=\u00bb{}\u00bb][et_pb_column type=\u00bb1_3&#8243; _builder_version=\u00bb4.17.4&#8243; _module_preset=\u00bbdefault\u00bb global_colors_info=\u00bb{}\u00bb][et_pb_number_counter title=\u00bbMONITORAS Y MONITORES\u00bb number=\u00bb1.641&#8243; percent_sign=\u00bboff\u00bb admin_label=\u00bbMONITORES I MONITORS\u00bb _builder_version=\u00bb4.19.0&#8243; _module_preset=\u00bbdefault\u00bb number_text_color=\u00bb#000000&#8243; number_font_size=\u00bb40px\u00bb background_color=\u00bb#FFFFFF\u00bb max_width=\u00bb250px\u00bb custom_css_main_element=\u00bb    aspect-ratio: 1;||\u00bb border_radii=\u00bbon|300px|300px|300px|300px\u00bb border_width_all=\u00bb5px\u00bb border_color_all=\u00bb#dcdc1c\u00bb global_colors_info=\u00bb{}\u00bb][\/et_pb_number_counter][\/et_pb_column][et_pb_column type=\u00bb1_3&#8243; _builder_version=\u00bb4.17.4&#8243; _module_preset=\u00bbdefault\u00bb global_colors_info=\u00bb{}\u00bb][et_pb_number_counter title=\u00bbBECAS DE ACTIVIDADES DE VERANO\u00bb number=\u00bb4.667&#8243; percent_sign=\u00bboff\u00bb disabled_on=\u00bboff|off|off\u00bb admin_label=\u00bbBEQUES D&#8217;ACTIVITATS D&#8217;ESTIU\u00bb _builder_version=\u00bb4.19.0&#8243; _module_preset=\u00bbdefault\u00bb number_text_color=\u00bb#000000&#8243; number_font_size=\u00bb40px\u00bb background_color=\u00bb#FFFFFF\u00bb max_width=\u00bb250px\u00bb custom_css_main_element=\u00bb    aspect-ratio: 1;||.et_pb_number_counter h3 {padding:10px;}||\u00bb border_radii=\u00bbon|300px|300px|300px|300px\u00bb border_width_all=\u00bb5px\u00bb border_color_all=\u00bb#91b836&#8243; global_colors_info=\u00bb{}\u00bb][\/et_pb_number_counter][\/et_pb_column][et_pb_column type=\u00bb1_3&#8243; _builder_version=\u00bb4.17.4&#8243; _module_preset=\u00bbdefault\u00bb global_colors_info=\u00bb{}\u00bb][et_pb_number_counter title=\u00bbPARTICIPANTES EN PROGRAMAS DE EDUCACI\u00d3N AMBIENTAL\u00bb number=\u00bb22.190&#8243; percent_sign=\u00bboff\u00bb admin_label=\u00bbPARTICIPANTS EN PROGRAMES D&#8217;EDUCACI\u00d3 AMBIENTAL\u00bb _builder_version=\u00bb4.19.0&#8243; _module_preset=\u00bbdefault\u00bb title_text_align=\u00bbcenter\u00bb number_text_align=\u00bbcenter\u00bb number_text_color=\u00bb#000000&#8243; number_font_size=\u00bb40px\u00bb background_color=\u00bb#FFFFFF\u00bb max_width=\u00bb250px\u00bb custom_css_main_element=\u00bb    aspect-ratio: 1;||\u00bb border_radii=\u00bbon|300px|300px|300px|300px\u00bb border_width_all=\u00bb5px\u00bb border_color_all=\u00bb#34a147&#8243; global_colors_info=\u00bb{}\u00bb][\/et_pb_number_counter][\/et_pb_column][\/et_pb_row][et_pb_row column_structure=\u00bb1_3,1_3,1_3&#8243; _builder_version=\u00bb4.17.4&#8243; _module_preset=\u00bbdefault\u00bb custom_margin=\u00bb50px||||false|false\u00bb locked=\u00bboff\u00bb global_colors_info=\u00bb{}\u00bb][et_pb_column type=\u00bb1_3&#8243; _builder_version=\u00bb4.17.4&#8243; _module_preset=\u00bbdefault\u00bb global_colors_info=\u00bb{}\u00bb][et_pb_number_counter title=\u00bbPARTICIPANTES EN PROGRAMAS ESCOLARES\u00bb number=\u00bb83.795&#8243; percent_sign=\u00bboff\u00bb admin_label=\u00bbPARTICIPANTS EN PROGRAMES ESCOLARS\u00bb _builder_version=\u00bb4.19.0&#8243; _module_preset=\u00bbdefault\u00bb number_text_color=\u00bb#000000&#8243; number_font_size=\u00bb40px\u00bb background_color=\u00bb#FFFFFF\u00bb max_width=\u00bb250px\u00bb custom_css_main_element=\u00bb    aspect-ratio: 1;||\u00bb border_radii=\u00bbon|300px|300px|300px|300px\u00bb border_width_all=\u00bb5px\u00bb border_color_all=\u00bb#dcdc1c\u00bb global_colors_info=\u00bb{}\u00bb][\/et_pb_number_counter][\/et_pb_column][et_pb_column type=\u00bb1_3&#8243; _builder_version=\u00bb4.17.4&#8243; _module_preset=\u00bbdefault\u00bb global_colors_info=\u00bb{}\u00bb][et_pb_number_counter title=\u00bbENTIDADES CLUB SUPORT\u00bb number=\u00bb1.073&#8243; percent_sign=\u00bboff\u00bb admin_label=\u00bbENTITATS\u00bb _builder_version=\u00bb4.19.0&#8243; _module_preset=\u00bbdefault\u00bb number_text_color=\u00bb#000000&#8243; number_font_size=\u00bb40px\u00bb background_color=\u00bb#FFFFFF\u00bb max_width=\u00bb250px\u00bb custom_css_main_element=\u00bb    aspect-ratio: 1;||.et_pb_number_counter h3 {padding:10px;}||\u00bb border_radii=\u00bbon|300px|300px|300px|300px\u00bb border_width_all=\u00bb5px\u00bb border_color_all=\u00bb#91b836&#8243; global_colors_info=\u00bb{}\u00bb][\/et_pb_number_counter][\/et_pb_column][et_pb_column type=\u00bb1_3&#8243; _builder_version=\u00bb4.17.4&#8243; _module_preset=\u00bbdefault\u00bb global_colors_info=\u00bb{}\u00bb][et_pb_number_counter title=\u00bbAYUDAS PARA COLONIAS ESCOLARES\u00bb number=\u00bb537&#8243; percent_sign=\u00bboff\u00bb disabled_on=\u00bboff|off|off\u00bb admin_label=\u00bbAJUTS PER A COL\u00d2NIES ESCOLARS\u00bb _builder_version=\u00bb4.19.0&#8243; _module_preset=\u00bbdefault\u00bb title_text_align=\u00bbcenter\u00bb number_text_align=\u00bbcenter\u00bb number_text_color=\u00bb#000000&#8243; number_font_size=\u00bb40px\u00bb background_color=\u00bb#FFFFFF\u00bb max_width=\u00bb250px\u00bb custom_css_main_element=\u00bb    aspect-ratio: 1;||\u00bb border_radii=\u00bbon|300px|300px|300px|300px\u00bb border_width_all=\u00bb5px\u00bb border_color_all=\u00bb#34a147&#8243; global_colors_info=\u00bb{}\u00bb][\/et_pb_number_counter][\/et_pb_column][\/et_pb_row][et_pb_row column_structure=\u00bb1_3,1_3,1_3&#8243; _builder_version=\u00bb4.17.4&#8243; _module_preset=\u00bbdefault\u00bb custom_margin=\u00bb50px||||false|false\u00bb locked=\u00bboff\u00bb global_colors_info=\u00bb{}\u00bb][et_pb_column type=\u00bb1_3&#8243; _builder_version=\u00bb4.17.4&#8243; _module_preset=\u00bbdefault\u00bb global_colors_info=\u00bb{}\u00bb][et_pb_number_counter title=\u00bbALUMNOS DE FORMACI\u00d3N\u00bb number=\u00bb6.350&#8243; percent_sign=\u00bboff\u00bb admin_label=\u00bbALUMNES DE FORMACI\u00d3\u00bb _builder_version=\u00bb4.19.0&#8243; _module_preset=\u00bbdefault\u00bb number_text_color=\u00bb#000000&#8243; number_font_size=\u00bb40px\u00bb background_color=\u00bb#FFFFFF\u00bb max_width=\u00bb250px\u00bb custom_css_main_element=\u00bb    aspect-ratio: 1;||\u00bb border_radii=\u00bbon|300px|300px|300px|300px\u00bb border_width_all=\u00bb5px\u00bb border_color_all=\u00bb#dcdc1c\u00bb global_colors_info=\u00bb{}\u00bb][\/et_pb_number_counter][\/et_pb_column][et_pb_column type=\u00bb1_3&#8243; _builder_version=\u00bb4.17.4&#8243; _module_preset=\u00bbdefault\u00bb global_colors_info=\u00bb{}\u00bb][et_pb_number_counter title=\u00bbEQUIPO HUMANO: TRABAJADORES\/AS\u00bb number=\u00bb6.702&#8243; percent_sign=\u00bboff\u00bb admin_label=\u00bbEQUIP HUM\u00c0: TREBALLADORS\/ES\u00bb _builder_version=\u00bb4.19.0&#8243; _module_preset=\u00bbdefault\u00bb number_text_color=\u00bb#000000&#8243; number_font_size=\u00bb40px\u00bb background_color=\u00bb#FFFFFF\u00bb max_width=\u00bb250px\u00bb custom_css_main_element=\u00bb    aspect-ratio: 1;||.et_pb_number_counter h3 {padding:10px;}||\u00bb border_radii=\u00bbon|300px|300px|300px|300px\u00bb border_width_all=\u00bb5px\u00bb border_color_all=\u00bb#91b836&#8243; global_colors_info=\u00bb{}\u00bb][\/et_pb_number_counter][\/et_pb_column][et_pb_column type=\u00bb1_3&#8243; _builder_version=\u00bb4.17.4&#8243; _module_preset=\u00bbdefault\u00bb global_colors_info=\u00bb{}\u00bb][et_pb_number_counter title=\u00bbVOLUNTARIOS\/AS\u00bb number=\u00bb937&#8243; percent_sign=\u00bboff\u00bb admin_label=\u00bbVOLUNTARIS\/IES\u00bb _builder_version=\u00bb4.19.0&#8243; _module_preset=\u00bbdefault\u00bb title_text_align=\u00bbcenter\u00bb number_text_align=\u00bbcenter\u00bb number_text_color=\u00bb#000000&#8243; number_font_size=\u00bb40px\u00bb background_color=\u00bb#FFFFFF\u00bb max_width=\u00bb250px\u00bb custom_css_main_element=\u00bb    aspect-ratio: 1;||\u00bb border_radii=\u00bbon|300px|300px|300px|300px\u00bb border_width_all=\u00bb5px\u00bb border_color_all=\u00bb#34a147&#8243; global_colors_info=\u00bb{}\u00bb][\/et_pb_number_counter][\/et_pb_column][\/et_pb_row][et_pb_row _builder_version=\u00bb4.19.0&#8243; _module_preset=\u00bbdefault\u00bb global_colors_info=\u00bb{}\u00bb][et_pb_column type=\u00bb4_4&#8243; _builder_version=\u00bb4.19.0&#8243; _module_preset=\u00bbdefault\u00bb global_colors_info=\u00bb{}\u00bb][et_pb_button button_url=\u00bbhttps:\/\/issuu.com\/fundacioesplai\/docs\/memoria_fundesplai_2021\/8&#8243; button_text=\u00bb\u00bfQuieres saber m\u00e1s?\u00bb button_alignment=\u00bbcenter\u00bb _builder_version=\u00bb4.19.0&#8243; _module_preset=\u00bbdefault\u00bb custom_margin=\u00bb40px||||false|false\u00bb global_colors_info=\u00bb{}\u00bb][\/et_pb_button][\/et_pb_column][\/et_pb_row][\/et_pb_section][et_pb_section fb_built=\u00bb1&#8243; disabled_on=\u00bbon|on|on\u00bb _builder_version=\u00bb4.16&#8243; inner_width_tablet=\u00bb50px\u00bb inner_max_width_tablet=\u00bb50px\u00bb z_index_tablet=\u00bb500&#8243; disabled=\u00bbon\u00bb collapsed=\u00bbon\u00bb global_colors_info=\u00bb{}\u00bb][et_pb_row _builder_version=\u00bb4.16&#8243; background_size=\u00bbinitial\u00bb background_position=\u00bbtop_left\u00bb background_repeat=\u00bbrepeat\u00bb width=\u00bb100%\u00bb global_colors_info=\u00bb{}\u00bb][et_pb_column type=\u00bb4_4&#8243; _builder_version=\u00bb4.16&#8243; custom_padding=\u00bb|||\u00bb global_colors_info=\u00bb{}\u00bb custom_padding__hover=\u00bb|||\u00bb][et_pb_text disabled_on=\u00bboff|off|off\u00bb admin_label=\u00bbXifres impacte\u00bb _builder_version=\u00bb4.16&#8243; text_font=\u00bbLato|900|||||||\u00bb text_text_color=\u00bb#258543&#8243; text_font_size=\u00bb28px\u00bb text_letter_spacing=\u00bb2px\u00bb header_font=\u00bbLato|700||||on|||\u00bb header_text_align=\u00bbcenter\u00bb header_text_color=\u00bb#258543&#8243; header_font_size=\u00bb60px\u00bb header_letter_spacing=\u00bb2px\u00bb text_orientation=\u00bbcenter\u00bb background_layout=\u00bbdark\u00bb z_index_tablet=\u00bb500&#8243; text_text_shadow_style=\u00bbpreset1&#8243; text_text_shadow_horizontal_length=\u00bb0.08em\u00bb global_colors_info=\u00bb{}\u00bb]<\/p>\n<h1 class=\"et_pb_module_header\">CIFRAS DE IMPACTO<\/h1>\n<p>[\/et_pb_text][et_pb_number_counter title=\u00bbPersonas a las que llega nuestra acci\u00f3n\u00bb number=\u00bb172.778&#8243; percent_sign=\u00bboff\u00bb admin_label=\u00bbPersones totals\u00bb _builder_version=\u00bb4.16&#8243; title_font=\u00bbLato|300|||||||\u00bb title_text_align=\u00bbcenter\u00bb title_text_color=\u00bb#FFFFFF\u00bb title_font_size=\u00bb36&#8243; number_font=\u00bbLato|900|||||||\u00bb number_text_align=\u00bbcenter\u00bb number_text_color=\u00bb#FFFFFF\u00bb number_letter_spacing=\u00bb3px\u00bb background_color=\u00bb#258543&#8243; background_enable_image=\u00bboff\u00bb background_layout=\u00bbdark\u00bb z_index_tablet=\u00bb500&#8243; global_colors_info=\u00bb{}\u00bb]&nbsp;<br \/>\n[\/et_pb_number_counter][et_pb_text disabled_on=\u00bboff|off|off\u00bb admin_label=\u00bbFundesplai a Catalunya\u00bb _builder_version=\u00bb4.16&#8243; text_font=\u00bbLato|900|||||||\u00bb text_text_color=\u00bb#258543&#8243; text_font_size=\u00bb62px\u00bb text_letter_spacing=\u00bb6px\u00bb text_line_height=\u00bb2.5em\u00bb header_font=\u00bbAlike Angular|700|||||||\u00bb header_text_align=\u00bbleft\u00bb header_font_size=\u00bb92px\u00bb header_2_font=\u00bbLato|700||||on|||\u00bb header_2_text_align=\u00bbcenter\u00bb header_2_text_color=\u00bb#258543&#8243; header_2_font_size=\u00bb40px\u00bb header_2_letter_spacing=\u00bb2px\u00bb text_orientation=\u00bbcenter\u00bb background_layout=\u00bbdark\u00bb z_index_tablet=\u00bb500&#8243; text_text_shadow_style=\u00bbpreset1&#8243; header_2_text_shadow_style=\u00bbpreset2&#8243; global_colors_info=\u00bb{}\u00bb]<\/p>\n<h2>IMPACTO SOCIAL<\/h2>\n<p>[\/et_pb_text][\/et_pb_column][\/et_pb_row][et_pb_row column_structure=\u00bb1_6,1_6,1_6,1_6,1_6,1_6&#8243; _builder_version=\u00bb4.16&#8243; _module_preset=\u00bbdefault\u00bb background_color=\u00bbrgba(37,133,67,0.3)\u00bb global_colors_info=\u00bb{}\u00bb][et_pb_column type=\u00bb1_6&#8243; _builder_version=\u00bb4.16&#8243; _module_preset=\u00bbdefault\u00bb global_colors_info=\u00bb{}\u00bb][et_pb_image src=\u00bbhttps:\/\/fundesplai.org\/wp-content\/uploads\/2023\/02\/icon_ajuts1-150&#215;150-1.jpg\u00bb title_text=\u00bbicon_ajuts1&#8243; admin_label=\u00bbIMG BEQUES\u00bb _builder_version=\u00bb4.16&#8243; _module_preset=\u00bbdefault\u00bb global_colors_info=\u00bb{}\u00bb][\/et_pb_image][et_pb_image src=\u00bbhttps:\/\/fundesplai.org\/wp-content\/uploads\/2023\/02\/icon_ajuts4-150&#215;150-1.jpg\u00bb title_text=\u00bbicon_ajuts4&#8243; admin_label=\u00bbIMG PERSONES VULNERABLES\u00bb _builder_version=\u00bb4.16&#8243; _module_preset=\u00bbdefault\u00bb global_colors_info=\u00bb{}\u00bb][\/et_pb_image][\/et_pb_column][et_pb_column type=\u00bb1_6&#8243; _builder_version=\u00bb4.16&#8243; _module_preset=\u00bbdefault\u00bb global_colors_info=\u00bb{}\u00bb][et_pb_number_counter title=\u00bbBecas de actividades de verano\u00bb number=\u00bb4.667&#8243; percent_sign=\u00bboff\u00bb admin_label=\u00bbBEQUES\u00bb _builder_version=\u00bb4.16&#8243; title_font=\u00bbLato|300|||||||\u00bb title_text_align=\u00bbcenter\u00bb title_text_color=\u00bb#000000&#8243; title_font_size=\u00bb24px\u00bb number_font=\u00bbLato|300|||||||\u00bb number_text_align=\u00bbcenter\u00bb number_text_color=\u00bb#000000&#8243; number_font_size=\u00bb40px\u00bb number_letter_spacing=\u00bb3px\u00bb background_enable_image=\u00bboff\u00bb background_layout=\u00bbdark\u00bb z_index_tablet=\u00bb500&#8243; global_colors_info=\u00bb{}\u00bb]&nbsp;<br \/>\n[\/et_pb_number_counter][et_pb_number_counter title=\u00bbPersonas vulnerables atendidas durante la pandemia\u00bb number=\u00bb995&#8243; percent_sign=\u00bboff\u00bb admin_label=\u00bbPERSONES PANDEMIA\u00bb _builder_version=\u00bb4.16&#8243; title_font=\u00bbLato|300|||||||\u00bb title_text_align=\u00bbcenter\u00bb title_text_color=\u00bb#000000&#8243; title_font_size=\u00bb24px\u00bb number_font=\u00bbLato|300|||||||\u00bb number_text_align=\u00bbcenter\u00bb number_text_color=\u00bb#000000&#8243; number_font_size=\u00bb40px\u00bb number_letter_spacing=\u00bb3px\u00bb background_enable_image=\u00bboff\u00bb background_layout=\u00bbdark\u00bb z_index_tablet=\u00bb500&#8243; global_colors_info=\u00bb{}\u00bb]&nbsp;<br \/>\n[\/et_pb_number_counter][\/et_pb_column][et_pb_column type=\u00bb1_6&#8243; _builder_version=\u00bb4.16&#8243; _module_preset=\u00bbdefault\u00bb global_colors_info=\u00bb{}\u00bb][et_pb_image src=\u00bbhttps:\/\/fundesplai.org\/wp-content\/uploads\/2023\/02\/icon_ajuts2-150&#215;150-1.jpg\u00bb title_text=\u00bbicon_ajuts2&#8243; admin_label=\u00bbIMG AJUTS COLONIES\u00bb _builder_version=\u00bb4.16&#8243; _module_preset=\u00bbdefault\u00bb global_colors_info=\u00bb{}\u00bb][\/et_pb_image][et_pb_image src=\u00bbhttps:\/\/fundesplai.org\/wp-content\/uploads\/2023\/02\/icon_ajuts5-150&#215;150-1.jpg\u00bb title_text=\u00bbicon_ajuts5&#8243; admin_label=\u00bbIMG BEQUES COLONIES\u00bb _builder_version=\u00bb4.16&#8243; _module_preset=\u00bbdefault\u00bb global_colors_info=\u00bb{}\u00bb][\/et_pb_image][\/et_pb_column][et_pb_column type=\u00bb1_6&#8243; _builder_version=\u00bb4.16&#8243; _module_preset=\u00bbdefault\u00bb global_colors_info=\u00bb{}\u00bb][et_pb_number_counter title=\u00bbAyudas para colonias escolares\u00bb number=\u00bb537&#8243; percent_sign=\u00bboff\u00bb admin_label=\u00bbAJUTS COLONIES\u00bb _builder_version=\u00bb4.16&#8243; title_font=\u00bbLato|300|||||||\u00bb title_text_align=\u00bbcenter\u00bb title_text_color=\u00bb#000000&#8243; title_font_size=\u00bb24px\u00bb number_font=\u00bbLato|300|||||||\u00bb number_text_align=\u00bbcenter\u00bb number_text_color=\u00bb#000000&#8243; number_font_size=\u00bb40px\u00bb number_letter_spacing=\u00bb3px\u00bb background_enable_image=\u00bboff\u00bb background_layout=\u00bbdark\u00bb z_index_tablet=\u00bb500&#8243; global_colors_info=\u00bb{}\u00bb]&nbsp;<br \/>\n[\/et_pb_number_counter][et_pb_number_counter title=\u00bbBecas para colonias y casales de verano\u00bb number=\u00bb4.604&#8243; percent_sign=\u00bboff\u00bb admin_label=\u00bbAJUTS COLONIES\u00bb _builder_version=\u00bb4.16&#8243; title_font=\u00bbLato|300|||||||\u00bb title_text_align=\u00bbcenter\u00bb title_text_color=\u00bb#000000&#8243; title_font_size=\u00bb24px\u00bb number_font=\u00bbLato|300|||||||\u00bb number_text_align=\u00bbcenter\u00bb number_text_color=\u00bb#000000&#8243; number_font_size=\u00bb40px\u00bb number_letter_spacing=\u00bb3px\u00bb background_enable_image=\u00bboff\u00bb background_layout=\u00bbdark\u00bb z_index_tablet=\u00bb500&#8243; global_colors_info=\u00bb{}\u00bb]&nbsp;<br \/>\n[\/et_pb_number_counter][\/et_pb_column][et_pb_column type=\u00bb1_6&#8243; _builder_version=\u00bb4.16&#8243; _module_preset=\u00bbdefault\u00bb global_colors_info=\u00bb{}\u00bb][et_pb_image src=\u00bbhttps:\/\/fundesplai.org\/wp-content\/uploads\/2023\/02\/icon_ajuts3.jpg\u00bb title_text=\u00bbicon_ajuts3&#8243; admin_label=\u00bbIMG AJUTS COLONIES FAMILIES\u00bb _builder_version=\u00bb4.16&#8243; _module_preset=\u00bbdefault\u00bb global_colors_info=\u00bb{}\u00bb][\/et_pb_image][et_pb_image src=\u00bbhttps:\/\/fundesplai.org\/wp-content\/uploads\/2023\/02\/icon_ajuts6-150&#215;150-1.jpg\u00bb title_text=\u00bbicon_ajuts6&#8243; admin_label=\u00bbIMG BEQUES MENJADOR\u00bb _builder_version=\u00bb4.16&#8243; _module_preset=\u00bbdefault\u00bb global_colors_info=\u00bb{}\u00bb][\/et_pb_image][\/et_pb_column][et_pb_column type=\u00bb1_6&#8243; _builder_version=\u00bb4.16&#8243; _module_preset=\u00bbdefault\u00bb global_colors_info=\u00bb{}\u00bb][et_pb_number_counter title=\u00bbAyudas para colonias en familia\u00bb number=\u00bb930&#8243; percent_sign=\u00bboff\u00bb admin_label=\u00bbAJUST COLONIES FAMILIA\u00bb _builder_version=\u00bb4.16&#8243; title_font=\u00bbLato|300|||||||\u00bb title_text_align=\u00bbcenter\u00bb title_text_color=\u00bb#000000&#8243; title_font_size=\u00bb24px\u00bb number_font=\u00bbLato|300|||||||\u00bb number_text_align=\u00bbcenter\u00bb number_text_color=\u00bb#000000&#8243; number_font_size=\u00bb40px\u00bb number_letter_spacing=\u00bb3px\u00bb background_enable_image=\u00bboff\u00bb background_layout=\u00bbdark\u00bb z_index_tablet=\u00bb500&#8243; global_colors_info=\u00bb{}\u00bb]&nbsp;<br \/>\n[\/et_pb_number_counter][et_pb_number_counter title=\u00bbBecas de un mes en comedores escolares\u00bb number=\u00bb460&#8243; percent_sign=\u00bboff\u00bb admin_label=\u00bbAJUST COLONIES FAMILIA\u00bb _builder_version=\u00bb4.16&#8243; title_font=\u00bbLato|300|||||||\u00bb title_text_align=\u00bbcenter\u00bb title_text_color=\u00bb#000000&#8243; title_font_size=\u00bb24px\u00bb number_font=\u00bbLato|300|||||||\u00bb number_text_align=\u00bbcenter\u00bb number_text_color=\u00bb#000000&#8243; number_font_size=\u00bb40px\u00bb number_letter_spacing=\u00bb3px\u00bb background_enable_image=\u00bboff\u00bb background_layout=\u00bbdark\u00bb z_index_tablet=\u00bb500&#8243; global_colors_info=\u00bb{}\u00bb]&nbsp;<br \/>\n[\/et_pb_number_counter][\/et_pb_column][\/et_pb_row][et_pb_row column_structure=\u00bb1_4,1_4,1_4,1_4&#8243; _builder_version=\u00bb4.16&#8243; _module_preset=\u00bbdefault\u00bb global_colors_info=\u00bb{}\u00bb][et_pb_column type=\u00bb1_4&#8243; _builder_version=\u00bb4.16&#8243; _module_preset=\u00bbdefault\u00bb global_colors_info=\u00bb{}\u00bb][et_pb_text admin_label=\u00bbESPLAIS\u00bb _builder_version=\u00bb4.16&#8243; _module_preset=\u00bbdefault\u00bb header_3_font=\u00bbLato|700|||||||\u00bb header_3_text_align=\u00bbcenter\u00bb header_3_text_color=\u00bb#258543&#8243; header_3_font_size=\u00bb30px\u00bb header_3_letter_spacing=\u00bb2px\u00bb global_colors_info=\u00bb{}\u00bb]<\/p>\n<h3>ESPLAIS<\/h3>\n<p>[\/et_pb_text][et_pb_image src=\u00bbhttps:\/\/fundesplai.org\/wp-content\/uploads\/2023\/02\/icon_esplais-150&#215;150-1.jpg\u00bb title_text=\u00bbicon_esplais\u00bb admin_label=\u00bbIcon esplais\u00bb _builder_version=\u00bb4.16&#8243; _module_preset=\u00bbdefault\u00bb animation_style=\u00bbfade\u00bb global_colors_info=\u00bb{}\u00bb][\/et_pb_image][\/et_pb_column][et_pb_column type=\u00bb1_4&#8243; _builder_version=\u00bb4.16&#8243; _module_preset=\u00bbdefault\u00bb global_colors_info=\u00bb{}\u00bb][et_pb_number_counter title=\u00bbEsplais y proyectos de ocio\u00bb number=\u00bb119&#8243; percent_sign=\u00bboff\u00bb admin_label=\u00bbEsplais\u00bb _builder_version=\u00bb4.16&#8243; title_font=\u00bbLato|300|||||||\u00bb title_text_align=\u00bbcenter\u00bb title_text_color=\u00bb#000000&#8243; title_font_size=\u00bb36&#8243; number_font=\u00bbLato|300|||||||\u00bb number_text_align=\u00bbcenter\u00bb number_text_color=\u00bb#000000&#8243; number_font_size=\u00bb66&#8243; number_letter_spacing=\u00bb3px\u00bb background_enable_image=\u00bboff\u00bb background_layout=\u00bbdark\u00bb z_index_tablet=\u00bb500&#8243; global_colors_info=\u00bb{}\u00bb]&nbsp;<br \/>\n[\/et_pb_number_counter][\/et_pb_column][et_pb_column type=\u00bb1_4&#8243; _builder_version=\u00bb4.16&#8243; _module_preset=\u00bbdefault\u00bb global_colors_info=\u00bb{}\u00bb][et_pb_number_counter title=\u00bbParticipantes en esplais y proyectos de ocio\u00bb number=\u00bb31.804&#8243; percent_sign=\u00bboff\u00bb admin_label=\u00bbInfants en esplais\u00bb _builder_version=\u00bb4.16&#8243; title_font=\u00bbLato|300|||||||\u00bb title_text_align=\u00bbcenter\u00bb title_text_color=\u00bb#000000&#8243; title_font_size=\u00bb36&#8243; number_font=\u00bbLato|300|||||||\u00bb number_text_align=\u00bbcenter\u00bb number_text_color=\u00bb#000000&#8243; number_font_size=\u00bb66&#8243; number_letter_spacing=\u00bb3px\u00bb background_layout=\u00bbdark\u00bb z_index_tablet=\u00bb500&#8243; global_colors_info=\u00bb{}\u00bb]&nbsp;<br \/>\n[\/et_pb_number_counter][\/et_pb_column][et_pb_column type=\u00bb1_4&#8243; _builder_version=\u00bb4.16&#8243; _module_preset=\u00bbdefault\u00bb global_colors_info=\u00bb{}\u00bb][et_pb_number_counter title=\u00bbMonitoras y monitores\u00bb number=\u00bb1.641&#8243; percent_sign=\u00bboff\u00bb admin_label=\u00bbmonitors\u00bb _builder_version=\u00bb4.16&#8243; title_font=\u00bbLato|300|||||||\u00bb title_text_align=\u00bbcenter\u00bb title_text_color=\u00bb#000000&#8243; title_font_size=\u00bb36&#8243; number_font=\u00bbLato|300|||||||\u00bb number_text_align=\u00bbcenter\u00bb number_text_color=\u00bb#000000&#8243; number_font_size=\u00bb66&#8243; number_letter_spacing=\u00bb3px\u00bb background_layout=\u00bbdark\u00bb z_index_tablet=\u00bb500&#8243; global_colors_info=\u00bb{}\u00bb]&nbsp;<br \/>\n[\/et_pb_number_counter][\/et_pb_column][\/et_pb_row][et_pb_row _builder_version=\u00bb4.16&#8243; _module_preset=\u00bbdefault\u00bb global_colors_info=\u00bb{}\u00bb][et_pb_column type=\u00bb4_4&#8243; _builder_version=\u00bb4.16&#8243; _module_preset=\u00bbdefault\u00bb global_colors_info=\u00bb{}\u00bb][et_pb_divider _builder_version=\u00bb4.16&#8243; _module_preset=\u00bbdefault\u00bb animation_style=\u00bbslide\u00bb animation_direction=\u00bbleft\u00bb animation_duration=\u00bb1500ms\u00bb global_colors_info=\u00bb{}\u00bb][\/et_pb_divider][\/et_pb_column][\/et_pb_row][et_pb_row column_structure=\u00bb1_4,1_4,1_4,1_4&#8243; _builder_version=\u00bb4.16&#8243; _module_preset=\u00bbdefault\u00bb global_colors_info=\u00bb{}\u00bb][et_pb_column type=\u00bb1_4&#8243; _builder_version=\u00bb4.16&#8243; _module_preset=\u00bbdefault\u00bb global_colors_info=\u00bb{}\u00bb][et_pb_text admin_label=\u00bbESCOLES\u00bb _builder_version=\u00bb4.16&#8243; _module_preset=\u00bbdefault\u00bb header_3_font=\u00bbLato|700|||||||\u00bb header_3_text_align=\u00bbcenter\u00bb header_3_text_color=\u00bb#258543&#8243; header_3_font_size=\u00bb30px\u00bb header_3_letter_spacing=\u00bb2px\u00bb global_colors_info=\u00bb{}\u00bb]<\/p>\n<h3>ESCUELAS<\/h3>\n<p>[\/et_pb_text][et_pb_image src=\u00bbhttps:\/\/fundesplai.org\/wp-content\/uploads\/2023\/02\/icon_escoles-150&#215;150-1.jpg\u00bb title_text=\u00bbicon_escoles\u00bb admin_label=\u00bbIcon escoles\u00bb _builder_version=\u00bb4.16&#8243; _module_preset=\u00bbdefault\u00bb animation_style=\u00bbfade\u00bb global_colors_info=\u00bb{}\u00bb][\/et_pb_image][\/et_pb_column][et_pb_column type=\u00bb1_4&#8243; _builder_version=\u00bb4.16&#8243; _module_preset=\u00bbdefault\u00bb global_colors_info=\u00bb{}\u00bb][et_pb_number_counter title=\u00bbParticipantes en programas escolares\u00bb number=\u00bb83.795&#8243; percent_sign=\u00bboff\u00bb admin_label=\u00bbParticipants en programes escolars\u00bb _builder_version=\u00bb4.16&#8243; title_font=\u00bbLato|300|||||||\u00bb title_text_align=\u00bbcenter\u00bb title_text_color=\u00bb#000000&#8243; title_font_size=\u00bb36&#8243; number_font=\u00bbLato|300|||||||\u00bb number_text_align=\u00bbcenter\u00bb number_text_color=\u00bb#000000&#8243; number_font_size=\u00bb66&#8243; number_letter_spacing=\u00bb3px\u00bb background_enable_image=\u00bboff\u00bb background_layout=\u00bbdark\u00bb z_index_tablet=\u00bb500&#8243; global_colors_info=\u00bb{}\u00bb]&nbsp;<br \/>\n[\/et_pb_number_counter][\/et_pb_column][et_pb_column type=\u00bb1_4&#8243; _builder_version=\u00bb4.16&#8243; _module_preset=\u00bbdefault\u00bb global_colors_info=\u00bb{}\u00bb][et_pb_number_counter title=\u00bbParticipantes durante el curso escolar\u00bb number=\u00bb68.615&#8243; percent_sign=\u00bboff\u00bb admin_label=\u00bbParticipants durant el curs escolar\u00bb _builder_version=\u00bb4.16&#8243; title_font=\u00bbLato|300|||||||\u00bb title_text_align=\u00bbcenter\u00bb title_text_color=\u00bb#000000&#8243; title_font_size=\u00bb36&#8243; number_font=\u00bbLato|300|||||||\u00bb number_text_align=\u00bbcenter\u00bb number_text_color=\u00bb#000000&#8243; number_font_size=\u00bb66&#8243; number_letter_spacing=\u00bb3px\u00bb background_layout=\u00bbdark\u00bb z_index_tablet=\u00bb500&#8243; global_colors_info=\u00bb{}\u00bb]&nbsp;<br \/>\n[\/et_pb_number_counter][\/et_pb_column][et_pb_column type=\u00bb1_4&#8243; _builder_version=\u00bb4.16&#8243; _module_preset=\u00bbdefault\u00bb global_colors_info=\u00bb{}\u00bb][et_pb_number_counter title=\u00bbParticipantes durante el verano\u00bb number=\u00bb15.180&#8243; percent_sign=\u00bboff\u00bb admin_label=\u00bbParticipants durant l&#8217;estiu\u00bb _builder_version=\u00bb4.16&#8243; title_font=\u00bbLato|300|||||||\u00bb title_text_align=\u00bbcenter\u00bb title_text_color=\u00bb#000000&#8243; title_font_size=\u00bb36&#8243; number_font=\u00bbLato|300|||||||\u00bb number_text_align=\u00bbcenter\u00bb number_text_color=\u00bb#000000&#8243; number_font_size=\u00bb66&#8243; number_letter_spacing=\u00bb3px\u00bb background_layout=\u00bbdark\u00bb z_index_tablet=\u00bb500&#8243; global_colors_info=\u00bb{}\u00bb]&nbsp;<br \/>\n[\/et_pb_number_counter][\/et_pb_column][\/et_pb_row][et_pb_row _builder_version=\u00bb4.16&#8243; _module_preset=\u00bbdefault\u00bb global_colors_info=\u00bb{}\u00bb][et_pb_column type=\u00bb4_4&#8243; _builder_version=\u00bb4.16&#8243; _module_preset=\u00bbdefault\u00bb global_colors_info=\u00bb{}\u00bb][et_pb_divider _builder_version=\u00bb4.16&#8243; _module_preset=\u00bbdefault\u00bb animation_style=\u00bbslide\u00bb animation_direction=\u00bbleft\u00bb animation_duration=\u00bb1500ms\u00bb global_colors_info=\u00bb{}\u00bb][\/et_pb_divider][\/et_pb_column][\/et_pb_row][et_pb_row column_structure=\u00bb1_4,1_4,1_4,1_4&#8243; _builder_version=\u00bb4.16&#8243; _module_preset=\u00bbdefault\u00bb global_colors_info=\u00bb{}\u00bb][et_pb_column type=\u00bb1_4&#8243; _builder_version=\u00bb4.16&#8243; _module_preset=\u00bbdefault\u00bb global_colors_info=\u00bb{}\u00bb][et_pb_text admin_label=\u00bbEDUCACIO AMBIENTAL\u00bb _builder_version=\u00bb4.16&#8243; _module_preset=\u00bbdefault\u00bb header_3_font=\u00bbLato|700|||||||\u00bb header_3_text_align=\u00bbcenter\u00bb header_3_text_color=\u00bb#258543&#8243; header_3_font_size=\u00bb18px\u00bb header_3_letter_spacing=\u00bb2px\u00bb global_colors_info=\u00bb{}\u00bb]<\/p>\n<h3>EDUCACI\u00d3N AMBIENTAL, ALBERGUE Y CASAS<\/h3>\n<p>[\/et_pb_text][et_pb_image src=\u00bbhttps:\/\/fundesplai.org\/wp-content\/uploads\/2023\/02\/icon_mediambient-150&#215;150-1.jpg\u00bb title_text=\u00bbicon_mediambient\u00bb admin_label=\u00bbIcon cases\u00bb _builder_version=\u00bb4.16&#8243; _module_preset=\u00bbdefault\u00bb animation_style=\u00bbfade\u00bb global_colors_info=\u00bb{}\u00bb][\/et_pb_image][\/et_pb_column][et_pb_column type=\u00bb1_4&#8243; _builder_version=\u00bb4.16&#8243; _module_preset=\u00bbdefault\u00bb global_colors_info=\u00bb{}\u00bb][et_pb_number_counter title=\u00bbParticipantes en programas de educaci\u00f3n ambiental\u00bb number=\u00bb22.190&#8243; percent_sign=\u00bboff\u00bb admin_label=\u00bbParticipants en programes d&#8217;educaci\u00f3 ambiental\u00bb _builder_version=\u00bb4.16&#8243; title_font=\u00bbLato|300|||||||\u00bb title_text_align=\u00bbcenter\u00bb title_text_color=\u00bb#000000&#8243; title_font_size=\u00bb36&#8243; number_font=\u00bbLato|300|||||||\u00bb number_text_align=\u00bbcenter\u00bb number_text_color=\u00bb#000000&#8243; number_font_size=\u00bb66&#8243; number_letter_spacing=\u00bb3px\u00bb background_enable_image=\u00bboff\u00bb background_layout=\u00bbdark\u00bb z_index_tablet=\u00bb500&#8243; global_colors_info=\u00bb{}\u00bb]&nbsp;<br \/>\n[\/et_pb_number_counter][\/et_pb_column][et_pb_column type=\u00bb1_4&#8243; _builder_version=\u00bb4.16&#8243; _module_preset=\u00bbdefault\u00bb global_colors_info=\u00bb{}\u00bb][et_pb_number_counter title=\u00bbUsuarios\/as Albergue Centro Esplai\u00bb number=\u00bb22.539&#8243; percent_sign=\u00bboff\u00bb admin_label=\u00bbUsuaris\/ies Alberg Centre Esplai\u00bb _builder_version=\u00bb4.16&#8243; title_font=\u00bbLato|300|||||||\u00bb title_text_align=\u00bbcenter\u00bb title_text_color=\u00bb#000000&#8243; title_font_size=\u00bb36&#8243; number_font=\u00bbLato|300|||||||\u00bb number_text_align=\u00bbcenter\u00bb number_text_color=\u00bb#000000&#8243; number_font_size=\u00bb66&#8243; number_letter_spacing=\u00bb3px\u00bb background_layout=\u00bbdark\u00bb z_index_tablet=\u00bb500&#8243; global_colors_info=\u00bb{}\u00bb]&nbsp;<br \/>\n[\/et_pb_number_counter][\/et_pb_column][et_pb_column type=\u00bb1_4&#8243; _builder_version=\u00bb4.16&#8243; _module_preset=\u00bbdefault\u00bb global_colors_info=\u00bb{}\u00bb][et_pb_number_counter title=\u00bbUsuarios\/as de casas de colonias\u00bb number=\u00bb6.100&#8243; percent_sign=\u00bboff\u00bb admin_label=\u00bbUsuaris\/ies de cases de col\u00f2nies\u00bb _builder_version=\u00bb4.16&#8243; title_font=\u00bbLato|300|||||||\u00bb title_text_align=\u00bbcenter\u00bb title_text_color=\u00bb#000000&#8243; title_font_size=\u00bb36&#8243; number_font=\u00bbLato|300|||||||\u00bb number_text_align=\u00bbcenter\u00bb number_text_color=\u00bb#000000&#8243; number_font_size=\u00bb66&#8243; number_letter_spacing=\u00bb3px\u00bb background_layout=\u00bbdark\u00bb z_index_tablet=\u00bb500&#8243; global_colors_info=\u00bb{}\u00bb]&nbsp;<br \/>\n[\/et_pb_number_counter][\/et_pb_column][\/et_pb_row][et_pb_row _builder_version=\u00bb4.16&#8243; _module_preset=\u00bbdefault\u00bb global_colors_info=\u00bb{}\u00bb][et_pb_column type=\u00bb4_4&#8243; _builder_version=\u00bb4.16&#8243; _module_preset=\u00bbdefault\u00bb global_colors_info=\u00bb{}\u00bb][et_pb_divider _builder_version=\u00bb4.16&#8243; _module_preset=\u00bbdefault\u00bb animation_style=\u00bbslide\u00bb animation_direction=\u00bbleft\u00bb animation_duration=\u00bb1500ms\u00bb global_colors_info=\u00bb{}\u00bb][\/et_pb_divider][\/et_pb_column][\/et_pb_row][et_pb_row column_structure=\u00bb1_4,1_4,1_4,1_4&#8243; _builder_version=\u00bb4.16&#8243; _module_preset=\u00bbdefault\u00bb global_colors_info=\u00bb{}\u00bb][et_pb_column type=\u00bb1_4&#8243; _builder_version=\u00bb4.16&#8243; _module_preset=\u00bbdefault\u00bb global_colors_info=\u00bb{}\u00bb][et_pb_text admin_label=\u00bbTERCER SECTOR\u00bb _builder_version=\u00bb4.16&#8243; _module_preset=\u00bbdefault\u00bb header_3_font=\u00bbLato|700|||||||\u00bb header_3_text_align=\u00bbcenter\u00bb header_3_text_color=\u00bb#258543&#8243; header_3_font_size=\u00bb30px\u00bb header_3_letter_spacing=\u00bb2px\u00bb global_colors_info=\u00bb{}\u00bb]<\/p>\n<h3>TERCER SECTOR<\/h3>\n<p>[\/et_pb_text][et_pb_image src=\u00bbhttps:\/\/fundesplai.org\/wp-content\/uploads\/2023\/02\/icon_tercer_sector-150&#215;150-1.jpg\u00bb title_text=\u00bbicon_tercer_sector\u00bb admin_label=\u00bbIcon tercer sector\u00bb _builder_version=\u00bb4.16&#8243; _module_preset=\u00bbdefault\u00bb animation_style=\u00bbfade\u00bb global_colors_info=\u00bb{}\u00bb][\/et_pb_image][\/et_pb_column][et_pb_column type=\u00bb1_4&#8243; _builder_version=\u00bb4.16&#8243; _module_preset=\u00bbdefault\u00bb global_colors_info=\u00bb{}\u00bb][et_pb_number_counter title=\u00bbEntidades Club Suport\u00bb number=\u00bb1.073&#8243; percent_sign=\u00bboff\u00bb admin_label=\u00bbEntitats Club Suport\u00bb _builder_version=\u00bb4.16&#8243; title_font=\u00bbLato|300|||||||\u00bb title_text_align=\u00bbcenter\u00bb title_text_color=\u00bb#000000&#8243; title_font_size=\u00bb36&#8243; number_font=\u00bbLato|300|||||||\u00bb number_text_align=\u00bbcenter\u00bb number_text_color=\u00bb#000000&#8243; number_font_size=\u00bb66&#8243; number_letter_spacing=\u00bb3px\u00bb background_enable_image=\u00bboff\u00bb background_layout=\u00bbdark\u00bb z_index_tablet=\u00bb500&#8243; global_colors_info=\u00bb{}\u00bb]&nbsp;<br \/>\n[\/et_pb_number_counter][\/et_pb_column][et_pb_column type=\u00bb1_4&#8243; _builder_version=\u00bb4.16&#8243; _module_preset=\u00bbdefault\u00bb global_colors_info=\u00bb{}\u00bb][et_pb_number_counter title=\u00bbEntidades de alta en la app de registro horario\u00bb number=\u00bb186&#8243; percent_sign=\u00bboff\u00bb admin_label=\u00bbEntitats d&#8217;alta a l&#8217;app de registre horari\u00bb _builder_version=\u00bb4.16&#8243; title_font=\u00bbLato|300|||||||\u00bb title_text_align=\u00bbcenter\u00bb title_text_color=\u00bb#000000&#8243; title_font_size=\u00bb36&#8243; number_font=\u00bbLato|300|||||||\u00bb number_text_align=\u00bbcenter\u00bb number_text_color=\u00bb#000000&#8243; number_font_size=\u00bb66&#8243; number_letter_spacing=\u00bb3px\u00bb background_layout=\u00bbdark\u00bb z_index_tablet=\u00bb500&#8243; global_colors_info=\u00bb{}\u00bb]&nbsp;<br \/>\n[\/et_pb_number_counter][\/et_pb_column][et_pb_column type=\u00bb1_4&#8243; _builder_version=\u00bb4.16&#8243; _module_preset=\u00bbdefault\u00bb global_colors_info=\u00bb{}\u00bb][et_pb_number_counter title=\u00bbERTEs gestionados para entidades\u00bb number=\u00bb81&#8243; percent_sign=\u00bboff\u00bb admin_label=\u00bbERTOs gestionats per a entitats\u00bb _builder_version=\u00bb4.16&#8243; title_font=\u00bbLato|300|||||||\u00bb title_text_align=\u00bbcenter\u00bb title_text_color=\u00bb#000000&#8243; title_font_size=\u00bb36&#8243; number_font=\u00bbLato|300|||||||\u00bb number_text_align=\u00bbcenter\u00bb number_text_color=\u00bb#000000&#8243; number_font_size=\u00bb66&#8243; number_letter_spacing=\u00bb3px\u00bb background_layout=\u00bbdark\u00bb z_index_tablet=\u00bb500&#8243; global_colors_info=\u00bb{}\u00bb]&nbsp;<br \/>\n[\/et_pb_number_counter][\/et_pb_column][\/et_pb_row][et_pb_row _builder_version=\u00bb4.16&#8243; _module_preset=\u00bbdefault\u00bb global_colors_info=\u00bb{}\u00bb][et_pb_column type=\u00bb4_4&#8243; _builder_version=\u00bb4.16&#8243; _module_preset=\u00bbdefault\u00bb global_colors_info=\u00bb{}\u00bb][et_pb_divider _builder_version=\u00bb4.16&#8243; _module_preset=\u00bbdefault\u00bb animation_style=\u00bbslide\u00bb animation_direction=\u00bbleft\u00bb animation_duration=\u00bb1500ms\u00bb global_colors_info=\u00bb{}\u00bb][\/et_pb_divider][\/et_pb_column][\/et_pb_row][et_pb_row column_structure=\u00bb1_4,1_4,1_4,1_4&#8243; _builder_version=\u00bb4.16&#8243; _module_preset=\u00bbdefault\u00bb global_colors_info=\u00bb{}\u00bb][et_pb_column type=\u00bb1_4&#8243; _builder_version=\u00bb4.16&#8243; _module_preset=\u00bbdefault\u00bb global_colors_info=\u00bb{}\u00bb][et_pb_text admin_label=\u00bbFORMACIO\u00bb _builder_version=\u00bb4.16&#8243; _module_preset=\u00bbdefault\u00bb header_3_font=\u00bbLato|700|||||||\u00bb header_3_text_align=\u00bbcenter\u00bb header_3_text_color=\u00bb#258543&#8243; header_3_font_size=\u00bb30px\u00bb header_3_letter_spacing=\u00bb2px\u00bb global_colors_info=\u00bb{}\u00bb]<\/p>\n<h3>FORMACI\u00d3N<\/h3>\n<p>[\/et_pb_text][et_pb_image src=\u00bbhttps:\/\/fundesplai.org\/wp-content\/uploads\/2023\/02\/icon_alumnes-150&#215;150-1.jpg\u00bb title_text=\u00bbicon_alumnes\u00bb admin_label=\u00bbIcon formacio\u00bb _builder_version=\u00bb4.16&#8243; _module_preset=\u00bbdefault\u00bb animation_style=\u00bbfade\u00bb global_colors_info=\u00bb{}\u00bb][\/et_pb_image][\/et_pb_column][et_pb_column type=\u00bb1_4&#8243; _builder_version=\u00bb4.16&#8243; _module_preset=\u00bbdefault\u00bb global_colors_info=\u00bb{}\u00bb][et_pb_number_counter title=\u00bbAlumnos de formaci\u00f3n\u00bb number=\u00bb6.350&#8243; percent_sign=\u00bboff\u00bb admin_label=\u00bbAlumnes de formaci\u00f3\u00bb _builder_version=\u00bb4.16&#8243; title_font=\u00bbLato|300|||||||\u00bb title_text_align=\u00bbcenter\u00bb title_text_color=\u00bb#000000&#8243; title_font_size=\u00bb36&#8243; number_font=\u00bbLato|300|||||||\u00bb number_text_align=\u00bbcenter\u00bb number_text_color=\u00bb#000000&#8243; number_font_size=\u00bb66&#8243; number_letter_spacing=\u00bb3px\u00bb background_enable_image=\u00bboff\u00bb background_layout=\u00bbdark\u00bb z_index_tablet=\u00bb500&#8243; global_colors_info=\u00bb{}\u00bb]&nbsp;<br \/>\n[\/et_pb_number_counter][\/et_pb_column][et_pb_column type=\u00bb1_4&#8243; _builder_version=\u00bb4.16&#8243; _module_preset=\u00bbdefault\u00bb global_colors_info=\u00bb{}\u00bb][et_pb_number_counter title=\u00bbCursos online\u00bb number=\u00bb142&#8243; percent_sign=\u00bboff\u00bb admin_label=\u00bbCursos online\u00bb _builder_version=\u00bb4.16&#8243; title_font=\u00bbLato|300|||||||\u00bb title_text_align=\u00bbcenter\u00bb title_text_color=\u00bb#000000&#8243; title_font_size=\u00bb36&#8243; number_font=\u00bbLato|300|||||||\u00bb number_text_align=\u00bbcenter\u00bb number_text_color=\u00bb#000000&#8243; number_font_size=\u00bb66&#8243; number_letter_spacing=\u00bb3px\u00bb background_layout=\u00bbdark\u00bb z_index_tablet=\u00bb500&#8243; global_colors_info=\u00bb{}\u00bb]&nbsp;<br \/>\n[\/et_pb_number_counter][\/et_pb_column][et_pb_column type=\u00bb1_4&#8243; _builder_version=\u00bb4.16&#8243; _module_preset=\u00bbdefault\u00bb global_colors_info=\u00bb{}\u00bb][et_pb_number_counter title=\u00bbAlumnos en cursos online\u00bb number=\u00bb4.599&#8243; percent_sign=\u00bboff\u00bb admin_label=\u00bbAlumnes en cursos online\u00bb _builder_version=\u00bb4.16&#8243; title_font=\u00bbLato|300|||||||\u00bb title_text_align=\u00bbcenter\u00bb title_text_color=\u00bb#000000&#8243; title_font_size=\u00bb36&#8243; number_font=\u00bbLato|300|||||||\u00bb number_text_align=\u00bbcenter\u00bb number_text_color=\u00bb#000000&#8243; number_font_size=\u00bb66&#8243; number_letter_spacing=\u00bb3px\u00bb background_layout=\u00bbdark\u00bb z_index_tablet=\u00bb500&#8243; global_colors_info=\u00bb{}\u00bb]&nbsp;<br \/>\n[\/et_pb_number_counter][\/et_pb_column][\/et_pb_row][et_pb_row _builder_version=\u00bb4.16&#8243; _module_preset=\u00bbdefault\u00bb global_colors_info=\u00bb{}\u00bb][et_pb_column type=\u00bb4_4&#8243; _builder_version=\u00bb4.16&#8243; _module_preset=\u00bbdefault\u00bb global_colors_info=\u00bb{}\u00bb][et_pb_divider _builder_version=\u00bb4.16&#8243; _module_preset=\u00bbdefault\u00bb animation_style=\u00bbslide\u00bb animation_direction=\u00bbleft\u00bb animation_duration=\u00bb1500ms\u00bb global_colors_info=\u00bb{}\u00bb][\/et_pb_divider][\/et_pb_column][\/et_pb_row][et_pb_row column_structure=\u00bb1_4,1_4,1_4,1_4&#8243; _builder_version=\u00bb4.16&#8243; _module_preset=\u00bbdefault\u00bb global_colors_info=\u00bb{}\u00bb][et_pb_column type=\u00bb1_4&#8243; _builder_version=\u00bb4.16&#8243; _module_preset=\u00bbdefault\u00bb global_colors_info=\u00bb{}\u00bb][et_pb_text admin_label=\u00bbEQUIP\u00bb _builder_version=\u00bb4.16&#8243; _module_preset=\u00bbdefault\u00bb header_3_font=\u00bbLato|700|||||||\u00bb header_3_text_align=\u00bbcenter\u00bb header_3_text_color=\u00bb#258543&#8243; header_3_font_size=\u00bb30px\u00bb header_3_letter_spacing=\u00bb2px\u00bb global_colors_info=\u00bb{}\u00bb]<\/p>\n<h3>EQUIPO HUMANO<\/h3>\n<p>[\/et_pb_text][et_pb_image src=\u00bbhttps:\/\/fundesplai.org\/wp-content\/uploads\/2023\/02\/icon_equip_huma-150&#215;150-1.jpg\u00bb title_text=\u00bbicon_equip_huma\u00bb admin_label=\u00bbIcon equip huma\u00bb _builder_version=\u00bb4.16&#8243; _module_preset=\u00bbdefault\u00bb animation_style=\u00bbfade\u00bb global_colors_info=\u00bb{}\u00bb][\/et_pb_image][\/et_pb_column][et_pb_column type=\u00bb1_4&#8243; _builder_version=\u00bb4.16&#8243; _module_preset=\u00bbdefault\u00bb global_colors_info=\u00bb{}\u00bb][et_pb_number_counter title=\u00bbEquipo humano: trabajadores\/as\u00bb number=\u00bb6.702&#8243; percent_sign=\u00bboff\u00bb admin_label=\u00bbEquip hum\u00e0: treballadors\/es\u00bb _builder_version=\u00bb4.16&#8243; title_font=\u00bbLato|300|||||||\u00bb title_text_align=\u00bbcenter\u00bb title_text_color=\u00bb#000000&#8243; title_font_size=\u00bb36&#8243; number_font=\u00bbLato|300|||||||\u00bb number_text_align=\u00bbcenter\u00bb number_text_color=\u00bb#000000&#8243; number_font_size=\u00bb66&#8243; number_letter_spacing=\u00bb3px\u00bb background_enable_image=\u00bboff\u00bb background_layout=\u00bbdark\u00bb z_index_tablet=\u00bb500&#8243; global_colors_info=\u00bb{}\u00bb]&nbsp;<br \/>\n[\/et_pb_number_counter][\/et_pb_column][et_pb_column type=\u00bb1_4&#8243; _builder_version=\u00bb4.16&#8243; _module_preset=\u00bbdefault\u00bb global_colors_info=\u00bb{}\u00bb][et_pb_number_counter title=\u00bbPersonas equivalentes en jornada completa\u00bb number=\u00bb1.521&#8243; percent_sign=\u00bboff\u00bb admin_label=\u00bbPersones equivalents en jornada completa\u00bb _builder_version=\u00bb4.16&#8243; title_font=\u00bbLato|300|||||||\u00bb title_text_align=\u00bbcenter\u00bb title_text_color=\u00bb#000000&#8243; title_font_size=\u00bb36&#8243; number_font=\u00bbLato|300|||||||\u00bb number_text_align=\u00bbcenter\u00bb number_text_color=\u00bb#000000&#8243; number_font_size=\u00bb66&#8243; number_letter_spacing=\u00bb3px\u00bb background_layout=\u00bbdark\u00bb z_index_tablet=\u00bb500&#8243; global_colors_info=\u00bb{}\u00bb]&nbsp;<br \/>\n[\/et_pb_number_counter][\/et_pb_column][et_pb_column type=\u00bb1_4&#8243; _builder_version=\u00bb4.16&#8243; _module_preset=\u00bbdefault\u00bb global_colors_info=\u00bb{}\u00bb][et_pb_number_counter title=\u00bbVoluntarios\/as\u00bb number=\u00bb937&#8243; percent_sign=\u00bboff\u00bb admin_label=\u00bbVoluntaris\/ies\u00bb _builder_version=\u00bb4.16&#8243; title_font=\u00bbLato|300|||||||\u00bb title_text_align=\u00bbcenter\u00bb title_text_color=\u00bb#000000&#8243; title_font_size=\u00bb36&#8243; number_font=\u00bbLato|300|||||||\u00bb number_text_align=\u00bbcenter\u00bb number_text_color=\u00bb#000000&#8243; number_font_size=\u00bb66&#8243; number_letter_spacing=\u00bb3px\u00bb background_layout=\u00bbdark\u00bb z_index_tablet=\u00bb500&#8243; global_colors_info=\u00bb{}\u00bb]&nbsp;<br \/>\n[\/et_pb_number_counter][\/et_pb_column][\/et_pb_row][et_pb_row _builder_version=\u00bb4.16&#8243; background_size=\u00bbinitial\u00bb background_position=\u00bbtop_left\u00bb background_repeat=\u00bbrepeat\u00bb global_colors_info=\u00bb{}\u00bb][et_pb_column type=\u00bb4_4&#8243; _builder_version=\u00bb4.16&#8243; custom_padding=\u00bb|||\u00bb global_colors_info=\u00bb{}\u00bb custom_padding__hover=\u00bb|||\u00bb][et_pb_button button_url=\u00bbhttps:\/\/issuu.com\/fundacioesplai\/docs\/memoria_fundesplai_2021\/8&#8243; button_text=\u00bb\u00bfQUIERES SABER M\u00c1S?\u00bb button_alignment=\u00bbcenter\u00bb _builder_version=\u00bb4.16&#8243; custom_button=\u00bbon\u00bb button_text_color=\u00bb#ffffff\u00bb button_bg_color=\u00bb#258543&#8243; animation_style=\u00bbfade\u00bb z_index_tablet=\u00bb500&#8243; box_shadow_style=\u00bbpreset2&#8243; global_colors_info=\u00bb{}\u00bb button_text_size__hover_enabled=\u00bboff\u00bb button_text_size__hover=\u00bbnull\u00bb button_one_text_size__hover_enabled=\u00bboff\u00bb button_one_text_size__hover=\u00bbnull\u00bb button_two_text_size__hover_enabled=\u00bboff\u00bb button_two_text_size__hover=\u00bbnull\u00bb button_text_color__hover_enabled=\u00bboff\u00bb button_text_color__hover=\u00bbnull\u00bb button_one_text_color__hover_enabled=\u00bboff\u00bb button_one_text_color__hover=\u00bbnull\u00bb button_two_text_color__hover_enabled=\u00bboff\u00bb button_two_text_color__hover=\u00bbnull\u00bb button_border_width__hover_enabled=\u00bboff\u00bb button_border_width__hover=\u00bbnull\u00bb button_one_border_width__hover_enabled=\u00bboff\u00bb button_one_border_width__hover=\u00bbnull\u00bb button_two_border_width__hover_enabled=\u00bboff\u00bb button_two_border_width__hover=\u00bbnull\u00bb button_border_color__hover_enabled=\u00bboff\u00bb button_border_color__hover=\u00bbnull\u00bb button_one_border_color__hover_enabled=\u00bboff\u00bb button_one_border_color__hover=\u00bbnull\u00bb button_two_border_color__hover_enabled=\u00bboff\u00bb button_two_border_color__hover=\u00bbnull\u00bb button_border_radius__hover_enabled=\u00bboff\u00bb button_border_radius__hover=\u00bbnull\u00bb button_one_border_radius__hover_enabled=\u00bboff\u00bb button_one_border_radius__hover=\u00bbnull\u00bb button_two_border_radius__hover_enabled=\u00bboff\u00bb button_two_border_radius__hover=\u00bbnull\u00bb button_letter_spacing__hover_enabled=\u00bboff\u00bb button_letter_spacing__hover=\u00bbnull\u00bb button_one_letter_spacing__hover_enabled=\u00bboff\u00bb button_one_letter_spacing__hover=\u00bbnull\u00bb button_two_letter_spacing__hover_enabled=\u00bboff\u00bb button_two_letter_spacing__hover=\u00bbnull\u00bb button_bg_color__hover_enabled=\u00bboff\u00bb button_bg_color__hover=\u00bbnull\u00bb button_one_bg_color__hover_enabled=\u00bboff\u00bb button_one_bg_color__hover=\u00bbnull\u00bb button_two_bg_color__hover_enabled=\u00bboff\u00bb button_two_bg_color__hover=\u00bbnull\u00bb]&nbsp;<br \/>\n[\/et_pb_button][\/et_pb_column][\/et_pb_row][\/et_pb_section][et_pb_section fb_built=\u00bb1&#8243; disabled_on=\u00bbon|off|off\u00bb admin_label=\u00bbExplicaci\u00f3 autonomia \/ participaci\u00f3 \/ conviv\u00e8ncia &#8211; PC\u00bb module_id=\u00bbapectes_tecnics\u00bb _builder_version=\u00bb4.19.0&#8243; _module_preset=\u00bbdefault\u00bb custom_margin=\u00bb50px||||false|false\u00bb locked=\u00bboff\u00bb collapsed=\u00bboff\u00bb global_colors_info=\u00bb{}\u00bb][et_pb_row column_structure=\u00bb1_2,1_2&#8243; make_equal=\u00bbon\u00bb disabled_on=\u00bboff|off|off\u00bb admin_label=\u00bbRow\u00bb _builder_version=\u00bb4.19.0&#8243; _module_preset=\u00bbdefault\u00bb background_color=\u00bb#E9E9E9&#8243; width=\u00bb100%\u00bb max_width=\u00bb100%\u00bb custom_margin=\u00bb50px||||false|false\u00bb global_colors_info=\u00bb{}\u00bb][et_pb_column type=\u00bb1_2&#8243; _builder_version=\u00bb4.16&#8243; _module_preset=\u00bbdefault\u00bb global_colors_info=\u00bb{}\u00bb][et_pb_text admin_label=\u00bbCampanya d&#8217;estiu 2020, el millor ant\u00eddot contra els efectes del confinament en la inf\u00e0ncia\u00bb _builder_version=\u00bb4.19.0&#8243; _module_preset=\u00bbdefault\u00bb width=\u00bb80%\u00bb module_alignment=\u00bbcenter\u00bb custom_padding=\u00bb30px||30px||false|false\u00bb global_colors_info=\u00bb{}\u00bb]<\/p>\n<h4 class=\"et_pb_module_header\">Campa\u00f1a de verano 2020, el mejor ant\u00eddoto contra los efectos del confinamiento en la infancia<\/h4>\n<p>Muchas escuelas e institutos terminaron el curso 2019-2020 de manera virtual como medida de precauci\u00f3n por la pandemia de la Covid-19. Ni\u00f1os, ni\u00f1as y j\u00f3venes hab\u00edan pasado meses de confinamiento, sin contacto presencial con amigas y amigos, y en muchos casos hab\u00edan vivido momentos emocionales duros.<br \/>En este contexto, la campa\u00f1a de actividades de verano de 2020 represent\u00f3 la primera experiencia de resocializaci\u00f3n de chicas y chicos despu\u00e9s de mucho tiempo, adem\u00e1s de un espacio de cuidado emocional donde compartir experiencias despu\u00e9s de meses intensos.<\/p>\n<p>[\/et_pb_text][et_pb_button button_url=\u00bbhttps:\/\/issuu.com\/fundacioesplai\/docs\/memoria_fundesplai_2021\/10&#8243; button_text=\u00bbLee m\u00e1s\u00bb button_alignment=\u00bbcenter\u00bb _builder_version=\u00bb4.19.0&#8243; _module_preset=\u00bbdefault\u00bb custom_margin=\u00bb20px||30px||false|false\u00bb global_colors_info=\u00bb{}\u00bb][\/et_pb_button][\/et_pb_column][et_pb_column type=\u00bb1_2&#8243; _builder_version=\u00bb4.19.0&#8243; _module_preset=\u00bbdefault\u00bb background_color=\u00bb#E9E9E9&#8243; background_image=\u00bbhttps:\/\/fundesplai.org\/wp-content\/uploads\/2023\/02\/destacat1_estiu.jpg\u00bb global_colors_info=\u00bb{}\u00bb][\/et_pb_column][\/et_pb_row][et_pb_row column_structure=\u00bb1_2,1_2&#8243; make_equal=\u00bbon\u00bb disabled_on=\u00bboff|off|off\u00bb _builder_version=\u00bb4.19.0&#8243; _module_preset=\u00bbdefault\u00bb background_color=\u00bb#E9E9E9&#8243; width=\u00bb100%\u00bb max_width=\u00bb100%\u00bb global_colors_info=\u00bb{}\u00bb][et_pb_column type=\u00bb1_2&#8243; _builder_version=\u00bb4.19.0&#8243; _module_preset=\u00bbdefault\u00bb background_color=\u00bb#E9E9E9&#8243; background_image=\u00bbhttps:\/\/fundesplai.org\/wp-content\/uploads\/2023\/02\/aprop_desktop.jpg\u00bb global_colors_info=\u00bb{}\u00bb][\/et_pb_column][et_pb_column type=\u00bb1_2&#8243; _builder_version=\u00bb4.16&#8243; _module_preset=\u00bbdefault\u00bb global_colors_info=\u00bb{}\u00bb][et_pb_text admin_label=\u00bbM\u00e9s a prop de les persones\u00bb _builder_version=\u00bb4.19.0&#8243; _module_preset=\u00bbdefault\u00bb width=\u00bb80%\u00bb module_alignment=\u00bbcenter\u00bb custom_padding=\u00bb30px||30px||false|false\u00bb global_colors_info=\u00bb{}\u00bb]<\/p>\n<h4 class=\"et_pb_module_header\">M\u00e1s cerca de las personas<\/h4>\n<p>La desconexi\u00f3n social y personal es uno de los m\u00faltiples efectos negativos de la pandemia de la Covid-19, que ha afectado especialmente a las personas en situaci\u00f3n m\u00e1s vulnerable.<br \/>Una situaci\u00f3n a la que desde Fundesplai hemos respondido reforzando los v\u00ednculos que nos unen a las personas. Este esfuerzo por reconectar se ha hecho ampliando y mejorando la digitalizaci\u00f3n de nuestra acci\u00f3n y desarrollando programas presenciales para atender a las personas, especialmente durante el momento m\u00e1s duro de la pandemia.<\/p>\n<p>[\/et_pb_text][et_pb_button button_url=\u00bbhttps:\/\/issuu.com\/fundacioesplai\/docs\/memoria_fundesplai_2021\/12&#8243; button_text=\u00bbLee m\u00e1s\u00bb button_alignment=\u00bbcenter\u00bb _builder_version=\u00bb4.19.0&#8243; _module_preset=\u00bbdefault\u00bb custom_margin=\u00bb20px||30px||false|false\u00bb global_colors_info=\u00bb{}\u00bb][\/et_pb_button][\/et_pb_column][\/et_pb_row][et_pb_row column_structure=\u00bb1_2,1_2&#8243; make_equal=\u00bbon\u00bb disabled_on=\u00bboff|off|off\u00bb _builder_version=\u00bb4.19.0&#8243; _module_preset=\u00bbdefault\u00bb background_color=\u00bb#E9E9E9&#8243; width=\u00bb100%\u00bb max_width=\u00bb100%\u00bb global_colors_info=\u00bb{}\u00bb][et_pb_column type=\u00bb1_2&#8243; _builder_version=\u00bb4.16&#8243; _module_preset=\u00bbdefault\u00bb background_enable_color=\u00bboff\u00bb background_enable_image=\u00bboff\u00bb global_colors_info=\u00bb{}\u00bb][et_pb_text admin_label=\u00bbL&#8217;educaci\u00f3 per la sostenibilitat, eina de transformaci\u00f3 social\u00bb _builder_version=\u00bb4.19.0&#8243; _module_preset=\u00bbdefault\u00bb width=\u00bb80%\u00bb module_alignment=\u00bbcenter\u00bb custom_padding=\u00bb30px||30px||false|false\u00bb global_colors_info=\u00bb{}\u00bb]<\/p>\n<h4 class=\"et_pb_module_header\">La educaci\u00f3n para la sostenibilidad, herramienta de transformaci\u00f3n social<\/h4>\n<p>Promover el desarrollo sostenible a trav\u00e9s de la educaci\u00f3n y reducir la huella ecol\u00f3gica en todas nuestras actividades son principios que impulsamos desde Fundesplai y que se han visto reforzados con la plena incorporaci\u00f3n de los Objetivos de Desarrollo Sostenible (ODS) de las Naciones Unidas en las estrategias de actuaci\u00f3n de la entidad. Adem\u00e1s, nos hemos adherido a la Alianza 2030 de Catalu\u00f1a, un acuerdo entre actores p\u00fablicos y privados comprometidos en la consecuci\u00f3n de los logros de los ODS y en el que las entidades del Tercer Sector, como Fundesplai, tenemos un papel protagonista como agentes transformadores.<\/p>\n<h4>\u200b<\/h4>\n<p>[\/et_pb_text][et_pb_button button_url=\u00bbhttps:\/\/issuu.com\/fundacioesplai\/docs\/memoria_fundesplai_2021\/14&#8243; button_text=\u00bbLee m\u00e1s\u00bb button_alignment=\u00bbcenter\u00bb _builder_version=\u00bb4.19.0&#8243; _module_preset=\u00bbdefault\u00bb custom_margin=\u00bb20px||30px||false|false\u00bb global_colors_info=\u00bb{}\u00bb][\/et_pb_button][\/et_pb_column][et_pb_column type=\u00bb1_2&#8243; _builder_version=\u00bb4.19.0&#8243; _module_preset=\u00bbdefault\u00bb background_image=\u00bbhttps:\/\/fundesplai.org\/wp-content\/uploads\/2023\/02\/sostenibilitat_desktop.jpg\u00bb global_colors_info=\u00bb{}\u00bb][\/et_pb_column][\/et_pb_row][et_pb_row column_structure=\u00bb1_2,1_2&#8243; make_equal=\u00bbon\u00bb disabled_on=\u00bboff|off|off\u00bb _builder_version=\u00bb4.19.0&#8243; _module_preset=\u00bbdefault\u00bb background_color=\u00bb#E9E9E9&#8243; width=\u00bb100%\u00bb max_width=\u00bb100%\u00bb global_colors_info=\u00bb{}\u00bb][et_pb_column type=\u00bb1_2&#8243; _builder_version=\u00bb4.19.0&#8243; _module_preset=\u00bbdefault\u00bb background_color=\u00bb#E9E9E9&#8243; background_image=\u00bbhttps:\/\/fundesplai.org\/wp-content\/uploads\/2023\/02\/esplais_desktop.jpg\u00bb global_colors_info=\u00bb{}\u00bb][\/et_pb_column][et_pb_column type=\u00bb1_2&#8243; _builder_version=\u00bb4.16&#8243; _module_preset=\u00bbdefault\u00bb global_colors_info=\u00bb{}\u00bb][et_pb_text admin_label=\u00bbEsplais i entitats s&#8217;adapten per fer front a la Covid-19&#8243; _builder_version=\u00bb4.19.0&#8243; _module_preset=\u00bbdefault\u00bb width=\u00bb80%\u00bb module_alignment=\u00bbcenter\u00bb custom_padding=\u00bb30px||30px||false|false\u00bb link_option_url=\u00bbhttps:\/\/fundesplai.org\/es\/conoce\/transparencia\/memoria-de-actividades\/memoria-2017-18\/#\u00bb global_colors_info=\u00bb{}\u00bb]<\/p>\n<h4 class=\"et_pb_module_header\">Esplais y entidades se adapten para hacer frente a la Covid-19<\/h4>\n<p>La pandemia de la Covid-19 y las restricciones en la actividad presencial han afectado de lleno a los centros de esplais y a las entidades del Terces Sector en general. El paro repentino a principios de 2020 y las diferentes fases de limitaciones posteriores han obligado al mundo del asociacionismo a reorganizarse, implementar nuevos sistemas de teletrabajo y poner en marcha la digitalizaci\u00f3n de servicios intentando mantener el m\u00e1ximo contacto directo con las personas que atendemos y que caracteriza nuestra actividad.<\/p>\n<p>[\/et_pb_text][et_pb_button button_url=\u00bbhttps:\/\/issuu.com\/fundacioesplai\/docs\/memoria_fundesplai_2021\/16&#8243; button_text=\u00bbLee m\u00e1s\u00bb button_alignment=\u00bbcenter\u00bb _builder_version=\u00bb4.19.0&#8243; _module_preset=\u00bbdefault\u00bb custom_margin=\u00bb20px||30px||false|false\u00bb global_colors_info=\u00bb{}\u00bb][\/et_pb_button][\/et_pb_column][\/et_pb_row][et_pb_row column_structure=\u00bb1_2,1_2&#8243; make_equal=\u00bbon\u00bb disabled_on=\u00bboff|off|off\u00bb _builder_version=\u00bb4.19.0&#8243; _module_preset=\u00bbdefault\u00bb background_color=\u00bb#E9E9E9&#8243; width=\u00bb100%\u00bb max_width=\u00bb100%\u00bb global_colors_info=\u00bb{}\u00bb][et_pb_column type=\u00bb1_2&#8243; _builder_version=\u00bb4.16&#8243; _module_preset=\u00bbdefault\u00bb background_enable_color=\u00bboff\u00bb background_enable_image=\u00bboff\u00bb global_colors_info=\u00bb{}\u00bb][et_pb_text admin_label=\u00bbAmpliem Centre Esplai per donar resposta a les noves necessitats socials\u00bb _builder_version=\u00bb4.19.0&#8243; _module_preset=\u00bbdefault\u00bb width=\u00bb80%\u00bb module_alignment=\u00bbcenter\u00bb custom_padding=\u00bb30px||30px||false|false\u00bb link_option_url=\u00bbhttps:\/\/fundesplai.org\/es\/conoce\/transparencia\/memoria-de-actividades\/memoria-2017-18\/#\u00bb global_colors_info=\u00bb{}\u00bb]<\/p>\n<h4 class=\"et_pb_module_header\">Ampliamos Centro Esplai para dar respuesta a las nuevas necesidades sociales<\/h4>\n<p>Las obras de ampliaci\u00f3n de Centro Esplai, nuestra sede situada en El Prat de Llobregat, han avanzado a muy buen ritmo este 2021 y est\u00e1 previsto que est\u00e9n terminadas hacia el oto\u00f1o. Unas instalaciones que nos permitir\u00e1n poner en marcha nuevos programas educativos, sociales y de sostenibilidad y maximizar los ya existentes para atender mejor las nuevas demandas sociales, como por ejemplo una exposici\u00f3n sobre alimentaci\u00f3n sostenible este oto\u00f1o.<\/p>\n<p>[\/et_pb_text][et_pb_button button_url=\u00bbhttps:\/\/issuu.com\/fundacioesplai\/docs\/memoria_fundesplai_2021\/18&#8243; button_text=\u00bbLee m\u00e1s\u00bb button_alignment=\u00bbcenter\u00bb _builder_version=\u00bb4.19.0&#8243; _module_preset=\u00bbdefault\u00bb custom_margin=\u00bb20px||30px||false|false\u00bb global_colors_info=\u00bb{}\u00bb][\/et_pb_button][\/et_pb_column][et_pb_column type=\u00bb1_2&#8243; _builder_version=\u00bb4.19.0&#8243; _module_preset=\u00bbdefault\u00bb background_image=\u00bbhttps:\/\/fundesplai.org\/wp-content\/uploads\/2023\/02\/Ampliacio_Centre_Esplai_desktop.jpg\u00bb global_colors_info=\u00bb{}\u00bb][\/et_pb_column][\/et_pb_row][\/et_pb_section][et_pb_section fb_built=\u00bb1&#8243; fullwidth=\u00bbon\u00bb disabled_on=\u00bbon|on|on\u00bb _builder_version=\u00bb4.16&#8243; _module_preset=\u00bbdefault\u00bb disabled=\u00bbon\u00bb collapsed=\u00bbon\u00bb global_colors_info=\u00bb{}\u00bb][et_pb_fullwidth_slider show_image_video_mobile=\u00bbon\u00bb admin_label=\u00bbDestacat estiu\u00bb _builder_version=\u00bb4.16&#8243; _module_preset=\u00bbdefault\u00bb global_colors_info=\u00bb{}\u00bb][et_pb_slide heading=\u00bbCAMPA\u00d1A DE VERANO 2020, EL MEJOR ANT\u00cdDOTO CONTRA LOS EFECTOS DEL CONFINAMIENTO EN LA INFANCIA\u00bb _builder_version=\u00bb4.16&#8243; _module_preset=\u00bbdefault\u00bb header_level=\u00bbh1&#8243; header_font=\u00bbLato|700||||on|||\u00bb header_text_align=\u00bbright\u00bb header_text_color=\u00bb#FFFFFF\u00bb background_image=\u00bbhttps:\/\/fundesplai.org\/wp-content\/uploads\/2023\/02\/destacat1_estiu.jpg\u00bb background_enable_image=\u00bbon\u00bb header_text_shadow_style=\u00bbpreset2&#8243; global_colors_info=\u00bb{}\u00bb sticky_transition=\u00bbon\u00bb][\/et_pb_slide][\/et_pb_fullwidth_slider][\/et_pb_section][et_pb_section fb_built=\u00bb1&#8243; disabled_on=\u00bbon|on|on\u00bb _builder_version=\u00bb4.16&#8243; inner_width_tablet=\u00bb50px\u00bb inner_max_width_tablet=\u00bb50px\u00bb z_index_tablet=\u00bb500&#8243; disabled=\u00bbon\u00bb collapsed=\u00bbon\u00bb global_colors_info=\u00bb{}\u00bb][et_pb_row _builder_version=\u00bb4.16&#8243; global_colors_info=\u00bb{}\u00bb][et_pb_column type=\u00bb4_4&#8243; _builder_version=\u00bb4.16&#8243; custom_padding=\u00bb|||\u00bb global_colors_info=\u00bb{}\u00bb custom_padding__hover=\u00bb|||\u00bb][et_pb_text disabled_on=\u00bboff|off|off\u00bb admin_label=\u00bbDestacat 1&#8243; _builder_version=\u00bb4.19.0&#8243; text_font=\u00bbLato||||||||\u00bb text_text_color=\u00bb#000000&#8243; text_font_size=\u00bb28px\u00bb text_letter_spacing=\u00bb2px\u00bb header_font=\u00bbLato|700||||on|||\u00bb header_text_align=\u00bbcenter\u00bb header_text_color=\u00bb#258543&#8243; header_font_size=\u00bb48px\u00bb header_letter_spacing=\u00bb2px\u00bb text_orientation=\u00bbcenter\u00bb background_layout=\u00bbdark\u00bb z_index_tablet=\u00bb500&#8243; text_text_shadow_style=\u00bbpreset1&#8243; text_text_shadow_horizontal_length=\u00bb0.08em\u00bb global_colors_info=\u00bb{}\u00bb]<\/p>\n<p>Muchas escuelas e institutos terminaron el curso 2019-2020 de manera virtual como medida de precauci\u00f3n por la pandemia de la Covid-19. Ni\u00f1os, ni\u00f1as y j\u00f3venes hab\u00edan pasado meses de confinamiento, sin contacto presencial con amigas y amigos, y en muchos casos hab\u00edan vivido momentos emocionales duros.<br \/>En este contexto, la campa\u00f1a de actividades de verano de 2020 represent\u00f3 la primera experiencia de resocializaci\u00f3n de chicas y chicos despu\u00e9s de mucho tiempo, adem\u00e1s de un espacio de cuidado emocional donde compartir experiencias despu\u00e9s de meses intensos.<\/p>\n<p>[\/et_pb_text][et_pb_button button_url=\u00bbhttps:\/\/issuu.com\/fundacioesplai\/docs\/memoria_fundesplai_2021\/10&#8243; button_text=\u00bb\u00bfQUIERES SABER M\u00c1S?\u00bb button_alignment=\u00bbcenter\u00bb admin_label=\u00bbBoto\u00bb _builder_version=\u00bb4.16&#8243; custom_button=\u00bbon\u00bb button_text_color=\u00bb#ffffff\u00bb button_bg_color=\u00bb#258543&#8243; animation_style=\u00bbfade\u00bb z_index_tablet=\u00bb500&#8243; box_shadow_style=\u00bbpreset2&#8243; saved_tabs=\u00bball\u00bb global_colors_info=\u00bb{}\u00bb button_text_size__hover_enabled=\u00bboff\u00bb button_text_size__hover=\u00bbnull\u00bb button_one_text_size__hover_enabled=\u00bboff\u00bb button_one_text_size__hover=\u00bbnull\u00bb button_two_text_size__hover_enabled=\u00bboff\u00bb button_two_text_size__hover=\u00bbnull\u00bb button_text_color__hover_enabled=\u00bboff\u00bb button_text_color__hover=\u00bbnull\u00bb button_one_text_color__hover_enabled=\u00bboff\u00bb button_one_text_color__hover=\u00bbnull\u00bb button_two_text_color__hover_enabled=\u00bboff\u00bb button_two_text_color__hover=\u00bbnull\u00bb button_border_width__hover_enabled=\u00bboff\u00bb button_border_width__hover=\u00bbnull\u00bb button_one_border_width__hover_enabled=\u00bboff\u00bb button_one_border_width__hover=\u00bbnull\u00bb button_two_border_width__hover_enabled=\u00bboff\u00bb button_two_border_width__hover=\u00bbnull\u00bb button_border_color__hover_enabled=\u00bboff\u00bb button_border_color__hover=\u00bbnull\u00bb button_one_border_color__hover_enabled=\u00bboff\u00bb button_one_border_color__hover=\u00bbnull\u00bb button_two_border_color__hover_enabled=\u00bboff\u00bb button_two_border_color__hover=\u00bbnull\u00bb button_border_radius__hover_enabled=\u00bboff\u00bb button_border_radius__hover=\u00bbnull\u00bb button_one_border_radius__hover_enabled=\u00bboff\u00bb button_one_border_radius__hover=\u00bbnull\u00bb button_two_border_radius__hover_enabled=\u00bboff\u00bb button_two_border_radius__hover=\u00bbnull\u00bb button_letter_spacing__hover_enabled=\u00bboff\u00bb button_letter_spacing__hover=\u00bbnull\u00bb button_one_letter_spacing__hover_enabled=\u00bboff\u00bb button_one_letter_spacing__hover=\u00bbnull\u00bb button_two_letter_spacing__hover_enabled=\u00bboff\u00bb button_two_letter_spacing__hover=\u00bbnull\u00bb button_bg_color__hover_enabled=\u00bboff\u00bb button_bg_color__hover=\u00bbnull\u00bb button_one_bg_color__hover_enabled=\u00bboff\u00bb button_one_bg_color__hover=\u00bbnull\u00bb button_two_bg_color__hover_enabled=\u00bboff\u00bb button_two_bg_color__hover=\u00bbnull\u00bb]&nbsp;<br \/>\n[\/et_pb_button][\/et_pb_column][\/et_pb_row][\/et_pb_section][et_pb_section fb_built=\u00bb1&#8243; fullwidth=\u00bbon\u00bb disabled_on=\u00bbon|on|on\u00bb _builder_version=\u00bb4.16&#8243; _module_preset=\u00bbdefault\u00bb disabled=\u00bbon\u00bb collapsed=\u00bbon\u00bb global_colors_info=\u00bb{}\u00bb][et_pb_fullwidth_slider admin_label=\u00bbAprop persones\u00bb _builder_version=\u00bb4.16&#8243; _module_preset=\u00bbdefault\u00bb global_colors_info=\u00bb{}\u00bb][et_pb_slide heading=\u00bbM\u00c1S CERCA DE LAS PERSONAS\u00bb _builder_version=\u00bb4.16&#8243; _module_preset=\u00bbdefault\u00bb header_level=\u00bbh1&#8243; header_font=\u00bbLato|700||||on|||\u00bb header_text_align=\u00bbright\u00bb header_text_color=\u00bb#FFFFFF\u00bb background_image=\u00bbhttps:\/\/fundesplai.org\/wp-content\/uploads\/2023\/02\/aprop_desktop.jpg\u00bb background_enable_image=\u00bbon\u00bb header_text_shadow_style=\u00bbpreset2&#8243; global_colors_info=\u00bb{}\u00bb sticky_transition=\u00bbon\u00bb][\/et_pb_slide][\/et_pb_fullwidth_slider][\/et_pb_section][et_pb_section fb_built=\u00bb1&#8243; disabled_on=\u00bbon|on|on\u00bb _builder_version=\u00bb4.16&#8243; inner_width_tablet=\u00bb50px\u00bb inner_max_width_tablet=\u00bb50px\u00bb z_index_tablet=\u00bb500&#8243; disabled=\u00bbon\u00bb collapsed=\u00bbon\u00bb global_colors_info=\u00bb{}\u00bb][et_pb_row _builder_version=\u00bb4.16&#8243; global_colors_info=\u00bb{}\u00bb][et_pb_column type=\u00bb4_4&#8243; _builder_version=\u00bb4.16&#8243; custom_padding=\u00bb|||\u00bb global_colors_info=\u00bb{}\u00bb custom_padding__hover=\u00bb|||\u00bb][et_pb_text disabled_on=\u00bboff|off|off\u00bb admin_label=\u00bbAprop\u00bb _builder_version=\u00bb4.19.0&#8243; text_font=\u00bbLato||||||||\u00bb text_text_color=\u00bb#000000&#8243; text_font_size=\u00bb28px\u00bb text_letter_spacing=\u00bb2px\u00bb header_font=\u00bbLato|700||||on|||\u00bb header_text_align=\u00bbcenter\u00bb header_text_color=\u00bb#258543&#8243; header_font_size=\u00bb48px\u00bb header_letter_spacing=\u00bb2px\u00bb text_orientation=\u00bbcenter\u00bb background_layout=\u00bbdark\u00bb z_index_tablet=\u00bb500&#8243; text_text_shadow_style=\u00bbpreset1&#8243; text_text_shadow_horizontal_length=\u00bb0.08em\u00bb global_colors_info=\u00bb{}\u00bb]<\/p>\n<p>La desconexi\u00f3n social y personal es uno de los m\u00faltiples efectos negativos de la pandemia de la Covid-19, que ha afectado especialmente a las personas en situaci\u00f3n m\u00e1s vulnerable.<br \/>Una situaci\u00f3n a la que desde Fundesplai hemos respondido reforzando los v\u00ednculos que nos unen a las personas. Este esfuerzo por reconectar se ha hecho ampliando y mejorando la digitalizaci\u00f3n de nuestra acci\u00f3n y desarrollando programas presenciales para atender a las personas, especialmente durante el momento m\u00e1s duro de la pandemia.<\/p>\n<p>[\/et_pb_text][et_pb_button button_url=\u00bbhttps:\/\/issuu.com\/fundacioesplai\/docs\/memoria_fundesplai_2021\/12&#8243; button_text=\u00bb\u00bfQUIERES SABER M\u00c1S?\u00bb button_alignment=\u00bbcenter\u00bb admin_label=\u00bbBoto\u00bb _builder_version=\u00bb4.16&#8243; custom_button=\u00bbon\u00bb button_text_color=\u00bb#ffffff\u00bb button_bg_color=\u00bb#258543&#8243; animation_style=\u00bbfade\u00bb z_index_tablet=\u00bb500&#8243; box_shadow_style=\u00bbpreset2&#8243; saved_tabs=\u00bball\u00bb global_colors_info=\u00bb{}\u00bb button_text_size__hover_enabled=\u00bboff\u00bb button_text_size__hover=\u00bbnull\u00bb button_one_text_size__hover_enabled=\u00bboff\u00bb button_one_text_size__hover=\u00bbnull\u00bb button_two_text_size__hover_enabled=\u00bboff\u00bb button_two_text_size__hover=\u00bbnull\u00bb button_text_color__hover_enabled=\u00bboff\u00bb button_text_color__hover=\u00bbnull\u00bb button_one_text_color__hover_enabled=\u00bboff\u00bb button_one_text_color__hover=\u00bbnull\u00bb button_two_text_color__hover_enabled=\u00bboff\u00bb button_two_text_color__hover=\u00bbnull\u00bb button_border_width__hover_enabled=\u00bboff\u00bb button_border_width__hover=\u00bbnull\u00bb button_one_border_width__hover_enabled=\u00bboff\u00bb button_one_border_width__hover=\u00bbnull\u00bb button_two_border_width__hover_enabled=\u00bboff\u00bb button_two_border_width__hover=\u00bbnull\u00bb button_border_color__hover_enabled=\u00bboff\u00bb button_border_color__hover=\u00bbnull\u00bb button_one_border_color__hover_enabled=\u00bboff\u00bb button_one_border_color__hover=\u00bbnull\u00bb button_two_border_color__hover_enabled=\u00bboff\u00bb button_two_border_color__hover=\u00bbnull\u00bb button_border_radius__hover_enabled=\u00bboff\u00bb button_border_radius__hover=\u00bbnull\u00bb button_one_border_radius__hover_enabled=\u00bboff\u00bb button_one_border_radius__hover=\u00bbnull\u00bb button_two_border_radius__hover_enabled=\u00bboff\u00bb button_two_border_radius__hover=\u00bbnull\u00bb button_letter_spacing__hover_enabled=\u00bboff\u00bb button_letter_spacing__hover=\u00bbnull\u00bb button_one_letter_spacing__hover_enabled=\u00bboff\u00bb button_one_letter_spacing__hover=\u00bbnull\u00bb button_two_letter_spacing__hover_enabled=\u00bboff\u00bb button_two_letter_spacing__hover=\u00bbnull\u00bb button_bg_color__hover_enabled=\u00bboff\u00bb button_bg_color__hover=\u00bbnull\u00bb button_one_bg_color__hover_enabled=\u00bboff\u00bb button_one_bg_color__hover=\u00bbnull\u00bb button_two_bg_color__hover_enabled=\u00bboff\u00bb button_two_bg_color__hover=\u00bbnull\u00bb]&nbsp;<br \/>\n[\/et_pb_button][\/et_pb_column][\/et_pb_row][\/et_pb_section][et_pb_section fb_built=\u00bb1&#8243; fullwidth=\u00bbon\u00bb disabled_on=\u00bbon|on|on\u00bb _builder_version=\u00bb4.16&#8243; _module_preset=\u00bbdefault\u00bb disabled=\u00bbon\u00bb collapsed=\u00bbon\u00bb global_colors_info=\u00bb{}\u00bb][et_pb_fullwidth_slider show_image_video_mobile=\u00bbon\u00bb admin_label=\u00bbsostenibilitat\u00bb _builder_version=\u00bb4.16&#8243; _module_preset=\u00bbdefault\u00bb global_colors_info=\u00bb{}\u00bb][et_pb_slide heading=\u00bbLA EDUCACI\u00d3N POR LA SOSTENIBILIDAD, HERRAMIENTA DE TRANSFORMACI\u00d3N SOCIAL\u00bb _builder_version=\u00bb4.16&#8243; _module_preset=\u00bbdefault\u00bb header_level=\u00bbh1&#8243; header_font=\u00bbLato|700||||on|||\u00bb header_text_align=\u00bbright\u00bb header_text_color=\u00bb#FFFFFF\u00bb background_image=\u00bbhttps:\/\/fundesplai.org\/wp-content\/uploads\/2023\/02\/sostenibilitat_desktop.jpg\u00bb background_enable_image=\u00bbon\u00bb header_text_shadow_style=\u00bbpreset2&#8243; global_colors_info=\u00bb{}\u00bb sticky_transition=\u00bbon\u00bb][\/et_pb_slide][\/et_pb_fullwidth_slider][\/et_pb_section][et_pb_section fb_built=\u00bb1&#8243; disabled_on=\u00bbon|on|on\u00bb _builder_version=\u00bb4.16&#8243; inner_width_tablet=\u00bb50px\u00bb inner_max_width_tablet=\u00bb50px\u00bb z_index_tablet=\u00bb500&#8243; disabled=\u00bbon\u00bb collapsed=\u00bbon\u00bb global_colors_info=\u00bb{}\u00bb][et_pb_row _builder_version=\u00bb4.16&#8243; global_colors_info=\u00bb{}\u00bb][et_pb_column type=\u00bb4_4&#8243; _builder_version=\u00bb4.16&#8243; custom_padding=\u00bb|||\u00bb global_colors_info=\u00bb{}\u00bb custom_padding__hover=\u00bb|||\u00bb][et_pb_text disabled_on=\u00bboff|off|off\u00bb admin_label=\u00bbsostenibilitat\u00bb _builder_version=\u00bb4.16&#8243; text_font=\u00bbLato||||||||\u00bb text_text_color=\u00bb#000000&#8243; text_font_size=\u00bb28px\u00bb text_letter_spacing=\u00bb2px\u00bb header_font=\u00bbLato|700||||on|||\u00bb header_text_align=\u00bbcenter\u00bb header_text_color=\u00bb#258543&#8243; header_font_size=\u00bb48px\u00bb header_letter_spacing=\u00bb2px\u00bb text_orientation=\u00bbcenter\u00bb background_layout=\u00bbdark\u00bb z_index_tablet=\u00bb500&#8243; text_text_shadow_style=\u00bbpreset1&#8243; text_text_shadow_horizontal_length=\u00bb0.08em\u00bb global_colors_info=\u00bb{}\u00bb]<\/p>\n<p>Promover el desarrollo sostenible a trav\u00e9s de la educaci\u00f3n y reducir la huella ecol\u00f3gica en todas nuestras actividades son principios que impulsamos desde Fundesplai y que se han visto reforzados con la plena incorporaci\u00f3n de los Objetivos de Desarrollo Sostenible (ODS) de las Naciones Unidas en las estrategias de actuaci\u00f3n de la entidad. Adem\u00e1s, nos hemos adherido a la Alianza 2030 de Catalu\u00f1a, un acuerdo entre actores p\u00fablicos y privados comprometidos en la consecuci\u00f3n de los logros de los ODS y en el que las entidades del Tercer Sector, como Fundesplai, tenemos un papel protagonista como agentes transformadores.<\/p>\n<p>[\/et_pb_text][et_pb_button button_url=\u00bbhttps:\/\/issuu.com\/fundacioesplai\/docs\/memoria_fundesplai_2021\/14&#8243; button_text=\u00bb\u00bfQUIERES SABER M\u00c1S?\u00bb button_alignment=\u00bbcenter\u00bb admin_label=\u00bbBoto\u00bb _builder_version=\u00bb4.16&#8243; custom_button=\u00bbon\u00bb button_text_color=\u00bb#ffffff\u00bb button_bg_color=\u00bb#258543&#8243; animation_style=\u00bbfade\u00bb z_index_tablet=\u00bb500&#8243; box_shadow_style=\u00bbpreset2&#8243; saved_tabs=\u00bball\u00bb global_colors_info=\u00bb{}\u00bb button_text_size__hover_enabled=\u00bboff\u00bb button_text_size__hover=\u00bbnull\u00bb button_one_text_size__hover_enabled=\u00bboff\u00bb button_one_text_size__hover=\u00bbnull\u00bb button_two_text_size__hover_enabled=\u00bboff\u00bb button_two_text_size__hover=\u00bbnull\u00bb button_text_color__hover_enabled=\u00bboff\u00bb button_text_color__hover=\u00bbnull\u00bb button_one_text_color__hover_enabled=\u00bboff\u00bb button_one_text_color__hover=\u00bbnull\u00bb button_two_text_color__hover_enabled=\u00bboff\u00bb button_two_text_color__hover=\u00bbnull\u00bb button_border_width__hover_enabled=\u00bboff\u00bb button_border_width__hover=\u00bbnull\u00bb button_one_border_width__hover_enabled=\u00bboff\u00bb button_one_border_width__hover=\u00bbnull\u00bb button_two_border_width__hover_enabled=\u00bboff\u00bb button_two_border_width__hover=\u00bbnull\u00bb button_border_color__hover_enabled=\u00bboff\u00bb button_border_color__hover=\u00bbnull\u00bb button_one_border_color__hover_enabled=\u00bboff\u00bb button_one_border_color__hover=\u00bbnull\u00bb button_two_border_color__hover_enabled=\u00bboff\u00bb button_two_border_color__hover=\u00bbnull\u00bb button_border_radius__hover_enabled=\u00bboff\u00bb button_border_radius__hover=\u00bbnull\u00bb button_one_border_radius__hover_enabled=\u00bboff\u00bb button_one_border_radius__hover=\u00bbnull\u00bb button_two_border_radius__hover_enabled=\u00bboff\u00bb button_two_border_radius__hover=\u00bbnull\u00bb button_letter_spacing__hover_enabled=\u00bboff\u00bb button_letter_spacing__hover=\u00bbnull\u00bb button_one_letter_spacing__hover_enabled=\u00bboff\u00bb button_one_letter_spacing__hover=\u00bbnull\u00bb button_two_letter_spacing__hover_enabled=\u00bboff\u00bb button_two_letter_spacing__hover=\u00bbnull\u00bb button_bg_color__hover_enabled=\u00bboff\u00bb button_bg_color__hover=\u00bbnull\u00bb button_one_bg_color__hover_enabled=\u00bboff\u00bb button_one_bg_color__hover=\u00bbnull\u00bb button_two_bg_color__hover_enabled=\u00bboff\u00bb button_two_bg_color__hover=\u00bbnull\u00bb]&nbsp;<br \/>\n[\/et_pb_button][\/et_pb_column][\/et_pb_row][\/et_pb_section][et_pb_section fb_built=\u00bb1&#8243; fullwidth=\u00bbon\u00bb disabled_on=\u00bbon|on|on\u00bb _builder_version=\u00bb4.16&#8243; _module_preset=\u00bbdefault\u00bb disabled=\u00bbon\u00bb collapsed=\u00bbon\u00bb global_colors_info=\u00bb{}\u00bb][et_pb_fullwidth_slider show_image_video_mobile=\u00bbon\u00bb admin_label=\u00bbesplais\u00bb _builder_version=\u00bb4.16&#8243; _module_preset=\u00bbdefault\u00bb global_colors_info=\u00bb{}\u00bb][et_pb_slide heading=\u00bbESPLAIS Y ENTIDADES SE ADAPTEN PARA HACER FRENTE A LA COVID-19&#8243; _builder_version=\u00bb4.16&#8243; _module_preset=\u00bbdefault\u00bb header_level=\u00bbh1&#8243; header_font=\u00bbLato|700||||on|||\u00bb header_text_align=\u00bbright\u00bb header_text_color=\u00bb#FFFFFF\u00bb background_image=\u00bbhttps:\/\/fundesplai.org\/wp-content\/uploads\/2023\/02\/esplais_desktop.jpg\u00bb background_enable_image=\u00bbon\u00bb header_text_shadow_style=\u00bbpreset2&#8243; global_colors_info=\u00bb{}\u00bb sticky_transition=\u00bbon\u00bb][\/et_pb_slide][\/et_pb_fullwidth_slider][\/et_pb_section][et_pb_section fb_built=\u00bb1&#8243; disabled_on=\u00bbon|on|on\u00bb _builder_version=\u00bb4.16&#8243; inner_width_tablet=\u00bb50px\u00bb inner_max_width_tablet=\u00bb50px\u00bb z_index_tablet=\u00bb500&#8243; disabled=\u00bbon\u00bb collapsed=\u00bbon\u00bb global_colors_info=\u00bb{}\u00bb][et_pb_row _builder_version=\u00bb4.16&#8243; global_colors_info=\u00bb{}\u00bb][et_pb_column type=\u00bb4_4&#8243; _builder_version=\u00bb4.16&#8243; custom_padding=\u00bb|||\u00bb global_colors_info=\u00bb{}\u00bb custom_padding__hover=\u00bb|||\u00bb][et_pb_text disabled_on=\u00bboff|off|off\u00bb admin_label=\u00bbEsplais\u00bb _builder_version=\u00bb4.19.0&#8243; text_font=\u00bbLato||||||||\u00bb text_text_color=\u00bb#000000&#8243; text_font_size=\u00bb28px\u00bb text_letter_spacing=\u00bb2px\u00bb header_font=\u00bbLato|700||||on|||\u00bb header_text_align=\u00bbcenter\u00bb header_text_color=\u00bb#258543&#8243; header_font_size=\u00bb48px\u00bb header_letter_spacing=\u00bb2px\u00bb text_orientation=\u00bbcenter\u00bb background_layout=\u00bbdark\u00bb z_index_tablet=\u00bb500&#8243; text_text_shadow_style=\u00bbpreset1&#8243; text_text_shadow_horizontal_length=\u00bb0.08em\u00bb global_colors_info=\u00bb{}\u00bb]<\/p>\n<p>La pandemia de la Covid-19 y las restricciones en la actividad presencial han afectado de lleno a los centros de esplais y a las entidades del Terces Sector en general. El paro repentino a principios de 2020 y las diferentes fases de limitaciones posteriores han obligado al mundo del asociacionismo a reorganizarse, implementar nuevos sistemas de teletrabajo y poner en marcha la digitalizaci\u00f3n de servicios intentando mantener el m\u00e1ximo contacto directo con las personas que atendemos y que caracteriza nuestra actividad.<\/p>\n<p>[\/et_pb_text][et_pb_button button_url=\u00bbhttps:\/\/issuu.com\/fundacioesplai\/docs\/memoria_fundesplai_2021\/16&#8243; button_text=\u00bb\u00bfQUIERES SABER M\u00c1S?\u00bb button_alignment=\u00bbcenter\u00bb admin_label=\u00bbBoto\u00bb _builder_version=\u00bb4.16&#8243; custom_button=\u00bbon\u00bb button_text_color=\u00bb#ffffff\u00bb button_bg_color=\u00bb#258543&#8243; animation_style=\u00bbfade\u00bb z_index_tablet=\u00bb500&#8243; box_shadow_style=\u00bbpreset2&#8243; saved_tabs=\u00bball\u00bb global_colors_info=\u00bb{}\u00bb button_text_size__hover_enabled=\u00bboff\u00bb button_text_size__hover=\u00bbnull\u00bb button_one_text_size__hover_enabled=\u00bboff\u00bb button_one_text_size__hover=\u00bbnull\u00bb button_two_text_size__hover_enabled=\u00bboff\u00bb button_two_text_size__hover=\u00bbnull\u00bb button_text_color__hover_enabled=\u00bboff\u00bb button_text_color__hover=\u00bbnull\u00bb button_one_text_color__hover_enabled=\u00bboff\u00bb button_one_text_color__hover=\u00bbnull\u00bb button_two_text_color__hover_enabled=\u00bboff\u00bb button_two_text_color__hover=\u00bbnull\u00bb button_border_width__hover_enabled=\u00bboff\u00bb button_border_width__hover=\u00bbnull\u00bb button_one_border_width__hover_enabled=\u00bboff\u00bb button_one_border_width__hover=\u00bbnull\u00bb button_two_border_width__hover_enabled=\u00bboff\u00bb button_two_border_width__hover=\u00bbnull\u00bb button_border_color__hover_enabled=\u00bboff\u00bb button_border_color__hover=\u00bbnull\u00bb button_one_border_color__hover_enabled=\u00bboff\u00bb button_one_border_color__hover=\u00bbnull\u00bb button_two_border_color__hover_enabled=\u00bboff\u00bb button_two_border_color__hover=\u00bbnull\u00bb button_border_radius__hover_enabled=\u00bboff\u00bb button_border_radius__hover=\u00bbnull\u00bb button_one_border_radius__hover_enabled=\u00bboff\u00bb button_one_border_radius__hover=\u00bbnull\u00bb button_two_border_radius__hover_enabled=\u00bboff\u00bb button_two_border_radius__hover=\u00bbnull\u00bb button_letter_spacing__hover_enabled=\u00bboff\u00bb button_letter_spacing__hover=\u00bbnull\u00bb button_one_letter_spacing__hover_enabled=\u00bboff\u00bb button_one_letter_spacing__hover=\u00bbnull\u00bb button_two_letter_spacing__hover_enabled=\u00bboff\u00bb button_two_letter_spacing__hover=\u00bbnull\u00bb button_bg_color__hover_enabled=\u00bboff\u00bb button_bg_color__hover=\u00bbnull\u00bb button_one_bg_color__hover_enabled=\u00bboff\u00bb button_one_bg_color__hover=\u00bbnull\u00bb button_two_bg_color__hover_enabled=\u00bboff\u00bb button_two_bg_color__hover=\u00bbnull\u00bb]&nbsp;<br \/>\n[\/et_pb_button][\/et_pb_column][\/et_pb_row][\/et_pb_section][et_pb_section fb_built=\u00bb1&#8243; fullwidth=\u00bbon\u00bb disabled_on=\u00bbon|on|on\u00bb _builder_version=\u00bb4.16&#8243; _module_preset=\u00bbdefault\u00bb disabled=\u00bbon\u00bb collapsed=\u00bbon\u00bb global_colors_info=\u00bb{}\u00bb][et_pb_fullwidth_slider show_image_video_mobile=\u00bbon\u00bb admin_label=\u00bbcentre esplai\u00bb _builder_version=\u00bb4.16&#8243; _module_preset=\u00bbdefault\u00bb global_colors_info=\u00bb{}\u00bb][et_pb_slide heading=\u00bbAMPLIAMOS CENTRO PARA DAR RESPUESTA A LAS NUEVAS NECESIDADES SOCIALES\u00bb _builder_version=\u00bb4.16&#8243; _module_preset=\u00bbdefault\u00bb header_level=\u00bbh1&#8243; header_font=\u00bbLato|700||||on|||\u00bb header_text_align=\u00bbright\u00bb header_text_color=\u00bb#FFFFFF\u00bb background_image=\u00bbhttps:\/\/fundesplai.org\/wp-content\/uploads\/2023\/02\/Ampliacio_Centre_Esplai_desktop.jpg\u00bb background_enable_image=\u00bbon\u00bb header_text_shadow_style=\u00bbpreset2&#8243; global_colors_info=\u00bb{}\u00bb sticky_transition=\u00bbon\u00bb][\/et_pb_slide][\/et_pb_fullwidth_slider][\/et_pb_section][et_pb_section fb_built=\u00bb1&#8243; disabled_on=\u00bbon|on|on\u00bb _builder_version=\u00bb4.16&#8243; inner_width_tablet=\u00bb50px\u00bb inner_max_width_tablet=\u00bb50px\u00bb z_index_tablet=\u00bb500&#8243; disabled=\u00bbon\u00bb collapsed=\u00bbon\u00bb global_colors_info=\u00bb{}\u00bb][et_pb_row _builder_version=\u00bb4.16&#8243; global_colors_info=\u00bb{}\u00bb][et_pb_column type=\u00bb4_4&#8243; _builder_version=\u00bb4.16&#8243; custom_padding=\u00bb|||\u00bb global_colors_info=\u00bb{}\u00bb custom_padding__hover=\u00bb|||\u00bb][et_pb_text disabled_on=\u00bboff|off|off\u00bb admin_label=\u00bbcentre esplai\u00bb _builder_version=\u00bb4.19.0&#8243; text_font=\u00bbLato||||||||\u00bb text_text_color=\u00bb#000000&#8243; text_font_size=\u00bb28px\u00bb text_letter_spacing=\u00bb2px\u00bb header_font=\u00bbLato|700||||on|||\u00bb header_text_align=\u00bbcenter\u00bb header_text_color=\u00bb#258543&#8243; header_font_size=\u00bb48px\u00bb header_letter_spacing=\u00bb2px\u00bb text_orientation=\u00bbcenter\u00bb background_layout=\u00bbdark\u00bb z_index_tablet=\u00bb500&#8243; text_text_shadow_style=\u00bbpreset1&#8243; text_text_shadow_horizontal_length=\u00bb0.08em\u00bb global_colors_info=\u00bb{}\u00bb]<\/p>\n<p>Las obras de ampliaci\u00f3n de Centro Esplai, nuestra sede situada en El Prat de Llobregat, han avanzado a muy buen ritmo este 2021 y est\u00e1 previsto que est\u00e9n terminadas hacia el oto\u00f1o. Unas instalaciones que nos permitir\u00e1n poner en marcha nuevos programas educativos, sociales y de sostenibilidad y maximizar los ya existentes para atender mejor las nuevas demandas sociales, como por ejemplo una exposici\u00f3n sobre alimentaci\u00f3n sostenible este oto\u00f1o.<\/p>\n<p>[\/et_pb_text][et_pb_button button_url=\u00bbhttps:\/\/issuu.com\/fundacioesplai\/docs\/memoria_fundesplai_2021\/18&#8243; button_text=\u00bb\u00bfQUIERES SABER M\u00c1S?\u00bb button_alignment=\u00bbcenter\u00bb admin_label=\u00bbBoto\u00bb _builder_version=\u00bb4.16&#8243; custom_button=\u00bbon\u00bb button_text_color=\u00bb#ffffff\u00bb button_bg_color=\u00bb#258543&#8243; animation_style=\u00bbfade\u00bb z_index_tablet=\u00bb500&#8243; box_shadow_style=\u00bbpreset2&#8243; saved_tabs=\u00bball\u00bb global_colors_info=\u00bb{}\u00bb button_text_size__hover_enabled=\u00bboff\u00bb button_text_size__hover=\u00bbnull\u00bb button_one_text_size__hover_enabled=\u00bboff\u00bb button_one_text_size__hover=\u00bbnull\u00bb button_two_text_size__hover_enabled=\u00bboff\u00bb button_two_text_size__hover=\u00bbnull\u00bb button_text_color__hover_enabled=\u00bboff\u00bb button_text_color__hover=\u00bbnull\u00bb button_one_text_color__hover_enabled=\u00bboff\u00bb button_one_text_color__hover=\u00bbnull\u00bb button_two_text_color__hover_enabled=\u00bboff\u00bb button_two_text_color__hover=\u00bbnull\u00bb button_border_width__hover_enabled=\u00bboff\u00bb button_border_width__hover=\u00bbnull\u00bb button_one_border_width__hover_enabled=\u00bboff\u00bb button_one_border_width__hover=\u00bbnull\u00bb button_two_border_width__hover_enabled=\u00bboff\u00bb button_two_border_width__hover=\u00bbnull\u00bb button_border_color__hover_enabled=\u00bboff\u00bb button_border_color__hover=\u00bbnull\u00bb button_one_border_color__hover_enabled=\u00bboff\u00bb button_one_border_color__hover=\u00bbnull\u00bb button_two_border_color__hover_enabled=\u00bboff\u00bb button_two_border_color__hover=\u00bbnull\u00bb button_border_radius__hover_enabled=\u00bboff\u00bb button_border_radius__hover=\u00bbnull\u00bb button_one_border_radius__hover_enabled=\u00bboff\u00bb button_one_border_radius__hover=\u00bbnull\u00bb button_two_border_radius__hover_enabled=\u00bboff\u00bb button_two_border_radius__hover=\u00bbnull\u00bb button_letter_spacing__hover_enabled=\u00bboff\u00bb button_letter_spacing__hover=\u00bbnull\u00bb button_one_letter_spacing__hover_enabled=\u00bboff\u00bb button_one_letter_spacing__hover=\u00bbnull\u00bb button_two_letter_spacing__hover_enabled=\u00bboff\u00bb button_two_letter_spacing__hover=\u00bbnull\u00bb button_bg_color__hover_enabled=\u00bboff\u00bb button_bg_color__hover=\u00bbnull\u00bb button_one_bg_color__hover_enabled=\u00bboff\u00bb button_one_bg_color__hover=\u00bbnull\u00bb button_two_bg_color__hover_enabled=\u00bboff\u00bb button_two_bg_color__hover=\u00bbnull\u00bb]&nbsp;<br \/>\n[\/et_pb_button][\/et_pb_column][\/et_pb_row][\/et_pb_section][et_pb_section fb_built=\u00bb1&#8243; fullwidth=\u00bbon\u00bb _builder_version=\u00bb4.19.0&#8243; _module_preset=\u00bbdefault\u00bb global_colors_info=\u00bb{}\u00bb][et_pb_fullwidth_image src=\u00bbhttps:\/\/fundesplai.org\/wp-content\/uploads\/2023\/02\/infants3_fullwidth.jpg\u00bb title_text=\u00bbinfants3_fullwidth\u00bb _builder_version=\u00bb4.19.0&#8243; _module_preset=\u00bbdefault\u00bb custom_margin=\u00bb50px||||false|false\u00bb global_colors_info=\u00bb{}\u00bb][\/et_pb_fullwidth_image][\/et_pb_section][et_pb_section fb_built=\u00bb1&#8243; _builder_version=\u00bb4.19.0&#8243; _module_preset=\u00bbdefault\u00bb global_colors_info=\u00bb{}\u00bb][et_pb_row _builder_version=\u00bb4.19.0&#8243; _module_preset=\u00bbdefault\u00bb global_colors_info=\u00bb{}\u00bb][et_pb_column type=\u00bb4_4&#8243; _builder_version=\u00bb4.19.0&#8243; _module_preset=\u00bbdefault\u00bb global_colors_info=\u00bb{}\u00bb][et_pb_text admin_label=\u00bbFundesplai amb els infants\u00bb _builder_version=\u00bb4.19.0&#8243; _module_preset=\u00bbdefault\u00bb custom_margin=\u00bb50px||30px||false|false\u00bb global_colors_info=\u00bb{}\u00bb]<\/p>\n<h2 style=\"text-align: center\">Fundesplai con los ni\u00f1os<\/h2>\n<p>[\/et_pb_text][et_pb_toggle title=\u00bbSegundo curso de NuSOS\u00bb _builder_version=\u00bb4.19.0&#8243; _module_preset=\u00bbdefault\u00bb global_colors_info=\u00bb{}\u00bb]<\/p>\n<p>En el segundo a\u00f1o de NuSOS, la propuesta educativa para la ciudadan\u00eda global, se ha centrado en las migraciones y los derechos humanos y en ella han participado 118.748 ni\u00f1os, ni\u00f1as y j\u00f3venes. Se realizaron acciones colectivas como la campa\u00f1a #DretalLleure, para que los ni\u00f1os y ni\u00f1as pudieran preguntar a representantes institucionales, y <strong>#M\u00e9sPontsMenysMurs<\/strong>, contra el racismo.<\/p>\n<p>[\/et_pb_toggle][et_pb_toggle title=\u00bbEspacio infantil La Pinya\u00bb _builder_version=\u00bb4.19.0&#8243; _module_preset=\u00bbdefault\u00bb global_colors_info=\u00bb{}\u00bb]<\/p>\n<p>Inicio de un nuevo servicio para ni\u00f1os y ni\u00f1as de 0-3 dentro del espacio familiar La Pinya (Centro Esplai) de juego y socializaci\u00f3n, que permite conciliar a las familias. Han participado 12 ni\u00f1os y ni\u00f1as.<\/p>\n<p>[\/et_pb_toggle][et_pb_toggle title=\u00bbEstudio Kids Corona\u00bb _builder_version=\u00bb4.19.0&#8243; _module_preset=\u00bbdefault\u00bb global_colors_info=\u00bb{}\u00bb]<\/p>\n<p>En el verano de 2020, 1.200 ni\u00f1os\/as y monitores\/as de 14 casales de verano de Fundesplai participaron en el estudio Kids Corona, del Hospital Sant Joan de D\u00e9u, sobre la Covid-19 entre ni\u00f1os.<\/p>\n<p>[\/et_pb_toggle][et_pb_toggle title=\u00bbApoyo a las NEE\u00bb _builder_version=\u00bb4.19.0&#8243; _module_preset=\u00bbdefault\u00bb global_colors_info=\u00bb{}\u00bb]<\/p>\n<p>En el curso 2020-2021 hemos gestionado el apoyo a 3.783 alumnos con necesidades educativas especiales de 830 centros educativos de El Baix Llobregat, El Maresme, El Vall\u00e8s Oriental y Barcelona.<\/p>\n<p>[\/et_pb_toggle][et_pb_toggle title=\u00bbProtocolos de prevenci\u00f3n\u00bb _builder_version=\u00bb4.19.0&#8243; _module_preset=\u00bbdefault\u00bb global_colors_info=\u00bb{}\u00bb]<\/p>\n<p>Hemos participado en la definici\u00f3n de los protocolos anti-Covid-19 de la Generalitat para las actividades de verano y la reanudaci\u00f3n de los recreos, los comedores escolares y las extraescolares.<\/p>\n<p>[\/et_pb_toggle][\/et_pb_column][\/et_pb_row][\/et_pb_section][et_pb_section fb_built=\u00bb1&#8243; fullwidth=\u00bbon\u00bb _builder_version=\u00bb4.19.0&#8243; _module_preset=\u00bbdefault\u00bb global_colors_info=\u00bb{}\u00bb][et_pb_fullwidth_image src=\u00bbhttps:\/\/fundesplai.org\/wp-content\/uploads\/2023\/02\/joves3_fullwidth.jpg\u00bb title_text=\u00bbjoves3_fullwidth\u00bb _builder_version=\u00bb4.19.0&#8243; _module_preset=\u00bbdefault\u00bb custom_margin=\u00bb50px||||false|false\u00bb global_colors_info=\u00bb{}\u00bb][\/et_pb_fullwidth_image][\/et_pb_section][et_pb_section fb_built=\u00bb1&#8243; _builder_version=\u00bb4.19.0&#8243; _module_preset=\u00bbdefault\u00bb global_colors_info=\u00bb{}\u00bb][et_pb_row _builder_version=\u00bb4.19.0&#8243; _module_preset=\u00bbdefault\u00bb global_colors_info=\u00bb{}\u00bb][et_pb_column type=\u00bb4_4&#8243; _builder_version=\u00bb4.19.0&#8243; _module_preset=\u00bbdefault\u00bb global_colors_info=\u00bb{}\u00bb][et_pb_text admin_label=\u00bbFundesplai amb els joves\u00bb _builder_version=\u00bb4.19.0&#8243; _module_preset=\u00bbdefault\u00bb custom_margin=\u00bb50px||30px||false|false\u00bb global_colors_info=\u00bb{}\u00bb]<\/p>\n<h2 style=\"text-align: center\">Fundesplai con los j\u00f3venes<\/h2>\n<p>[\/et_pb_text][et_pb_toggle title=\u00bbFormaciones MAIA y Edulleure\u00bb _builder_version=\u00bb4.19.0&#8243; _module_preset=\u00bbdefault\u00bb global_colors_info=\u00bb{}\u00bb]<\/p>\n<p>A pesar de las dificultades, el Curso MAIA de j\u00f3venes l\u00edderes por los Objetivos de Desarrollo Sostenible se pudo completar. 24 participantes han formado la Red MAIA para impulsar los ODS desde sus pa\u00edses. Tambi\u00e9n en el \u00e1mbito del ocio educativo, 14 personas del equipo de Fundesplai participaron en Edulleure, una programaci\u00f3n de formaci\u00f3n interna avanzado de educaci\u00f3n en el tiempo libre.<\/p>\n<p>[\/et_pb_toggle][et_pb_toggle title=\u00bbJ\u00f3venes migrantes\u00bb _builder_version=\u00bb4.19.0&#8243; _module_preset=\u00bbdefault\u00bb global_colors_info=\u00bb{}\u00bb]<\/p>\n<p>Con la iniciativa Caliptra, desde Fundesplai vamos a ofrecer formaci\u00f3n para la inserci\u00f3n y acompa\u00f1amiento en el arraigo a 20 j\u00f3venes migrantes sin referentes familiares en la sociedad de acogida.<\/p>\n<p>[\/et_pb_toggle][et_pb_toggle title=\u00bbJoven Valor\u00bb _builder_version=\u00bb4.19.0&#8243; _module_preset=\u00bbdefault\u00bb global_colors_info=\u00bb{}\u00bb]<\/p>\n<p>Un grupo de 26 j\u00f3venes participaron en el Joven Valor, el programa de Fundesplai destinado a mejorar las oportunidades sociolaborales de personas j\u00f3venes a trav\u00e9s de la formaci\u00f3n y la orientaci\u00f3n.<\/p>\n<p>[\/et_pb_toggle][et_pb_toggle title=\u00bbVideoclips por el cambio social\u00bb _builder_version=\u00bb4.19.0&#8243; _module_preset=\u00bbdefault\u00bb global_colors_info=\u00bb{}\u00bb]<\/p>\n<p>Cerca de 70 j\u00f3venes de esplais participaron en el proyecto de creaci\u00f3n audiovisual Educlips con el grupo Xiula y el apoyo del Departamento de Cultura de la Generalitat y el Ayuntamiento de Barcelona.<\/p>\n<p>[\/et_pb_toggle][et_pb_toggle title=\u00bbInclusi\u00f3n Joven\u00bb _builder_version=\u00bb4.19.0&#8243; _module_preset=\u00bbdefault\u00bb global_colors_info=\u00bb{}\u00bb]<\/p>\n<p>Esta iniciativa apoya la vida independiente y la inclusi\u00f3n laboral de j\u00f3venes con discapacidad intelectual. Han participado 11 j\u00f3venes, de los cuales 6 ya est\u00e1n trabajando este 2021.<\/p>\n<p>[\/et_pb_toggle][\/et_pb_column][\/et_pb_row][\/et_pb_section][et_pb_section fb_built=\u00bb1&#8243; fullwidth=\u00bbon\u00bb _builder_version=\u00bb4.19.0&#8243; _module_preset=\u00bbdefault\u00bb global_colors_info=\u00bb{}\u00bb][et_pb_fullwidth_image src=\u00bbhttps:\/\/fundesplai.org\/wp-content\/uploads\/2023\/02\/families3_fullwidth.jpg\u00bb title_text=\u00bbfamilies3_fullwidth\u00bb _builder_version=\u00bb4.19.0&#8243; _module_preset=\u00bbdefault\u00bb custom_margin=\u00bb50px||||false|false\u00bb global_colors_info=\u00bb{}\u00bb][\/et_pb_fullwidth_image][\/et_pb_section][et_pb_section fb_built=\u00bb1&#8243; _builder_version=\u00bb4.19.0&#8243; _module_preset=\u00bbdefault\u00bb global_colors_info=\u00bb{}\u00bb][et_pb_row _builder_version=\u00bb4.19.0&#8243; _module_preset=\u00bbdefault\u00bb global_colors_info=\u00bb{}\u00bb][et_pb_column type=\u00bb4_4&#8243; _builder_version=\u00bb4.19.0&#8243; _module_preset=\u00bbdefault\u00bb global_colors_info=\u00bb{}\u00bb][et_pb_text admin_label=\u00bbFundesplai amb les fam\u00edlies\u00bb _builder_version=\u00bb4.19.0&#8243; _module_preset=\u00bbdefault\u00bb custom_margin=\u00bb50px||30px||false|false\u00bb global_colors_info=\u00bb{}\u00bb]<\/p>\n<h2 style=\"text-align: center\">Fundesplai con las familias<\/h2>\n<p>[\/et_pb_text][et_pb_toggle title=\u00bbMejor gesti\u00f3n online\u00bb _builder_version=\u00bb4.19.0&#8243; _module_preset=\u00bbdefault\u00bb global_colors_info=\u00bb{}\u00bb]<\/p>\n<p>Las limitaciones impuestas por la pandemia nos hicieron impulsar el sistema de gestiones online, lo que nos permiti\u00f3 llegar a las 16.576 inscripciones electr\u00f3nicas en verano.<\/p>\n<p>[\/et_pb_toggle][et_pb_toggle title=\u00bbReactivaci\u00f3n de los esplais\u00bb _builder_version=\u00bb4.19.0&#8243; _module_preset=\u00bbdefault\u00bb global_colors_info=\u00bb{}\u00bb]<\/p>\n<p>Los esplais han sufrido diferentes paros provocados por la Covid-19, pero se ha garantizado la presencialidad en la atenci\u00f3n a los ni\u00f1os en situaci\u00f3n vulnerable y se ha ido recuperando la actividad.<\/p>\n<p>[\/et_pb_toggle][et_pb_toggle title=\u00bbCon las personas en situaci\u00f3n vulnerable\u00bb _builder_version=\u00bb4.19.0&#8243; _module_preset=\u00bbdefault\u00bb global_colors_info=\u00bb{}\u00bb]<\/p>\n<p>El Albergue de Centro Esplai acogi\u00f3 a 119 personas en situaci\u00f3n de vulnerabilidad derivadas de los servicios sociales de 17 municipios que sufrieron las consecuencias negativas de la pandemia. Tambi\u00e9n se ha garantizado el servicio de comidas para personas en situaci\u00f3n vulnerable de Ciutat Vella, Barcelona, y de cenas para personas mayores de Ciutat Vella y Sants-Montju\u00efc.<br \/>En total, 222.314 comidas.<\/p>\n<p>[\/et_pb_toggle][et_pb_toggle title=\u00bbApoyo a las familias\u00bb _builder_version=\u00bb4.19.0&#8243; _module_preset=\u00bbdefault\u00bb global_colors_info=\u00bb{}\u00bb]<\/p>\n<p>Durante la parte m\u00e1s dura de la pandemia, vamos a atender a 8 ni\u00f1os\/as de familias hospitalizadas por la Covid-19 con un servicio educativo integral de apoyo. En total, fueron 55 d\u00edas de servicio.<\/p>\n<p>[\/et_pb_toggle][et_pb_toggle title=\u00bbPromover la salud\u00bb _builder_version=\u00bb4.19.0&#8243; _module_preset=\u00bbdefault\u00bb global_colors_info=\u00bb{}\u00bb]<\/p>\n<p>El programa \u00abSigas t\u00fa!\u00bb de DipSalut, de la Diputaci\u00f3n de Girona y Fundesplai destinado a promover h\u00e1bitos saludables entre ni\u00f1os, ni\u00f1as y familias ha llegado a 72 centros escolares de Girona.<\/p>\n<p>[\/et_pb_toggle][\/et_pb_column][\/et_pb_row][\/et_pb_section][et_pb_section fb_built=\u00bb1&#8243; fullwidth=\u00bbon\u00bb _builder_version=\u00bb4.19.0&#8243; _module_preset=\u00bbdefault\u00bb global_colors_info=\u00bb{}\u00bb][et_pb_fullwidth_image src=\u00bbhttps:\/\/fundesplai.org\/wp-content\/uploads\/2023\/02\/tercersector3_fullwidth.jpg\u00bb title_text=\u00bbtercersector3_fullwidth\u00bb _builder_version=\u00bb4.19.0&#8243; _module_preset=\u00bbdefault\u00bb custom_margin=\u00bb50px||||false|false\u00bb global_colors_info=\u00bb{}\u00bb][\/et_pb_fullwidth_image][\/et_pb_section][et_pb_section fb_built=\u00bb1&#8243; _builder_version=\u00bb4.19.0&#8243; _module_preset=\u00bbdefault\u00bb global_colors_info=\u00bb{}\u00bb][et_pb_row _builder_version=\u00bb4.19.0&#8243; _module_preset=\u00bbdefault\u00bb global_colors_info=\u00bb{}\u00bb][et_pb_column type=\u00bb4_4&#8243; _builder_version=\u00bb4.19.0&#8243; _module_preset=\u00bbdefault\u00bb global_colors_info=\u00bb{}\u00bb][et_pb_text admin_label=\u00bbFundesplai amb el tercer sector\u00bb _builder_version=\u00bb4.19.0&#8243; _module_preset=\u00bbdefault\u00bb custom_margin=\u00bb50px||||false|false\u00bb global_colors_info=\u00bb{}\u00bb]<\/p>\n<h2 style=\"text-align: center\">Fundesplai con el tercer sector<\/h2>\n<p>[\/et_pb_text][et_pb_toggle title=\u00bbLey del Tercer Sector\u00bb _builder_version=\u00bb4.19.0&#8243; _module_preset=\u00bbdefault\u00bb global_colors_info=\u00bb{}\u00bb]<\/p>\n<p>Desde Fundesplai se ha reclamado el establecimiento de un plan de recuperaci\u00f3n social y se ha impulsado la aprobaci\u00f3n de una Ley del Tercer Sector y el fortalecimiento de las entidades sociales.<\/p>\n<p>[\/et_pb_toggle][et_pb_toggle title=\u00bbAn\u00e1lisis y adaptaci\u00f3n\u00bb _builder_version=\u00bb4.19.0&#8243; _module_preset=\u00bbdefault\u00bb global_colors_info=\u00bb{}\u00bb]<\/p>\n<p>Este 2020-2021 hemos tenido que hacer frente y adaptarnos a 108 cambios en la normativa jur\u00eddico-boral que obligan a la organizaci\u00f3n a una permanente tarea de an\u00e1lisis de una situaci\u00f3n cambiante.<\/p>\n<p>[\/et_pb_toggle][et_pb_toggle title=\u00bbFormaci\u00f3n online\u00bb _builder_version=\u00bb4.19.0&#8243; _module_preset=\u00bbdefault\u00bb global_colors_info=\u00bb{}\u00bb]<\/p>\n<p>Hemos puesto en marcha la nueva web de Formaci\u00f3n de Fundesplai. Adem\u00e1s, los cursos online se han multiplicado: 4.599 alumnos participaron en 142 cursos online y hemos organizado 12 webinars.<\/p>\n<p>[\/et_pb_toggle][et_pb_toggle title=\u00bbSant Cugat\u00bb _builder_version=\u00bb4.19.0&#8243; _module_preset=\u00bbdefault\u00bb global_colors_info=\u00bb{}\u00bb]<\/p>\n<p>El 15 de febrero Apoyo Tercer Sector y el Ayuntamiento de Sant Cugat inauguramos el nuevo servicio de asesoramiento para entidades de Sant Cugat del Vall\u00e8s por cuestiones jur\u00eddicas, fiscales&#8230;<\/p>\n<p>[\/et_pb_toggle][et_pb_toggle title=\u00bbJunto a las entidades\u00bb _builder_version=\u00bb4.19.0&#8243; _module_preset=\u00bbdefault\u00bb global_colors_info=\u00bb{}\u00bb]<\/p>\n<p>Vamos a desarrollar una intensa labor de apoyo al Tercer Sector en el momento m\u00e1s duro de la pandemia: gesti\u00f3n de 81 ERTEs de entidades, 186 entidades se dieron de alta en la app de registro horario&#8230; Hemos hecho una labor de incidencia pol\u00edtica para reivindicar el protagonismo de las entidades.<br \/>sociales en la atenci\u00f3n a las personas vulnerables y asegurar ayudas para su viabilidad econ\u00f3mica.<\/p>\n<p>[\/et_pb_toggle][\/et_pb_column][\/et_pb_row][\/et_pb_section][et_pb_section fb_built=\u00bb1&#8243; fullwidth=\u00bbon\u00bb _builder_version=\u00bb4.19.0&#8243; _module_preset=\u00bbdefault\u00bb global_colors_info=\u00bb{}\u00bb][et_pb_fullwidth_image src=\u00bbhttps:\/\/fundesplai.org\/wp-content\/uploads\/2023\/02\/planeta_fullwidth.jpg\u00bb title_text=\u00bbplaneta_fullwidth\u00bb _builder_version=\u00bb4.19.0&#8243; _module_preset=\u00bbdefault\u00bb custom_margin=\u00bb50px||||false|false\u00bb global_colors_info=\u00bb{}\u00bb][\/et_pb_fullwidth_image][\/et_pb_section][et_pb_section fb_built=\u00bb1&#8243; _builder_version=\u00bb4.19.0&#8243; _module_preset=\u00bbdefault\u00bb global_colors_info=\u00bb{}\u00bb][et_pb_row _builder_version=\u00bb4.19.0&#8243; _module_preset=\u00bbdefault\u00bb global_colors_info=\u00bb{}\u00bb][et_pb_column type=\u00bb4_4&#8243; _builder_version=\u00bb4.19.0&#8243; _module_preset=\u00bbdefault\u00bb global_colors_info=\u00bb{}\u00bb][et_pb_text admin_label=\u00bbFundesplai amb el planeta\u00bb _builder_version=\u00bb4.19.0&#8243; _module_preset=\u00bbdefault\u00bb custom_margin=\u00bb50px||30px||false|false\u00bb global_colors_info=\u00bb{}\u00bb]<\/p>\n<h2 style=\"text-align: center\">Fundesplai con el planeta<\/h2>\n<p>[\/et_pb_text][et_pb_toggle title=\u00bbSalidas escolares\u00bb _builder_version=\u00bb4.19.0&#8243; _module_preset=\u00bbdefault\u00bb global_colors_info=\u00bb{}\u00bb]<\/p>\n<p>La pandemia ha limitado las colonias escolares, en cambio las excursiones pr\u00f3ximas a las escuelas para descubrir la biodiversidad de parques urbanos o bosques cercanos ha tenido una gran demanda.<\/p>\n<p>[\/et_pb_toggle][et_pb_toggle title=\u00bbFormaci\u00f3n para los ODS\u00bb _builder_version=\u00bb4.19.0&#8243; _module_preset=\u00bbdefault\u00bb global_colors_info=\u00bb{}\u00bb]<\/p>\n<p>Hemos impulsado el trabajo para la consecuci\u00f3n de los ODS desde c\u00e1psulas formativas a profesorado, entidades y administraciones, una acci\u00f3n que tambi\u00e9n se ha desarrollado internamente con el equipo.<\/p>\n<p>[\/et_pb_toggle][et_pb_toggle title=\u00bbSostenibilidad online\u00bb _builder_version=\u00bb4.19.0&#8243; _module_preset=\u00bbdefault\u00bb global_colors_info=\u00bb{}\u00bb]<\/p>\n<p>Tambi\u00e9n la educaci\u00f3n ambiental se ha digitalizado: hemos dinamizado de manera virtual actividades en el programa Escuelas Verdes y hemos creado v\u00eddeos sobre sostenibilidad que han tenido mucho eco.<\/p>\n<p>[\/et_pb_toggle][et_pb_toggle title=\u00bbCertificaciones ecol\u00f3gicas\u00bb _builder_version=\u00bb4.19.0&#8243; _module_preset=\u00bbdefault\u00bb global_colors_info=\u00bb{}\u00bb]<\/p>\n<p>Hemos mantenido la adhesi\u00f3n a Turismo Sostenible y el Distintivo de Calidad Ambiental a nuestras instalaciones que garantizan la gesti\u00f3n sostenible de los equipamientos (casas de colonias, albergues&#8230;). Un buen ejemplo, la biodiversidad de las zonas naturales de Centro Esplai, que es extraordinariamente alta y trabajamos para mantenerla, favorecerla y promoverla entre nuestros alberguistas.<\/p>\n<p>[\/et_pb_toggle][et_pb_toggle title=\u00bbGesti\u00f3n forestal\u00bb _builder_version=\u00bb4.19.0&#8243; _module_preset=\u00bbdefault\u00bb global_colors_info=\u00bb{}\u00bb]<\/p>\n<p>Hemos mantenido los trabajos de gesti\u00f3n forestal de los entornos de las casas de colonias y albergues, especialmente afectados por los temporales, como muestra de nuestro compromiso con el territorio.<\/p>\n<p>[\/et_pb_toggle][\/et_pb_column][\/et_pb_row][\/et_pb_section][et_pb_section fb_built=\u00bb1&#8243; fullwidth=\u00bbon\u00bb disabled_on=\u00bbon|on|on\u00bb _builder_version=\u00bb4.16&#8243; disabled=\u00bbon\u00bb collapsed=\u00bbon\u00bb global_colors_info=\u00bb{}\u00bb][et_pb_fullwidth_image src=\u00bbhttps:\/\/fundesplai.org\/wp-content\/uploads\/2023\/02\/INFANTS_accions.jpg\u00bb title_text=\u00bbINFANTS_accions\u00bb url=\u00bbhttps:\/\/issuu.com\/fundacioesplai\/docs\/memoria_fundesplai_2017_2018\/12&#8243; disabled_on=\u00bboff|off|off\u00bb admin_label=\u00bbIMG Fundesplai amb els infants 2020&#8243; _builder_version=\u00bb4.16&#8243; animation_style=\u00bbfold\u00bb animation_direction=\u00bbleft\u00bb z_index_tablet=\u00bb500&#8243; global_colors_info=\u00bb{}\u00bb]&nbsp;<br \/>\n[\/et_pb_fullwidth_image][\/et_pb_section][et_pb_section fb_built=\u00bb1&#8243; disabled_on=\u00bbon|on|on\u00bb _builder_version=\u00bb4.16&#8243; inner_width_tablet=\u00bb50px\u00bb inner_max_width_tablet=\u00bb50px\u00bb z_index_tablet=\u00bb500&#8243; disabled=\u00bbon\u00bb collapsed=\u00bbon\u00bb global_colors_info=\u00bb{}\u00bb][et_pb_row _builder_version=\u00bb4.16&#8243; _module_preset=\u00bbdefault\u00bb global_colors_info=\u00bb{}\u00bb][et_pb_column type=\u00bb4_4&#8243; _builder_version=\u00bb4.16&#8243; _module_preset=\u00bbdefault\u00bb global_colors_info=\u00bb{}\u00bb][et_pb_text admin_label=\u00bbINFANTS TITULAR\u00bb _builder_version=\u00bb4.16&#8243; _module_preset=\u00bbdefault\u00bb header_font=\u00bbLato|700|||||||\u00bb header_text_color=\u00bb#258543&#8243; header_font_size=\u00bb60px\u00bb header_letter_spacing=\u00bb2px\u00bb header_text_shadow_style=\u00bbpreset1&#8243; global_colors_info=\u00bb{}\u00bb]<\/p>\n<h1>FUNDESPLAI CON LOS NI\u00d1OS\/AS<\/h1>\n<p>[\/et_pb_text][\/et_pb_column][\/et_pb_row][et_pb_row column_structure=\u00bb1_3,1_3,1_3&#8243; _builder_version=\u00bb4.16&#8243; background_size=\u00bbinitial\u00bb background_position=\u00bbtop_left\u00bb background_repeat=\u00bbrepeat\u00bb global_colors_info=\u00bb{}\u00bb][et_pb_column type=\u00bb1_3&#8243; _builder_version=\u00bb4.16&#8243; custom_padding=\u00bb|||\u00bb global_colors_info=\u00bb{}\u00bb custom_padding__hover=\u00bb|||\u00bb][et_pb_toggle title=\u00bbSegundo curso de NuSOS\u00bb open_toggle_text_color=\u00bb#258543&#8243; closed_toggle_text_color=\u00bb#258543&#8243; icon_color=\u00bb#258543&#8243; open_icon_color=\u00bb#258543&#8243; admin_label=\u00bbNusos\u00bb _builder_version=\u00bb4.19.0&#8243; title_text_color=\u00bb#258543&#8243; title_font=\u00bb|600|||||||\u00bb z_index_tablet=\u00bb500&#8243; global_colors_info=\u00bb{}\u00bb]<\/p>\n<p>En el segundo a\u00f1o de NuSOS, la propuesta educativa para la ciudadan\u00eda global, se ha centrado en las migraciones y los derechos humanos y en ella han participado 118.748 ni\u00f1os, ni\u00f1as y j\u00f3venes. Se realizaron acciones colectivas como<br \/>la campa\u00f1a #DretalLleure, para que los ni\u00f1os y ni\u00f1as pudieran preguntar a representantes institucionales, y <strong>#M\u00e9sPontsMenysMurs<\/strong>, contra el racismo.<\/p>\n<p>[\/et_pb_toggle][et_pb_toggle title=\u00bbApoyo a las NEE\u00bb open_toggle_text_color=\u00bb#258543&#8243; icon_color=\u00bb#258543&#8243; open_icon_color=\u00bb#258543&#8243; admin_label=\u00bbnee\u00bb _builder_version=\u00bb4.16&#8243; title_text_color=\u00bb#258543&#8243; title_font=\u00bb|600|||||||\u00bb z_index_tablet=\u00bb500&#8243; global_colors_info=\u00bb{}\u00bb]<\/p>\n<p>En el curso 2020-2021 hemos gestionado el apoyo a 3.783 alumnos con necesidades educativas especiales de 830 centros educativos del colegio.<br \/>Baix Llobregat, El Maresme, El Vall\u00e8s Oriental y Barcelona.<\/p>\n<p>[\/et_pb_toggle][\/et_pb_column][et_pb_column type=\u00bb1_3&#8243; _builder_version=\u00bb4.16&#8243; custom_padding=\u00bb|||\u00bb global_colors_info=\u00bb{}\u00bb custom_padding__hover=\u00bb|||\u00bb][et_pb_toggle title=\u00bbEspacio infantil La Pinya\u00bb open_toggle_text_color=\u00bb#258543&#8243; icon_color=\u00bb#258543&#8243; open_icon_color=\u00bb#258543&#8243; admin_label=\u00bbEspai infantil Pinya\u00bb _builder_version=\u00bb4.16&#8243; title_text_color=\u00bb#258543&#8243; title_font=\u00bb|600|||||||\u00bb z_index_tablet=\u00bb500&#8243; global_colors_info=\u00bb{}\u00bb]<\/p>\n<p>Inicio de un nuevo servicio para ni\u00f1os y ni\u00f1as de 0-3 dentro del espacio familiar La Pinya (Centro Esplai) de juego y socializaci\u00f3n, que permite conciliar a las familias. Han participado 12 ni\u00f1os y ni\u00f1as.<\/p>\n<p>[\/et_pb_toggle][et_pb_toggle title=\u00bbProtocolos de prevenci\u00f3n\u00bb open_toggle_text_color=\u00bb#258543&#8243; icon_color=\u00bb#258543&#8243; open_icon_color=\u00bb#258543&#8243; admin_label=\u00bbprotocols\u00bb _builder_version=\u00bb4.16&#8243; title_text_color=\u00bb#258543&#8243; title_font=\u00bb|600|||||||\u00bb z_index_tablet=\u00bb500&#8243; global_colors_info=\u00bb{}\u00bb]<\/p>\n<p>Hemos participado en la definici\u00f3n de los protocolos anti-Covid-19 de la Generalitat para las actividades de verano y la reanudaci\u00f3n de los recreos, los comedores escolares y las extraescolares.<\/p>\n<p>[\/et_pb_toggle][\/et_pb_column][et_pb_column type=\u00bb1_3&#8243; _builder_version=\u00bb4.16&#8243; custom_padding=\u00bb|||\u00bb global_colors_info=\u00bb{}\u00bb custom_padding__hover=\u00bb|||\u00bb][et_pb_toggle title=\u00bbEstudio Kids Corona\u00bb open_toggle_text_color=\u00bb#258543&#8243; icon_color=\u00bb#258543&#8243; open_icon_color=\u00bb#258543&#8243; admin_label=\u00bbCorona\u00bb _builder_version=\u00bb4.16&#8243; title_text_color=\u00bb#258543&#8243; title_font=\u00bb|600|||||||\u00bb z_index_tablet=\u00bb500&#8243; global_colors_info=\u00bb{}\u00bb]<\/p>\n<p>En el verano de 2020, 1.200 ni\u00f1os\/as y monitores\/as de 14 casales de verano de Fundesplai participaron en el estudio Kids Corona, del Hospital Sant Joan de D\u00e9u, sobre la Covid-19 entre ni\u00f1os.<\/p>\n<p>[\/et_pb_toggle][\/et_pb_column][\/et_pb_row][\/et_pb_section][et_pb_section fb_built=\u00bb1&#8243; fullwidth=\u00bbon\u00bb disabled_on=\u00bbon|on|on\u00bb _builder_version=\u00bb4.16&#8243; disabled=\u00bbon\u00bb collapsed=\u00bbon\u00bb global_colors_info=\u00bb{}\u00bb][et_pb_fullwidth_image src=\u00bbhttps:\/\/fundesplai.org\/wp-content\/uploads\/2023\/02\/memoria_fundesplai_2021_joves.jpg\u00bb title_text=\u00bbmemoria_fundesplai_2021_joves\u00bb url=\u00bbhttps:\/\/issuu.com\/fundacioesplai\/docs\/memoria_fundesplai_2017_2018\/16&#8243; disabled_on=\u00bboff|off|off\u00bb admin_label=\u00bbIMG Fundesplai amb els joves\u00bb _builder_version=\u00bb4.16&#8243; animation_style=\u00bbfold\u00bb animation_direction=\u00bbright\u00bb z_index_tablet=\u00bb500&#8243; global_colors_info=\u00bb{}\u00bb]&nbsp;<br \/>\n[\/et_pb_fullwidth_image][\/et_pb_section][et_pb_section fb_built=\u00bb1&#8243; disabled_on=\u00bbon|on|on\u00bb _builder_version=\u00bb4.16&#8243; inner_width_tablet=\u00bb50px\u00bb inner_max_width_tablet=\u00bb50px\u00bb z_index_tablet=\u00bb500&#8243; disabled=\u00bbon\u00bb collapsed=\u00bbon\u00bb global_colors_info=\u00bb{}\u00bb][et_pb_row _builder_version=\u00bb4.16&#8243; _module_preset=\u00bbdefault\u00bb global_colors_info=\u00bb{}\u00bb][et_pb_column type=\u00bb4_4&#8243; _builder_version=\u00bb4.16&#8243; _module_preset=\u00bbdefault\u00bb global_colors_info=\u00bb{}\u00bb][et_pb_text admin_label=\u00bbJOVES TITULAR\u00bb _builder_version=\u00bb4.16&#8243; _module_preset=\u00bbdefault\u00bb header_font=\u00bbLato|700|||||||\u00bb header_text_align=\u00bbcenter\u00bb header_text_color=\u00bb#258543&#8243; header_font_size=\u00bb60px\u00bb header_letter_spacing=\u00bb2px\u00bb header_text_shadow_style=\u00bbpreset2&#8243; global_colors_info=\u00bb{}\u00bb]<\/p>\n<h1>FUNDESPLAI CON LOS J\u00d3VENES<\/h1>\n<p>[\/et_pb_text][\/et_pb_column][\/et_pb_row][et_pb_row column_structure=\u00bb1_3,1_3,1_3&#8243; _builder_version=\u00bb4.16&#8243; background_size=\u00bbinitial\u00bb background_position=\u00bbtop_left\u00bb background_repeat=\u00bbrepeat\u00bb global_colors_info=\u00bb{}\u00bb][et_pb_column type=\u00bb1_3&#8243; _builder_version=\u00bb4.16&#8243; custom_padding=\u00bb|||\u00bb global_colors_info=\u00bb{}\u00bb custom_padding__hover=\u00bb|||\u00bb][et_pb_toggle title=\u00bbFormaciones MAIA y Edulleure\u00bb open_toggle_text_color=\u00bb#258543&#8243; icon_color=\u00bb#258543&#8243; open_icon_color=\u00bb#258543&#8243; admin_label=\u00bbMAIA\u00bb _builder_version=\u00bb4.16&#8243; title_text_color=\u00bb#258543&#8243; title_font=\u00bb|600|||||||\u00bb z_index_tablet=\u00bb500&#8243; global_colors_info=\u00bb{}\u00bb]<\/p>\n<p>A pesar de las dificultades, el Curso MAIA de j\u00f3venes l\u00edderes por los Objetivos de Desarrollo Sostenible se pudo completar. 24 participantes han formado la Red MAIA para impulsar los ODS desde sus pa\u00edses. Tambi\u00e9n en el \u00e1mbito del ocio, 14 personas del equipo de Fundesplai participaron en Edulleure, una programaci\u00f3n de formaci\u00f3n interna avanzado de educaci\u00f3n en el tiempo libre.<\/p>\n<p>[\/et_pb_toggle][\/et_pb_column][et_pb_column type=\u00bb1_3&#8243; _builder_version=\u00bb4.16&#8243; custom_padding=\u00bb|||\u00bb global_colors_info=\u00bb{}\u00bb custom_padding__hover=\u00bb|||\u00bb][et_pb_toggle title=\u00bbJ\u00f3venes migrantes\u00bb open_toggle_text_color=\u00bb#258543&#8243; icon_color=\u00bb#258543&#8243; open_icon_color=\u00bb#258543&#8243; admin_label=\u00bbjoves migrants\u00bb _builder_version=\u00bb4.16&#8243; title_text_color=\u00bb#258543&#8243; title_font=\u00bb|600|||||||\u00bb z_index_tablet=\u00bb500&#8243; global_colors_info=\u00bb{}\u00bb]<\/p>\n<p>Con la iniciativa Caliptra, desde Fundesplai vamos a ofrecer formaci\u00f3n para la inserci\u00f3n y acompa\u00f1amiento en el arraigo a 20 j\u00f3venes migrantes sin referentes familiares en la sociedad de acogida.<\/p>\n<p>[\/et_pb_toggle][\/et_pb_column][et_pb_column type=\u00bb1_3&#8243; _builder_version=\u00bb4.16&#8243; custom_padding=\u00bb|||\u00bb global_colors_info=\u00bb{}\u00bb custom_padding__hover=\u00bb|||\u00bb][et_pb_toggle title=\u00bbJoven Valor\u00bb open_toggle_text_color=\u00bb#258543&#8243; icon_color=\u00bb#258543&#8243; open_icon_color=\u00bb#258543&#8243; admin_label=\u00bbJove Valor\u00bb _builder_version=\u00bb4.16&#8243; title_text_color=\u00bb#258543&#8243; title_font=\u00bb|600|||||||\u00bb z_index_tablet=\u00bb500&#8243; global_colors_info=\u00bb{}\u00bb]<\/p>\n<p>Un grupo de 26 j\u00f3venes participaron en el Joven Valor, el programa de Fundesplai destinado a mejorar las oportunidades sociolaborales de personas j\u00f3venes a trav\u00e9s de la formaci\u00f3n y la orientaci\u00f3n.<\/p>\n<p>[\/et_pb_toggle][\/et_pb_column][\/et_pb_row][et_pb_row column_structure=\u00bb1_2,1_2&#8243; _builder_version=\u00bb4.16&#8243; background_size=\u00bbinitial\u00bb background_position=\u00bbtop_left\u00bb background_repeat=\u00bbrepeat\u00bb global_colors_info=\u00bb{}\u00bb][et_pb_column type=\u00bb1_2&#8243; _builder_version=\u00bb4.16&#8243; custom_padding=\u00bb|||\u00bb global_colors_info=\u00bb{}\u00bb custom_padding__hover=\u00bb|||\u00bb][et_pb_toggle title=\u00bbVideoclips por el cambio social\u00bb open_toggle_text_color=\u00bb#258543&#8243; icon_color=\u00bb#258543&#8243; open_icon_color=\u00bb#258543&#8243; admin_label=\u00bbVideoclips pel canvi social\u00bb _builder_version=\u00bb4.16&#8243; title_text_color=\u00bb#258543&#8243; title_font=\u00bb|600|||||||\u00bb z_index_tablet=\u00bb500&#8243; global_colors_info=\u00bb{}\u00bb]<\/p>\n<p>Cerca de 70 j\u00f3venes de esplais participaron en el proyecto de creaci\u00f3n audiovisual Educlips con el grupo Xiula y el apoyo del Departamento de Cultura de la Generalitat y el Ayuntamiento de Barcelona.<\/p>\n<p>[\/et_pb_toggle][\/et_pb_column][et_pb_column type=\u00bb1_2&#8243; _builder_version=\u00bb4.16&#8243; custom_padding=\u00bb|||\u00bb global_colors_info=\u00bb{}\u00bb custom_padding__hover=\u00bb|||\u00bb][et_pb_toggle title=\u00bbInclusi\u00f3n Joven\u00bb open_toggle_text_color=\u00bb#258543&#8243; icon_color=\u00bb#258543&#8243; open_icon_color=\u00bb#258543&#8243; admin_label=\u00bbInclusi\u00f3 Jove\u00bb _builder_version=\u00bb4.16&#8243; title_text_color=\u00bb#258543&#8243; title_font=\u00bb|600|||||||\u00bb z_index_tablet=\u00bb500&#8243; global_colors_info=\u00bb{}\u00bb]<\/p>\n<p>Esta iniciativa apoya la vida independiente y la inclusi\u00f3n laboral de j\u00f3venes con discapacidad intelectual. Han participado 11 j\u00f3venes, de los cuales 6 ya est\u00e1n trabajando este 2021.<\/p>\n<p>[\/et_pb_toggle][\/et_pb_column][\/et_pb_row][\/et_pb_section][et_pb_section fb_built=\u00bb1&#8243; fullwidth=\u00bbon\u00bb disabled_on=\u00bbon|on|on\u00bb _builder_version=\u00bb4.16&#8243; disabled=\u00bbon\u00bb collapsed=\u00bbon\u00bb global_colors_info=\u00bb{}\u00bb][et_pb_fullwidth_image src=\u00bbhttps:\/\/fundesplai.org\/wp-content\/uploads\/2023\/02\/FAMILIES_GENERAL_accions.jpg\u00bb title_text=\u00bbFAMILIES_GENERAL_accions\u00bb url=\u00bbhttps:\/\/issuu.com\/fundacioesplai\/docs\/memoria_fundesplai_2017_2018\/18&#8243; disabled_on=\u00bboff|off|off\u00bb admin_label=\u00bbIMG Fundesplai amb les families\u00bb _builder_version=\u00bb4.16&#8243; animation_style=\u00bbfold\u00bb animation_direction=\u00bbleft\u00bb z_index_tablet=\u00bb500&#8243; global_colors_info=\u00bb{}\u00bb]&nbsp;<br \/>\n[\/et_pb_fullwidth_image][\/et_pb_section][et_pb_section fb_built=\u00bb1&#8243; disabled_on=\u00bbon|on|on\u00bb _builder_version=\u00bb4.16&#8243; inner_width_tablet=\u00bb50px\u00bb inner_max_width_tablet=\u00bb50px\u00bb z_index_tablet=\u00bb500&#8243; disabled=\u00bbon\u00bb collapsed=\u00bbon\u00bb global_colors_info=\u00bb{}\u00bb][et_pb_row _builder_version=\u00bb4.16&#8243; _module_preset=\u00bbdefault\u00bb global_colors_info=\u00bb{}\u00bb][et_pb_column type=\u00bb4_4&#8243; _builder_version=\u00bb4.16&#8243; _module_preset=\u00bbdefault\u00bb global_colors_info=\u00bb{}\u00bb][et_pb_text admin_label=\u00bbFAM\u00cdLIES TITULAR\u00bb _builder_version=\u00bb4.16&#8243; _module_preset=\u00bbdefault\u00bb header_font=\u00bbLato|700|||||||\u00bb header_text_color=\u00bb#258543&#8243; header_font_size=\u00bb60px\u00bb header_letter_spacing=\u00bb2px\u00bb header_text_shadow_style=\u00bbpreset2&#8243; global_colors_info=\u00bb{}\u00bb]<\/p>\n<h1>FUNDESPLAI CON LAS FAMILIAS<\/h1>\n<p>[\/et_pb_text][\/et_pb_column][\/et_pb_row][et_pb_row column_structure=\u00bb1_3,1_3,1_3&#8243; _builder_version=\u00bb4.16&#8243; background_size=\u00bbinitial\u00bb background_position=\u00bbtop_left\u00bb background_repeat=\u00bbrepeat\u00bb global_colors_info=\u00bb{}\u00bb][et_pb_column type=\u00bb1_3&#8243; _builder_version=\u00bb4.16&#8243; custom_padding=\u00bb|||\u00bb global_colors_info=\u00bb{}\u00bb custom_padding__hover=\u00bb|||\u00bb][et_pb_toggle title=\u00bbMejor gesti\u00f3n online\u00bb open_toggle_text_color=\u00bb#258543&#8243; icon_color=\u00bb#258543&#8243; open_icon_color=\u00bb#258543&#8243; admin_label=\u00bbMillor gestio online\u00bb _builder_version=\u00bb4.16&#8243; title_text_color=\u00bb#258543&#8243; title_font=\u00bb|600|||||||\u00bb z_index_tablet=\u00bb500&#8243; global_colors_info=\u00bb{}\u00bb]<\/p>\n<p>Las limitaciones impuestas por la pandemia nos hicieron impulsar el sistema de gestiones online, lo que nos permiti\u00f3 llegar a las 16.576 inscripciones electr\u00f3nicas en verano.<\/p>\n<p>[\/et_pb_toggle][\/et_pb_column][et_pb_column type=\u00bb1_3&#8243; _builder_version=\u00bb4.16&#8243; custom_padding=\u00bb|||\u00bb global_colors_info=\u00bb{}\u00bb custom_padding__hover=\u00bb|||\u00bb][et_pb_toggle title=\u00bbReactivaci\u00f3n de los esplais\u00bb open_toggle_text_color=\u00bb#258543&#8243; icon_color=\u00bb#258543&#8243; open_icon_color=\u00bb#258543&#8243; admin_label=\u00bbReactivaci\u00f3 dels esplais\u00bb _builder_version=\u00bb4.16&#8243; title_text_color=\u00bb#258543&#8243; title_font=\u00bb|600|||||||\u00bb z_index_tablet=\u00bb500&#8243; global_colors_info=\u00bb{}\u00bb]<\/p>\n<p>Los esplais han sufrido diferentes paros provocados por la Covid-19, pero se ha garantizado la presencialidad en la atenci\u00f3n a los ni\u00f1os en situaci\u00f3n vulnerable y se ha ido recuperando la actividad.<\/p>\n<p>[\/et_pb_toggle][\/et_pb_column][et_pb_column type=\u00bb1_3&#8243; _builder_version=\u00bb4.16&#8243; custom_padding=\u00bb|||\u00bb global_colors_info=\u00bb{}\u00bb custom_padding__hover=\u00bb|||\u00bb][et_pb_toggle title=\u00bbCon las personas en situaci\u00f3n vulnerable\u00bb open_toggle_text_color=\u00bb#258543&#8243; icon_color=\u00bb#258543&#8243; open_icon_color=\u00bb#258543&#8243; admin_label=\u00bbPersones\u00bb _builder_version=\u00bb4.16&#8243; title_text_color=\u00bb#258543&#8243; title_font=\u00bb|600|||||||\u00bb z_index_tablet=\u00bb500&#8243; global_colors_info=\u00bb{}\u00bb]<\/p>\n<p>El Albergue de Centro Esplai acogi\u00f3 a 119 personas en situaci\u00f3n de vulnerabilidad derivadas de los servicios sociales de 17 municipios que sufrieron las consecuencias negativas de la pandemia. Tambi\u00e9n se ha garantizado el servicio de comidas para personas en situaci\u00f3n vulnerable de Ciutat Vella, Barcelona, y de cenas para personas mayores de Ciutat Vella y Sants-Montju\u00efc.<br \/>En total, 222.314 comidas.<\/p>\n<p>[\/et_pb_toggle][\/et_pb_column][\/et_pb_row][et_pb_row column_structure=\u00bb1_2,1_2&#8243; _builder_version=\u00bb4.16&#8243; _module_preset=\u00bbdefault\u00bb global_colors_info=\u00bb{}\u00bb][et_pb_column type=\u00bb1_2&#8243; _builder_version=\u00bb4.16&#8243; _module_preset=\u00bbdefault\u00bb global_colors_info=\u00bb{}\u00bb][et_pb_toggle title=\u00bbApoyo a las familias\u00bb open_toggle_text_color=\u00bb#258543&#8243; icon_color=\u00bb#258543&#8243; open_icon_color=\u00bb#258543&#8243; admin_label=\u00bbSuport a les fam\u00edlies\u00bb _builder_version=\u00bb4.16&#8243; title_text_color=\u00bb#258543&#8243; title_font=\u00bb|600|||||||\u00bb z_index_tablet=\u00bb500&#8243; global_colors_info=\u00bb{}\u00bb]<\/p>\n<p>Durante la parte m\u00e1s dura de la pandemia, vamos a atender a 8 ni\u00f1os\/as de familias hospitalizadas por la Covid-19 con un servicio educativo integral de apoyo. En total, fueron 55 d\u00edas de servicio.<\/p>\n<p>[\/et_pb_toggle][\/et_pb_column][et_pb_column type=\u00bb1_2&#8243; _builder_version=\u00bb4.16&#8243; _module_preset=\u00bbdefault\u00bb global_colors_info=\u00bb{}\u00bb][et_pb_toggle title=\u00bbPromover la salud\u00bb open_toggle_text_color=\u00bb#258543&#8243; icon_color=\u00bb#258543&#8243; open_icon_color=\u00bb#258543&#8243; admin_label=\u00bbSalut\u00bb _builder_version=\u00bb4.16&#8243; title_text_color=\u00bb#258543&#8243; title_font=\u00bb|600|||||||\u00bb z_index_tablet=\u00bb500&#8243; global_colors_info=\u00bb{}\u00bb]<\/p>\n<p>El programa \u00abSigas t\u00fa!\u00bb de DipSalut, de la Diputaci\u00f3n de Girona y Fundesplai destinado a promover h\u00e1bitos saludables entre ni\u00f1os, ni\u00f1as y familias ha llegado a 72 centros escolares de Girona.<\/p>\n<p>[\/et_pb_toggle][\/et_pb_column][\/et_pb_row][\/et_pb_section][et_pb_section fb_built=\u00bb1&#8243; fullwidth=\u00bbon\u00bb disabled_on=\u00bbon|on|on\u00bb _builder_version=\u00bb4.16&#8243; disabled=\u00bbon\u00bb collapsed=\u00bbon\u00bb global_colors_info=\u00bb{}\u00bb][et_pb_fullwidth_image src=\u00bbhttps:\/\/fundesplai.org\/wp-content\/uploads\/2023\/02\/tercer_sector_accions.jpg\u00bb title_text=\u00bbtercer_sector_accions\u00bb url=\u00bbhttps:\/\/issuu.com\/fundacioesplai\/docs\/memoria_fundesplai_2017_2018\/20&#8243; disabled_on=\u00bboff|off|off\u00bb admin_label=\u00bbIMG Fundesplai amb el Tercer Sector\u00bb _builder_version=\u00bb4.16&#8243; animation_style=\u00bbfold\u00bb animation_direction=\u00bbright\u00bb z_index_tablet=\u00bb500&#8243; global_colors_info=\u00bb{}\u00bb]&nbsp;<br \/>\n[\/et_pb_fullwidth_image][\/et_pb_section][et_pb_section fb_built=\u00bb1&#8243; disabled_on=\u00bbon|on|on\u00bb _builder_version=\u00bb4.16&#8243; inner_width_tablet=\u00bb50px\u00bb inner_max_width_tablet=\u00bb50px\u00bb z_index_tablet=\u00bb500&#8243; disabled=\u00bbon\u00bb collapsed=\u00bbon\u00bb global_colors_info=\u00bb{}\u00bb][et_pb_row _builder_version=\u00bb4.16&#8243; _module_preset=\u00bbdefault\u00bb global_colors_info=\u00bb{}\u00bb][et_pb_column type=\u00bb4_4&#8243; _builder_version=\u00bb4.16&#8243; _module_preset=\u00bbdefault\u00bb global_colors_info=\u00bb{}\u00bb][et_pb_text admin_label=\u00bbTERCER SECTOR TITULAR\u00bb _builder_version=\u00bb4.16&#8243; _module_preset=\u00bbdefault\u00bb header_font=\u00bbLato|700||||on|||\u00bb header_text_align=\u00bbcenter\u00bb header_text_color=\u00bb#258543&#8243; header_font_size=\u00bb60px\u00bb header_letter_spacing=\u00bb2px\u00bb header_text_shadow_style=\u00bbpreset2&#8243; global_colors_info=\u00bb{}\u00bb]<\/p>\n<h1>FUNDESPLAI CON EL TERCER SECTOR<\/h1>\n<p>[\/et_pb_text][\/et_pb_column][\/et_pb_row][et_pb_row column_structure=\u00bb1_3,1_3,1_3&#8243; _builder_version=\u00bb4.16&#8243; background_size=\u00bbinitial\u00bb background_position=\u00bbtop_left\u00bb background_repeat=\u00bbrepeat\u00bb global_colors_info=\u00bb{}\u00bb][et_pb_column type=\u00bb1_3&#8243; _builder_version=\u00bb4.16&#8243; custom_padding=\u00bb|||\u00bb global_colors_info=\u00bb{}\u00bb custom_padding__hover=\u00bb|||\u00bb][et_pb_toggle title=\u00bbLey del Tercer Sector\u00bb open_toggle_text_color=\u00bb#258543&#8243; icon_color=\u00bb#258543&#8243; open_icon_color=\u00bb#258543&#8243; admin_label=\u00bbLlei del Tercer Sector\u00bb _builder_version=\u00bb4.16&#8243; title_text_color=\u00bb#258543&#8243; title_font=\u00bb|600|||||||\u00bb z_index_tablet=\u00bb500&#8243; global_colors_info=\u00bb{}\u00bb]<\/p>\n<p>Desde Fundesplai se ha reclamado el establecimiento de un plan de recuperaci\u00f3n social y se ha impulsado la aprobaci\u00f3n de una Ley del Tercer Sector y el fortalecimiento de las entidades sociales.<\/p>\n<p>[\/et_pb_toggle][\/et_pb_column][et_pb_column type=\u00bb1_3&#8243; _builder_version=\u00bb4.16&#8243; custom_padding=\u00bb|||\u00bb global_colors_info=\u00bb{}\u00bb custom_padding__hover=\u00bb|||\u00bb][et_pb_toggle title=\u00bbAn\u00e1lisis y adaptaci\u00f3n\u00bb open_toggle_text_color=\u00bb#258543&#8243; icon_color=\u00bb#258543&#8243; open_icon_color=\u00bb#258543&#8243; admin_label=\u00bbAn\u00e0lisi i adaptaci\u00f3\u00bb _builder_version=\u00bb4.16&#8243; title_text_color=\u00bb#258543&#8243; title_font=\u00bb|600|||||||\u00bb z_index_tablet=\u00bb500&#8243; global_colors_info=\u00bb{}\u00bb]<\/p>\n<p>Este 2020-2021 hemos tenido que hacer frente y adaptarnos a 108 cambios en la normativa jur\u00eddico-boral que obligan a la organizaci\u00f3n a una permanente tarea de an\u00e1lisis de una situaci\u00f3n cambiante.<\/p>\n<p>[\/et_pb_toggle][\/et_pb_column][et_pb_column type=\u00bb1_3&#8243; _builder_version=\u00bb4.16&#8243; custom_padding=\u00bb|||\u00bb global_colors_info=\u00bb{}\u00bb custom_padding__hover=\u00bb|||\u00bb][et_pb_toggle title=\u00bbFormaci\u00f3n online\u00bb open_toggle_text_color=\u00bb#258543&#8243; icon_color=\u00bb#258543&#8243; open_icon_color=\u00bb#258543&#8243; admin_label=\u00bbFormaci\u00f3 online\u00bb _builder_version=\u00bb4.16&#8243; title_text_color=\u00bb#258543&#8243; title_font=\u00bb|600|||||||\u00bb z_index_tablet=\u00bb500&#8243; global_colors_info=\u00bb{}\u00bb]<\/p>\n<p>Hemos puesto en marcha la nueva web de Formaci\u00f3n de Fundesplai. Adem\u00e1s, los cursos online se han multiplicado: 4.599 alumnos participaron en 142 cursos online y hemos organizado 12 webinars.<\/p>\n<p>[\/et_pb_toggle][\/et_pb_column][\/et_pb_row][et_pb_row column_structure=\u00bb1_2,1_2&#8243; _builder_version=\u00bb4.16&#8243; _module_preset=\u00bbdefault\u00bb global_colors_info=\u00bb{}\u00bb][et_pb_column type=\u00bb1_2&#8243; _builder_version=\u00bb4.16&#8243; _module_preset=\u00bbdefault\u00bb global_colors_info=\u00bb{}\u00bb][et_pb_toggle title=\u00bbSant Cugat\u00bb open_toggle_text_color=\u00bb#258543&#8243; icon_color=\u00bb#258543&#8243; open_icon_color=\u00bb#258543&#8243; admin_label=\u00bbSant Cugat\u00bb _builder_version=\u00bb4.16&#8243; title_text_color=\u00bb#258543&#8243; title_font=\u00bb|600|||||||\u00bb z_index_tablet=\u00bb500&#8243; global_colors_info=\u00bb{}\u00bb]<\/p>\n<p>El 15 de febrero Apoyo Tercer Sector y el Ayuntamiento de Sant Cugat inauguramos el nuevo servicio de asesoramiento para entidades de Sant Cugat del Vall\u00e8s por cuestiones jur\u00eddicas, fiscales&#8230;<\/p>\n<p>[\/et_pb_toggle][\/et_pb_column][et_pb_column type=\u00bb1_2&#8243; _builder_version=\u00bb4.16&#8243; _module_preset=\u00bbdefault\u00bb global_colors_info=\u00bb{}\u00bb][et_pb_toggle title=\u00bbJunto a las entidades\u00bb open_toggle_text_color=\u00bb#258543&#8243; icon_color=\u00bb#258543&#8243; open_icon_color=\u00bb#258543&#8243; admin_label=\u00bbAl costat de les entitats\u00bb _builder_version=\u00bb4.16&#8243; title_text_color=\u00bb#258543&#8243; title_font=\u00bb|600|||||||\u00bb z_index_tablet=\u00bb500&#8243; global_colors_info=\u00bb{}\u00bb]<\/p>\n<p>Vamos a desarrollar una intensa labor de apoyo al Tercer Sector en el momento m\u00e1s duro de la pandemia: gesti\u00f3n de 81 ERTEs de entidades, 186 entidades se dieron de alta en la app de registro horario&#8230; Hemos hecho una labor de incidencia pol\u00edtica para reivindicar el protagonismo de las entidades.<br \/>sociales en la atenci\u00f3n a las personas vulnerables y asegurar ayudas para su viabilidad econ\u00f3mica.<\/p>\n<p>[\/et_pb_toggle][\/et_pb_column][\/et_pb_row][\/et_pb_section][et_pb_section fb_built=\u00bb1&#8243; fullwidth=\u00bbon\u00bb disabled_on=\u00bbon|on|on\u00bb _builder_version=\u00bb4.16&#8243; disabled=\u00bbon\u00bb collapsed=\u00bbon\u00bb global_colors_info=\u00bb{}\u00bb][et_pb_fullwidth_image src=\u00bbhttps:\/\/fundesplai.org\/wp-content\/uploads\/2023\/02\/PLANETA_GENERAL.jpg\u00bb title_text=\u00bbPLANETA_GENERAL\u00bb url=\u00bbhttps:\/\/issuu.com\/fundacioesplai\/docs\/memoria_fundesplai_2017_2018\/20&#8243; disabled_on=\u00bboff|off|off\u00bb admin_label=\u00bbIMG Fundesplai amb el Planeta\u00bb _builder_version=\u00bb4.16&#8243; animation_style=\u00bbfold\u00bb animation_direction=\u00bbright\u00bb z_index_tablet=\u00bb500&#8243; global_colors_info=\u00bb{}\u00bb]&nbsp;<br \/>\n[\/et_pb_fullwidth_image][\/et_pb_section][et_pb_section fb_built=\u00bb1&#8243; disabled_on=\u00bbon|on|on\u00bb _builder_version=\u00bb4.16&#8243; inner_width_tablet=\u00bb50px\u00bb inner_max_width_tablet=\u00bb50px\u00bb z_index_tablet=\u00bb500&#8243; disabled=\u00bbon\u00bb collapsed=\u00bbon\u00bb global_colors_info=\u00bb{}\u00bb][et_pb_row _builder_version=\u00bb4.16&#8243; _module_preset=\u00bbdefault\u00bb global_colors_info=\u00bb{}\u00bb][et_pb_column type=\u00bb4_4&#8243; _builder_version=\u00bb4.16&#8243; _module_preset=\u00bbdefault\u00bb global_colors_info=\u00bb{}\u00bb][et_pb_text admin_label=\u00bbPLANETA TITULAR\u00bb _builder_version=\u00bb4.16&#8243; _module_preset=\u00bbdefault\u00bb header_font=\u00bb|700||||on|||\u00bb header_text_color=\u00bb#258543&#8243; header_font_size=\u00bb60px\u00bb header_letter_spacing=\u00bb2px\u00bb header_text_shadow_style=\u00bbpreset2&#8243; global_colors_info=\u00bb{}\u00bb]<\/p>\n<h1>FUNDESPLAI CON EL PLANETA<\/h1>\n<p>[\/et_pb_text][\/et_pb_column][\/et_pb_row][et_pb_row column_structure=\u00bb1_3,1_3,1_3&#8243; _builder_version=\u00bb4.16&#8243; background_size=\u00bbinitial\u00bb background_position=\u00bbtop_left\u00bb background_repeat=\u00bbrepeat\u00bb global_colors_info=\u00bb{}\u00bb][et_pb_column type=\u00bb1_3&#8243; _builder_version=\u00bb4.16&#8243; custom_padding=\u00bb|||\u00bb global_colors_info=\u00bb{}\u00bb custom_padding__hover=\u00bb|||\u00bb][et_pb_toggle title=\u00bbSalidas escolares\u00bb open_toggle_text_color=\u00bb#258543&#8243; icon_color=\u00bb#258543&#8243; open_icon_color=\u00bb#258543&#8243; admin_label=\u00bbSortides escolars\u00bb _builder_version=\u00bb4.16&#8243; title_text_color=\u00bb#258543&#8243; title_font=\u00bb|600|||||||\u00bb z_index_tablet=\u00bb500&#8243; global_colors_info=\u00bb{}\u00bb]<\/p>\n<p>La pandemia ha limitado las colonias escolares, en cambio las excursiones pr\u00f3ximas a las escuelas para descubrir la biodiversidad de parques urbanos o bosques cercanos ha tenido una gran demanda.<\/p>\n<p>[\/et_pb_toggle][\/et_pb_column][et_pb_column type=\u00bb1_3&#8243; _builder_version=\u00bb4.16&#8243; custom_padding=\u00bb|||\u00bb global_colors_info=\u00bb{}\u00bb custom_padding__hover=\u00bb|||\u00bb][et_pb_toggle title=\u00bbFormaci\u00f3n para los ODS\u00bb open_toggle_text_color=\u00bb#258543&#8243; icon_color=\u00bb#258543&#8243; open_icon_color=\u00bb#258543&#8243; admin_label=\u00bbFormaci\u00f3 pels ODS\u00bb _builder_version=\u00bb4.16&#8243; title_text_color=\u00bb#258543&#8243; title_font=\u00bb|600|||||||\u00bb z_index_tablet=\u00bb500&#8243; global_colors_info=\u00bb{}\u00bb]<\/p>\n<p>Hemos impulsado el trabajo para la consecuci\u00f3n de los ODS desde c\u00e1psulas formativas a profesorado, entidades y administraciones, una acci\u00f3n que tambi\u00e9n se ha desarrollado internamente con el equipo.<\/p>\n<p>[\/et_pb_toggle][\/et_pb_column][et_pb_column type=\u00bb1_3&#8243; _builder_version=\u00bb4.16&#8243; custom_padding=\u00bb|||\u00bb global_colors_info=\u00bb{}\u00bb custom_padding__hover=\u00bb|||\u00bb][et_pb_toggle title=\u00bbSostenibilidad online\u00bb open_toggle_text_color=\u00bb#258543&#8243; icon_color=\u00bb#258543&#8243; open_icon_color=\u00bb#258543&#8243; admin_label=\u00bbSostenibilitat online\u00bb _builder_version=\u00bb4.16&#8243; title_text_color=\u00bb#258543&#8243; title_font=\u00bb|600|||||||\u00bb z_index_tablet=\u00bb500&#8243; global_colors_info=\u00bb{}\u00bb]<\/p>\n<p>Tambi\u00e9n la educaci\u00f3n ambiental se ha digitalizado: hemos dinamizado de manera virtual actividades en el programa Escuelas Verdes y hemos creado v\u00eddeos sobre sostenibilidad que han tenido mucho eco.<\/p>\n<p>[\/et_pb_toggle][\/et_pb_column][\/et_pb_row][et_pb_row column_structure=\u00bb1_2,1_2&#8243; _builder_version=\u00bb4.16&#8243; _module_preset=\u00bbdefault\u00bb global_colors_info=\u00bb{}\u00bb][et_pb_column type=\u00bb1_2&#8243; _builder_version=\u00bb4.16&#8243; _module_preset=\u00bbdefault\u00bb global_colors_info=\u00bb{}\u00bb][et_pb_toggle title=\u00bbCertificaciones ecol\u00f3gicas\u00bb open_toggle_text_color=\u00bb#258543&#8243; icon_color=\u00bb#258543&#8243; open_icon_color=\u00bb#258543&#8243; admin_label=\u00bbCertificacions ecol\u00f2giques\u00bb _builder_version=\u00bb4.16&#8243; title_text_color=\u00bb#258543&#8243; title_font=\u00bb|600|||||||\u00bb z_index_tablet=\u00bb500&#8243; global_colors_info=\u00bb{}\u00bb]<\/p>\n<p>Hemos mantenido la adhesi\u00f3n a Turismo Sostenible y el Distintivo de Calidad Ambiental a nuestras instalaciones que garantizan la gesti\u00f3n sostenible de los equipamientos (casas de colonias, albergues&#8230;). Un buen ejemplo, la biodiversidad de las zonas naturales de Centro Esplai, que es extraordinariamente alta y trabajamos para mantenerla, favorecerla y promoverla entre nuestros alberguistas.<\/p>\n<p>[\/et_pb_toggle][\/et_pb_column][et_pb_column type=\u00bb1_2&#8243; _builder_version=\u00bb4.16&#8243; _module_preset=\u00bbdefault\u00bb global_colors_info=\u00bb{}\u00bb][et_pb_toggle title=\u00bbGesti\u00f3n forestal\u00bb open_toggle_text_color=\u00bb#258543&#8243; icon_color=\u00bb#258543&#8243; open_icon_color=\u00bb#258543&#8243; admin_label=\u00bbGesti\u00f3 forestal\u00bb _builder_version=\u00bb4.16&#8243; title_text_color=\u00bb#258543&#8243; title_font=\u00bb|600|||||||\u00bb z_index_tablet=\u00bb500&#8243; global_colors_info=\u00bb{}\u00bb]<\/p>\n<p>Hemos mantenido los trabajos de gesti\u00f3n forestal de los entornos de las casas de colonias y albergues, especialmente afectados por los temporales, como muestra de nuestro compromiso con el territorio.<\/p>\n<p>[\/et_pb_toggle][\/et_pb_column][\/et_pb_row][\/et_pb_section][et_pb_section fb_built=\u00bb1&#8243; _builder_version=\u00bb4.19.0&#8243; _module_preset=\u00bbdefault\u00bb global_colors_info=\u00bb{}\u00bb][et_pb_row _builder_version=\u00bb4.19.0&#8243; _module_preset=\u00bbdefault\u00bb global_colors_info=\u00bb{}\u00bb][et_pb_column type=\u00bb4_4&#8243; _builder_version=\u00bb4.19.0&#8243; _module_preset=\u00bbdefault\u00bb global_colors_info=\u00bb{}\u00bb][et_pb_text _builder_version=\u00bb4.19.0&#8243; _module_preset=\u00bbdefault\u00bb custom_margin=\u00bb50px||||false|false\u00bb global_colors_info=\u00bb{}\u00bb]<\/p>\n<h2 style=\"text-align: center\">Valor social integrado<\/h2>\n<p style=\"text-align: center\">Fundesplai incorpora, por segundo a\u00f1o consecutivo, el innovador sistema de contabilidad social y de transparencia del Valor Social Integrado. Este sistema, que combina variables econ\u00f3micas con variables sociales y ambientales, mide y monetiza los impactos positivos de las actuaciones de la entidad sobre la sociedad. El resultado de todo el ejercicio se traduce en diferentes ecosistemas de valor identificados con los grupos de inter\u00e9s con los que se relaciona Fundesplai. A partir de este punto se visualiza el Valor Social generado con las actividades que se llevan a cabo y, por tanto, la contribuci\u00f3n que hace Fundesplai a la mejora de la situaci\u00f3n de los colectivos con los que se relaciona. <strong>En 2019 el Valor Social Integrado de Fundesplai fue de 89.930.441\u20ac<\/strong> y represent\u00f3 m\u00e1s del doble del volumen de operaciones econ\u00f3micas. <strong>El Valor Socioemocional lleg\u00f3 a concretarse en 104.003.335\u20ac<\/strong>, un 11% m\u00e1s que en 2018.<\/p>\n<p>[\/et_pb_text][et_pb_image src=\u00bbhttps:\/\/fundesplai.org\/wp-content\/uploads\/2023\/02\/valor_social_integrat_grafic_web.jpg\u00bb title_text=\u00bbvalor_social_integrat_grafic_web\u00bb align=\u00bbcenter\u00bb _builder_version=\u00bb4.19.0&#8243; _module_preset=\u00bbdefault\u00bb custom_margin=\u00bb30px||||false|false\u00bb global_colors_info=\u00bb{}\u00bb][\/et_pb_image][\/et_pb_column][\/et_pb_row][et_pb_row _builder_version=\u00bb4.19.0&#8243; _module_preset=\u00bbdefault\u00bb global_colors_info=\u00bb{}\u00bb][et_pb_column type=\u00bb4_4&#8243; _builder_version=\u00bb4.19.0&#8243; _module_preset=\u00bbdefault\u00bb global_colors_info=\u00bb{}\u00bb][et_pb_text _builder_version=\u00bb4.19.0&#8243; _module_preset=\u00bbdefault\u00bb custom_margin=\u00bb50px||||false|false\u00bb global_colors_info=\u00bb{}\u00bb]<\/p>\n<h2 style=\"text-align: center\">Absorci\u00f3n econ\u00f3mica y de gesti\u00f3n<\/h2>\n<p style=\"text-align: center\">El a\u00f1o 2020 ha estado marcado por la pandemia en muchos aspectos, y uno de ellos afecta a la gesti\u00f3n del equipo humano. Con la ca\u00edda de la actividad en los meses de confinamiento (cierre de escuelas y de casas de colonias), 1.319 personas trabajadoras han sido afectadas por el ERTE. Priorizando la minimizaci\u00f3n del impacto negativo de la situaci\u00f3n para los trabajadores, Fundesplai ha complementado la parte no pagada por el SEPE y ha anticipado como anticipo durante los meses de marzo y abril los retrasos de los pagos del SEPE.<\/p>\n<p>[\/et_pb_text][\/et_pb_column][\/et_pb_row][et_pb_row column_structure=\u00bb1_3,1_3,1_3&#8243; _builder_version=\u00bb4.17.4&#8243; _module_preset=\u00bbdefault\u00bb custom_margin=\u00bb50px||||false|false\u00bb locked=\u00bboff\u00bb global_colors_info=\u00bb{}\u00bb][et_pb_column type=\u00bb1_3&#8243; _builder_version=\u00bb4.17.4&#8243; _module_preset=\u00bbdefault\u00bb global_colors_info=\u00bb{}\u00bb][et_pb_number_counter title=\u00bbMujeres\u00bb number=\u00bb78&#8243; admin_label=\u00bbDones\u00bb _builder_version=\u00bb4.19.0&#8243; _module_preset=\u00bbdefault\u00bb number_text_color=\u00bb#000000&#8243; number_font_size=\u00bb40px\u00bb background_color=\u00bb#FFFFFF\u00bb max_width=\u00bb250px\u00bb custom_css_main_element=\u00bb    aspect-ratio: 1;||\u00bb border_radii=\u00bbon|300px|300px|300px|300px\u00bb border_width_all=\u00bb5px\u00bb border_color_all=\u00bb#dcdc1c\u00bb global_colors_info=\u00bb{}\u00bb][\/et_pb_number_counter][\/et_pb_column][et_pb_column type=\u00bb1_3&#8243; _builder_version=\u00bb4.17.4&#8243; _module_preset=\u00bbdefault\u00bb global_colors_info=\u00bb{}\u00bb][et_pb_number_counter title=\u00bbMenores de 35 a\u00f1os\u00bb number=\u00bb60&#8243; admin_label=\u00bbMenors de 35 anys\u00bb _builder_version=\u00bb4.19.0&#8243; _module_preset=\u00bbdefault\u00bb number_text_color=\u00bb#000000&#8243; number_font_size=\u00bb40px\u00bb background_color=\u00bb#FFFFFF\u00bb max_width=\u00bb250px\u00bb custom_css_main_element=\u00bb    aspect-ratio: 1;||.et_pb_number_counter h3 {padding:10px;}||\u00bb border_radii=\u00bbon|300px|300px|300px|300px\u00bb border_width_all=\u00bb5px\u00bb border_color_all=\u00bb#91b836&#8243; global_colors_info=\u00bb{}\u00bb][\/et_pb_number_counter][\/et_pb_column][et_pb_column type=\u00bb1_3&#8243; _builder_version=\u00bb4.17.4&#8243; _module_preset=\u00bbdefault\u00bb global_colors_info=\u00bb{}\u00bb][et_pb_number_counter title=\u00bbContrato indefinido\u00bb number=\u00bb67&#8243; admin_label=\u00bbContracte indefinit\u00bb _builder_version=\u00bb4.19.0&#8243; _module_preset=\u00bbdefault\u00bb title_text_align=\u00bbcenter\u00bb number_text_align=\u00bbcenter\u00bb number_text_color=\u00bb#000000&#8243; number_font_size=\u00bb40px\u00bb background_color=\u00bb#FFFFFF\u00bb max_width=\u00bb250px\u00bb custom_css_main_element=\u00bb    aspect-ratio: 1;||\u00bb border_radii=\u00bbon|300px|300px|300px|300px\u00bb border_width_all=\u00bb5px\u00bb border_color_all=\u00bb#34a147&#8243; global_colors_info=\u00bb{}\u00bb][\/et_pb_number_counter][\/et_pb_column][\/et_pb_row][\/et_pb_section][et_pb_section fb_built=\u00bb1&#8243; fullwidth=\u00bbon\u00bb disabled_on=\u00bbon|on|on\u00bb _builder_version=\u00bb4.16&#8243; disabled=\u00bbon\u00bb collapsed=\u00bbon\u00bb global_colors_info=\u00bb{}\u00bb][et_pb_fullwidth_image src=\u00bbhttps:\/\/fundesplai.org\/wp-content\/uploads\/2023\/02\/CentreEsplai_web.jpg\u00bb show_in_lightbox=\u00bbon\u00bb disabled_on=\u00bboff|off|off\u00bb admin_label=\u00bbCENTRE ESPLAI\u00bb _builder_version=\u00bb4.19.0&#8243; animation_style=\u00bbfold\u00bb animation_direction=\u00bbleft\u00bb z_index_tablet=\u00bb500&#8243; global_colors_info=\u00bb{}\u00bb]&nbsp;<br \/>\n[\/et_pb_fullwidth_image][\/et_pb_section][et_pb_section fb_built=\u00bb1&#8243; disabled_on=\u00bbon|on|on\u00bb _builder_version=\u00bb4.16&#8243; inner_width_tablet=\u00bb50px\u00bb inner_max_width_tablet=\u00bb50px\u00bb z_index_tablet=\u00bb500&#8243; disabled=\u00bbon\u00bb collapsed=\u00bbon\u00bb global_colors_info=\u00bb{}\u00bb][et_pb_row _builder_version=\u00bb4.16&#8243; background_size=\u00bbinitial\u00bb background_position=\u00bbtop_left\u00bb background_repeat=\u00bbrepeat\u00bb global_colors_info=\u00bb{}\u00bb][et_pb_column type=\u00bb4_4&#8243; _builder_version=\u00bb4.16&#8243; custom_padding=\u00bb|||\u00bb global_colors_info=\u00bb{}\u00bb custom_padding__hover=\u00bb|||\u00bb][et_pb_text disabled_on=\u00bboff|off|off\u00bb admin_label=\u00bbVSI\u00bb _builder_version=\u00bb4.16&#8243; text_font=\u00bbLato|900|||||||\u00bb text_text_color=\u00bb#258543&#8243; text_font_size=\u00bb28px\u00bb text_letter_spacing=\u00bb2px\u00bb header_font=\u00bbLato|900||||on|||\u00bb header_text_align=\u00bbcenter\u00bb header_text_color=\u00bb#258543&#8243; header_font_size=\u00bb60px\u00bb header_letter_spacing=\u00bb2px\u00bb text_orientation=\u00bbcenter\u00bb background_layout=\u00bbdark\u00bb z_index_tablet=\u00bb500&#8243; text_text_shadow_style=\u00bbpreset1&#8243; text_text_shadow_horizontal_length=\u00bb0.08em\u00bb header_text_shadow_style=\u00bbpreset1&#8243; header_text_shadow_horizontal_length=\u00bb0.08em\u00bb global_colors_info=\u00bb{}\u00bb]<\/p>\n<h1 class=\"et_pb_module_header\">VALOR SOCIAL INTEGRADO<\/h1>\n<p>[\/et_pb_text][et_pb_text disabled_on=\u00bboff|off|off\u00bb admin_label=\u00bbVSI text\u00bb _builder_version=\u00bb4.19.0&#8243; text_font=\u00bbLato||||||||\u00bb text_text_color=\u00bb#000000&#8243; text_font_size=\u00bb28px\u00bb text_letter_spacing=\u00bb2px\u00bb header_font=\u00bbLato|700||||on|||\u00bb header_text_align=\u00bbcenter\u00bb header_text_color=\u00bb#258543&#8243; header_font_size=\u00bb60px\u00bb header_letter_spacing=\u00bb2px\u00bb text_orientation=\u00bbcenter\u00bb background_layout=\u00bbdark\u00bb z_index_tablet=\u00bb500&#8243; text_text_shadow_style=\u00bbpreset1&#8243; header_text_shadow_style=\u00bbpreset1&#8243; header_text_shadow_horizontal_length=\u00bb0.08em\u00bb header_text_shadow_vertical_length=\u00bb0.2em\u00bb global_colors_info=\u00bb{}\u00bb]<\/p>\n<p>Fundesplai incorpora, por segundo a\u00f1o consecutivo, el innovador sistema de contabilidad social y de transparencia del Valor Social Integrado. Este sistema, que combina variables econ\u00f3micas con variables sociales y ambientales, mide y monetiza los impactos positivos de las actuaciones de la entidad sobre la sociedad. El resultado de todo el ejercicio se traduce en diferentes ecosistemas de valor identificados con los grupos de inter\u00e9s con los que se relaciona Fundesplai. A partir de este punto se visualiza el Valor Social generado con las actividades que se llevan a cabo y, por tanto, la contribuci\u00f3n que hace Fundesplai a la mejora de la situaci\u00f3n de los colectivos con los que se relaciona. <strong>En 2019 el Valor Social Integrado de Fundesplai fue de 89.930.441\u20ac<\/strong> y represent\u00f3 m\u00e1s del doble del volumen de operaciones econ\u00f3micas. <strong>El Valor Socioemocional lleg\u00f3 a concretarse en 104.003.335\u20ac<\/strong>, un 11% m\u00e1s que en 2018.<\/p>\n<p>[\/et_pb_text][et_pb_image src=\u00bbhttps:\/\/fundesplai.org\/wp-content\/uploads\/2023\/02\/valor_social_integrat_grafic_web.jpg\u00bb title_text=\u00bbvalor_social_integrat_grafic_web\u00bb admin_label=\u00bbVSI GRAFIC\u00bb _builder_version=\u00bb4.16&#8243; _module_preset=\u00bbdefault\u00bb animation_style=\u00bbflip\u00bb global_colors_info=\u00bb{}\u00bb][\/et_pb_image][\/et_pb_column][\/et_pb_row][\/et_pb_section][et_pb_section fb_built=\u00bb1&#8243; disabled_on=\u00bbon|on|on\u00bb _builder_version=\u00bb4.16&#8243; inner_width_tablet=\u00bb50px\u00bb inner_max_width_tablet=\u00bb50px\u00bb z_index_tablet=\u00bb500&#8243; disabled=\u00bbon\u00bb collapsed=\u00bbon\u00bb global_colors_info=\u00bb{}\u00bb][et_pb_row _builder_version=\u00bb4.16&#8243; background_size=\u00bbinitial\u00bb background_position=\u00bbtop_left\u00bb background_repeat=\u00bbrepeat\u00bb global_colors_info=\u00bb{}\u00bb][et_pb_column type=\u00bb4_4&#8243; _builder_version=\u00bb4.16&#8243; custom_padding=\u00bb|||\u00bb global_colors_info=\u00bb{}\u00bb custom_padding__hover=\u00bb|||\u00bb][et_pb_text disabled_on=\u00bboff|off|off\u00bb admin_label=\u00bbDimensio Economica\u00bb _builder_version=\u00bb4.19.0&#8243; text_font=\u00bbLato|900|||||||\u00bb text_text_color=\u00bb#258543&#8243; text_font_size=\u00bb28px\u00bb text_letter_spacing=\u00bb2px\u00bb header_font=\u00bbLato|900||||on|||\u00bb header_text_align=\u00bbcenter\u00bb header_text_color=\u00bb#258543&#8243; header_font_size=\u00bb60px\u00bb header_letter_spacing=\u00bb2px\u00bb text_orientation=\u00bbcenter\u00bb background_layout=\u00bbdark\u00bb z_index_tablet=\u00bb500&#8243; text_text_shadow_style=\u00bbpreset1&#8243; text_text_shadow_horizontal_length=\u00bb0.08em\u00bb header_text_shadow_style=\u00bbpreset1&#8243; header_text_shadow_horizontal_length=\u00bb0.08em\u00bb global_colors_info=\u00bb{}\u00bb]<\/p>\n<h1 class=\"et_pb_module_header\">DIMENSI\u00d3N ECON\u00d3MICA Y DE GESTI\u00d3N<\/h1>\n<p>[\/et_pb_text][et_pb_text disabled_on=\u00bboff|off|off\u00bb admin_label=\u00bbequip\u00bb _builder_version=\u00bb4.19.0&#8243; text_font=\u00bbLato||||||||\u00bb text_text_color=\u00bb#000000&#8243; text_font_size=\u00bb28px\u00bb text_letter_spacing=\u00bb2px\u00bb header_font=\u00bbLato|700||||on|||\u00bb header_text_align=\u00bbcenter\u00bb header_text_color=\u00bb#258543&#8243; header_font_size=\u00bb60px\u00bb header_letter_spacing=\u00bb2px\u00bb text_orientation=\u00bbcenter\u00bb background_layout=\u00bbdark\u00bb z_index_tablet=\u00bb500&#8243; text_text_shadow_style=\u00bbpreset1&#8243; header_text_shadow_style=\u00bbpreset1&#8243; header_text_shadow_horizontal_length=\u00bb0.08em\u00bb header_text_shadow_vertical_length=\u00bb0.2em\u00bb global_colors_info=\u00bb{}\u00bb]<\/p>\n<p>El a\u00f1o 2020 ha estado marcado por la pandemia en muchos aspectos, y uno de ellos afecta a la gesti\u00f3n del equipo humano. Con la ca\u00edda de la actividad en los meses de confinamiento (cierre de escuelas y de casas de colonias), 1.319 personas trabajadoras han sido afectadas por el ERTE. Priorizando la minimizaci\u00f3n del impacto negativo de la situaci\u00f3n para los trabajadores, Fundesplai ha complementado la parte no pagada por el SEPE y ha anticipado como anticipo durante los meses de marzo y abril los retrasos de los pagos del SEPE.<\/p>\n<p>[\/et_pb_text][\/et_pb_column][\/et_pb_row][\/et_pb_section][et_pb_section fb_built=\u00bb1&#8243; disabled_on=\u00bbon|on|on\u00bb _builder_version=\u00bb4.16&#8243; _module_preset=\u00bbdefault\u00bb disabled=\u00bbon\u00bb collapsed=\u00bbon\u00bb global_colors_info=\u00bb{}\u00bb][et_pb_row column_structure=\u00bb1_3,1_3,1_3&#8243; _builder_version=\u00bb4.16&#8243; _module_preset=\u00bbdefault\u00bb global_colors_info=\u00bb{}\u00bb][et_pb_column type=\u00bb1_3&#8243; _builder_version=\u00bb4.16&#8243; _module_preset=\u00bbdefault\u00bb global_colors_info=\u00bb{}\u00bb][et_pb_circle_counter title=\u00bbMujeres\u00bb number=\u00bb78%\u00bb circle_color=\u00bbRGBA(0,0,0,0)\u00bb admin_label=\u00bbDones\u00bb _builder_version=\u00bb4.16&#8243; _module_preset=\u00bbdefault\u00bb title_text_color=\u00bb#147a24&#8243; max_width=\u00bb353px\u00bb global_colors_info=\u00bb{}\u00bb border_style_all__hover_enabled=\u00bbon|hover\u00bb][\/et_pb_circle_counter][\/et_pb_column][et_pb_column type=\u00bb1_3&#8243; _builder_version=\u00bb4.16&#8243; _module_preset=\u00bbdefault\u00bb global_colors_info=\u00bb{}\u00bb][et_pb_circle_counter title=\u00bbMenores de 35 a\u00f1os\u00bb number=\u00bb60%\u00bb admin_label=\u00bbJoves\u00bb _builder_version=\u00bb4.16&#8243; _module_preset=\u00bbdefault\u00bb title_text_color=\u00bb#147a24&#8243; max_width=\u00bb353px\u00bb global_colors_info=\u00bb{}\u00bb][\/et_pb_circle_counter][\/et_pb_column][et_pb_column type=\u00bb1_3&#8243; _builder_version=\u00bb4.16&#8243; _module_preset=\u00bbdefault\u00bb global_colors_info=\u00bb{}\u00bb][et_pb_circle_counter title=\u00bbContrato indefinido\u00bb number=\u00bb67%\u00bb admin_label=\u00bbIndefinit\u00bb _builder_version=\u00bb4.16&#8243; _module_preset=\u00bbdefault\u00bb title_text_color=\u00bb#147a24&#8243; max_width=\u00bb353px\u00bb global_colors_info=\u00bb{}\u00bb][\/et_pb_circle_counter][\/et_pb_column][\/et_pb_row][\/et_pb_section][et_pb_section fb_built=\u00bb1&#8243; _builder_version=\u00bb4.19.0&#8243; _module_preset=\u00bbdefault\u00bb global_colors_info=\u00bb{}\u00bb][et_pb_row _builder_version=\u00bb4.19.0&#8243; _module_preset=\u00bbdefault\u00bb global_colors_info=\u00bb{}\u00bb][et_pb_column type=\u00bb4_4&#8243; _builder_version=\u00bb4.19.0&#8243; _module_preset=\u00bbdefault\u00bb global_colors_info=\u00bb{}\u00bb][et_pb_text _builder_version=\u00bb4.19.0&#8243; _module_preset=\u00bbdefault\u00bb global_colors_info=\u00bb{}\u00bb]<\/p>\n<h2 style=\"text-align: center\">Balance econ\u00f3mico<\/h2>\n<p style=\"text-align: center\">Econ\u00f3micamente, la pandemia tambi\u00e9n ha afectado al volumen de ingresos, gastos y m\u00e1rgenes. Hablamos de una bajada global de vol\u00famenes del 10%, con diferencias seg\u00fan el sector de actividad, y pr\u00e1cticamente bajada total en relaci\u00f3n con el excedente previsto. Hemos constituido 3,9 M\u20ac de pr\u00e9stamos con garant\u00eda ICO covid, lo que ha permitido asegurar pagos comprometidos y la devoluci\u00f3n a la actividad en septiembre. El 2020 ha sido, adem\u00e1s, el a\u00f1o del inicio de las obras de ampliaci\u00f3n de Centro Esplai, por lo que el balance ha visto un crecimiento de activos y pasivos a largo plazo.<\/p>\n<p>[\/et_pb_text][et_pb_text _builder_version=\u00bb4.19.0&#8243; _module_preset=\u00bbdefault\u00bb custom_margin=\u00bb40px||||false|false\u00bb global_colors_info=\u00bb{}\u00bb]<\/p>\n<h3 style=\"text-align: center\">Ingresos 2020<\/h3>\n<p>[\/et_pb_text][et_pb_counters _builder_version=\u00bb4.19.0&#8243; _module_preset=\u00bbdefault\u00bb locked=\u00bboff\u00bb global_colors_info=\u00bb{}\u00bb][et_pb_counter percent=\u00bb71,9&#8243; _builder_version=\u00bb4.19.0&#8243; _module_preset=\u00bbdefault\u00bb global_colors_info=\u00bb{}\u00bb bar_background_color_default=\u00bb#dcdc1c\u00bb use_percentages=\u00bbon\u00bb]Prestaci\u00f3n de servicios[\/et_pb_counter][et_pb_counter percent=\u00bb18,6&#8243; _builder_version=\u00bb4.19.0&#8243; _module_preset=\u00bbdefault\u00bb global_colors_info=\u00bb{}\u00bb bar_background_color_default=\u00bb#dcdc1c\u00bb use_percentages=\u00bbon\u00bb]Subvenciones[\/et_pb_counter][et_pb_counter percent=\u00bb9,5&#8243; _builder_version=\u00bb4.19.0&#8243; _module_preset=\u00bbdefault\u00bb global_colors_info=\u00bb{}\u00bb bar_background_color_default=\u00bb#dcdc1c\u00bb use_percentages=\u00bbon\u00bb]Socios, Cuotas y Donaciones[\/et_pb_counter][\/et_pb_counters][et_pb_text _builder_version=\u00bb4.19.0&#8243; _module_preset=\u00bbdefault\u00bb custom_margin=\u00bb40px||||false|false\u00bb global_colors_info=\u00bb{}\u00bb]<\/p>\n<h3 style=\"text-align: center\">Gastos 2020<\/h3>\n<p>[\/et_pb_text][et_pb_counters _builder_version=\u00bb4.19.0&#8243; _module_preset=\u00bbdefault\u00bb locked=\u00bboff\u00bb global_colors_info=\u00bb{}\u00bb][et_pb_counter percent=\u00bb50,3&#8243; _builder_version=\u00bb4.19.0&#8243; _module_preset=\u00bbdefault\u00bb global_colors_info=\u00bb{}\u00bb bar_background_color_default=\u00bb#dcdc1c\u00bb use_percentages=\u00bbon\u00bb]Proyectos educativos en el Mundo Escolar[\/et_pb_counter][et_pb_counter percent=\u00bb21,3&#8243; _builder_version=\u00bb4.19.0&#8243; _module_preset=\u00bbdefault\u00bb global_colors_info=\u00bb{}\u00bb bar_background_color_default=\u00bb#dcdc1c\u00bb use_percentages=\u00bbon\u00bb]\u00c1rea social y Educaci\u00f3n en el tiempo libre[\/et_pb_counter][et_pb_counter percent=\u00bb13,4&#8243; _builder_version=\u00bb4.19.0&#8243; _module_preset=\u00bbdefault\u00bb global_colors_info=\u00bb{}\u00bb bar_background_color_default=\u00bb#dcdc1c\u00bb use_percentages=\u00bbon\u00bb]Educaci\u00f3n Ambiental, Casas de Colonias y Albergues[\/et_pb_counter][et_pb_counter percent=\u00bb8,6&#8243; _builder_version=\u00bb4.19.0&#8243; _module_preset=\u00bbdefault\u00bb global_colors_info=\u00bb{}\u00bb bar_background_color_default=\u00bb#dcdc1c\u00bb use_percentages=\u00bbon\u00bb]Apoyo al Tercer Sector y Formaci\u00f3n[\/et_pb_counter][et_pb_counter percent=\u00bb6,2&#8243; _builder_version=\u00bb4.19.0&#8243; _module_preset=\u00bbdefault\u00bb global_colors_info=\u00bb{}\u00bb bar_background_color_default=\u00bb#dcdc1c\u00bb use_percentages=\u00bbon\u00bb]Administraci\u00f3n e intereses[\/et_pb_counter][\/et_pb_counters][et_pb_button button_url=\u00bbhttps:\/\/issuu.com\/fundacioesplai\/docs\/memoria_fundesplai_2021\/26&#8243; button_text=\u00bb\u00bfQuieres saber m\u00e1s?\u00bb button_alignment=\u00bbcenter\u00bb _builder_version=\u00bb4.19.0&#8243; _module_preset=\u00bbdefault\u00bb custom_margin=\u00bb30px||||false|false\u00bb locked=\u00bboff\u00bb global_colors_info=\u00bb{}\u00bb][\/et_pb_button][\/et_pb_column][\/et_pb_row][\/et_pb_section][et_pb_section fb_built=\u00bb1&#8243; disabled_on=\u00bbon|on|on\u00bb _builder_version=\u00bb4.16&#8243; inner_width_tablet=\u00bb50px\u00bb inner_max_width_tablet=\u00bb50px\u00bb z_index_tablet=\u00bb500&#8243; disabled=\u00bbon\u00bb collapsed=\u00bbon\u00bb global_colors_info=\u00bb{}\u00bb][et_pb_row _builder_version=\u00bb4.16&#8243; background_size=\u00bbinitial\u00bb background_position=\u00bbtop_left\u00bb background_repeat=\u00bbrepeat\u00bb global_colors_info=\u00bb{}\u00bb][et_pb_column type=\u00bb4_4&#8243; _builder_version=\u00bb4.16&#8243; custom_padding=\u00bb|||\u00bb global_colors_info=\u00bb{}\u00bb custom_padding__hover=\u00bb|||\u00bb][et_pb_text disabled_on=\u00bboff|off|off\u00bb admin_label=\u00bbBalan\u00e7 economic\u00bb _builder_version=\u00bb4.19.0&#8243; text_font=\u00bbLato|900|||||||\u00bb text_text_color=\u00bb#258543&#8243; text_font_size=\u00bb28px\u00bb text_letter_spacing=\u00bb2px\u00bb header_font=\u00bbLato|900||||on|||\u00bb header_text_align=\u00bbcenter\u00bb header_text_color=\u00bb#258543&#8243; header_font_size=\u00bb60px\u00bb header_letter_spacing=\u00bb2px\u00bb text_orientation=\u00bbcenter\u00bb background_layout=\u00bbdark\u00bb z_index_tablet=\u00bb500&#8243; text_text_shadow_style=\u00bbpreset1&#8243; text_text_shadow_horizontal_length=\u00bb0.08em\u00bb header_text_shadow_style=\u00bbpreset1&#8243; header_text_shadow_horizontal_length=\u00bb0.08em\u00bb global_colors_info=\u00bb{}\u00bb]<\/p>\n<h1 class=\"et_pb_module_header\" style=\"text-align: center\">BALANCE ECON\u00d3MICO<\/h1>\n<p style=\"text-align: center\">Econ\u00f3micamente, la pandemia tambi\u00e9n ha afectado al volumen de ingresos, gastos y m\u00e1rgenes. Hablamos de una bajada global de vol\u00famenes del 10%, con diferencias seg\u00fan el sector de actividad, y pr\u00e1cticamente bajada total en relaci\u00f3n con el excedente previsto. Hemos constituido 3,9 M\u20ac de pr\u00e9stamos con garant\u00eda ICO covid, lo que ha permitido asegurar pagos comprometidos y la devoluci\u00f3n a la actividad en septiembre. El 2020 ha sido, adem\u00e1s, el a\u00f1o del inicio de las obras de ampliaci\u00f3n de Centro Esplai, por lo que el balance ha visto un crecimiento de activos y pasivos a largo plazo.<\/p>\n<p>[\/et_pb_text][et_pb_text disabled_on=\u00bboff|off|off\u00bb admin_label=\u00bbbalanc\u00bb _builder_version=\u00bb4.19.0&#8243; text_font=\u00bbLato||||||||\u00bb text_text_color=\u00bb#000000&#8243; text_font_size=\u00bb28px\u00bb text_letter_spacing=\u00bb2px\u00bb header_font=\u00bbLato|700||||on|||\u00bb header_text_align=\u00bbcenter\u00bb header_text_color=\u00bb#258543&#8243; header_font_size=\u00bb60px\u00bb header_letter_spacing=\u00bb2px\u00bb text_orientation=\u00bbcenter\u00bb background_layout=\u00bbdark\u00bb z_index_tablet=\u00bb500&#8243; text_text_shadow_style=\u00bbpreset1&#8243; header_text_shadow_style=\u00bbpreset1&#8243; header_text_shadow_horizontal_length=\u00bb0.08em\u00bb header_text_shadow_vertical_length=\u00bb0.2em\u00bb global_colors_info=\u00bb{}\u00bb]<\/p>\n<p>Econ\u00f3micamente, la pandemia tambi\u00e9n ha afectado al volumen de ingresos, gastos y m\u00e1rgenes. Hablamos de una bajada global de vol\u00famenes del 10%, con diferencias seg\u00fan el sector de actividad, y pr\u00e1cticamente bajada total en relaci\u00f3n con el excedente previsto. Hemos constituido 3,9 M\u20ac de pr\u00e9stamos con garant\u00eda ICO covid, lo que ha permitido asegurar pagos comprometidos y la devoluci\u00f3n a la actividad en septiembre. El 2020 ha sido, adem\u00e1s, el a\u00f1o del inicio de las obras de ampliaci\u00f3n de Centro Esplai, por lo que el balance ha visto un crecimiento de activos y pasivos a largo plazo.<\/p>\n<p>[\/et_pb_text][et_pb_text disabled_on=\u00bboff|off|off\u00bb admin_label=\u00bbIngressos 2020&#8243; _builder_version=\u00bb4.16&#8243; text_font=\u00bbLato|300|||||||\u00bb text_text_color=\u00bb#258543&#8243; text_font_size=\u00bb28px\u00bb text_letter_spacing=\u00bb2px\u00bb header_font=\u00bbLato|700||||on|||\u00bb header_text_align=\u00bbcenter\u00bb header_text_color=\u00bb#258543&#8243; header_font_size=\u00bb50px\u00bb header_letter_spacing=\u00bb2px\u00bb text_orientation=\u00bbcenter\u00bb background_layout=\u00bbdark\u00bb z_index_tablet=\u00bb500&#8243; global_colors_info=\u00bb{}\u00bb]<\/p>\n<h1 class=\"et_pb_module_header\">INGRESOS 2020<\/h1>\n<p>[\/et_pb_text][et_pb_counters admin_label=\u00bbIngressos 2020 %\u00bb _builder_version=\u00bb4.16&#8243; title_font=\u00bbLato|700||||on|||\u00bb title_text_color=\u00bb#000000&#8243; title_font_size=\u00bb26&#8243; percent_font=\u00bbLato|700|||||||\u00bb percent_text_color=\u00bb#ffffff\u00bb percent_font_size=\u00bb26&#8243; text_orientation=\u00bbcenter\u00bb background_layout=\u00bbdark\u00bb z_index_tablet=\u00bb500&#8243; global_colors_info=\u00bb{}\u00bb][et_pb_counter percent=\u00bb71,9&#8243; _builder_version=\u00bb4.16&#8243; title_font=\u00bb||||||||\u00bb percent_font=\u00bb||||||||\u00bb background_color=\u00bb#0c71c3&#8243; global_colors_info=\u00bb{}\u00bb]Prestaci\u00f3n de servicios<br \/>\n[\/et_pb_counter][et_pb_counter percent=\u00bb18,6&#8243; _builder_version=\u00bb4.16&#8243; title_font=\u00bb||||||||\u00bb percent_font=\u00bb||||||||\u00bb background_color=\u00bb#0c71c3&#8243; global_colors_info=\u00bb{}\u00bb]Subvenciones<br \/>\n[\/et_pb_counter][et_pb_counter percent=\u00bb9,5&#8243; _builder_version=\u00bb4.16&#8243; title_font=\u00bb||||||||\u00bb percent_font=\u00bb||||||||\u00bb percent_text_align=\u00bbcenter\u00bb background_color=\u00bb#0c71c3&#8243; box_shadow_style=\u00bbpreset2&#8243; global_colors_info=\u00bb{}\u00bb]Socios, cuotas y donaciones<br \/>\n[\/et_pb_counter][\/et_pb_counters][et_pb_divider color=\u00bb#ffffff\u00bb _builder_version=\u00bb4.16&#8243; global_colors_info=\u00bb{}\u00bb]&nbsp;<br \/>\n[\/et_pb_divider][et_pb_text disabled_on=\u00bboff|off|off\u00bb admin_label=\u00bbDespeses 2020&#8243; _builder_version=\u00bb4.16&#8243; text_font=\u00bbLato|300|||||||\u00bb text_text_color=\u00bb#258543&#8243; text_font_size=\u00bb28px\u00bb text_letter_spacing=\u00bb2px\u00bb header_font=\u00bbLato|700||||on|||\u00bb header_text_align=\u00bbcenter\u00bb header_text_color=\u00bb#258543&#8243; header_font_size=\u00bb50px\u00bb header_letter_spacing=\u00bb2px\u00bb text_orientation=\u00bbcenter\u00bb background_layout=\u00bbdark\u00bb z_index_tablet=\u00bb500&#8243; global_colors_info=\u00bb{}\u00bb]<\/p>\n<h1 class=\"et_pb_module_header\">GASTOS 2020<\/h1>\n<p>[\/et_pb_text][et_pb_counters admin_label=\u00bbDespesses 2020 %\u00bb _builder_version=\u00bb4.16&#8243; title_font=\u00bbLato|700||||on|||\u00bb title_text_color=\u00bb#000000&#8243; title_font_size=\u00bb26&#8243; percent_font=\u00bbLato|700|||||||\u00bb percent_text_color=\u00bb#ffffff\u00bb percent_font_size=\u00bb26&#8243; text_orientation=\u00bbcenter\u00bb background_layout=\u00bbdark\u00bb z_index_tablet=\u00bb500&#8243; global_colors_info=\u00bb{}\u00bb][et_pb_counter percent=\u00bb50,3&#8243; bar_background_color=\u00bb#008749&#8243; _builder_version=\u00bb4.16&#8243; title_font=\u00bb||||||||\u00bb percent_font=\u00bb||||||||\u00bb background_color=\u00bb#0c71c3&#8243; global_colors_info=\u00bb{}\u00bb]Proyectos educativos en el mundo escolar<br \/>\n[\/et_pb_counter][et_pb_counter percent=\u00bb21,3&#8243; _builder_version=\u00bb4.16&#8243; title_font=\u00bb||||||||\u00bb percent_font=\u00bb||||||||\u00bb background_color=\u00bb#0c71c3&#8243; global_colors_info=\u00bb{}\u00bb]\u00c1rea social y educaci\u00f3n en el tiempo libre<br \/>\n[\/et_pb_counter][et_pb_counter percent=\u00bb13,4&#8243; _builder_version=\u00bb4.16&#8243; title_font=\u00bb||||||||\u00bb percent_font=\u00bb||||||||\u00bb percent_text_align=\u00bbcenter\u00bb background_color=\u00bb#0c71c3&#8243; box_shadow_style=\u00bbpreset2&#8243; global_colors_info=\u00bb{}\u00bb]Educaci\u00f3n ambiental, casas de colonias y albergues<br \/>\n[\/et_pb_counter][et_pb_counter percent=\u00bb8,6&#8243; _builder_version=\u00bb4.16&#8243; title_font=\u00bb||||||||\u00bb percent_font=\u00bb||||||||\u00bb percent_text_align=\u00bbcenter\u00bb background_color=\u00bb#0c71c3&#8243; box_shadow_style=\u00bbpreset2&#8243; global_colors_info=\u00bb{}\u00bb]Apoyo al Tercer Sector y Formaci\u00f3n<br \/>\n[\/et_pb_counter][et_pb_counter percent=\u00bb6,2&#8243; _builder_version=\u00bb4.16&#8243; title_font=\u00bb||||||||\u00bb percent_font=\u00bb||||||||\u00bb percent_text_align=\u00bbcenter\u00bb background_color=\u00bb#0c71c3&#8243; box_shadow_style=\u00bbpreset2&#8243; global_colors_info=\u00bb{}\u00bb]Administraci\u00f3n e intereses<br \/>\n[\/et_pb_counter][\/et_pb_counters][et_pb_button button_url=\u00bbhttps:\/\/issuu.com\/fundacioesplai\/docs\/memoria_fundesplai_2021\/26&#8243; button_text=\u00bb\u00bfQUIERES SABER M\u00c1S?\u00bb button_alignment=\u00bbcenter\u00bb admin_label=\u00bbBoto\u00bb _builder_version=\u00bb4.16&#8243; custom_button=\u00bbon\u00bb button_text_color=\u00bb#ffffff\u00bb button_bg_color=\u00bb#258543&#8243; animation_style=\u00bbfade\u00bb z_index_tablet=\u00bb500&#8243; box_shadow_style=\u00bbpreset2&#8243; saved_tabs=\u00bball\u00bb global_colors_info=\u00bb{}\u00bb button_text_size__hover_enabled=\u00bboff\u00bb button_text_size__hover=\u00bbnull\u00bb button_one_text_size__hover_enabled=\u00bboff\u00bb button_one_text_size__hover=\u00bbnull\u00bb button_two_text_size__hover_enabled=\u00bboff\u00bb button_two_text_size__hover=\u00bbnull\u00bb button_text_color__hover_enabled=\u00bboff\u00bb button_text_color__hover=\u00bbnull\u00bb button_one_text_color__hover_enabled=\u00bboff\u00bb button_one_text_color__hover=\u00bbnull\u00bb button_two_text_color__hover_enabled=\u00bboff\u00bb button_two_text_color__hover=\u00bbnull\u00bb button_border_width__hover_enabled=\u00bboff\u00bb button_border_width__hover=\u00bbnull\u00bb button_one_border_width__hover_enabled=\u00bboff\u00bb button_one_border_width__hover=\u00bbnull\u00bb button_two_border_width__hover_enabled=\u00bboff\u00bb button_two_border_width__hover=\u00bbnull\u00bb button_border_color__hover_enabled=\u00bboff\u00bb button_border_color__hover=\u00bbnull\u00bb button_one_border_color__hover_enabled=\u00bboff\u00bb button_one_border_color__hover=\u00bbnull\u00bb button_two_border_color__hover_enabled=\u00bboff\u00bb button_two_border_color__hover=\u00bbnull\u00bb button_border_radius__hover_enabled=\u00bboff\u00bb button_border_radius__hover=\u00bbnull\u00bb button_one_border_radius__hover_enabled=\u00bboff\u00bb button_one_border_radius__hover=\u00bbnull\u00bb button_two_border_radius__hover_enabled=\u00bboff\u00bb button_two_border_radius__hover=\u00bbnull\u00bb button_letter_spacing__hover_enabled=\u00bboff\u00bb button_letter_spacing__hover=\u00bbnull\u00bb button_one_letter_spacing__hover_enabled=\u00bboff\u00bb button_one_letter_spacing__hover=\u00bbnull\u00bb button_two_letter_spacing__hover_enabled=\u00bboff\u00bb button_two_letter_spacing__hover=\u00bbnull\u00bb button_bg_color__hover_enabled=\u00bboff\u00bb button_bg_color__hover=\u00bbnull\u00bb button_one_bg_color__hover_enabled=\u00bboff\u00bb button_one_bg_color__hover=\u00bbnull\u00bb button_two_bg_color__hover_enabled=\u00bboff\u00bb button_two_bg_color__hover=\u00bbnull\u00bb]&nbsp;<br \/>\n[\/et_pb_button][\/et_pb_column][\/et_pb_row][\/et_pb_section][et_pb_section fb_built=\u00bb1&#8243; _builder_version=\u00bb4.19.0&#8243; _module_preset=\u00bbdefault\u00bb global_colors_info=\u00bb{}\u00bb][et_pb_row _builder_version=\u00bb4.19.0&#8243; _module_preset=\u00bbdefault\u00bb global_colors_info=\u00bb{}\u00bb][et_pb_column type=\u00bb4_4&#8243; _builder_version=\u00bb4.19.0&#8243; _module_preset=\u00bbdefault\u00bb global_colors_info=\u00bb{}\u00bb][et_pb_text _builder_version=\u00bb4.19.0&#8243; _module_preset=\u00bbdefault\u00bb custom_margin=\u00bb50px||30px||false|false\u00bb global_colors_info=\u00bb{}\u00bb]<\/p>\n<h2 style=\"text-align: center\">Participaci\u00f3n en Redes<\/h2>\n<p>[\/et_pb_text][\/et_pb_column][\/et_pb_row][et_pb_row column_structure=\u00bb1_4,1_4,1_4,1_4&#8243; _builder_version=\u00bb4.16&#8243; background_size=\u00bbinitial\u00bb background_position=\u00bbtop_left\u00bb background_repeat=\u00bbrepeat\u00bb global_colors_info=\u00bb{}\u00bb][et_pb_column type=\u00bb1_4&#8243; _builder_version=\u00bb4.16&#8243; custom_padding=\u00bb|||\u00bb global_colors_info=\u00bb{}\u00bb custom_padding__hover=\u00bb|||\u00bb][et_pb_image src=\u00bbhttps:\/\/fundesplai.org\/wp-content\/uploads\/2023\/02\/TAULAENTITATS.jpg\u00bb align_tablet=\u00bbcenter\u00bb align_phone=\u00bb\u00bb align_last_edited=\u00bbon|desktop\u00bb _builder_version=\u00bb4.16&#8243; global_colors_info=\u00bb{}\u00bb]&nbsp;<br \/>\n[\/et_pb_image][et_pb_image src=\u00bbhttps:\/\/fundesplai.org\/wp-content\/uploads\/2023\/02\/fmrpc_logo_gran-1.png\u00bb align_tablet=\u00bbcenter\u00bb align_phone=\u00bb\u00bb align_last_edited=\u00bbon|desktop\u00bb _builder_version=\u00bb4.16&#8243; max_width=\u00bb91%\u00bb global_colors_info=\u00bb{}\u00bb]&nbsp;<br \/>\n[\/et_pb_image][\/et_pb_column][et_pb_column type=\u00bb1_4&#8243; _builder_version=\u00bb4.16&#8243; custom_padding=\u00bb|||\u00bb global_colors_info=\u00bb{}\u00bb custom_padding__hover=\u00bb|||\u00bb][et_pb_image src=\u00bbhttps:\/\/fundesplai.org\/wp-content\/uploads\/2023\/02\/logotip-PINCAT_web.png\u00bb align_tablet=\u00bbcenter\u00bb align_phone=\u00bb\u00bb align_last_edited=\u00bbon|desktop\u00bb _builder_version=\u00bb4.16&#8243; global_colors_info=\u00bb{}\u00bb]&nbsp;<br \/>\n[\/et_pb_image][et_pb_image src=\u00bbhttps:\/\/fundesplai.org\/wp-content\/uploads\/2023\/02\/cat2030-e1625485933327.jpg\u00bb title_text=\u00bbcat2030&#8243; align_tablet=\u00bbcenter\u00bb align_phone=\u00bb\u00bb align_last_edited=\u00bbon|desktop\u00bb _builder_version=\u00bb4.16&#8243; max_width=\u00bb60%\u00bb global_colors_info=\u00bb{}\u00bb]&nbsp;<br \/>\n[\/et_pb_image][\/et_pb_column][et_pb_column type=\u00bb1_4&#8243; _builder_version=\u00bb4.16&#8243; custom_padding=\u00bb|||\u00bb global_colors_info=\u00bb{}\u00bb custom_padding__hover=\u00bb|||\u00bb][et_pb_image src=\u00bbhttps:\/\/fundesplai.org\/wp-content\/uploads\/2023\/02\/LA-CONFEDERACIO_web.jpg\u00bb align_tablet=\u00bbcenter\u00bb align_phone=\u00bb\u00bb align_last_edited=\u00bbon|desktop\u00bb _builder_version=\u00bb4.16&#8243; max_width=\u00bb75%\u00bb global_colors_info=\u00bb{}\u00bb]&nbsp;<br \/>\n[\/et_pb_image][et_pb_image src=\u00bbhttps:\/\/fundesplai.org\/wp-content\/uploads\/2023\/02\/Fedaia.jpg\u00bb align_tablet=\u00bbcenter\u00bb align_phone=\u00bb\u00bb align_last_edited=\u00bbon|desktop\u00bb _builder_version=\u00bb4.16&#8243; max_width=\u00bb80%\u00bb global_colors_info=\u00bb{}\u00bb]&nbsp;<br \/>\n[\/et_pb_image][\/et_pb_column][et_pb_column type=\u00bb1_4&#8243; _builder_version=\u00bb4.16&#8243; custom_padding=\u00bb|||\u00bb global_colors_info=\u00bb{}\u00bb custom_padding__hover=\u00bb|||\u00bb][et_pb_image src=\u00bbhttps:\/\/fundesplai.org\/wp-content\/uploads\/2023\/02\/ccatfundacions-e1625485823174.png\u00bb title_text=\u00bbccatfundaciones\u00bb align_tablet=\u00bbcenter\u00bb align_phone=\u00bb\u00bb align_last_edited=\u00bbon|desktop\u00bb _builder_version=\u00bb4.16&#8243; global_colors_info=\u00bb{}\u00bb]&nbsp;<br \/>\n[\/et_pb_image][et_pb_image src=\u00bbhttps:\/\/fundesplai.org\/wp-content\/uploads\/2023\/02\/Pag22-ecas_logo.jpg\u00bb align_tablet=\u00bbcenter\u00bb align_phone=\u00bb\u00bb align_last_edited=\u00bbon|desktop\u00bb _builder_version=\u00bb4.16&#8243; max_width=\u00bb90%\u00bb z_index_tablet=\u00bb500&#8243; global_colors_info=\u00bb{}\u00bb]&nbsp;<br \/>\n[\/et_pb_image][\/et_pb_column][\/et_pb_row][et_pb_row _builder_version=\u00bb4.19.0&#8243; _module_preset=\u00bbdefault\u00bb global_colors_info=\u00bb{}\u00bb][et_pb_column type=\u00bb4_4&#8243; _builder_version=\u00bb4.19.0&#8243; _module_preset=\u00bbdefault\u00bb global_colors_info=\u00bb{}\u00bb][et_pb_text _builder_version=\u00bb4.19.0&#8243; _module_preset=\u00bbdefault\u00bb custom_margin=\u00bb50px||30px||false|false\u00bb global_colors_info=\u00bb{}\u00bb]<\/p>\n<h2 style=\"text-align: center\">Colaboraci\u00f3n con administraciones, empresas y organizaciones<\/h2>\n<p>[\/et_pb_text][\/et_pb_column][\/et_pb_row][et_pb_row column_structure=\u00bb1_3,1_3,1_3&#8243; _builder_version=\u00bb4.16&#8243; background_size=\u00bbinitial\u00bb background_position=\u00bbtop_left\u00bb background_repeat=\u00bbrepeat\u00bb global_colors_info=\u00bb{}\u00bb][et_pb_column type=\u00bb1_3&#8243; _builder_version=\u00bb4.16&#8243; custom_padding=\u00bb|||\u00bb global_colors_info=\u00bb{}\u00bb custom_padding__hover=\u00bb|||\u00bb][et_pb_image src=\u00bbhttps:\/\/fundesplai.org\/wp-content\/uploads\/2023\/02\/Generalitat_web.jpg\u00bb align_tablet=\u00bbcenter\u00bb align_phone=\u00bb\u00bb align_last_edited=\u00bbon|desktop\u00bb _builder_version=\u00bb4.16&#8243; global_colors_info=\u00bb{}\u00bb]&nbsp;<br \/>\n[\/et_pb_image][\/et_pb_column][et_pb_column type=\u00bb1_3&#8243; _builder_version=\u00bb4.16&#8243; custom_padding=\u00bb|||\u00bb global_colors_info=\u00bb{}\u00bb custom_padding__hover=\u00bb|||\u00bb][et_pb_image src=\u00bbhttps:\/\/fundesplai.org\/wp-content\/uploads\/2023\/02\/GobiernoEspana_web.jpg\u00bb align_tablet=\u00bbcenter\u00bb align_phone=\u00bb\u00bb align_last_edited=\u00bbon|desktop\u00bb _builder_version=\u00bb4.16&#8243; max_width=\u00bb80%\u00bb global_colors_info=\u00bb{}\u00bb]&nbsp;<br \/>\n[\/et_pb_image][\/et_pb_column][et_pb_column type=\u00bb1_3&#8243; _builder_version=\u00bb4.16&#8243; custom_padding=\u00bb|||\u00bb global_colors_info=\u00bb{}\u00bb custom_padding__hover=\u00bb|||\u00bb][et_pb_image src=\u00bbhttps:\/\/fundesplai.org\/wp-content\/uploads\/2023\/02\/AjuntamentPrat2016.jpg\u00bb align_tablet=\u00bbcenter\u00bb align_phone=\u00bb\u00bb align_last_edited=\u00bbon|desktop\u00bb _builder_version=\u00bb4.16&#8243; max_width=\u00bb98%\u00bb module_alignment=\u00bbcenter\u00bb global_colors_info=\u00bb{}\u00bb]&nbsp;<br \/>\n[\/et_pb_image][\/et_pb_column][\/et_pb_row][et_pb_row column_structure=\u00bb1_4,1_4,1_4,1_4&#8243; _builder_version=\u00bb4.16&#8243; background_size=\u00bbinitial\u00bb background_position=\u00bbtop_left\u00bb background_repeat=\u00bbrepeat\u00bb global_colors_info=\u00bb{}\u00bb][et_pb_column type=\u00bb1_4&#8243; _builder_version=\u00bb4.16&#8243; custom_padding=\u00bb|||\u00bb global_colors_info=\u00bb{}\u00bb custom_padding__hover=\u00bb|||\u00bb][et_pb_image src=\u00bbhttps:\/\/fundesplai.org\/wp-content\/uploads\/2023\/02\/log_hor.jpg\u00bb align_tablet=\u00bbcenter\u00bb align_phone=\u00bb\u00bb align_last_edited=\u00bbon|desktop\u00bb _builder_version=\u00bb4.16&#8243; z_index_tablet=\u00bb500&#8243; global_colors_info=\u00bb{}\u00bb]&nbsp;<br \/>\n[\/et_pb_image][\/et_pb_column][et_pb_column type=\u00bb1_4&#8243; _builder_version=\u00bb4.16&#8243; custom_padding=\u00bb|||\u00bb global_colors_info=\u00bb{}\u00bb custom_padding__hover=\u00bb|||\u00bb][et_pb_image src=\u00bbhttps:\/\/fundesplai.org\/wp-content\/uploads\/2023\/02\/Logo-Dipsalut-JPEG-Fons-blanc.jpg\u00bb align_tablet=\u00bbcenter\u00bb align_phone=\u00bb\u00bb align_last_edited=\u00bbon|desktop\u00bb _builder_version=\u00bb4.16&#8243; z_index_tablet=\u00bb500&#8243; global_colors_info=\u00bb{}\u00bb]&nbsp;<br \/>\n[\/et_pb_image][\/et_pb_column][et_pb_column type=\u00bb1_4&#8243; _builder_version=\u00bb4.16&#8243; custom_padding=\u00bb|||\u00bb global_colors_info=\u00bb{}\u00bb custom_padding__hover=\u00bb|||\u00bb][et_pb_image src=\u00bbhttps:\/\/fundesplai.org\/wp-content\/uploads\/2023\/02\/marca_diputacio_apaisada-3.jpg\u00bb align_tablet=\u00bbcenter\u00bb align_phone=\u00bb\u00bb align_last_edited=\u00bbon|desktop\u00bb _builder_version=\u00bb4.16&#8243; z_index_tablet=\u00bb500&#8243; global_colors_info=\u00bb{}\u00bb]&nbsp;<br \/>\n[\/et_pb_image][\/et_pb_column][et_pb_column type=\u00bb1_4&#8243; _builder_version=\u00bb4.16&#8243; custom_padding=\u00bb|||\u00bb global_colors_info=\u00bb{}\u00bb custom_padding__hover=\u00bb|||\u00bb][et_pb_image src=\u00bbhttps:\/\/fundesplai.org\/wp-content\/uploads\/2023\/02\/DIPTA_H_col.jpg\u00bb align_tablet=\u00bbcenter\u00bb align_phone=\u00bb\u00bb align_last_edited=\u00bbon|desktop\u00bb _builder_version=\u00bb4.16&#8243; z_index_tablet=\u00bb500&#8243; global_colors_info=\u00bb{}\u00bb]&nbsp;<br \/>\n[\/et_pb_image][\/et_pb_column][\/et_pb_row][et_pb_row _builder_version=\u00bb4.16&#8243; background_size=\u00bbinitial\u00bb background_position=\u00bbtop_left\u00bb background_repeat=\u00bbrepeat\u00bb global_colors_info=\u00bb{}\u00bb][et_pb_column type=\u00bb4_4&#8243; _builder_version=\u00bb4.16&#8243; custom_padding=\u00bb|||\u00bb global_colors_info=\u00bb{}\u00bb custom_padding__hover=\u00bb|||\u00bb][et_pb_image src=\u00bbhttps:\/\/fundesplai.org\/wp-content\/uploads\/2023\/02\/logos-globals.jpg\u00bb align_tablet=\u00bbcenter\u00bb align_phone=\u00bb\u00bb align_last_edited=\u00bbon|desktop\u00bb disabled_on=\u00bboff|off|off\u00bb admin_label=\u00bblogos desktop\u00bb _builder_version=\u00bb4.16&#8243; z_index_tablet=\u00bb500&#8243; global_colors_info=\u00bb{}\u00bb][\/et_pb_image][\/et_pb_column][\/et_pb_row][\/et_pb_section][et_pb_section fb_built=\u00bb1&#8243; disabled_on=\u00bbon|on|on\u00bb _builder_version=\u00bb4.16&#8243; background_color=\u00bbrgba(255,255,255,0.01)\u00bb disabled=\u00bbon\u00bb collapsed=\u00bbon\u00bb global_colors_info=\u00bb{}\u00bb][et_pb_row _builder_version=\u00bb4.16&#8243; background_size=\u00bbinitial\u00bb background_position=\u00bbtop_left\u00bb background_repeat=\u00bbrepeat\u00bb global_colors_info=\u00bb{}\u00bb][et_pb_column type=\u00bb4_4&#8243; _builder_version=\u00bb4.16&#8243; custom_padding=\u00bb|||\u00bb global_colors_info=\u00bb{}\u00bb custom_padding__hover=\u00bb|||\u00bb][et_pb_text disabled_on=\u00bboff|off|off\u00bb admin_label=\u00bbXarxes\u00bb _builder_version=\u00bb4.16&#8243; text_font=\u00bbLato|900|||||||\u00bb text_text_color=\u00bb#008749&#8243; text_font_size=\u00bb28px\u00bb text_letter_spacing=\u00bb2px\u00bb header_font=\u00bbLato|900||||on|||\u00bb header_text_align=\u00bbcenter\u00bb header_text_color=\u00bb#008749&#8243; header_font_size=\u00bb48px\u00bb header_letter_spacing=\u00bb2px\u00bb text_orientation=\u00bbcenter\u00bb background_layout=\u00bbdark\u00bb z_index_tablet=\u00bb500&#8243; text_text_shadow_style=\u00bbpreset1&#8243; text_text_shadow_horizontal_length=\u00bb0.08em\u00bb header_text_shadow_style=\u00bbpreset1&#8243; header_text_shadow_horizontal_length=\u00bb0.08em\u00bb global_colors_info=\u00bb{}\u00bb]<\/p>\n<h1 class=\"et_pb_module_header\">PARTICIPACI\u00d3N EN REDES<\/h1>\n<p>[\/et_pb_text][\/et_pb_column][\/et_pb_row][\/et_pb_section][et_pb_section fb_built=\u00bb1&#8243; disabled_on=\u00bbon|on|on\u00bb _builder_version=\u00bb4.16&#8243; background_color=\u00bbrgba(255,255,255,0.01)\u00bb disabled=\u00bbon\u00bb collapsed=\u00bbon\u00bb global_colors_info=\u00bb{}\u00bb][et_pb_row _builder_version=\u00bb4.16&#8243; background_size=\u00bbinitial\u00bb background_position=\u00bbtop_left\u00bb background_repeat=\u00bbrepeat\u00bb global_colors_info=\u00bb{}\u00bb][et_pb_column type=\u00bb4_4&#8243; _builder_version=\u00bb4.16&#8243; custom_padding=\u00bb|||\u00bb global_colors_info=\u00bb{}\u00bb custom_padding__hover=\u00bb|||\u00bb][et_pb_text disabled_on=\u00bboff|off|off\u00bb admin_label=\u00bbAdmnistracions\u00bb _builder_version=\u00bb4.16&#8243; text_font=\u00bbLato|900|||||||\u00bb text_text_color=\u00bb#008749&#8243; text_font_size=\u00bb28px\u00bb text_letter_spacing=\u00bb2px\u00bb header_font=\u00bbLato|900||||on|||\u00bb header_text_align=\u00bbcenter\u00bb header_text_color=\u00bb#008749&#8243; header_font_size=\u00bb48px\u00bb header_letter_spacing=\u00bb2px\u00bb text_orientation=\u00bbcenter\u00bb background_layout=\u00bbdark\u00bb z_index_tablet=\u00bb500&#8243; text_text_shadow_style=\u00bbpreset1&#8243; text_text_shadow_horizontal_length=\u00bb0.08em\u00bb header_text_shadow_style=\u00bbpreset1&#8243; header_text_shadow_horizontal_length=\u00bb0.08em\u00bb global_colors_info=\u00bb{}\u00bb]<\/p>\n<h1 class=\"et_pb_module_header\">COLABORACI\u00d3N CON ADMINISTRACIONES, EMPRESAS Y ORGANIZACIONES<\/h1>\n<p>[\/et_pb_text][\/et_pb_column][\/et_pb_row][\/et_pb_section][et_pb_section fb_built=\u00bb1&#8243; _builder_version=\u00bb4.19.0&#8243; _module_preset=\u00bbdefault\u00bb global_colors_info=\u00bb{}\u00bb][et_pb_row _builder_version=\u00bb4.19.0&#8243; _module_preset=\u00bbdefault\u00bb global_colors_info=\u00bb{}\u00bb][et_pb_column type=\u00bb4_4&#8243; _builder_version=\u00bb4.19.0&#8243; _module_preset=\u00bbdefault\u00bb global_colors_info=\u00bb{}\u00bb][et_pb_button button_url=\u00bbhttps:\/\/fundesplai.org\/wp-content\/uploads\/2022\/07\/memoria_fundesplai_2021.pdf\u00bb button_text=\u00bbDescargue el PDF de la memoria\u00bb button_alignment=\u00bbcenter\u00bb _builder_version=\u00bb4.19.0&#8243; _module_preset=\u00bbdefault\u00bb custom_margin=\u00bb50px||||false|false\u00bb global_colors_info=\u00bb{}\u00bb][\/et_pb_button][et_pb_text _builder_version=\u00bb4.19.0&#8243; _module_preset=\u00bbdefault\u00bb custom_margin=\u00bb30px||30px||false|false\u00bb global_colors_info=\u00bb{}\u00bb]<\/p>\n<p style=\"text-align: center\"><a href=\"https:\/\/fundesplai.org\/es\/conoce\/transparencia\/memoria-de-actividades\/\">Descubre todas las memorias de Fundesplai<\/a><\/p>\n<p>[\/et_pb_text][et_pb_text _builder_version=\u00bb4.19.0&#8243; _module_preset=\u00bbdefault\u00bb global_colors_info=\u00bb{}\u00bb]<\/p>\n<h3 style=\"text-align: center\">\u00a1Gracias!<\/h3>\n<p>[\/et_pb_text][\/et_pb_column][\/et_pb_row][\/et_pb_section]<\/p>\n","protected":false},"excerpt":{"rendered":"<p>Memoria de actividades ejecutadas durante el curso 2020 y 2021, junto con el balance econ\u00f3mico y las cifras de impacto.<\/p>\n","protected":false},"author":4,"featured_media":0,"parent":46864,"menu_order":0,"comment_status":"closed","ping_status":"closed","template":"","meta":{"_et_pb_use_builder":"on","_et_pb_old_content":"","_et_gb_content_width":"","footnotes":""},"class_list":["post-46873","page","type-page","status-publish","hentry"],"yoast_head":"<!-- This site is optimized with the Yoast SEO plugin v27.5 - https:\/\/yoast.com\/product\/yoast-seo-wordpress\/ -->\n<title>Memoria 2020-2021 - Fundesplai<\/title>\n<meta name=\"description\" content=\"Memoria de actividades ejecutadas durante el curso 2020 y 2021, junto con el balance econ\u00f3mico y las cifras de impacto.\" \/>\n<meta name=\"robots\" content=\"index, follow, max-snippet:-1, max-image-preview:large, max-video-preview:-1\" \/>\n<link rel=\"canonical\" href=\"https:\/\/fundesplai.org\/es\/conoce\/transparencia\/memoria-de-actividades\/memoria-2020-2021\/\" \/>\n<meta property=\"og:locale\" content=\"es_ES\" \/>\n<meta property=\"og:type\" content=\"article\" \/>\n<meta property=\"og:title\" content=\"Memoria 2020-2021 - Fundesplai\" \/>\n<meta property=\"og:description\" content=\"Memoria de actividades ejecutadas durante el curso 2020 y 2021, junto con el balance econ\u00f3mico y las cifras de impacto.\" \/>\n<meta property=\"og:url\" content=\"https:\/\/fundesplai.org\/es\/conoce\/transparencia\/memoria-de-actividades\/memoria-2020-2021\/\" \/>\n<meta property=\"og:site_name\" content=\"Fundesplai\" \/>\n<meta property=\"article:modified_time\" content=\"2023-10-05T06:50:02+00:00\" \/>\n<meta name=\"twitter:card\" content=\"summary_large_image\" \/>\n<meta name=\"twitter:label1\" content=\"Tiempo de lectura\" \/>\n\t<meta name=\"twitter:data1\" content=\"106 minutos\" \/>\n<script type=\"application\/ld+json\" class=\"yoast-schema-graph\">{\"@context\":\"https:\\\/\\\/schema.org\",\"@graph\":[{\"@type\":\"WebPage\",\"@id\":\"https:\\\/\\\/fundesplai.org\\\/es\\\/conoce\\\/transparencia\\\/memoria-de-actividades\\\/memoria-2020-2021\\\/\",\"url\":\"https:\\\/\\\/fundesplai.org\\\/es\\\/conoce\\\/transparencia\\\/memoria-de-actividades\\\/memoria-2020-2021\\\/\",\"name\":\"Memoria 2020-2021 - Fundesplai\",\"isPartOf\":{\"@id\":\"https:\\\/\\\/fundesplai.org\\\/es\\\/#website\"},\"datePublished\":\"2023-02-15T11:55:26+00:00\",\"dateModified\":\"2023-10-05T06:50:02+00:00\",\"description\":\"Memoria de actividades ejecutadas durante el curso 2020 y 2021, junto con el balance econ\u00f3mico y las cifras de impacto.\",\"breadcrumb\":{\"@id\":\"https:\\\/\\\/fundesplai.org\\\/es\\\/conoce\\\/transparencia\\\/memoria-de-actividades\\\/memoria-2020-2021\\\/#breadcrumb\"},\"inLanguage\":\"es\",\"potentialAction\":[{\"@type\":\"ReadAction\",\"target\":[\"https:\\\/\\\/fundesplai.org\\\/es\\\/conoce\\\/transparencia\\\/memoria-de-actividades\\\/memoria-2020-2021\\\/\"]}]},{\"@type\":\"BreadcrumbList\",\"@id\":\"https:\\\/\\\/fundesplai.org\\\/es\\\/conoce\\\/transparencia\\\/memoria-de-actividades\\\/memoria-2020-2021\\\/#breadcrumb\",\"itemListElement\":[{\"@type\":\"ListItem\",\"position\":1,\"name\":\"Inici\",\"item\":\"https:\\\/\\\/fundesplai.org\\\/es\\\/inicio\\\/\"},{\"@type\":\"ListItem\",\"position\":2,\"name\":\"Conoce\",\"item\":\"https:\\\/\\\/fundesplai.org\\\/es\\\/conoce\\\/\"},{\"@type\":\"ListItem\",\"position\":3,\"name\":\"Transparencia\",\"item\":\"https:\\\/\\\/fundesplai.org\\\/es\\\/conoce\\\/transparencia\\\/\"},{\"@type\":\"ListItem\",\"position\":4,\"name\":\"Memoria de actividades\",\"item\":\"https:\\\/\\\/fundesplai.org\\\/es\\\/conoce\\\/transparencia\\\/memoria-de-actividades\\\/\"},{\"@type\":\"ListItem\",\"position\":5,\"name\":\"Memoria 2020-2021\"}]},{\"@type\":\"WebSite\",\"@id\":\"https:\\\/\\\/fundesplai.org\\\/es\\\/#website\",\"url\":\"https:\\\/\\\/fundesplai.org\\\/es\\\/\",\"name\":\"Fundesplai\",\"description\":\"Eduquem per la conviv\u00e8ncia i la sostenibilitat\",\"potentialAction\":[{\"@type\":\"SearchAction\",\"target\":{\"@type\":\"EntryPoint\",\"urlTemplate\":\"https:\\\/\\\/fundesplai.org\\\/es\\\/?s={search_term_string}\"},\"query-input\":{\"@type\":\"PropertyValueSpecification\",\"valueRequired\":true,\"valueName\":\"search_term_string\"}}],\"inLanguage\":\"es\"}]}<\/script>\n<!-- \/ Yoast SEO plugin. -->","yoast_head_json":{"title":"Memoria 2020-2021 - Fundesplai","description":"Memoria de actividades ejecutadas durante el curso 2020 y 2021, junto con el balance econ\u00f3mico y las cifras de impacto.","robots":{"index":"index","follow":"follow","max-snippet":"max-snippet:-1","max-image-preview":"max-image-preview:large","max-video-preview":"max-video-preview:-1"},"canonical":"https:\/\/fundesplai.org\/es\/conoce\/transparencia\/memoria-de-actividades\/memoria-2020-2021\/","og_locale":"es_ES","og_type":"article","og_title":"Memoria 2020-2021 - Fundesplai","og_description":"Memoria de actividades ejecutadas durante el curso 2020 y 2021, junto con el balance econ\u00f3mico y las cifras de impacto.","og_url":"https:\/\/fundesplai.org\/es\/conoce\/transparencia\/memoria-de-actividades\/memoria-2020-2021\/","og_site_name":"Fundesplai","article_modified_time":"2023-10-05T06:50:02+00:00","twitter_card":"summary_large_image","twitter_misc":{"Tiempo de lectura":"106 minutos"},"schema":{"@context":"https:\/\/schema.org","@graph":[{"@type":"WebPage","@id":"https:\/\/fundesplai.org\/es\/conoce\/transparencia\/memoria-de-actividades\/memoria-2020-2021\/","url":"https:\/\/fundesplai.org\/es\/conoce\/transparencia\/memoria-de-actividades\/memoria-2020-2021\/","name":"Memoria 2020-2021 - Fundesplai","isPartOf":{"@id":"https:\/\/fundesplai.org\/es\/#website"},"datePublished":"2023-02-15T11:55:26+00:00","dateModified":"2023-10-05T06:50:02+00:00","description":"Memoria de actividades ejecutadas durante el curso 2020 y 2021, junto con el balance econ\u00f3mico y las cifras de impacto.","breadcrumb":{"@id":"https:\/\/fundesplai.org\/es\/conoce\/transparencia\/memoria-de-actividades\/memoria-2020-2021\/#breadcrumb"},"inLanguage":"es","potentialAction":[{"@type":"ReadAction","target":["https:\/\/fundesplai.org\/es\/conoce\/transparencia\/memoria-de-actividades\/memoria-2020-2021\/"]}]},{"@type":"BreadcrumbList","@id":"https:\/\/fundesplai.org\/es\/conoce\/transparencia\/memoria-de-actividades\/memoria-2020-2021\/#breadcrumb","itemListElement":[{"@type":"ListItem","position":1,"name":"Inici","item":"https:\/\/fundesplai.org\/es\/inicio\/"},{"@type":"ListItem","position":2,"name":"Conoce","item":"https:\/\/fundesplai.org\/es\/conoce\/"},{"@type":"ListItem","position":3,"name":"Transparencia","item":"https:\/\/fundesplai.org\/es\/conoce\/transparencia\/"},{"@type":"ListItem","position":4,"name":"Memoria de actividades","item":"https:\/\/fundesplai.org\/es\/conoce\/transparencia\/memoria-de-actividades\/"},{"@type":"ListItem","position":5,"name":"Memoria 2020-2021"}]},{"@type":"WebSite","@id":"https:\/\/fundesplai.org\/es\/#website","url":"https:\/\/fundesplai.org\/es\/","name":"Fundesplai","description":"Eduquem per la conviv\u00e8ncia i la sostenibilitat","potentialAction":[{"@type":"SearchAction","target":{"@type":"EntryPoint","urlTemplate":"https:\/\/fundesplai.org\/es\/?s={search_term_string}"},"query-input":{"@type":"PropertyValueSpecification","valueRequired":true,"valueName":"search_term_string"}}],"inLanguage":"es"}]}},"_links":{"self":[{"href":"https:\/\/fundesplai.org\/es\/wp-json\/wp\/v2\/pages\/46873","targetHints":{"allow":["GET"]}}],"collection":[{"href":"https:\/\/fundesplai.org\/es\/wp-json\/wp\/v2\/pages"}],"about":[{"href":"https:\/\/fundesplai.org\/es\/wp-json\/wp\/v2\/types\/page"}],"author":[{"embeddable":true,"href":"https:\/\/fundesplai.org\/es\/wp-json\/wp\/v2\/users\/4"}],"replies":[{"embeddable":true,"href":"https:\/\/fundesplai.org\/es\/wp-json\/wp\/v2\/comments?post=46873"}],"version-history":[{"count":11,"href":"https:\/\/fundesplai.org\/es\/wp-json\/wp\/v2\/pages\/46873\/revisions"}],"predecessor-version":[{"id":56282,"href":"https:\/\/fundesplai.org\/es\/wp-json\/wp\/v2\/pages\/46873\/revisions\/56282"}],"up":[{"embeddable":true,"href":"https:\/\/fundesplai.org\/es\/wp-json\/wp\/v2\/pages\/46864"}],"wp:attachment":[{"href":"https:\/\/fundesplai.org\/es\/wp-json\/wp\/v2\/media?parent=46873"}],"curies":[{"name":"wp","href":"https:\/\/api.w.org\/{rel}","templated":true}]}}