{"id":46839,"date":"2023-01-26T17:23:40","date_gmt":"2023-01-26T16:23:40","guid":{"rendered":"https:\/\/fundesplai.org\/conoce\/transparencia\/nuestro-compromiso-con-la-sostenibilidad\/"},"modified":"2026-04-14T15:44:02","modified_gmt":"2026-04-14T13:44:02","slug":"nuestro-compromiso-con-la-sostenibilidad","status":"publish","type":"page","link":"https:\/\/fundesplai.org\/es\/conoce\/transparencia\/nuestro-compromiso-con-la-sostenibilidad\/","title":{"rendered":"Nuestro compromiso con la sostenibilidad"},"content":{"rendered":"<p>[et_pb_section fb_built=\u00bb1&#8243; fullwidth=\u00bbon\u00bb _builder_version=\u00bb4.16&#8243; locked=\u00bboff\u00bb collapsed=\u00bboff\u00bb global_colors_info=\u00bb{}\u00bb][et_pb_fullwidth_slider show_pagination=\u00bboff\u00bb module_class=\u00bbslider-capcalera\u00bb _builder_version=\u00bb4.19.0&#8243; header_font=\u00bb||||||||\u00bb background_image=\u00bbhttps:\/\/fundesplai.org\/wp-content\/uploads\/2021\/05\/RS824_Sortides_escolars_natura_dreta.jpg\u00bb auto=\u00bbon\u00bb global_colors_info=\u00bb{}\u00bb][et_pb_slide button_link=\u00bb#consulta\u00bb _builder_version=\u00bb4.19.0&#8243; header_font=\u00bbSophia||||||||\u00bb background_image=\u00bbhttps:\/\/fundesplai.org\/wp-content\/uploads\/2023\/01\/Fageda_natura_sostenibilitat_Fundesplai_foto-Nuria-Gasso_2.jpg\u00bb background_enable_image=\u00bbon\u00bb header_text_shadow_style=\u00bbpreset1&#8243; header_text_shadow_vertical_length=\u00bb0.03em\u00bb header_text_shadow_blur_strength=\u00bb0.09em\u00bb global_colors_info=\u00bb{}\u00bb sticky_transition=\u00bbon\u00bb][\/et_pb_slide][\/et_pb_fullwidth_slider][\/et_pb_section][et_pb_section fb_built=\u00bb1&#8243; _builder_version=\u00bb4.17.4&#8243; _module_preset=\u00bbdefault\u00bb custom_margin=\u00bb40px||||false|false\u00bb locked=\u00bboff\u00bb global_colors_info=\u00bb{}\u00bb][et_pb_row _builder_version=\u00bb4.19.0&#8243; _module_preset=\u00bbdefault\u00bb global_colors_info=\u00bb{}\u00bb][et_pb_column type=\u00bb4_4&#8243; _builder_version=\u00bb4.19.0&#8243; _module_preset=\u00bbdefault\u00bb global_colors_info=\u00bb{}\u00bb][et_pb_post_title _builder_version=\u00bb4.19.0&#8243; _module_preset=\u00bbdefault\u00bb locked=\u00bboff\u00bb global_colors_info=\u00bb{}\u00bb][\/et_pb_post_title][et_pb_text _builder_version=\u00bb4.19.0&#8243; _module_preset=\u00bbdefault\u00bb global_colors_info=\u00bb{}\u00bb]<\/p>\n<div>\n<div class=\"et_pb_module et_pb_text et_pb_text_1 et_pb_text_align_left et_pb_bg_layout_light\">\n<div class=\"et_pb_text_inner\">\n<p style=\"text-align: center\">Trabajamos para la sostenibilidad y el cuidado de la naturaleza <a href=\"https:\/\/fundesplai.org\/es\/conoce\/nuestra-historia\/\">desde los a\u00f1os 70<\/a>, momento en que empezamos a desarrollar programas de educaci\u00f3n ambiental. <strong> La sostenibilidad es un rasgo fundamental de nuestra misi\u00f3n<\/strong> y orienta todas nuestras acciones de manera transversal. La educaci\u00f3n ambiental, as\u00ed como la voluntad de reducir al m\u00e1ximo la huella ambiental de nuestras instalaciones y acciones, son esenciales en todo lo que hacemos.<\/p>\n<\/div>\n<\/div>\n<\/div>\n<p>[\/et_pb_text][\/et_pb_column][\/et_pb_row][\/et_pb_section][et_pb_section fb_built=\u00bb1&#8243; disabled_on=\u00bbon|off|off\u00bb admin_label=\u00bbExplicaci\u00f3 compromisos &#8211; PC\u00bb module_id=\u00bbapectes_tecnics\u00bb _builder_version=\u00bb4.16&#8243; _module_preset=\u00bbdefault\u00bb custom_margin=\u00bb50px||||false|false\u00bb locked=\u00bboff\u00bb collapsed=\u00bboff\u00bb global_colors_info=\u00bb{}\u00bb][et_pb_row column_structure=\u00bb1_2,1_2&#8243; make_equal=\u00bbon\u00bb disabled_on=\u00bboff|off|off\u00bb admin_label=\u00bbRow\u00bb _builder_version=\u00bb4.19.0&#8243; _module_preset=\u00bbdefault\u00bb background_color=\u00bb#E9E9E9&#8243; width=\u00bb100%\u00bb max_width=\u00bb100%\u00bb custom_margin=\u00bb50px||||false|false\u00bb global_colors_info=\u00bb{}\u00bb][et_pb_column type=\u00bb1_2&#8243; _builder_version=\u00bb4.16&#8243; _module_preset=\u00bbdefault\u00bb global_colors_info=\u00bb{}\u00bb][et_pb_text admin_label=\u00bbeducaci\u00f3 ambiental\u00bb _builder_version=\u00bb4.19.0&#8243; _module_preset=\u00bbdefault\u00bb width=\u00bb80%\u00bb module_alignment=\u00bbcenter\u00bb custom_padding=\u00bb30px||30px||false|false\u00bb global_colors_info=\u00bb{}\u00bb]<\/p>\n<h4>Educaci\u00f3n ambiental<\/h4>\n<p>Somos referentes de la educaci\u00f3n ambiental <a href=\"https:\/\/fundesplai.org\/es\/conoce\/nuestra-historia\/\">desde nuestros inicios<\/a> acercando a los ni\u00f1os, ni\u00f1as, j\u00f3venes y familias al entorno natural, favoreciendo la<strong> conexi\u00f3n con la naturaleza<\/strong> y su comprensi\u00f3n y protecci\u00f3n. Potenciamos las <strong>actividades vivenciales al aire libre<\/strong>, las actividades de observaci\u00f3n, la ciencia ciudadana y las excursiones y talleres. Desarrollamos actividades de educaci\u00f3n ambiental en el \u00e1mbito escolar, en los esplais y las casas de colonias. Educamos a partir de la estimulaci\u00f3n del <strong>pensamiento cr\u00edtico<\/strong> y los aprendizajes significativos para ayudar a las personas a comprometerse para el cuidado del medio ambiente y avanzar hacia una sociedad m\u00e1s sostenible.<\/p>\n<blockquote>\n<p><a href=\"https:\/\/fundesplai.org\/es\/conoce\/transparencia\/infancia\/principios-pedagogicos\/\">Consulta nuestros principios educativos<\/a><\/p>\n<p><a href=\"https:\/\/escoles.fundesplai.org\/serveis\/educacio-ambiental\/\">Educaci\u00f3n ambiental en el \u00e1mbito escolar<\/a><\/p>\n<\/blockquote>\n<p>[\/et_pb_text][\/et_pb_column][et_pb_column type=\u00bb1_2&#8243; _builder_version=\u00bb4.19.0&#8243; _module_preset=\u00bbdefault\u00bb background_color=\u00bb#E9E9E9&#8243; background_image=\u00bbhttps:\/\/fundesplai.org\/wp-content\/uploads\/2023\/01\/Camp-de-treball-Mas-Cabalies-Fundesplai.jpg\u00bb global_colors_info=\u00bb{}\u00bb][\/et_pb_column][\/et_pb_row][et_pb_row column_structure=\u00bb1_2,1_2&#8243; make_equal=\u00bbon\u00bb disabled_on=\u00bboff|off|off\u00bb _builder_version=\u00bb4.19.0&#8243; _module_preset=\u00bbdefault\u00bb background_color=\u00bb#E9E9E9&#8243; width=\u00bb100%\u00bb max_width=\u00bb100%\u00bb global_colors_info=\u00bb{}\u00bb][et_pb_column type=\u00bb1_2&#8243; _builder_version=\u00bb4.19.0&#8243; _module_preset=\u00bbdefault\u00bb background_color=\u00bb#E9E9E9&#8243; background_image=\u00bbhttps:\/\/fundesplai.org\/wp-content\/uploads\/2023\/01\/Alberg_Centre_Esplai_plaques-sostenibilitat.jpg\u00bb global_colors_info=\u00bb{}\u00bb][\/et_pb_column][et_pb_column type=\u00bb1_2&#8243; _builder_version=\u00bb4.16&#8243; _module_preset=\u00bbdefault\u00bb global_colors_info=\u00bb{}\u00bb][et_pb_text admin_label=\u00bbInstal\u00b7lacions sostenibles\u00bb _builder_version=\u00bb4.19.0&#8243; _module_preset=\u00bbdefault\u00bb width=\u00bb80%\u00bb module_alignment=\u00bbcenter\u00bb custom_padding=\u00bb30px||30px||false|false\u00bb global_colors_info=\u00bb{}\u00bb]<\/p>\n<h4>Instalaciones sostenibles<\/h4>\n<p>Las instalaciones de Centre Esplai (donde tenemos <a href=\"https:\/\/albergueesplaibarcelona.com\/nuestra-sede\/\">nuestras oficinas<\/a> , un albergue y aulas de formaci\u00f3n) est\u00e1n construidas y gestionadas con criterios de <strong>sostenibilidad y eficiencia energ\u00e9tica<\/strong> , as\u00ed como las casas de colonias, que tambi\u00e9n est\u00e1n certificadas por la calidad ambiental y la promoci\u00f3n del turismo sostenible.<\/p>\n<blockquote>\n<p><a href=\"https:\/\/cases.fundesplai.org\/es\/conoce-2\/la-sostenibilidad\/\">La sostenibilidad en las casas de colonias<\/a><\/p>\n<p><a href=\"https:\/\/albergueesplaibarcelona.com\/el-albergue\/eco-albergue\/\">La sostenibilidad en Centre Esplai<\/a><\/p>\n<\/blockquote>\n<p>[\/et_pb_text][\/et_pb_column][\/et_pb_row][et_pb_row column_structure=\u00bb1_2,1_2&#8243; make_equal=\u00bbon\u00bb disabled_on=\u00bboff|off|off\u00bb _builder_version=\u00bb4.19.0&#8243; _module_preset=\u00bbdefault\u00bb background_color=\u00bb#E9E9E9&#8243; width=\u00bb100%\u00bb max_width=\u00bb100%\u00bb global_colors_info=\u00bb{}\u00bb][et_pb_column type=\u00bb1_2&#8243; _builder_version=\u00bb4.16&#8243; _module_preset=\u00bbdefault\u00bb background_enable_color=\u00bboff\u00bb background_enable_image=\u00bboff\u00bb global_colors_info=\u00bb{}\u00bb][et_pb_text admin_label=\u00bbcertificacions\u00bb _builder_version=\u00bb4.27.5&#8243; _module_preset=\u00bbdefault\u00bb width=\u00bb80%\u00bb module_alignment=\u00bbcenter\u00bb custom_padding=\u00bb30px||30px||false|false\u00bb hover_enabled=\u00bb0&#8243; global_colors_info=\u00bb{}\u00bb sticky_enabled=\u00bb0&#8243;]<\/p>\n<h4>Certificaciones de calidad ambiental<\/h4>\n<p>Contamos con diversas certificaciones y sellos que certifican <strong>nuestras buenas pr\u00e1cticas respecto a la sostenibilidad<\/strong>. Esto es muy importante para nosotros, ya que nos ayudan a asegurarnos de que vamos por buen camino. Por ejemplo, contamos con la certificaci\u00f3n de turismo sostenible <a href=\"https:\/\/www.biospheretourism.com\/es\">BIOSPHERE<\/a> para Centre Esplai y varias casas de colonias, as\u00ed como con el sello <a href=\"https:\/\/es.wikipedia.org\/wiki\/EMAS\">EMAS<\/a> y la certificaci\u00f3n <a href=\"https:\/\/www.appluscertification.com\/global\/es\/what-we-do\/knowledge-areas\/medio-ambiente-y-cambio-clim%C3%A1tico\">Applus \u2013 ISO14001<\/a> de gesti\u00f3n ambiental.<\/p>\n<blockquote>\n<p><a href=\"https:\/\/fundesplai.org\/es\/conoce\/transparencia\/certificaciones\/\">Descubre nuestras certificaciones de calidad y ambientales<\/a><\/p>\n<p><a href=\"https:\/\/fundesplai.org\/wp-content\/uploads\/2023\/12\/Manual-de-Bones-Practiques-Ambientals-Fundesplai-2026.pdf\">Buenas pr\u00e1cticas ambientales<\/a><\/p>\n<\/blockquote>\n<p>[\/et_pb_text][\/et_pb_column][et_pb_column type=\u00bb1_2&#8243; _builder_version=\u00bb4.19.0&#8243; _module_preset=\u00bbdefault\u00bb background_image=\u00bbhttps:\/\/fundesplai.org\/wp-content\/uploads\/2023\/01\/Certificacions-ambientals-Fundesplai.jpg\u00bb global_colors_info=\u00bb{}\u00bb][\/et_pb_column][\/et_pb_row][et_pb_row column_structure=\u00bb1_2,1_2&#8243; make_equal=\u00bbon\u00bb disabled_on=\u00bboff|off|off\u00bb _builder_version=\u00bb4.19.0&#8243; _module_preset=\u00bbdefault\u00bb background_color=\u00bb#E9E9E9&#8243; width=\u00bb100%\u00bb max_width=\u00bb100%\u00bb locked=\u00bboff\u00bb global_colors_info=\u00bb{}\u00bb][et_pb_column type=\u00bb1_2&#8243; _builder_version=\u00bb4.19.0&#8243; _module_preset=\u00bbdefault\u00bb background_color=\u00bb#E9E9E9&#8243; background_image=\u00bbhttps:\/\/fundesplai.org\/wp-content\/uploads\/2023\/01\/Fundesplai-amb-els-ODS.jpg\u00bb global_colors_info=\u00bb{}\u00bb][\/et_pb_column][et_pb_column type=\u00bb1_2&#8243; _builder_version=\u00bb4.16&#8243; _module_preset=\u00bbdefault\u00bb global_colors_info=\u00bb{}\u00bb][et_pb_text admin_label=\u00bbODS\u00bb _builder_version=\u00bb4.19.0&#8243; _module_preset=\u00bbdefault\u00bb width=\u00bb80%\u00bb module_alignment=\u00bbcenter\u00bb custom_padding=\u00bb30px||30px||false|false\u00bb global_colors_info=\u00bb{}\u00bb]<\/p>\n<h4>Compromiso con los Objetivos de Desarrollo Sostenible<\/h4>\n<p>Nuestro compromiso con los <strong>Objetivos del Desarrollo Sostenible<\/strong> (ODS) es firme y transversal, ya que contribuimos a ellos a trav\u00e9s de todos nuestros proyectos y acciones. Nuestra <a href=\"https:\/\/fundesplai.org\/es\/conoce\/mision-y-valores\/\">misi\u00f3n y valores<\/a> est\u00e1n enfocados a alcanzar <strong>un mundo m\u00e1s justo, equitativo y sostenible<\/strong>, queremos hacer un mundo mejor a trav\u00e9s de la educaci\u00f3n y la transformaci\u00f3n social, y por lo tanto, los ODS son una concreci\u00f3n de nuestra esencia. Formamos parte del Acuerdo Nacional para la <a href=\"https:\/\/cads.gencat.cat\/ca\/Agenda_2030\/alianca\/\">Agenda 2030<\/a> para alcanzar los 17 Objetivos de Desarrollo Sostenible fijados por las Naciones Unidas y hacemos <strong>sensibilizaci\u00f3n y divulgaci\u00f3n<\/strong> de los ODS.<\/p>\n<blockquote>\n<p><a href=\"https:\/\/fundesplai.org\/es\/conoce\/transparencia\/fundesplai-con-los-ods\/\">Nuestro compromiso con los ODS<\/a><\/p>\n<\/blockquote>\n<p>[\/et_pb_text][\/et_pb_column][\/et_pb_row][et_pb_row column_structure=\u00bb1_2,1_2&#8243; make_equal=\u00bbon\u00bb disabled_on=\u00bboff|off|off\u00bb _builder_version=\u00bb4.19.0&#8243; _module_preset=\u00bbdefault\u00bb background_color=\u00bb#E9E9E9&#8243; width=\u00bb100%\u00bb max_width=\u00bb100%\u00bb collapsed=\u00bboff\u00bb global_colors_info=\u00bb{}\u00bb][et_pb_column type=\u00bb1_2&#8243; _builder_version=\u00bb4.16&#8243; _module_preset=\u00bbdefault\u00bb background_enable_color=\u00bboff\u00bb background_enable_image=\u00bboff\u00bb global_colors_info=\u00bb{}\u00bb][et_pb_text admin_label=\u00bbformaci\u00f3\u00bb _builder_version=\u00bb4.19.0&#8243; _module_preset=\u00bbdefault\u00bb width=\u00bb80%\u00bb module_alignment=\u00bbcenter\u00bb custom_padding=\u00bb30px||30px||false|false\u00bb global_colors_info=\u00bb{}\u00bb]<\/p>\n<h4>Formaci\u00f3n especializada en sostenibilidad y medio ambiente<\/h4>\n<p>Realizamos cursos de <strong>formaci\u00f3n para j\u00f3venes y adultos<\/strong> especializados en educaci\u00f3n ambiental, gesti\u00f3n ambiental, sostenibilidad y medio ambiente, entre otras tem\u00e1ticas. Vemos la formaci\u00f3n como herramienta de cambio, de progreso, de innovaci\u00f3n y de capacitaci\u00f3n personal y social. Nuestros cursos se basan en metodolog\u00edas participativas, motivadoras y activas. Formamos en <strong>sostenibilidad y educaci\u00f3n ambiental<\/strong> porque creemos en la capacitaci\u00f3n de los y las profesionales para trabajar en este \u00e1mbito, cuidar el medio ambiente desde diferentes \u00e1ngulos y transmitir la pasi\u00f3n por la naturaleza. <\/p>\n<blockquote>\n<p><a href=\"https:\/\/formacio.fundesplai.org\/cursos\/medi-ambient\/\">Descubre nuestros cursos relacionados con la sostenibilidad<\/a><\/p>\n<\/blockquote>\n<p>[\/et_pb_text][\/et_pb_column][et_pb_column type=\u00bb1_2&#8243; _builder_version=\u00bb4.19.0&#8243; _module_preset=\u00bbdefault\u00bb background_image=\u00bbhttps:\/\/fundesplai.org\/wp-content\/uploads\/2023\/01\/Fundesplai-cursos-educacio-ambiental.jpg\u00bb global_colors_info=\u00bb{}\u00bb][\/et_pb_column][\/et_pb_row][et_pb_row column_structure=\u00bb1_2,1_2&#8243; make_equal=\u00bbon\u00bb disabled_on=\u00bboff|off|off\u00bb _builder_version=\u00bb4.27.4&#8243; _module_preset=\u00bbdefault\u00bb background_color=\u00bb#E9E9E9&#8243; width=\u00bb100%\u00bb max_width=\u00bb100%\u00bb global_colors_info=\u00bb{}\u00bb][et_pb_column type=\u00bb1_2&#8243; _builder_version=\u00bb4.27.4&#8243; _module_preset=\u00bbdefault\u00bb background_color=\u00bb#E9E9E9&#8243; background_image=\u00bbhttps:\/\/fundesplai.org\/wp-content\/uploads\/2025\/07\/malbaratament-alimentari-Fundesplai.jpg\u00bb global_colors_info=\u00bb{}\u00bb][\/et_pb_column][et_pb_column type=\u00bb1_2&#8243; _builder_version=\u00bb4.27.4&#8243; _module_preset=\u00bbdefault\u00bb global_colors_info=\u00bb{}\u00bb][et_pb_text admin_label=\u00bbMalbaratament\u00bb _builder_version=\u00bb4.27.4&#8243; _module_preset=\u00bbdefault\u00bb width=\u00bb80%\u00bb module_alignment=\u00bbcenter\u00bb custom_padding=\u00bb30px||30px||false|false\u00bb global_colors_info=\u00bb{}\u00bb]<\/p>\n<h4>Reducci\u00f3n del desperdicio alimentario<\/h4>\n<p>En todos nuestros servicios y proyectos relacionados con la restauraci\u00f3n colectiva trabajamos, educamos y sensibilizamos para la <strong>reducci\u00f3n del desperdicio alimentario.<\/strong> Cada a\u00f1o se pierde un tercio de los alimentos que se producen en el mundo para el consumo humano por malas pr\u00e1cticas de producci\u00f3n, distribuci\u00f3n y consumo. El derroche alimentario es un problema \u00e9tico, social y ambiental que es necesario resolver desde diversos \u00e1mbitos de acci\u00f3n. Para Fundesplai la reducci\u00f3n del desperdicio alimentario es uno de los pilares de acci\u00f3n que trabajamos tanto desde la gesti\u00f3n de cocinas como desde los programas educativos con actividades de sensibilizaci\u00f3n y divulgaci\u00f3n.  <\/p>\n<blockquote>\n<p><a href=\"https:\/\/escoles.fundesplai.org\/blog\/menjador-escolar\/com-reduir-el-malbaratament-al-menjador-escolar\/\">Reducci\u00f3n del desperdicio alimentario en el tiempo educativo del mediod\u00eda<\/a><\/p>\n<p><a href=\"https:\/\/cases.fundesplai.org\/blog\/colonies-i-campaments\/malbaratament-alimentari-cases-de-colonies\/\">Reducci\u00f3n del desperdicio alimentario en las casas de colonias<\/a><\/p>\n<p><a href=\"https:\/\/escoles.fundesplai.org\/es\/blog-es\/comedor-escolar\/5-actividades-sobre-el-desperdicio-alimentario\/\">5 actividades para la reducci\u00f3n del derroche alimentario<\/a><\/p>\n<\/blockquote>\n<p>[\/et_pb_text][\/et_pb_column][\/et_pb_row][\/et_pb_section]<\/p>\n","protected":false},"excerpt":{"rendered":"<p> La sostenibilidad es un rasgo fundamental de nuestra misi\u00f3n y orienta todas nuestras acciones de manera transversal.<\/p>\n","protected":false},"author":3,"featured_media":39206,"parent":46765,"menu_order":0,"comment_status":"closed","ping_status":"closed","template":"","meta":{"_et_pb_use_builder":"on","_et_pb_old_content":"","_et_gb_content_width":"","footnotes":""},"class_list":["post-46839","page","type-page","status-publish","has-post-thumbnail","hentry"],"yoast_head":"<!-- This site is optimized with the Yoast SEO plugin v27.5 - https:\/\/yoast.com\/product\/yoast-seo-wordpress\/ -->\n<title>Nuestro compromiso con la sostenibilidad - Fundesplai<\/title>\n<meta name=\"description\" content=\"La sostenibilidad es un rasgo fundamental de nuestra misi\u00f3n y orienta todas nuestras acciones de manera transversal.\" \/>\n<meta name=\"robots\" content=\"index, follow, max-snippet:-1, max-image-preview:large, max-video-preview:-1\" \/>\n<link rel=\"canonical\" href=\"https:\/\/fundesplai.org\/es\/conoce\/transparencia\/nuestro-compromiso-con-la-sostenibilidad\/\" \/>\n<meta property=\"og:locale\" content=\"es_ES\" \/>\n<meta property=\"og:type\" content=\"article\" \/>\n<meta property=\"og:title\" content=\"Nuestro compromiso con la sostenibilidad - Fundesplai\" \/>\n<meta property=\"og:description\" content=\"La sostenibilidad es un rasgo fundamental de nuestra misi\u00f3n y orienta todas nuestras acciones de manera transversal.\" \/>\n<meta property=\"og:url\" content=\"https:\/\/fundesplai.org\/es\/conoce\/transparencia\/nuestro-compromiso-con-la-sostenibilidad\/\" \/>\n<meta property=\"og:site_name\" content=\"Fundesplai\" \/>\n<meta property=\"article:modified_time\" content=\"2026-04-14T13:44:02+00:00\" \/>\n<meta property=\"og:image\" content=\"https:\/\/fundesplai.org\/wp-content\/uploads\/2023\/01\/Fageda_natura_sostenibilitat_Fundesplai_foto-Nuria-Gasso.jpg\" \/>\n\t<meta property=\"og:image:width\" content=\"1888\" \/>\n\t<meta property=\"og:image:height\" content=\"900\" \/>\n\t<meta property=\"og:image:type\" content=\"image\/jpeg\" \/>\n<meta name=\"twitter:card\" content=\"summary_large_image\" \/>\n<meta name=\"twitter:label1\" content=\"Tiempo de lectura\" \/>\n\t<meta name=\"twitter:data1\" content=\"8 minutos\" \/>\n<script type=\"application\/ld+json\" class=\"yoast-schema-graph\">{\"@context\":\"https:\\\/\\\/schema.org\",\"@graph\":[{\"@type\":\"WebPage\",\"@id\":\"https:\\\/\\\/fundesplai.org\\\/es\\\/conoce\\\/transparencia\\\/nuestro-compromiso-con-la-sostenibilidad\\\/\",\"url\":\"https:\\\/\\\/fundesplai.org\\\/es\\\/conoce\\\/transparencia\\\/nuestro-compromiso-con-la-sostenibilidad\\\/\",\"name\":\"Nuestro compromiso con la sostenibilidad - Fundesplai\",\"isPartOf\":{\"@id\":\"https:\\\/\\\/fundesplai.org\\\/es\\\/#website\"},\"primaryImageOfPage\":{\"@id\":\"https:\\\/\\\/fundesplai.org\\\/es\\\/conoce\\\/transparencia\\\/nuestro-compromiso-con-la-sostenibilidad\\\/#primaryimage\"},\"image\":{\"@id\":\"https:\\\/\\\/fundesplai.org\\\/es\\\/conoce\\\/transparencia\\\/nuestro-compromiso-con-la-sostenibilidad\\\/#primaryimage\"},\"thumbnailUrl\":\"https:\\\/\\\/fundesplai.org\\\/wp-content\\\/uploads\\\/2023\\\/01\\\/Fageda_natura_sostenibilitat_Fundesplai_foto-Nuria-Gasso.jpg\",\"datePublished\":\"2023-01-26T16:23:40+00:00\",\"dateModified\":\"2026-04-14T13:44:02+00:00\",\"description\":\"La sostenibilidad es un rasgo fundamental de nuestra misi\u00f3n y orienta todas nuestras acciones de manera transversal.\",\"breadcrumb\":{\"@id\":\"https:\\\/\\\/fundesplai.org\\\/es\\\/conoce\\\/transparencia\\\/nuestro-compromiso-con-la-sostenibilidad\\\/#breadcrumb\"},\"inLanguage\":\"es\",\"potentialAction\":[{\"@type\":\"ReadAction\",\"target\":[\"https:\\\/\\\/fundesplai.org\\\/es\\\/conoce\\\/transparencia\\\/nuestro-compromiso-con-la-sostenibilidad\\\/\"]}]},{\"@type\":\"ImageObject\",\"inLanguage\":\"es\",\"@id\":\"https:\\\/\\\/fundesplai.org\\\/es\\\/conoce\\\/transparencia\\\/nuestro-compromiso-con-la-sostenibilidad\\\/#primaryimage\",\"url\":\"https:\\\/\\\/fundesplai.org\\\/wp-content\\\/uploads\\\/2023\\\/01\\\/Fageda_natura_sostenibilitat_Fundesplai_foto-Nuria-Gasso.jpg\",\"contentUrl\":\"https:\\\/\\\/fundesplai.org\\\/wp-content\\\/uploads\\\/2023\\\/01\\\/Fageda_natura_sostenibilitat_Fundesplai_foto-Nuria-Gasso.jpg\",\"width\":1888,\"height\":900,\"caption\":\"binary comment\"},{\"@type\":\"BreadcrumbList\",\"@id\":\"https:\\\/\\\/fundesplai.org\\\/es\\\/conoce\\\/transparencia\\\/nuestro-compromiso-con-la-sostenibilidad\\\/#breadcrumb\",\"itemListElement\":[{\"@type\":\"ListItem\",\"position\":1,\"name\":\"Inici\",\"item\":\"https:\\\/\\\/fundesplai.org\\\/es\\\/inicio\\\/\"},{\"@type\":\"ListItem\",\"position\":2,\"name\":\"Conoce\",\"item\":\"https:\\\/\\\/fundesplai.org\\\/es\\\/conoce\\\/\"},{\"@type\":\"ListItem\",\"position\":3,\"name\":\"Transparencia\",\"item\":\"https:\\\/\\\/fundesplai.org\\\/es\\\/conoce\\\/transparencia\\\/\"},{\"@type\":\"ListItem\",\"position\":4,\"name\":\"Nuestro compromiso con la sostenibilidad\"}]},{\"@type\":\"WebSite\",\"@id\":\"https:\\\/\\\/fundesplai.org\\\/es\\\/#website\",\"url\":\"https:\\\/\\\/fundesplai.org\\\/es\\\/\",\"name\":\"Fundesplai\",\"description\":\"Eduquem per la conviv\u00e8ncia i la sostenibilitat\",\"potentialAction\":[{\"@type\":\"SearchAction\",\"target\":{\"@type\":\"EntryPoint\",\"urlTemplate\":\"https:\\\/\\\/fundesplai.org\\\/es\\\/?s={search_term_string}\"},\"query-input\":{\"@type\":\"PropertyValueSpecification\",\"valueRequired\":true,\"valueName\":\"search_term_string\"}}],\"inLanguage\":\"es\"}]}<\/script>\n<!-- \/ Yoast SEO plugin. -->","yoast_head_json":{"title":"Nuestro compromiso con la sostenibilidad - Fundesplai","description":"La sostenibilidad es un rasgo fundamental de nuestra misi\u00f3n y orienta todas nuestras acciones de manera transversal.","robots":{"index":"index","follow":"follow","max-snippet":"max-snippet:-1","max-image-preview":"max-image-preview:large","max-video-preview":"max-video-preview:-1"},"canonical":"https:\/\/fundesplai.org\/es\/conoce\/transparencia\/nuestro-compromiso-con-la-sostenibilidad\/","og_locale":"es_ES","og_type":"article","og_title":"Nuestro compromiso con la sostenibilidad - Fundesplai","og_description":"La sostenibilidad es un rasgo fundamental de nuestra misi\u00f3n y orienta todas nuestras acciones de manera transversal.","og_url":"https:\/\/fundesplai.org\/es\/conoce\/transparencia\/nuestro-compromiso-con-la-sostenibilidad\/","og_site_name":"Fundesplai","article_modified_time":"2026-04-14T13:44:02+00:00","og_image":[{"width":1888,"height":900,"url":"https:\/\/fundesplai.org\/wp-content\/uploads\/2023\/01\/Fageda_natura_sostenibilitat_Fundesplai_foto-Nuria-Gasso.jpg","type":"image\/jpeg"}],"twitter_card":"summary_large_image","twitter_misc":{"Tiempo de lectura":"8 minutos"},"schema":{"@context":"https:\/\/schema.org","@graph":[{"@type":"WebPage","@id":"https:\/\/fundesplai.org\/es\/conoce\/transparencia\/nuestro-compromiso-con-la-sostenibilidad\/","url":"https:\/\/fundesplai.org\/es\/conoce\/transparencia\/nuestro-compromiso-con-la-sostenibilidad\/","name":"Nuestro compromiso con la sostenibilidad - Fundesplai","isPartOf":{"@id":"https:\/\/fundesplai.org\/es\/#website"},"primaryImageOfPage":{"@id":"https:\/\/fundesplai.org\/es\/conoce\/transparencia\/nuestro-compromiso-con-la-sostenibilidad\/#primaryimage"},"image":{"@id":"https:\/\/fundesplai.org\/es\/conoce\/transparencia\/nuestro-compromiso-con-la-sostenibilidad\/#primaryimage"},"thumbnailUrl":"https:\/\/fundesplai.org\/wp-content\/uploads\/2023\/01\/Fageda_natura_sostenibilitat_Fundesplai_foto-Nuria-Gasso.jpg","datePublished":"2023-01-26T16:23:40+00:00","dateModified":"2026-04-14T13:44:02+00:00","description":"La sostenibilidad es un rasgo fundamental de nuestra misi\u00f3n y orienta todas nuestras acciones de manera transversal.","breadcrumb":{"@id":"https:\/\/fundesplai.org\/es\/conoce\/transparencia\/nuestro-compromiso-con-la-sostenibilidad\/#breadcrumb"},"inLanguage":"es","potentialAction":[{"@type":"ReadAction","target":["https:\/\/fundesplai.org\/es\/conoce\/transparencia\/nuestro-compromiso-con-la-sostenibilidad\/"]}]},{"@type":"ImageObject","inLanguage":"es","@id":"https:\/\/fundesplai.org\/es\/conoce\/transparencia\/nuestro-compromiso-con-la-sostenibilidad\/#primaryimage","url":"https:\/\/fundesplai.org\/wp-content\/uploads\/2023\/01\/Fageda_natura_sostenibilitat_Fundesplai_foto-Nuria-Gasso.jpg","contentUrl":"https:\/\/fundesplai.org\/wp-content\/uploads\/2023\/01\/Fageda_natura_sostenibilitat_Fundesplai_foto-Nuria-Gasso.jpg","width":1888,"height":900,"caption":"binary comment"},{"@type":"BreadcrumbList","@id":"https:\/\/fundesplai.org\/es\/conoce\/transparencia\/nuestro-compromiso-con-la-sostenibilidad\/#breadcrumb","itemListElement":[{"@type":"ListItem","position":1,"name":"Inici","item":"https:\/\/fundesplai.org\/es\/inicio\/"},{"@type":"ListItem","position":2,"name":"Conoce","item":"https:\/\/fundesplai.org\/es\/conoce\/"},{"@type":"ListItem","position":3,"name":"Transparencia","item":"https:\/\/fundesplai.org\/es\/conoce\/transparencia\/"},{"@type":"ListItem","position":4,"name":"Nuestro compromiso con la sostenibilidad"}]},{"@type":"WebSite","@id":"https:\/\/fundesplai.org\/es\/#website","url":"https:\/\/fundesplai.org\/es\/","name":"Fundesplai","description":"Eduquem per la conviv\u00e8ncia i la sostenibilitat","potentialAction":[{"@type":"SearchAction","target":{"@type":"EntryPoint","urlTemplate":"https:\/\/fundesplai.org\/es\/?s={search_term_string}"},"query-input":{"@type":"PropertyValueSpecification","valueRequired":true,"valueName":"search_term_string"}}],"inLanguage":"es"}]}},"_links":{"self":[{"href":"https:\/\/fundesplai.org\/es\/wp-json\/wp\/v2\/pages\/46839","targetHints":{"allow":["GET"]}}],"collection":[{"href":"https:\/\/fundesplai.org\/es\/wp-json\/wp\/v2\/pages"}],"about":[{"href":"https:\/\/fundesplai.org\/es\/wp-json\/wp\/v2\/types\/page"}],"author":[{"embeddable":true,"href":"https:\/\/fundesplai.org\/es\/wp-json\/wp\/v2\/users\/3"}],"replies":[{"embeddable":true,"href":"https:\/\/fundesplai.org\/es\/wp-json\/wp\/v2\/comments?post=46839"}],"version-history":[{"count":33,"href":"https:\/\/fundesplai.org\/es\/wp-json\/wp\/v2\/pages\/46839\/revisions"}],"predecessor-version":[{"id":83144,"href":"https:\/\/fundesplai.org\/es\/wp-json\/wp\/v2\/pages\/46839\/revisions\/83144"}],"up":[{"embeddable":true,"href":"https:\/\/fundesplai.org\/es\/wp-json\/wp\/v2\/pages\/46765"}],"wp:featuredmedia":[{"embeddable":true,"href":"https:\/\/fundesplai.org\/es\/wp-json\/wp\/v2\/media\/39206"}],"wp:attachment":[{"href":"https:\/\/fundesplai.org\/es\/wp-json\/wp\/v2\/media?parent=46839"}],"curies":[{"name":"wp","href":"https:\/\/api.w.org\/{rel}","templated":true}]}}