{"id":78271,"date":"2025-10-13T11:11:28","date_gmt":"2025-10-13T09:11:28","guid":{"rendered":"https:\/\/fundesplai.org\/esdeveniments\/jornada-suport-tercer-sector\/"},"modified":"2025-10-13T13:43:01","modified_gmt":"2025-10-13T11:43:01","slug":"jornada-suport-tercer-sector","status":"publish","type":"mec-events","link":"https:\/\/fundesplai.org\/es\/esdeveniments\/jornada-suport-tercer-sector\/","title":{"rendered":"Jornada Suport Tercer Sector: &#8216;El futuro de la financiaci\u00f3n p\u00fablica en el Tercer Sector: \u00bfsobrevivir o reinventarnos?&#8217;"},"content":{"rendered":"<p>[et_pb_section fb_built=\u00bb1&#8243; _builder_version=\u00bb4.27.4&#8243; _module_preset=\u00bbdefault\u00bb global_colors_info=\u00bb{}\u00bb][et_pb_row _builder_version=\u00bb4.27.4&#8243; _module_preset=\u00bbdefault\u00bb global_colors_info=\u00bb{}\u00bb][et_pb_column type=\u00bb4_4&#8243; _builder_version=\u00bb4.27.4&#8243; _module_preset=\u00bbdefault\u00bb global_colors_info=\u00bb{}\u00bb][et_pb_text _builder_version=\u00bb4.27.4&#8243; _module_preset=\u00bbdefault\u00bb global_colors_info=\u00bb{}\u00bb]<\/p>\n<p>La financiaci\u00f3n p\u00fablica est\u00e1 cambiando, y las entidades del Tercer Sector se encuentran ante un reto crucial: <strong>adaptarse o quedarse atr\u00e1s<\/strong>. En este contexto, la jornada anual de nuestro departamento <a href=\"https:\/\/suport.fundesplai.org\/es\/\"><br \/>\n  <strong>Suport Tercer Sector,<\/strong><br \/>\n<\/a> el pr\u00f3ximo <strong>24 de octubre en el Palau Robert,<\/strong> se convierte en un espacio imprescindible para entender las tendencias emergentes y explorar c\u00f3mo las entidades no lucrativas deben reinventarse ante los nuevos modelos de relaci\u00f3n con la administraci\u00f3n. <\/p>\n<p>En la jornada participar\u00e1n personas expertas y referentes del sector que compartir\u00e1n su visi\u00f3n sobre las tendencias de la financiaci\u00f3n p\u00fablica y los retos actuales y futuros:<\/p>\n<ul>\n<li><strong>Carles Campuzano<\/strong>, diputado en el Parlament de Catalunya y exconsejero de Derechos Sociales del Gobierno de la Generalitat.<\/li>\n<li><strong>J\u00e8ssica Celd\u00e0<\/strong>, vicepresidenta de Mejora de la financiaci\u00f3n de la Taula del Tercer Sector Social y directora general de <a href=\"https:\/\/www.ecom.cat\/ca\" target=\"_blank\" rel=\"noopener\">ECOM<\/a>.<\/li>\n<li><strong>Miguel de Paladella<\/strong>, CEO de <a href=\"https:\/\/www.upsocial.org\/ca\/inicio\/\" target=\"_blank\" rel=\"noopener\">UPSocial<\/a>.<\/li>\n<\/ul>\n<p>El Tercer Sector se encuentra en plena transformaci\u00f3n. El fin de los fondos Next Generation, el impulso de las inversiones de impacto y los cambios en las pol\u00edticas europeas marcan un nuevo escenario. En Catalu\u00f1a, diversas normativas en tramitaci\u00f3n -como la Ley de fomento del asociacionismo, la Ley del Tercer Sector Social, la Ley de econom\u00eda social y solidaria o la revisi\u00f3n de la cartera de servicios sociales- afectar\u00e1n directamente a las entidades. Adem\u00e1s, las administraciones p\u00fablicas est\u00e1n redefiniendo los modelos de subvenci\u00f3n, contrataci\u00f3n p\u00fablica y acci\u00f3n concertada, en un contexto que exige mayor transparencia, resultados y eficiencia.   <\/p>\n<p>[\/et_pb_text][et_pb_button button_url=\u00bbhttps:\/\/suport.fundesplai.org\/es\/blog-es\/economico\/apuntate-a-la-jornada-el-futuro-de-la-financiacion-publica-en-el-tercer-sector-sobrevivir-o-reinventarnos\/\u00bb button_text=\u00bbInscr\u00edbete\u00bb button_alignment=\u00bbcenter\u00bb _builder_version=\u00bb4.27.4&#8243; _module_preset=\u00bbdefault\u00bb custom_margin=\u00bb30px||||false|false\u00bb global_colors_info=\u00bb{}\u00bb][\/et_pb_button][et_pb_image src=\u00bbhttps:\/\/fundesplai.org\/wp-content\/uploads\/2025\/10\/Jornada-Suport-El-futur-del-financament-public-al-Tercer-Sector-sobreviure-o-reinventar-nos-2.jpg\u00bb alt=\u00bbJornada Suport Tercer Sector: &#8216;El futuro de la financiaci\u00f3n p\u00fablica en el Tercer Sector: \u00bfsobrevivir o reinventarnos?'\u00bb title_text=\u00bbJornada Suport &#8216;El futur del finan\u00e7ament p\u00fablic al Tercer Sector sobreviure o reinventar-nos&#8217; 2&#8243; url=\u00bbhttps:\/\/suport.fundesplai.org\/es\/blog-es\/economico\/apuntate-a-la-jornada-el-futuro-de-la-financiacion-publica-en-el-tercer-sector-sobrevivir-o-reinventarnos\/\u00bb align=\u00bbcenter\u00bb _builder_version=\u00bb4.27.4&#8243; _module_preset=\u00bbdefault\u00bb max_width=\u00bb60%\u00bb max_width_tablet=\u00bb60%\u00bb max_width_phone=\u00bb60%\u00bb max_width_last_edited=\u00bbon|desktop\u00bb custom_margin=\u00bb30px||||false|false\u00bb global_colors_info=\u00bb{}\u00bb][\/et_pb_image][\/et_pb_column][\/et_pb_row][\/et_pb_section]<\/p>\n","protected":false},"excerpt":{"rendered":"<p>Jornada Suport Tercer Sector: &#8216;El futuro de la financiaci\u00f3n p\u00fablica en el Tercer Sector: \u00bfsobrevivir o reinventarnos?&#8217;<\/p>\n","protected":false},"author":35,"featured_media":77869,"comment_status":"closed","ping_status":"closed","template":"","meta":{"_et_pb_use_builder":"on","_et_pb_old_content":"","_et_gb_content_width":""},"tags":[],"mec_category":[931],"class_list":["post-78271","mec-events","type-mec-events","status-publish","has-post-thumbnail","hentry","mec_category-jornades"],"yoast_head":"<!-- This site is optimized with the Yoast SEO plugin v27.5 - https:\/\/yoast.com\/product\/yoast-seo-wordpress\/ -->\n<title>Jornada Suport Tercer Sector: &#039;El futuro de la financiaci\u00f3n p\u00fablica en el Tercer Sector: \u00bfsobrevivir o reinventarnos?&#039; - Fundesplai<\/title>\n<meta name=\"description\" content=\"Jornada Suport Tercer Sector: &#039;El futuro de la financiaci\u00f3n p\u00fablica en el Tercer Sector: \u00bfsobrevivir o reinventarnos?&#039;\" \/>\n<meta name=\"robots\" content=\"index, follow, max-snippet:-1, max-image-preview:large, max-video-preview:-1\" \/>\n<link rel=\"canonical\" href=\"https:\/\/fundesplai.org\/es\/esdeveniments\/jornada-suport-tercer-sector\/\" \/>\n<meta property=\"og:locale\" content=\"es_ES\" \/>\n<meta property=\"og:type\" content=\"article\" \/>\n<meta property=\"og:title\" content=\"Jornada Suport Tercer Sector: &#039;El futuro de la financiaci\u00f3n p\u00fablica en el Tercer Sector: \u00bfsobrevivir o reinventarnos?&#039; - Fundesplai\" \/>\n<meta property=\"og:description\" content=\"Jornada Suport Tercer Sector: &#039;El futuro de la financiaci\u00f3n p\u00fablica en el Tercer Sector: \u00bfsobrevivir o reinventarnos?&#039;\" \/>\n<meta property=\"og:url\" content=\"https:\/\/fundesplai.org\/es\/esdeveniments\/jornada-suport-tercer-sector\/\" \/>\n<meta property=\"og:site_name\" content=\"Fundesplai\" \/>\n<meta property=\"article:modified_time\" content=\"2025-10-13T11:43:01+00:00\" \/>\n<meta property=\"og:image\" content=\"https:\/\/fundesplai.org\/wp-content\/uploads\/2025\/10\/jornada-suport_2025.jpg\" \/>\n\t<meta property=\"og:image:width\" content=\"1888\" \/>\n\t<meta property=\"og:image:height\" content=\"900\" \/>\n\t<meta property=\"og:image:type\" content=\"image\/jpeg\" \/>\n<meta name=\"twitter:card\" content=\"summary_large_image\" \/>\n<meta name=\"twitter:label1\" content=\"Tiempo de lectura\" \/>\n\t<meta name=\"twitter:data1\" content=\"2 minutos\" \/>\n<script type=\"application\/ld+json\" class=\"yoast-schema-graph\">{\"@context\":\"https:\\\/\\\/schema.org\",\"@graph\":[{\"@type\":\"WebPage\",\"@id\":\"https:\\\/\\\/fundesplai.org\\\/es\\\/esdeveniments\\\/jornada-suport-tercer-sector\\\/\",\"url\":\"https:\\\/\\\/fundesplai.org\\\/es\\\/esdeveniments\\\/jornada-suport-tercer-sector\\\/\",\"name\":\"Jornada Suport Tercer Sector: 'El futuro de la financiaci\u00f3n p\u00fablica en el Tercer Sector: \u00bfsobrevivir o reinventarnos?' - Fundesplai\",\"isPartOf\":{\"@id\":\"https:\\\/\\\/fundesplai.org\\\/es\\\/#website\"},\"primaryImageOfPage\":{\"@id\":\"https:\\\/\\\/fundesplai.org\\\/es\\\/esdeveniments\\\/jornada-suport-tercer-sector\\\/#primaryimage\"},\"image\":{\"@id\":\"https:\\\/\\\/fundesplai.org\\\/es\\\/esdeveniments\\\/jornada-suport-tercer-sector\\\/#primaryimage\"},\"thumbnailUrl\":\"https:\\\/\\\/fundesplai.org\\\/wp-content\\\/uploads\\\/2025\\\/10\\\/jornada-suport_2025.jpg\",\"datePublished\":\"2025-10-13T09:11:28+00:00\",\"dateModified\":\"2025-10-13T11:43:01+00:00\",\"description\":\"Jornada Suport Tercer Sector: 'El futuro de la financiaci\u00f3n p\u00fablica en el Tercer Sector: \u00bfsobrevivir o reinventarnos?'\",\"breadcrumb\":{\"@id\":\"https:\\\/\\\/fundesplai.org\\\/es\\\/esdeveniments\\\/jornada-suport-tercer-sector\\\/#breadcrumb\"},\"inLanguage\":\"es\",\"potentialAction\":[{\"@type\":\"ReadAction\",\"target\":[\"https:\\\/\\\/fundesplai.org\\\/es\\\/esdeveniments\\\/jornada-suport-tercer-sector\\\/\"]}]},{\"@type\":\"ImageObject\",\"inLanguage\":\"es\",\"@id\":\"https:\\\/\\\/fundesplai.org\\\/es\\\/esdeveniments\\\/jornada-suport-tercer-sector\\\/#primaryimage\",\"url\":\"https:\\\/\\\/fundesplai.org\\\/wp-content\\\/uploads\\\/2025\\\/10\\\/jornada-suport_2025.jpg\",\"contentUrl\":\"https:\\\/\\\/fundesplai.org\\\/wp-content\\\/uploads\\\/2025\\\/10\\\/jornada-suport_2025.jpg\",\"width\":1888,\"height\":900,\"caption\":\"Jornada de Suport Tercer Sector: 'El futur del finan\u00e7ament p\u00fablic al Tercer Sector: sobreviure o reinventar-nos?\u2019\"},{\"@type\":\"BreadcrumbList\",\"@id\":\"https:\\\/\\\/fundesplai.org\\\/es\\\/esdeveniments\\\/jornada-suport-tercer-sector\\\/#breadcrumb\",\"itemListElement\":[{\"@type\":\"ListItem\",\"position\":1,\"name\":\"Inici\",\"item\":\"https:\\\/\\\/fundesplai.org\\\/es\\\/inicio\\\/\"},{\"@type\":\"ListItem\",\"position\":2,\"name\":\"Recursos\",\"item\":\"https:\\\/\\\/fundesplai.org\\\/es\\\/recursos\\\/\"},{\"@type\":\"ListItem\",\"position\":3,\"name\":\"Agenda\",\"item\":\"https:\\\/\\\/fundesplai.org\\\/es\\\/agenda-2\\\/\"},{\"@type\":\"ListItem\",\"position\":4,\"name\":\"Jornada Suport Tercer Sector: &#8216;El futuro de la financiaci\u00f3n p\u00fablica en el Tercer Sector: \u00bfsobrevivir o reinventarnos?&#8217;\"}]},{\"@type\":\"WebSite\",\"@id\":\"https:\\\/\\\/fundesplai.org\\\/es\\\/#website\",\"url\":\"https:\\\/\\\/fundesplai.org\\\/es\\\/\",\"name\":\"Fundesplai\",\"description\":\"Eduquem per la conviv\u00e8ncia i la sostenibilitat\",\"potentialAction\":[{\"@type\":\"SearchAction\",\"target\":{\"@type\":\"EntryPoint\",\"urlTemplate\":\"https:\\\/\\\/fundesplai.org\\\/es\\\/?s={search_term_string}\"},\"query-input\":{\"@type\":\"PropertyValueSpecification\",\"valueRequired\":true,\"valueName\":\"search_term_string\"}}],\"inLanguage\":\"es\"}]}<\/script>\n<!-- \/ Yoast SEO plugin. -->","yoast_head_json":{"title":"Jornada Suport Tercer Sector: 'El futuro de la financiaci\u00f3n p\u00fablica en el Tercer Sector: \u00bfsobrevivir o reinventarnos?' - Fundesplai","description":"Jornada Suport Tercer Sector: 'El futuro de la financiaci\u00f3n p\u00fablica en el Tercer Sector: \u00bfsobrevivir o reinventarnos?'","robots":{"index":"index","follow":"follow","max-snippet":"max-snippet:-1","max-image-preview":"max-image-preview:large","max-video-preview":"max-video-preview:-1"},"canonical":"https:\/\/fundesplai.org\/es\/esdeveniments\/jornada-suport-tercer-sector\/","og_locale":"es_ES","og_type":"article","og_title":"Jornada Suport Tercer Sector: 'El futuro de la financiaci\u00f3n p\u00fablica en el Tercer Sector: \u00bfsobrevivir o reinventarnos?' - Fundesplai","og_description":"Jornada Suport Tercer Sector: 'El futuro de la financiaci\u00f3n p\u00fablica en el Tercer Sector: \u00bfsobrevivir o reinventarnos?'","og_url":"https:\/\/fundesplai.org\/es\/esdeveniments\/jornada-suport-tercer-sector\/","og_site_name":"Fundesplai","article_modified_time":"2025-10-13T11:43:01+00:00","og_image":[{"width":1888,"height":900,"url":"https:\/\/fundesplai.org\/wp-content\/uploads\/2025\/10\/jornada-suport_2025.jpg","type":"image\/jpeg"}],"twitter_card":"summary_large_image","twitter_misc":{"Tiempo de lectura":"2 minutos"},"schema":{"@context":"https:\/\/schema.org","@graph":[{"@type":"WebPage","@id":"https:\/\/fundesplai.org\/es\/esdeveniments\/jornada-suport-tercer-sector\/","url":"https:\/\/fundesplai.org\/es\/esdeveniments\/jornada-suport-tercer-sector\/","name":"Jornada Suport Tercer Sector: 'El futuro de la financiaci\u00f3n p\u00fablica en el Tercer Sector: \u00bfsobrevivir o reinventarnos?' - Fundesplai","isPartOf":{"@id":"https:\/\/fundesplai.org\/es\/#website"},"primaryImageOfPage":{"@id":"https:\/\/fundesplai.org\/es\/esdeveniments\/jornada-suport-tercer-sector\/#primaryimage"},"image":{"@id":"https:\/\/fundesplai.org\/es\/esdeveniments\/jornada-suport-tercer-sector\/#primaryimage"},"thumbnailUrl":"https:\/\/fundesplai.org\/wp-content\/uploads\/2025\/10\/jornada-suport_2025.jpg","datePublished":"2025-10-13T09:11:28+00:00","dateModified":"2025-10-13T11:43:01+00:00","description":"Jornada Suport Tercer Sector: 'El futuro de la financiaci\u00f3n p\u00fablica en el Tercer Sector: \u00bfsobrevivir o reinventarnos?'","breadcrumb":{"@id":"https:\/\/fundesplai.org\/es\/esdeveniments\/jornada-suport-tercer-sector\/#breadcrumb"},"inLanguage":"es","potentialAction":[{"@type":"ReadAction","target":["https:\/\/fundesplai.org\/es\/esdeveniments\/jornada-suport-tercer-sector\/"]}]},{"@type":"ImageObject","inLanguage":"es","@id":"https:\/\/fundesplai.org\/es\/esdeveniments\/jornada-suport-tercer-sector\/#primaryimage","url":"https:\/\/fundesplai.org\/wp-content\/uploads\/2025\/10\/jornada-suport_2025.jpg","contentUrl":"https:\/\/fundesplai.org\/wp-content\/uploads\/2025\/10\/jornada-suport_2025.jpg","width":1888,"height":900,"caption":"Jornada de Suport Tercer Sector: 'El futur del finan\u00e7ament p\u00fablic al Tercer Sector: sobreviure o reinventar-nos?\u2019"},{"@type":"BreadcrumbList","@id":"https:\/\/fundesplai.org\/es\/esdeveniments\/jornada-suport-tercer-sector\/#breadcrumb","itemListElement":[{"@type":"ListItem","position":1,"name":"Inici","item":"https:\/\/fundesplai.org\/es\/inicio\/"},{"@type":"ListItem","position":2,"name":"Recursos","item":"https:\/\/fundesplai.org\/es\/recursos\/"},{"@type":"ListItem","position":3,"name":"Agenda","item":"https:\/\/fundesplai.org\/es\/agenda-2\/"},{"@type":"ListItem","position":4,"name":"Jornada Suport Tercer Sector: &#8216;El futuro de la financiaci\u00f3n p\u00fablica en el Tercer Sector: \u00bfsobrevivir o reinventarnos?&#8217;"}]},{"@type":"WebSite","@id":"https:\/\/fundesplai.org\/es\/#website","url":"https:\/\/fundesplai.org\/es\/","name":"Fundesplai","description":"Eduquem per la conviv\u00e8ncia i la sostenibilitat","potentialAction":[{"@type":"SearchAction","target":{"@type":"EntryPoint","urlTemplate":"https:\/\/fundesplai.org\/es\/?s={search_term_string}"},"query-input":{"@type":"PropertyValueSpecification","valueRequired":true,"valueName":"search_term_string"}}],"inLanguage":"es"}]}},"_links":{"self":[{"href":"https:\/\/fundesplai.org\/es\/wp-json\/wp\/v2\/mec-events\/78271","targetHints":{"allow":["GET"]}}],"collection":[{"href":"https:\/\/fundesplai.org\/es\/wp-json\/wp\/v2\/mec-events"}],"about":[{"href":"https:\/\/fundesplai.org\/es\/wp-json\/wp\/v2\/types\/mec-events"}],"author":[{"embeddable":true,"href":"https:\/\/fundesplai.org\/es\/wp-json\/wp\/v2\/users\/35"}],"replies":[{"embeddable":true,"href":"https:\/\/fundesplai.org\/es\/wp-json\/wp\/v2\/comments?post=78271"}],"wp:featuredmedia":[{"embeddable":true,"href":"https:\/\/fundesplai.org\/es\/wp-json\/wp\/v2\/media\/77869"}],"wp:attachment":[{"href":"https:\/\/fundesplai.org\/es\/wp-json\/wp\/v2\/media?parent=78271"}],"wp:term":[{"taxonomy":"post_tag","embeddable":true,"href":"https:\/\/fundesplai.org\/es\/wp-json\/wp\/v2\/tags?post=78271"},{"taxonomy":"mec_category","embeddable":true,"href":"https:\/\/fundesplai.org\/es\/wp-json\/wp\/v2\/mec_category?post=78271"}],"curies":[{"name":"wp","href":"https:\/\/api.w.org\/{rel}","templated":true}]}}