{"id":72795,"date":"2023-03-01T19:33:33","date_gmt":"2023-03-01T18:33:33","guid":{"rendered":"https:\/\/fundesplai.org\/esdeveniments\/festa-esplai\/"},"modified":"2026-03-11T13:10:20","modified_gmt":"2026-03-11T12:10:20","slug":"festa-esplai","status":"publish","type":"mec-events","link":"https:\/\/fundesplai.org\/es\/esdeveniments\/festa-esplai\/","title":{"rendered":"Festa Esplai"},"content":{"rendered":"<p>[et_pb_section fb_built=\u00bb1&#8243; _builder_version=\u00bb4.16&#8243; global_colors_info=\u00bb{}\u00bb][et_pb_row disabled_on=\u00bbon|on|on\u00bb _builder_version=\u00bb4.16&#8243; background_size=\u00bbinitial\u00bb background_position=\u00bbtop_left\u00bb background_repeat=\u00bbrepeat\u00bb disabled=\u00bbon\u00bb global_colors_info=\u00bb{}\u00bb][et_pb_column type=\u00bb4_4&#8243; _builder_version=\u00bb4.16&#8243; custom_padding=\u00bb|||\u00bb global_colors_info=\u00bb{}\u00bb custom_padding__hover=\u00bb|||\u00bb][et_pb_text disabled_on=\u00bbon|on|on\u00bb _builder_version=\u00bb4.21.0&#8243; background_size=\u00bbinitial\u00bb background_position=\u00bbtop_left\u00bb background_repeat=\u00bbrepeat\u00bb disabled=\u00bbon\u00bb global_colors_info=\u00bb{}\u00bb]<\/p>\n<p><strong>Festa Esplai<\/strong> es la gran fiesta del ocio educativo de <strong>Fundesplai<\/strong> y la <a href=\"https:\/\/esplai.fundesplai.org\/\" target=\"_blank\" rel=\"noopener\">Federaci\u00f3 Catalana de l&#8217;Esplai<\/a> abierta a ni\u00f1os y ni\u00f1as, j\u00f3venes, familias y monitoras y monitores de toda Catalu\u00f1a. \u00a1En 2025 la celebraremos el <strong>domingo 11 de mayo en el Parc Nou del Prat de Llobregat<\/strong><strong>!<\/strong> <\/p>\n<p><img loading=\"lazy\" decoding=\"async\" class=\"aligncenter wp-image-73331 size-large\" src=\"https:\/\/fundesplai.org\/wp-content\/uploads\/2023\/03\/FESTA-ESPLAI_Flyer-OK-1024x498.jpg\" alt=\"\" width=\"1024\" height=\"498\" srcset=\"https:\/\/fundesplai.org\/wp-content\/uploads\/2023\/03\/FESTA-ESPLAI_Flyer-OK-980x477.jpg 980w, https:\/\/fundesplai.org\/wp-content\/uploads\/2023\/03\/FESTA-ESPLAI_Flyer-OK-480x234.jpg 480w\" sizes=\"(min-width: 0px) and (max-width: 480px) 480px, (min-width: 481px) and (max-width: 980px) 980px, (min-width: 981px) 1024px, 100vw\" \/><\/p>\n<p>En Festa Esplai disfrutar\u00e1s de m\u00e1s de <strong>50 actividades l\u00fadicas y educativas<\/strong> <strong>para todas las edades.<\/strong> Tambi\u00e9n celebraremos la gran <strong>fiesta del baile &#8216;Bo. Sa. D&#8217;aqu\u00ed<\/strong> con los artistas <strong>Sara Roy, Miki N\u00fa\u00f1ez, Sof\u00eda Coll, Xiula, Edu Esteve, Jim, Llu\u00eds S\u00e1nchez, David Rees y Chung Man<\/strong>. \u00a1Adem\u00e1s, tendremos el espect\u00e1culo de la <strong>Xaxi Band<\/strong>!<\/p>\n<div id=\"mouseposition-extension-element-full-container\" style=\"font-weight: 400\">\n<div id=\"mouseposition-extension-element-rect-display\" style=\"display: none;font-size: 12px;justify-content: center;align-items: center;cursor: default;color: #000000;font-family: 'Helvetica Neue', Helvetica, Arial, sans-serif;width: 0px;height: 0px\">\n<pre style=\"flex: 1 1 0%;text-align: center;color: #000000;min-width: 42px;min-height: 12px\"> <\/pre>\n<p>&nbsp;<\/p>\n<\/div>\n<p>&nbsp;<\/p>\n<pre id=\"mouseposition-extension-element-coordinate-display\" style=\"display: none;background: #ffffff;font-size: 12px;line-height: 14px;border-radius: 3px;border-width: 1px;border-color: #222222 black #333333;border-style: solid;padding: 3px;color: #222222;cursor: default;font-family: 'Helvetica Neue', Helvetica, Arial, sans-serif\"> <\/pre>\n<\/div>\n<p>[\/et_pb_text][et_pb_text disabled_on=\u00bbon|on|on\u00bb _builder_version=\u00bb4.21.0&#8243; _module_preset=\u00bbdefault\u00bb custom_margin=\u00bb30px||||false|false\u00bb disabled=\u00bbon\u00bb global_colors_info=\u00bb{}\u00bb]<\/p>\n<p style=\"text-align: left\">Festa Esplai tambi\u00e9n busca que todos los <strong>ni\u00f1os y ni\u00f1as, j\u00f3venes y adultos<\/strong> se conviertan en <strong>activistas de los Objetivos de Desarrollo Sostenible<\/strong> (ODS) a trav\u00e9s de las actividades l\u00fadicas donde, mientras se divierten, tambi\u00e9n aprenden a proteger la naturaleza, a conocer mejor la biodiversidad, a desarrollar su esp\u00edritu cr\u00edtico y comprometerse con la convivencia y la sostenibilidad.<\/p>\n<p><strong>Festa Esplai<\/strong> es ya todo un referente en el mundo de la <strong>educaci\u00f3n en el ocio educativo<\/strong> y representa la culminaci\u00f3n del trabajo que se ha hecho en los esplais y proyectos de la Fundaci\u00f3n a lo largo del curso y el inicio de la <a href=\"https:\/\/estiu.fundesplai.org\/\" target=\"_blank\" rel=\"noopener\">campa\u00f1a de actividades de verano<\/a>.<\/p>\n<p>Esta gran fiesta es posible gracias al trabajo de muchas personas, la participaci\u00f3n de los esplais, j\u00f3venes y familias, y la colaboraci\u00f3n de entidades, empresas y administraciones p\u00fablicas.<\/p>\n<p>[\/et_pb_text][\/et_pb_column][\/et_pb_row][et_pb_row _builder_version=\u00bb4.21.0&#8243; _module_preset=\u00bbdefault\u00bb global_colors_info=\u00bb{}\u00bb][et_pb_column type=\u00bb4_4&#8243; _builder_version=\u00bb4.21.0&#8243; _module_preset=\u00bbdefault\u00bb global_colors_info=\u00bb{}\u00bb][et_pb_text disabled_on=\u00bboff|off|off\u00bb admin_label=\u00bbIntro actual\u00bb _builder_version=\u00bb4.27.5&#8243; background_size=\u00bbinitial\u00bb background_position=\u00bbtop_left\u00bb background_repeat=\u00bbrepeat\u00bb hover_enabled=\u00bb0&#8243; global_colors_info=\u00bb{}\u00bb sticky_enabled=\u00bb0&#8243;]<\/p>\n<p><strong>Festa Esplai<\/strong> es la gran fiesta del ocio educativo de <strong>Fundesplai<\/strong> y la <a href=\"https:\/\/esplai.fundesplai.org\/\">Federaci\u00f3 Catalana de l&#8217;Esplai<\/a> abierta a ni\u00f1as, ni\u00f1os, j\u00f3venes, familias y monitoras y monitores de todo Catalu\u00f1a. El 2026 la celebraremos el <strong>domingo 10 de mayo<\/strong> en el <strong>Parque Nou del Prat de Llobregat<\/strong>!<\/p>\n<p>M\u00e1s de 50 actividades para ni\u00f1os, ni\u00f1as, j\u00f3venes y familias: talleres l\u00fadicos, de sostenibilidad, m\u00fasica, circo, animaci\u00f3n infantil\u2026 Adem\u00e1s, el mismo d\u00eda se llevar\u00e1 a cabo el <a href=\"https:\/\/fundesplai.org\/informa-t\/actualitat\/joves-desplais-preparen-la-jornada-de-benestar-emocional-bategament-fest\/\">Bategament Fest<\/a>, con las persones j\u00f3venes de los esplais.<\/p>\n<p>La Festa Esplai sirve para cerrar el curso de esplais y colegios, y da el pistoletazo de salida a la campa\u00f1a de actividades de verano que lleva por lema \u201c<a href=\"https:\/\/estiu.fundesplai.org\/\">Un verano para vivir!<\/a>\u201d.<\/p>\n<p>En el mismo acto, tambi\u00e9n celebraremos la <strong>Fiesta del Baile del Bo. Da. D&#8217;aqu\u00ed<\/strong>, en la cual asistir\u00e1n Suu, David Rees, Sara Roy, Edu Esteve, Mama Dousha, Llu\u00eds S\u00e1nchez y Cesc Sansalvad\u00f3. Los\/Las artistas acompa\u00f1ar\u00e1n a los ni\u00f1os y ni\u00f1as de las escuelas que har\u00e1n el baile preparado en el tiempo educativo del mediod\u00eda.<\/p>\n<p>[\/et_pb_text][et_pb_text disabled_on=\u00bbon|on|on\u00bb admin_label=\u00bbmenu\u00bb _builder_version=\u00bb4.21.0&#8243; _module_preset=\u00bbdefault\u00bb custom_margin=\u00bb30px||||false|false\u00bb disabled=\u00bbon\u00bb global_colors_info=\u00bb{}\u00bb]<\/p>\n<ul>\n<li>\n<p style=\"font-size: 18px\"><a href=\"https:\/\/fundesplai.org\/wp-content\/uploads\/2025\/05\/Mapa-Festa-Esplai-25.jpg\" target=\"_blank\" rel=\"noopener\">Mapa de Festa Esplai<\/a><\/p>\n<\/li>\n<li>\n<p style=\"font-size: 18px\"><a href=\"#informacio-activitats\">Informaci\u00f3n sobre las actividades<\/a><\/p>\n<\/li>\n<li>\n<p style=\"font-size: 18px\"><a href=\"#arribar\">C\u00f3mo llegar a Festa Esplai (Parc Nou del Prat de Llobregat)<\/a><\/p>\n<\/li>\n<li>\n<p style=\"font-size: 18px\"><a href=\"https:\/\/fundesplai.org\/wp-content\/uploads\/2025\/05\/Mapa_Seguretat-FestaEsplai.jpg\" target=\"_blank\" rel=\"noopener\">Mapa de seguridad<\/a><\/p>\n<\/li>\n<\/ul>\n<p>[\/et_pb_text][et_pb_image src=\u00bbhttps:\/\/fundesplai.org\/wp-content\/uploads\/2023\/03\/Mapal-activitats.jpg\u00bb alt=\u00bbMapa de actividades de Fiesta Esplai\u00bb title_text=\u00bbMapa de actividades de Fiesta Esplai\u00bb url=\u00bbhttps:\/\/fundesplai.org\/wp-content\/uploads\/2025\/05\/Mapa-Festa-Esplai-25.jpg\u00bb url_new_window=\u00bbon\u00bb disabled_on=\u00bbon|on|on\u00bb admin_label=\u00bbmapa\u00bb module_id=\u00bbmapa-activitats\u00bb _builder_version=\u00bb4.21.0&#8243; _module_preset=\u00bbdefault\u00bb disabled=\u00bbon\u00bb global_colors_info=\u00bb{}\u00bb][\/et_pb_image][et_pb_toggle title=\u00bbActividades del \u00c1rea de sostenibilidad\u00bb disabled_on=\u00bbon|on|on\u00bb module_id=\u00bbinformacio-activitats\u00bb _builder_version=\u00bb4.21.0&#8243; _module_preset=\u00bbdefault\u00bb custom_margin=\u00bb30px||||false|false\u00bb disabled=\u00bbon\u00bb locked=\u00bboff\u00bb global_colors_info=\u00bb{}\u00bb]<\/p>\n<p><strong>1 Deporte por equipos &#8211; Torneo de Baloncesto<\/strong> | Peque\u00f1os (6 a 8) &#8211; Medianos (9 a 11) | Torneo para escuelas de programas escolares. Esta actividad se realizar\u00e1 en <a href=\"https:\/\/maps.app.goo.gl\/GVvufpogNRm9aex18\" target=\"_blank\" rel=\"noopener\">el pabell\u00f3n polivalente de Centre Esplai<\/a>.<br \/><strong>2 Deporte por equipos &#8211; Torneo de F\u00fatbol<\/strong> | Peque\u00f1os (6 a 8) &#8211; Medianos (9 a 11) | Torneo para escuelas de programas escolares.<br \/><strong>3 Ecochoque<\/strong> | Peque\u00f1os (6 a 8) &#8211; Medianos (9 a 11) &#8211; Familias | Los y las participantes podr\u00e1n divertirse en familia con unos artefactos que no utilizan energ\u00eda el\u00e9ctrica, sino que se mueven con la fuerza de los pies, fomentando la actividad f\u00edsica y la colaboraci\u00f3n. Una forma diferente de disfrutar de los coches de choque tradicionales, m\u00e1s cooperativa y sostenible.<br \/><strong>4 Peque\u00f1os arquitectos<\/strong> | Peque\u00f1a Infancia (0 a 5) &#8211; Peque\u00f1os (6 a 8) | Los ni\u00f1os y ni\u00f1as podr\u00e1n explorar su creatividad en espacios de construcci\u00f3n con diferentes materiales, aprender t\u00e9cnicas de dise\u00f1o e ingenier\u00eda y crear estructuras \u00fanicas.<br \/><strong>5 Taller de bastones<\/strong>| Peque\u00f1os (6 a 8) &#8211; Medianos\u00a0 (9 a 11) &#8211; J\u00f3venes (+12) &#8211; Familias | Los ni\u00f1os y ni\u00f1as, j\u00f3venes y familias podr\u00e1n aprender de forma colaborativa el t\u00edpico baile de bastones, descubriendo las t\u00e9cnicas y movimientos tradicionales, mientras se divierten y trabajan en equipo.<br \/><strong>6 El Laboratorio de IA Creativa<\/strong> | Peque\u00f1os (6 a 8) &#8211; Medianos\u00a0 (9 a 11) &#8211; J\u00f3venes (+12) &#8211; Familias | Aprenderemos c\u00f3mo funcionan los procesos de generaci\u00f3n de im\u00e1genes e historias con IA Generativa a trav\u00e9s de las creaciones humanas que se propongan.<br \/><strong>7 Proyecto CRI-TIC. ALICIA Breakout\/scaperoom <\/strong> |Medianos\u00a0 (9 a 11) | Una aventura emocionante donde ni\u00f1os y ni\u00f1as, a partir de un escape room, ayudar\u00e1n a ALICIA a combatir el ciberbullying, resolviendo enigmas y aprendiendo sobre la seguridad digital.<br \/><strong>8 \u00a1Di la tuya!<\/strong> | Peque\u00f1os (6 a 8) &#8211; Medianos\u00a0 (9 a 11) &#8211; J\u00f3venes (+12) | Actividad relacionada con el proyecto de Participaci\u00f3n donde ni\u00f1os, ni\u00f1as y j\u00f3venes, que disfrutar\u00e1n de Festa Esplai, podr\u00e1n expresarse sobre las actividades, organizaci\u00f3n, entre otras, y hacer propuestas de mejora, con el objetivo de hacer m\u00e1s suya y m\u00e1s cercana la fiesta.<br \/><strong>9 Descubre la historia de Floreta<\/strong> | Peque\u00f1a Infancia (0 a 5) &#8211; Peque\u00f1os (6 a 8) &#8211; Medianos\u00a0 (9 a 11) | Descubriremos las distintas amenazas del medio marino. Los y las participantes tendr\u00e1n la oportunidad de pintar un dibujo de una tortuga para poder llev\u00e1rselo a su casa. Esto les ayudar\u00e1 a recordar c\u00f3mo est\u00e1 el mar, y c\u00f3mo debemos cuidarlo.<br \/><strong>10 El term\u00f3metro emocional<\/strong> | Peque\u00f1os (6 a 8) &#8211; Medianos\u00a0 (9 a 11) | Los ni\u00f1os y ni\u00f1as podr\u00e1n plasmar en un mural c\u00f3mo se sienten, adem\u00e1s de construir un term\u00f3metro emocional para llevarse a casa y expresar cada d\u00eda las emociones que siente.<br \/><span class=\"fontstyle0\"><strong>11 Roc\u00f3dromo y tirolina<\/strong> |<\/span> Medianos\u00a0 (9 a 11) |Una actividad muy divertida y emocionante, donde ni\u00f1as y ni\u00f1os podr\u00e1n practicar la escalada y el descenso.<br \/><strong>12 Taller de maquillaje<\/strong> | Peque\u00f1a Infancia (0 a 5) &#8211; Peque\u00f1os (6 a 8) &#8211; Medianos\u00a0 (9 a 11) | Descubrir\u00e1n la magia del maquillaje de fantas\u00eda, con dise\u00f1os encantadores como mariposas, dragones y flores o dise\u00f1os libres.<br \/><span class=\"fontstyle0\"><strong>13 Circuito de agilidad<\/strong> |<\/span> Peque\u00f1os (6 a 8) &#8211; Medianos\u00a0 (9 a 11) &#8211; J\u00f3venes (+12) &#8211; Familias | Deber\u00e1n de superar obst\u00e1culos divertidos y emocionantes mientras desarrollan habilidades motrices y se divierten al m\u00e1ximo.<br \/><span class=\"fontstyle0\"><strong>14 El huerto en el balc\u00f3n<\/strong> |<\/span> Peque\u00f1os (6 a 8) &#8211; Medianos\u00a0 (9 a 11) &#8211; J\u00f3venes (+12) &#8211; Familias | Un taller donde los participantes podr\u00e1n conocer de cerca el criadero de diferentes hortalizas, aprender sobre las partes de las plantas que comemos y las temporadas de siembra, y acabar plantando su propia lechuga.<br \/><strong><span class=\"fontstyle0\">15 Pintura con la cabeza |<\/span><\/strong> Medianos\u00a0 (9 a 11) &#8211; J\u00f3venes (+12) &#8211; Familias | Tendr\u00e1n la oportunidad de pintar con un unicornio, una adaptaci\u00f3n para que las personas con movilidad reducida en brazos, puedan pintar. Esta actividad est\u00e1 dinamizada por el <a href=\"https:\/\/esplai.fundesplai.org\/barcelones\/\" target=\"_blank\" rel=\"noopener\"><strong>esplai Jokin<\/strong><\/a>, una entidad que trabaja con personas con diversidad funcional. <em>Una entidad que forma parte de la <a href=\"https:\/\/esplai.fundesplai.org\/\" target=\"_blank\" rel=\"noopener\">Federaci\u00f3 Catalana de l&#8217;Esplai<\/a>, un movimiento que se caracteriza por la diversidad de entidades y apuesta por el ocio de calidad, educativo y para todo el mundo, sean cuales sean sus caracter\u00edsticas.<br \/><\/em><span class=\"fontstyle0\"><strong>16 Animales terrestres y de mar<\/strong> |<\/span> Peque\u00f1a Infancia (0 a 5) &#8211; Peque\u00f1os (6 a 8) &#8211; Medianos\u00a0 (9 a 11) | Un juego l\u00fadico en el que podr\u00e1n pescar diferentes animales de madera, tanto terrestres como marinos, mientras aprenden y se divierten.<br \/><strong>17 Scape Room Mariposas<\/strong> | Peque\u00f1os (6 a 8) &#8211; Medianos\u00a0 (9 a 11) &#8211; Familias | \u00a1Descubre nuestro peque\u00f1o escape room! Un juego emocionante con 4 pruebas para conocer las mariposas mientras resuelven enigmas y se divierten al m\u00e1ximo.<br \/><span class=\"fontstyle0\"><strong>18 Cosm\u00e9tica natural<\/strong> |<\/span> Peque\u00f1os (6 a 8) &#8211; Medianos\u00a0 (9 a 11) &#8211; J\u00f3venes (+12) &#8211; Familias | \u00a1Descubre las plantas medicinales y sus propiedades! Un taller para aprender c\u00f3mo mantener la piel saludable con plantas medicinales y elaborar algunos productos cosm\u00e9ticos sencillos.<br \/><strong><span class=\"fontstyle0\">19 Renaturalizamos nuestra ciudad |<\/span><\/strong> <span class=\"fontstyle2\"><span class=\"fontstyle2\">Peque\u00f1os (6 a 8) &#8211; Medianos\u00a0 (9 a 11) |<\/span><\/span> Aprenderemos l\u00fadicamente cu\u00e1les son los beneficios de tener vegetaci\u00f3n en nuestras ciudades, y c\u00f3mo los parques urbanos pueden ser Refugios Clim\u00e1ticos. Tambi\u00e9n sabremos c\u00f3mo desde nuestra casa podemos aumentar el verde urbano. Dise\u00f1aremos parques y terrazas llenas de naturaleza y biodiversidad.<br \/><strong><span class=\"fontstyle0\">20 Nengo dango |<\/span><\/strong> Medianos\u00a0 <span class=\"fontstyle2\">(9 a 11) &#8211; J\u00f3venes (+12) &#8211; Familias | Ni\u00f1os, ni\u00f1as y j\u00f3venes nos ayudar\u00e1n a recuperar la naturaleza y a llenar de especies vegetales los espacios que han quedado bald\u00edos, contribuyendo a la regeneraci\u00f3n del medio ambiente.<br \/><\/span><strong><span class=\"fontstyle0\">21 Mandalas | <\/span><\/strong><span class=\"fontstyle2\">Peque\u00f1a Infancia (0 a 5) &#8211; Peque\u00f1os (6 a 8) &#8211; Medianos\u00a0 (9 a 11) | \u00a1Hagamos nuestro mandala para recoger las buenas energ\u00edas! Un taller para crear los propias mandalas, aprender c\u00f3mo pueden ayudar a regular las emociones y disfrutar de una actividad relajante y creativa.<br \/><\/span><span class=\"fontstyle0\"><strong>22 Acierta |<\/strong><\/span> <span class=\"fontstyle2\">Para todos | Prueba tu punter\u00eda, con las dianas m\u00e1s divertidas.<br \/><\/span><strong><span class=\"fontstyle0\">23 Los bomberos de El Prat|<\/span><\/strong> <span class=\"fontstyle2\">Para todos | Una oportunidad para conocer de cerca la labor de los bomberos de El Prat, aprender sobre sus intervenciones en emergencias, y descubrir c\u00f3mo trabajan para garantizar la seguridad de la comunidad.<\/span><\/p>\n<p>[\/et_pb_toggle][et_pb_toggle title=\u00bbActividades del \u00c1rea de convivencia\u00bb disabled_on=\u00bbon|on|on\u00bb _builder_version=\u00bb4.21.0&#8243; _module_preset=\u00bbdefault\u00bb custom_margin=\u00bb30px||||false|false\u00bb disabled=\u00bbon\u00bb locked=\u00bboff\u00bb global_colors_info=\u00bb{}\u00bb]<\/p>\n<p><strong>24. Toca toca de las emociones<\/strong> | Peque\u00f1os (6 a 8) &#8211; Medianos (9 a 11) &#8211; Familias | A trav\u00e9s del tacto descubrir\u00e1n muchas sensaciones y emociones diversas.<br \/><strong>25. Espacio de experimentaci\u00f3n |<\/strong> Peque\u00f1a Infancia (0 a 5) | Un sitio lleno de materiales para tocar, transportar, colar y mucho m\u00e1s. Especialmente dise\u00f1ado para la peque\u00f1a infancia, donde podr\u00e1n explorar y aprender a trav\u00e9s del juego.<br \/><strong>26. Espacio de lactancia |<\/strong> Peque\u00f1a Infancia (0 a 5) | Lugar especialmente dise\u00f1ado para las familias que vengan con beb\u00e9s y necesiten un espacio donde relajarse y disfrutar de un ambiente sereno y acogedor.<br \/><strong>27. Espacio sensorial |<\/strong> Peque\u00f1a Infancia (0 a 5) | Espacio familiar en el que disfrutar con beb\u00e9s en un entorno natural y pensado especialmente para ellos y ellas, fomentando el aprendizaje y el bienestar.<br \/><strong>28. Cu\u00e9ntame un cuento |<\/strong> Peque\u00f1a Infancia (0 a 5) | Espacio m\u00e1gico donde las familias gozar\u00e1n de la lectura de historias cautivadoras en un entorno natural, fomentando la imaginaci\u00f3n y el disfrute compartido.<br \/><strong>29. Nube de las emociones |<\/strong> Peque\u00f1a Infancia (0 a 5) &#8211; Peque\u00f1os (6 a 8) | Taller de educaci\u00f3n emocional, donde ni\u00f1as y ni\u00f1os podr\u00e1n dibujar y decorar nubes seg\u00fan las emociones que sientan en ese momento, fomentando la expresi\u00f3n emocional y la creatividad.<br \/><strong>30. \u00bfY si quieren? | <\/strong>Peque\u00f1a Infancia (0 a 5) &#8211; Peque\u00f1os (6 a 8) &#8211; Medianos (9 a 11) | Un taller bien creativo, donde podr\u00e1n elegir el p\u00e1jaro que m\u00e1s les guste, pintarlo y conseguir que mueva las alas, al tiempo que fomentan la imaginaci\u00f3n y la destreza manual.<br \/><strong>31. Carpa de circo |<\/strong> Peque\u00f1os (6 a 8) &#8211; Medianos (9 a 11) &#8211; J\u00f3venes (+12) &#8211; Familias | Convi\u00e9rtete en un\/a artista de circo con diversos materiales: bola de equilibrio, slackline, pedalines, pelotas de malabares, di\u00e1bolo, flowerstick, platos chinos, zancos, monociclos, rola-bola, etc.<br \/><strong>32. El artista eres t\u00fa<\/strong> | Para todos | Taller de circo con varios materiales.<br \/><strong>33. Automaquillaje |<\/strong> Para todos | Una actividad que fomenta la iniciativa, la independencia y la creatividad, donde los ni\u00f1os podr\u00e1n tomar conciencia de s\u00ed mismos e identificarse con diferentes personajes. Es un taller libre en el que se podr\u00e1n maquillar en unos tocadores, explorando su imaginaci\u00f3n y expresi\u00f3n personal.<br \/><strong>34. Una carrera muy diferente |<\/strong> Peque\u00f1a Infancia (0 a 5) &#8211; Peque\u00f1os (6 a 8) &#8211; Medianos (9 a 11) | Un recorrido donde pasar\u00e1n por varios desaf\u00edos, poniendo a prueba sus habilidades y disfrutando de una experiencia divertida y estimulante.<br \/><strong>35. Estampaci\u00f3n creativa<\/strong> | Peque\u00f1a Infancia (0 a 5) &#8211; Peque\u00f1os (6 a 8) &#8211; Medianos (9 a 11) | \u00a1Pon a prueba tu imaginaci\u00f3n con el taller de estampaci\u00f3n creativa! Crear\u00e1s estampados \u00fanicos utilizando materiales diversos, fomentando la creatividad y la diversi\u00f3n.<br \/><strong>36. Juegos gigantes |<\/strong> Peque\u00f1os (6 a 8) &#8211; Medianos (9 a 11) &#8211; J\u00f3venes (+12) &#8211; Familias | Una propuesta de juegos gigantes donde podr\u00e1n jugar de forma libre y compartir con otros compa\u00f1eros y compa\u00f1eras un rato divertido, y descubrir aquellos juegos que tienen costumbre de jugar en formato m\u00e1s peque\u00f1o.<br \/><strong>37. Caja de emociones<\/strong> | Para todos | Un espacio en el que recoger y ser conscientes de las emociones y sentimientos, fomentando el autoconocimiento y la expresi\u00f3n emocional.<br \/><strong>38. Vuela con el circo |<\/strong> Para todos | Espacio de circo para hacer telas y trapecios.<br \/><strong>39. Crea y construye |<\/strong> Medianos (9 a 11) &#8211; J\u00f3venes (+12) | Un taller para crear dise\u00f1os originales mientras se relajan y disfrutan de una actividad tranquila y creativa.<br \/><strong>40. Arte en globo |<\/strong> Medianos (9 a 11) &#8211; J\u00f3venes (+12) | Para aprender a modelar en globo y crear diferentes formas, desarrollando la creatividad y habilidades manuales.<br \/><strong>41. B\u00fasqueda del tesoro<\/strong> | Medianos (9 a 11) | Una gincana para resolver enigmas y problemas para llegar a su fin, donde les espera un tesoro.<br \/><strong>42. Jugamos en familia |<\/strong> Medianos (9 a 11) &#8211; J\u00f3venes (+12) &#8211; Familias | Una actividad para descubrir conjuntamente nuevos juegos estimulantes, mientras pasan un rato divertido.<br \/><strong>43. Adivina la emoci\u00f3n<\/strong> | Medianos (9 a 11) &#8211; J\u00f3venes (+12) &#8211; Familias | Una actividad para adivinar qu\u00e9 emoci\u00f3n quiere transmitirse con cada fotograf\u00eda y compartir qu\u00e9 emoci\u00f3n les transmite a los ni\u00f1os y ni\u00f1as.<br \/><strong>44. \u00a1De mil colores! | <\/strong>Peque\u00f1a Infancia (0 a 5) &#8211; Peque\u00f1os (6 a 8) &#8211; Medianos (9 a 11) | Para descubrir la magia del maquillaje de fantas\u00eda, con dise\u00f1os encantadores como mariposas, dragones y flores o dise\u00f1os libres.<br \/><strong>45. Gincana de familias |<\/strong> Familias | Una actividad emblem\u00e1tica en Festa Esplai, donde las familias podr\u00e1n participar en diversas pruebas divertidas y educativas, para fomentar la colaboraci\u00f3n y el aprendizaje mientras disfrutan juntas.<br \/><strong>46. \u200b\u200bToc, Toc, Juego |<\/strong> Para todos | Un taller para explorar la creatividad con materiales reciclados, mientras se divierten y colaboran con otros ni\u00f1os y ni\u00f1as.<br \/><strong>47. Telares cooperativos |<\/strong> Peque\u00f1os (6 a 8) &#8211; Medianos (9 a 11) &#8211; J\u00f3venes (+12) &#8211; Familias | Un taller para tejer confecciones con telares cooperativos, aprender t\u00e9cnicas de costura, dise\u00f1o y crear piezas \u00fanicas.<br \/><strong>48. Deporte por equipos &#8211; Torneo de voleibol |<\/strong> Peque\u00f1os (6 a 8) &#8211; Medianos (9 a 11) | Las escuelas de programas escolares realizan un torneo de voleibol.<br \/><strong>49. Un pu\u00f1ado de juegos |<\/strong> Medianos (9 a 11) &#8211; J\u00f3venes (+12) &#8211; Familias | Para disfrutar de varios juegos de mesa en grupo, fomentando la colaboraci\u00f3n, la resoluci\u00f3n de problemas y la diversi\u00f3n.<br \/><strong>50. Rally joven |<\/strong> J\u00f3venes (+12) | Una gincana con los grupos de j\u00f3venes de los esplais de la Federaci\u00f3n Catalana del Esplai. Una actividad muy esperada que realizan durante todo el fin de semana en Sant Andreu de la Barca. En la Festa Esplai, las j\u00f3venes pondr\u00e1n a prueba su colaboraci\u00f3n y habilidades, mientras disfrutan de una jornada llena de retos y diversi\u00f3n.<\/p>\n<p>[\/et_pb_toggle][et_pb_text disabled_on=\u00bboff|off|off\u00bb admin_label=\u00bbcom arribar\u00bb module_id=\u00bbarribar\u00bb _builder_version=\u00bb4.27.5&#8243; _module_preset=\u00bbdefault\u00bb custom_margin=\u00bb30px||||false|false\u00bb global_colors_info=\u00bb{}\u00bb]<\/p>\n<h3>\u00bfC\u00f3mo llegar a Festa Esplai?<\/h3>\n<p>Desde Fundesplai te recomendamos que vengas en transporte p\u00fablico o, si vives cerca, a pie o en bicicleta.<\/p>\n<ul>\n<li><strong>METRO<\/strong>: L9 &#8211; Parc Nou<\/li>\n<li><strong>AUTOB\u00daS<\/strong>:\n<ul>\n<li>65 y 165 desde Plaza de Espa\u00f1a (Barcelona)<\/li>\n<li>L20, L78, PR1 y PR2 desde la estaci\u00f3n de Renfe del Prat de Llobregat<\/li>\n<\/ul>\n<\/li>\n<li><strong>COCHE<\/strong>: salida Onze de Setembre\/B-250<\/li>\n<\/ul>\n<p>[\/et_pb_text][et_pb_image src=\u00bbhttps:\/\/fundesplai.org\/wp-content\/uploads\/2023\/03\/FESTA-ESPLAI_Flyer-OK.jpg\u00bb title_text=\u00bbFESTA ESPLAI_Flyer OK\u00bb disabled_on=\u00bbon|on|on\u00bb _builder_version=\u00bb4.21.0&#8243; _module_preset=\u00bbdefault\u00bb custom_margin=\u00bb30px||||false|false\u00bb disabled=\u00bbon\u00bb global_colors_info=\u00bb{}\u00bb][\/et_pb_image][et_pb_video src=\u00bbhttps:\/\/www.youtube.com\/watch?v=vA-f0gDPJco\u00bb disabled_on=\u00bboff|off|off\u00bb _builder_version=\u00bb4.27.5&#8243; _module_preset=\u00bbdefault\u00bb custom_margin=\u00bb30px||||false|false\u00bb global_colors_info=\u00bb{}\u00bb][\/et_pb_video][\/et_pb_column][\/et_pb_row][\/et_pb_section]<\/p>\n","protected":false},"excerpt":{"rendered":"<p>Ven a la Festa Esplai el domingo 10 de mayo; \u00a1te esperan m\u00e1s de 50 actividades l\u00fadicas y educativas para todas las edades! \u00a1Te esperamos!<\/p>\n","protected":false},"author":3,"featured_media":72885,"comment_status":"closed","ping_status":"closed","template":"","meta":{"_et_pb_use_builder":"on","_et_pb_old_content":"","_et_gb_content_width":""},"tags":[],"mec_category":[1160],"class_list":["post-72795","mec-events","type-mec-events","status-publish","has-post-thumbnail","hentry","mec_category-fiesta"],"yoast_head":"<!-- This site is optimized with the Yoast SEO plugin v27.5 - https:\/\/yoast.com\/product\/yoast-seo-wordpress\/ -->\n<title>Festa Esplai - Fundesplai<\/title>\n<meta name=\"description\" content=\"Ven a la Festa Esplai el domingo 10 de mayo; \u00a1te esperan m\u00e1s de 50 actividades l\u00fadicas y educativas para todas las edades! \u00a1Te esperamos!\" \/>\n<meta name=\"robots\" content=\"index, follow, max-snippet:-1, max-image-preview:large, max-video-preview:-1\" \/>\n<link rel=\"canonical\" href=\"https:\/\/fundesplai.org\/es\/esdeveniments\/festa-esplai\/\" \/>\n<meta property=\"og:locale\" content=\"es_ES\" \/>\n<meta property=\"og:type\" content=\"article\" \/>\n<meta property=\"og:title\" content=\"Festa Esplai - Fundesplai\" \/>\n<meta property=\"og:description\" content=\"Ven a la Festa Esplai el domingo 10 de mayo; \u00a1te esperan m\u00e1s de 50 actividades l\u00fadicas y educativas para todas las edades! \u00a1Te esperamos!\" \/>\n<meta property=\"og:url\" content=\"https:\/\/fundesplai.org\/es\/esdeveniments\/festa-esplai\/\" \/>\n<meta property=\"og:site_name\" content=\"Fundesplai\" \/>\n<meta property=\"article:modified_time\" content=\"2026-03-11T12:10:20+00:00\" \/>\n<meta property=\"og:image\" content=\"https:\/\/fundesplai.org\/wp-content\/uploads\/2025\/03\/Festa-Esplai-2025-Fundesplai-1.png\" \/>\n\t<meta property=\"og:image:width\" content=\"1000\" \/>\n\t<meta property=\"og:image:height\" content=\"476\" \/>\n\t<meta property=\"og:image:type\" content=\"image\/png\" \/>\n<meta name=\"twitter:card\" content=\"summary_large_image\" \/>\n<meta name=\"twitter:label1\" content=\"Tiempo de lectura\" \/>\n\t<meta name=\"twitter:data1\" content=\"2 minutos\" \/>\n<script type=\"application\/ld+json\" class=\"yoast-schema-graph\">{\"@context\":\"https:\\\/\\\/schema.org\",\"@graph\":[{\"@type\":\"WebPage\",\"@id\":\"https:\\\/\\\/fundesplai.org\\\/es\\\/esdeveniments\\\/festa-esplai\\\/\",\"url\":\"https:\\\/\\\/fundesplai.org\\\/es\\\/esdeveniments\\\/festa-esplai\\\/\",\"name\":\"Festa Esplai - Fundesplai\",\"isPartOf\":{\"@id\":\"https:\\\/\\\/fundesplai.org\\\/es\\\/#website\"},\"primaryImageOfPage\":{\"@id\":\"https:\\\/\\\/fundesplai.org\\\/es\\\/esdeveniments\\\/festa-esplai\\\/#primaryimage\"},\"image\":{\"@id\":\"https:\\\/\\\/fundesplai.org\\\/es\\\/esdeveniments\\\/festa-esplai\\\/#primaryimage\"},\"thumbnailUrl\":\"https:\\\/\\\/fundesplai.org\\\/wp-content\\\/uploads\\\/2025\\\/03\\\/Festa-Esplai-2025-Fundesplai-1.png\",\"datePublished\":\"2023-03-01T18:33:33+00:00\",\"dateModified\":\"2026-03-11T12:10:20+00:00\",\"description\":\"Ven a la Festa Esplai el domingo 10 de mayo; \u00a1te esperan m\u00e1s de 50 actividades l\u00fadicas y educativas para todas las edades! \u00a1Te esperamos!\",\"breadcrumb\":{\"@id\":\"https:\\\/\\\/fundesplai.org\\\/es\\\/esdeveniments\\\/festa-esplai\\\/#breadcrumb\"},\"inLanguage\":\"es\",\"potentialAction\":[{\"@type\":\"ReadAction\",\"target\":[\"https:\\\/\\\/fundesplai.org\\\/es\\\/esdeveniments\\\/festa-esplai\\\/\"]}]},{\"@type\":\"ImageObject\",\"inLanguage\":\"es\",\"@id\":\"https:\\\/\\\/fundesplai.org\\\/es\\\/esdeveniments\\\/festa-esplai\\\/#primaryimage\",\"url\":\"https:\\\/\\\/fundesplai.org\\\/wp-content\\\/uploads\\\/2025\\\/03\\\/Festa-Esplai-2025-Fundesplai-1.png\",\"contentUrl\":\"https:\\\/\\\/fundesplai.org\\\/wp-content\\\/uploads\\\/2025\\\/03\\\/Festa-Esplai-2025-Fundesplai-1.png\",\"width\":1000,\"height\":476},{\"@type\":\"BreadcrumbList\",\"@id\":\"https:\\\/\\\/fundesplai.org\\\/es\\\/esdeveniments\\\/festa-esplai\\\/#breadcrumb\",\"itemListElement\":[{\"@type\":\"ListItem\",\"position\":1,\"name\":\"Inici\",\"item\":\"https:\\\/\\\/fundesplai.org\\\/es\\\/inicio\\\/\"},{\"@type\":\"ListItem\",\"position\":2,\"name\":\"Recursos\",\"item\":\"https:\\\/\\\/fundesplai.org\\\/es\\\/recursos\\\/\"},{\"@type\":\"ListItem\",\"position\":3,\"name\":\"Agenda\",\"item\":\"https:\\\/\\\/fundesplai.org\\\/es\\\/agenda-2\\\/\"},{\"@type\":\"ListItem\",\"position\":4,\"name\":\"Festa Esplai\"}]},{\"@type\":\"WebSite\",\"@id\":\"https:\\\/\\\/fundesplai.org\\\/es\\\/#website\",\"url\":\"https:\\\/\\\/fundesplai.org\\\/es\\\/\",\"name\":\"Fundesplai\",\"description\":\"Eduquem per la conviv\u00e8ncia i la sostenibilitat\",\"potentialAction\":[{\"@type\":\"SearchAction\",\"target\":{\"@type\":\"EntryPoint\",\"urlTemplate\":\"https:\\\/\\\/fundesplai.org\\\/es\\\/?s={search_term_string}\"},\"query-input\":{\"@type\":\"PropertyValueSpecification\",\"valueRequired\":true,\"valueName\":\"search_term_string\"}}],\"inLanguage\":\"es\"}]}<\/script>\n<!-- \/ Yoast SEO plugin. -->","yoast_head_json":{"title":"Festa Esplai - Fundesplai","description":"Ven a la Festa Esplai el domingo 10 de mayo; \u00a1te esperan m\u00e1s de 50 actividades l\u00fadicas y educativas para todas las edades! \u00a1Te esperamos!","robots":{"index":"index","follow":"follow","max-snippet":"max-snippet:-1","max-image-preview":"max-image-preview:large","max-video-preview":"max-video-preview:-1"},"canonical":"https:\/\/fundesplai.org\/es\/esdeveniments\/festa-esplai\/","og_locale":"es_ES","og_type":"article","og_title":"Festa Esplai - Fundesplai","og_description":"Ven a la Festa Esplai el domingo 10 de mayo; \u00a1te esperan m\u00e1s de 50 actividades l\u00fadicas y educativas para todas las edades! \u00a1Te esperamos!","og_url":"https:\/\/fundesplai.org\/es\/esdeveniments\/festa-esplai\/","og_site_name":"Fundesplai","article_modified_time":"2026-03-11T12:10:20+00:00","og_image":[{"width":1000,"height":476,"url":"https:\/\/fundesplai.org\/wp-content\/uploads\/2025\/03\/Festa-Esplai-2025-Fundesplai-1.png","type":"image\/png"}],"twitter_card":"summary_large_image","twitter_misc":{"Tiempo de lectura":"2 minutos"},"schema":{"@context":"https:\/\/schema.org","@graph":[{"@type":"WebPage","@id":"https:\/\/fundesplai.org\/es\/esdeveniments\/festa-esplai\/","url":"https:\/\/fundesplai.org\/es\/esdeveniments\/festa-esplai\/","name":"Festa Esplai - Fundesplai","isPartOf":{"@id":"https:\/\/fundesplai.org\/es\/#website"},"primaryImageOfPage":{"@id":"https:\/\/fundesplai.org\/es\/esdeveniments\/festa-esplai\/#primaryimage"},"image":{"@id":"https:\/\/fundesplai.org\/es\/esdeveniments\/festa-esplai\/#primaryimage"},"thumbnailUrl":"https:\/\/fundesplai.org\/wp-content\/uploads\/2025\/03\/Festa-Esplai-2025-Fundesplai-1.png","datePublished":"2023-03-01T18:33:33+00:00","dateModified":"2026-03-11T12:10:20+00:00","description":"Ven a la Festa Esplai el domingo 10 de mayo; \u00a1te esperan m\u00e1s de 50 actividades l\u00fadicas y educativas para todas las edades! \u00a1Te esperamos!","breadcrumb":{"@id":"https:\/\/fundesplai.org\/es\/esdeveniments\/festa-esplai\/#breadcrumb"},"inLanguage":"es","potentialAction":[{"@type":"ReadAction","target":["https:\/\/fundesplai.org\/es\/esdeveniments\/festa-esplai\/"]}]},{"@type":"ImageObject","inLanguage":"es","@id":"https:\/\/fundesplai.org\/es\/esdeveniments\/festa-esplai\/#primaryimage","url":"https:\/\/fundesplai.org\/wp-content\/uploads\/2025\/03\/Festa-Esplai-2025-Fundesplai-1.png","contentUrl":"https:\/\/fundesplai.org\/wp-content\/uploads\/2025\/03\/Festa-Esplai-2025-Fundesplai-1.png","width":1000,"height":476},{"@type":"BreadcrumbList","@id":"https:\/\/fundesplai.org\/es\/esdeveniments\/festa-esplai\/#breadcrumb","itemListElement":[{"@type":"ListItem","position":1,"name":"Inici","item":"https:\/\/fundesplai.org\/es\/inicio\/"},{"@type":"ListItem","position":2,"name":"Recursos","item":"https:\/\/fundesplai.org\/es\/recursos\/"},{"@type":"ListItem","position":3,"name":"Agenda","item":"https:\/\/fundesplai.org\/es\/agenda-2\/"},{"@type":"ListItem","position":4,"name":"Festa Esplai"}]},{"@type":"WebSite","@id":"https:\/\/fundesplai.org\/es\/#website","url":"https:\/\/fundesplai.org\/es\/","name":"Fundesplai","description":"Eduquem per la conviv\u00e8ncia i la sostenibilitat","potentialAction":[{"@type":"SearchAction","target":{"@type":"EntryPoint","urlTemplate":"https:\/\/fundesplai.org\/es\/?s={search_term_string}"},"query-input":{"@type":"PropertyValueSpecification","valueRequired":true,"valueName":"search_term_string"}}],"inLanguage":"es"}]}},"_links":{"self":[{"href":"https:\/\/fundesplai.org\/es\/wp-json\/wp\/v2\/mec-events\/72795","targetHints":{"allow":["GET"]}}],"collection":[{"href":"https:\/\/fundesplai.org\/es\/wp-json\/wp\/v2\/mec-events"}],"about":[{"href":"https:\/\/fundesplai.org\/es\/wp-json\/wp\/v2\/types\/mec-events"}],"author":[{"embeddable":true,"href":"https:\/\/fundesplai.org\/es\/wp-json\/wp\/v2\/users\/3"}],"replies":[{"embeddable":true,"href":"https:\/\/fundesplai.org\/es\/wp-json\/wp\/v2\/comments?post=72795"}],"wp:featuredmedia":[{"embeddable":true,"href":"https:\/\/fundesplai.org\/es\/wp-json\/wp\/v2\/media\/72885"}],"wp:attachment":[{"href":"https:\/\/fundesplai.org\/es\/wp-json\/wp\/v2\/media?parent=72795"}],"wp:term":[{"taxonomy":"post_tag","embeddable":true,"href":"https:\/\/fundesplai.org\/es\/wp-json\/wp\/v2\/tags?post=72795"},{"taxonomy":"mec_category","embeddable":true,"href":"https:\/\/fundesplai.org\/es\/wp-json\/wp\/v2\/mec_category?post=72795"}],"curies":[{"name":"wp","href":"https:\/\/api.w.org\/{rel}","templated":true}]}}