{"id":68009,"date":"2024-09-20T14:43:45","date_gmt":"2024-09-20T12:43:45","guid":{"rendered":"https:\/\/fundesplai.org\/esdeveniments\/jornada-adaptemonos-a-las-nuevas-obligaciones-economicas-del-tercer-sector\/"},"modified":"2024-09-23T13:54:40","modified_gmt":"2024-09-23T11:54:40","slug":"jornada-adaptemonos-a-las-nuevas-obligaciones-economicas-del-tercer-sector","status":"publish","type":"mec-events","link":"https:\/\/fundesplai.org\/es\/esdeveniments\/jornada-adaptemonos-a-las-nuevas-obligaciones-economicas-del-tercer-sector\/","title":{"rendered":"Jornada &#8216;Adapt\u00e9monos a las nuevas obligaciones econ\u00f3micas del Tercer Sector&#8217;"},"content":{"rendered":"<p>[et_pb_section fb_built=\u00bb1&#8243; theme_builder_area=\u00bbpost_content\u00bb _builder_version=\u00bb4.21.0&#8243; _module_preset=\u00bbdefault\u00bb][et_pb_row _builder_version=\u00bb4.21.0&#8243; _module_preset=\u00bbdefault\u00bb theme_builder_area=\u00bbpost_content\u00bb][et_pb_column _builder_version=\u00bb4.21.0&#8243; _module_preset=\u00bbdefault\u00bb type=\u00bb4_4&#8243; theme_builder_area=\u00bbpost_content\u00bb][et_pb_text _builder_version=\u00bb4.21.0&#8243; _module_preset=\u00bbdefault\u00bb theme_builder_area=\u00bbpost_content\u00bb hover_enabled=\u00bb0&#8243; sticky_enabled=\u00bb0&#8243;]<\/p>\n<p>Ya est\u00e1n abiertas las inscripciones para la jornada anual de <a href=\"https:\/\/suport.fundesplai.org\">Suport Tercer Sector<\/a>: &#8216;<strong>Adapt\u00e9monos a las nuevas obligaciones econ\u00f3micas del Tercer Sector<\/strong>&#8216;. El acto est\u00e1 abierto a todas aquellas entidades y personas interesadas en el tema. Abordaremos las normativas que entrar\u00e1n en vigor en los pr\u00f3ximos meses para <strong>explicar c\u00f3mo tendr\u00e1 que cambiar<\/strong> la forma de gestionar las entidades no lucrativas.  <\/p>\n<p>Trataremos el reglamento que desarrolla la <strong>ley Antifraude<\/strong>, puesto que afectar\u00e1 en los requisitos de los <strong>softwares de facturaci\u00f3n y contabilidad<\/strong>. En este sentido, hablaremos de lo que supone el <strong>nuevo sistema VeriFactu<\/strong>. Tambi\u00e9n, del reglamento <span class=\"ui-provider dz bhw bhx bhy bhz bia bib bic bid bie bif big bih bii bij bik bil bim bin bio bip biq bir bis bit biu biv biw bix biy biz bja bjb bjc bjd\" dir=\"ltr\">que se aprobar\u00e1 en breve y que desarrolla la<\/span> <strong>ley &#8216;Crea y Crece&#8217;,<\/strong> porque influir\u00e1 en la forma <strong>en que se emiten y se reciben las facturas,<\/strong> y en otras informaciones que deber\u00e1n aportarse en relaci\u00f3n con el pago de las facturas. Per tant, a la jornada abordarem la tem\u00e0tica de les factures electr\u00f2niques.<\/p>\n<p>Ante estos cambios, Suport Tercer Sector estamos trabajando en un <strong>nuevo ERP del Tercer Sector<\/strong>. Se trata de un software adaptado a los nuevos requerimientos econ\u00f3micos y necesidades espec\u00edficas de las entidades sin \u00e1nimo de lucro, permitiendo mejorar la gesti\u00f3n de datos internamente y agilizar las tareas, gracias a la automatizaci\u00f3n de procesos administrativos. <\/p>\n<p>[\/et_pb_text][et_pb_button _builder_version=\u00bb4.21.0&#8243; _module_preset=\u00bbdefault\u00bb theme_builder_area=\u00bbpost_content\u00bb button_text=\u00bbInscripciones\u00bb button_url=\u00bbhttps:\/\/suport.fundesplai.org\/es\/blog-es\/actualidad\/23-de-octubre-jornada-adaptemonos-a-las-nuevas-obligaciones-economicas-del-tercer-sector\/\u00bb url_new_window=\u00bbon\u00bb hover_enabled=\u00bb0&#8243; sticky_enabled=\u00bb0&#8243; button_alignment=\u00bbcenter\u00bb][\/et_pb_button][et_pb_image _builder_version=\u00bb4.21.0&#8243; _module_preset=\u00bbdefault\u00bb theme_builder_area=\u00bbpost_content\u00bb alt=\u00bbJornada Suport Tercer Sector: Adapt\u00e9monos a las nuevas obligaciones econ\u00f3micas del tercer sector\u00bb src=\u00bbhttps:\/\/fundesplai.org\/wp-content\/uploads\/2024\/09\/jornada-obligacions-economiques-web.jpg\u00bb align=\u00bbcenter\u00bb hover_enabled=\u00bb0&#8243; sticky_enabled=\u00bb0&#8243;][\/et_pb_image][\/et_pb_column][\/et_pb_row][\/et_pb_section]<\/p>\n","protected":false},"excerpt":{"rendered":"<p>Ya est\u00e1n abiertas las inscripciones para la jornada anual de Suport Tercer Sector: &#8216;Adapt\u00e9monos a las nuevas obligaciones econ\u00f3micas del Tercer Sector&#8217;. El acto est\u00e1 abierto a todas aquellas entidades y personas interesadas en el tema. Abordaremos las normativas que entrar\u00e1n en vigor en los pr\u00f3ximos meses para explicar c\u00f3mo tendr\u00e1 que cambiar la forma [&hellip;]<\/p>\n","protected":false},"author":35,"featured_media":67985,"comment_status":"closed","ping_status":"closed","template":"","meta":{"_et_pb_use_builder":"on","_et_pb_old_content":"","_et_gb_content_width":""},"tags":[],"mec_category":[931],"class_list":["post-68009","mec-events","type-mec-events","status-publish","has-post-thumbnail","hentry","mec_category-jornades"],"yoast_head":"<!-- This site is optimized with the Yoast SEO plugin v27.5 - https:\/\/yoast.com\/product\/yoast-seo-wordpress\/ -->\n<title>Jornada &#039;Adapt\u00e9monos a las nuevas obligaciones econ\u00f3micas del Tercer Sector&#039; - Fundesplai<\/title>\n<meta name=\"description\" content=\"La jornada &#039;Adapt\u00e9monos a las nuevas obligaciones econ\u00f3micas del tercer sector&#039;, tratar\u00e1 la facturaci\u00f3n electr\u00f3nica y el sistema VeriFactu.\" \/>\n<meta name=\"robots\" content=\"index, follow, max-snippet:-1, max-image-preview:large, max-video-preview:-1\" \/>\n<link rel=\"canonical\" href=\"https:\/\/fundesplai.org\/es\/esdeveniments\/jornada-adaptemonos-a-las-nuevas-obligaciones-economicas-del-tercer-sector\/\" \/>\n<meta property=\"og:locale\" content=\"es_ES\" \/>\n<meta property=\"og:type\" content=\"article\" \/>\n<meta property=\"og:title\" content=\"Jornada &#039;Adapt\u00e9monos a las nuevas obligaciones econ\u00f3micas del Tercer Sector&#039; - Fundesplai\" \/>\n<meta property=\"og:description\" content=\"La jornada &#039;Adapt\u00e9monos a las nuevas obligaciones econ\u00f3micas del tercer sector&#039;, tratar\u00e1 la facturaci\u00f3n electr\u00f3nica y el sistema VeriFactu.\" \/>\n<meta property=\"og:url\" content=\"https:\/\/fundesplai.org\/es\/esdeveniments\/jornada-adaptemonos-a-las-nuevas-obligaciones-economicas-del-tercer-sector\/\" \/>\n<meta property=\"og:site_name\" content=\"Fundesplai\" \/>\n<meta property=\"article:modified_time\" content=\"2024-09-23T11:54:40+00:00\" \/>\n<meta property=\"og:image\" content=\"https:\/\/fundesplai.org\/wp-content\/uploads\/2024\/09\/jornada-suport-obligacions-economiques-tercer-sector.jpg\" \/>\n\t<meta property=\"og:image:width\" content=\"1888\" \/>\n\t<meta property=\"og:image:height\" content=\"900\" \/>\n\t<meta property=\"og:image:type\" content=\"image\/jpeg\" \/>\n<meta name=\"twitter:card\" content=\"summary_large_image\" \/>\n<meta name=\"twitter:label1\" content=\"Tiempo de lectura\" \/>\n\t<meta name=\"twitter:data1\" content=\"2 minutos\" \/>\n<script type=\"application\/ld+json\" class=\"yoast-schema-graph\">{\"@context\":\"https:\\\/\\\/schema.org\",\"@graph\":[{\"@type\":\"WebPage\",\"@id\":\"https:\\\/\\\/fundesplai.org\\\/es\\\/esdeveniments\\\/jornada-adaptemonos-a-las-nuevas-obligaciones-economicas-del-tercer-sector\\\/\",\"url\":\"https:\\\/\\\/fundesplai.org\\\/es\\\/esdeveniments\\\/jornada-adaptemonos-a-las-nuevas-obligaciones-economicas-del-tercer-sector\\\/\",\"name\":\"Jornada 'Adapt\u00e9monos a las nuevas obligaciones econ\u00f3micas del Tercer Sector' - Fundesplai\",\"isPartOf\":{\"@id\":\"https:\\\/\\\/fundesplai.org\\\/es\\\/#website\"},\"primaryImageOfPage\":{\"@id\":\"https:\\\/\\\/fundesplai.org\\\/es\\\/esdeveniments\\\/jornada-adaptemonos-a-las-nuevas-obligaciones-economicas-del-tercer-sector\\\/#primaryimage\"},\"image\":{\"@id\":\"https:\\\/\\\/fundesplai.org\\\/es\\\/esdeveniments\\\/jornada-adaptemonos-a-las-nuevas-obligaciones-economicas-del-tercer-sector\\\/#primaryimage\"},\"thumbnailUrl\":\"https:\\\/\\\/fundesplai.org\\\/wp-content\\\/uploads\\\/2024\\\/09\\\/jornada-suport-obligacions-economiques-tercer-sector.jpg\",\"datePublished\":\"2024-09-20T12:43:45+00:00\",\"dateModified\":\"2024-09-23T11:54:40+00:00\",\"description\":\"La jornada 'Adapt\u00e9monos a las nuevas obligaciones econ\u00f3micas del tercer sector', tratar\u00e1 la facturaci\u00f3n electr\u00f3nica y el sistema VeriFactu.\",\"breadcrumb\":{\"@id\":\"https:\\\/\\\/fundesplai.org\\\/es\\\/esdeveniments\\\/jornada-adaptemonos-a-las-nuevas-obligaciones-economicas-del-tercer-sector\\\/#breadcrumb\"},\"inLanguage\":\"es\",\"potentialAction\":[{\"@type\":\"ReadAction\",\"target\":[\"https:\\\/\\\/fundesplai.org\\\/es\\\/esdeveniments\\\/jornada-adaptemonos-a-las-nuevas-obligaciones-economicas-del-tercer-sector\\\/\"]}]},{\"@type\":\"ImageObject\",\"inLanguage\":\"es\",\"@id\":\"https:\\\/\\\/fundesplai.org\\\/es\\\/esdeveniments\\\/jornada-adaptemonos-a-las-nuevas-obligaciones-economicas-del-tercer-sector\\\/#primaryimage\",\"url\":\"https:\\\/\\\/fundesplai.org\\\/wp-content\\\/uploads\\\/2024\\\/09\\\/jornada-suport-obligacions-economiques-tercer-sector.jpg\",\"contentUrl\":\"https:\\\/\\\/fundesplai.org\\\/wp-content\\\/uploads\\\/2024\\\/09\\\/jornada-suport-obligacions-economiques-tercer-sector.jpg\",\"width\":1888,\"height\":900,\"caption\":\"Jornada de Suport Tercer Sector:\"},{\"@type\":\"BreadcrumbList\",\"@id\":\"https:\\\/\\\/fundesplai.org\\\/es\\\/esdeveniments\\\/jornada-adaptemonos-a-las-nuevas-obligaciones-economicas-del-tercer-sector\\\/#breadcrumb\",\"itemListElement\":[{\"@type\":\"ListItem\",\"position\":1,\"name\":\"Inici\",\"item\":\"https:\\\/\\\/fundesplai.org\\\/es\\\/inicio\\\/\"},{\"@type\":\"ListItem\",\"position\":2,\"name\":\"Recursos\",\"item\":\"https:\\\/\\\/fundesplai.org\\\/es\\\/recursos\\\/\"},{\"@type\":\"ListItem\",\"position\":3,\"name\":\"Agenda\",\"item\":\"https:\\\/\\\/fundesplai.org\\\/es\\\/agenda-2\\\/\"},{\"@type\":\"ListItem\",\"position\":4,\"name\":\"Jornada &#8216;Adapt\u00e9monos a las nuevas obligaciones econ\u00f3micas del Tercer Sector&#8217;\"}]},{\"@type\":\"WebSite\",\"@id\":\"https:\\\/\\\/fundesplai.org\\\/es\\\/#website\",\"url\":\"https:\\\/\\\/fundesplai.org\\\/es\\\/\",\"name\":\"Fundesplai\",\"description\":\"Eduquem per la conviv\u00e8ncia i la sostenibilitat\",\"potentialAction\":[{\"@type\":\"SearchAction\",\"target\":{\"@type\":\"EntryPoint\",\"urlTemplate\":\"https:\\\/\\\/fundesplai.org\\\/es\\\/?s={search_term_string}\"},\"query-input\":{\"@type\":\"PropertyValueSpecification\",\"valueRequired\":true,\"valueName\":\"search_term_string\"}}],\"inLanguage\":\"es\"}]}<\/script>\n<!-- \/ Yoast SEO plugin. -->","yoast_head_json":{"title":"Jornada 'Adapt\u00e9monos a las nuevas obligaciones econ\u00f3micas del Tercer Sector' - Fundesplai","description":"La jornada 'Adapt\u00e9monos a las nuevas obligaciones econ\u00f3micas del tercer sector', tratar\u00e1 la facturaci\u00f3n electr\u00f3nica y el sistema VeriFactu.","robots":{"index":"index","follow":"follow","max-snippet":"max-snippet:-1","max-image-preview":"max-image-preview:large","max-video-preview":"max-video-preview:-1"},"canonical":"https:\/\/fundesplai.org\/es\/esdeveniments\/jornada-adaptemonos-a-las-nuevas-obligaciones-economicas-del-tercer-sector\/","og_locale":"es_ES","og_type":"article","og_title":"Jornada 'Adapt\u00e9monos a las nuevas obligaciones econ\u00f3micas del Tercer Sector' - Fundesplai","og_description":"La jornada 'Adapt\u00e9monos a las nuevas obligaciones econ\u00f3micas del tercer sector', tratar\u00e1 la facturaci\u00f3n electr\u00f3nica y el sistema VeriFactu.","og_url":"https:\/\/fundesplai.org\/es\/esdeveniments\/jornada-adaptemonos-a-las-nuevas-obligaciones-economicas-del-tercer-sector\/","og_site_name":"Fundesplai","article_modified_time":"2024-09-23T11:54:40+00:00","og_image":[{"width":1888,"height":900,"url":"https:\/\/fundesplai.org\/wp-content\/uploads\/2024\/09\/jornada-suport-obligacions-economiques-tercer-sector.jpg","type":"image\/jpeg"}],"twitter_card":"summary_large_image","twitter_misc":{"Tiempo de lectura":"2 minutos"},"schema":{"@context":"https:\/\/schema.org","@graph":[{"@type":"WebPage","@id":"https:\/\/fundesplai.org\/es\/esdeveniments\/jornada-adaptemonos-a-las-nuevas-obligaciones-economicas-del-tercer-sector\/","url":"https:\/\/fundesplai.org\/es\/esdeveniments\/jornada-adaptemonos-a-las-nuevas-obligaciones-economicas-del-tercer-sector\/","name":"Jornada 'Adapt\u00e9monos a las nuevas obligaciones econ\u00f3micas del Tercer Sector' - Fundesplai","isPartOf":{"@id":"https:\/\/fundesplai.org\/es\/#website"},"primaryImageOfPage":{"@id":"https:\/\/fundesplai.org\/es\/esdeveniments\/jornada-adaptemonos-a-las-nuevas-obligaciones-economicas-del-tercer-sector\/#primaryimage"},"image":{"@id":"https:\/\/fundesplai.org\/es\/esdeveniments\/jornada-adaptemonos-a-las-nuevas-obligaciones-economicas-del-tercer-sector\/#primaryimage"},"thumbnailUrl":"https:\/\/fundesplai.org\/wp-content\/uploads\/2024\/09\/jornada-suport-obligacions-economiques-tercer-sector.jpg","datePublished":"2024-09-20T12:43:45+00:00","dateModified":"2024-09-23T11:54:40+00:00","description":"La jornada 'Adapt\u00e9monos a las nuevas obligaciones econ\u00f3micas del tercer sector', tratar\u00e1 la facturaci\u00f3n electr\u00f3nica y el sistema VeriFactu.","breadcrumb":{"@id":"https:\/\/fundesplai.org\/es\/esdeveniments\/jornada-adaptemonos-a-las-nuevas-obligaciones-economicas-del-tercer-sector\/#breadcrumb"},"inLanguage":"es","potentialAction":[{"@type":"ReadAction","target":["https:\/\/fundesplai.org\/es\/esdeveniments\/jornada-adaptemonos-a-las-nuevas-obligaciones-economicas-del-tercer-sector\/"]}]},{"@type":"ImageObject","inLanguage":"es","@id":"https:\/\/fundesplai.org\/es\/esdeveniments\/jornada-adaptemonos-a-las-nuevas-obligaciones-economicas-del-tercer-sector\/#primaryimage","url":"https:\/\/fundesplai.org\/wp-content\/uploads\/2024\/09\/jornada-suport-obligacions-economiques-tercer-sector.jpg","contentUrl":"https:\/\/fundesplai.org\/wp-content\/uploads\/2024\/09\/jornada-suport-obligacions-economiques-tercer-sector.jpg","width":1888,"height":900,"caption":"Jornada de Suport Tercer Sector:"},{"@type":"BreadcrumbList","@id":"https:\/\/fundesplai.org\/es\/esdeveniments\/jornada-adaptemonos-a-las-nuevas-obligaciones-economicas-del-tercer-sector\/#breadcrumb","itemListElement":[{"@type":"ListItem","position":1,"name":"Inici","item":"https:\/\/fundesplai.org\/es\/inicio\/"},{"@type":"ListItem","position":2,"name":"Recursos","item":"https:\/\/fundesplai.org\/es\/recursos\/"},{"@type":"ListItem","position":3,"name":"Agenda","item":"https:\/\/fundesplai.org\/es\/agenda-2\/"},{"@type":"ListItem","position":4,"name":"Jornada &#8216;Adapt\u00e9monos a las nuevas obligaciones econ\u00f3micas del Tercer Sector&#8217;"}]},{"@type":"WebSite","@id":"https:\/\/fundesplai.org\/es\/#website","url":"https:\/\/fundesplai.org\/es\/","name":"Fundesplai","description":"Eduquem per la conviv\u00e8ncia i la sostenibilitat","potentialAction":[{"@type":"SearchAction","target":{"@type":"EntryPoint","urlTemplate":"https:\/\/fundesplai.org\/es\/?s={search_term_string}"},"query-input":{"@type":"PropertyValueSpecification","valueRequired":true,"valueName":"search_term_string"}}],"inLanguage":"es"}]}},"_links":{"self":[{"href":"https:\/\/fundesplai.org\/es\/wp-json\/wp\/v2\/mec-events\/68009","targetHints":{"allow":["GET"]}}],"collection":[{"href":"https:\/\/fundesplai.org\/es\/wp-json\/wp\/v2\/mec-events"}],"about":[{"href":"https:\/\/fundesplai.org\/es\/wp-json\/wp\/v2\/types\/mec-events"}],"author":[{"embeddable":true,"href":"https:\/\/fundesplai.org\/es\/wp-json\/wp\/v2\/users\/35"}],"replies":[{"embeddable":true,"href":"https:\/\/fundesplai.org\/es\/wp-json\/wp\/v2\/comments?post=68009"}],"wp:featuredmedia":[{"embeddable":true,"href":"https:\/\/fundesplai.org\/es\/wp-json\/wp\/v2\/media\/67985"}],"wp:attachment":[{"href":"https:\/\/fundesplai.org\/es\/wp-json\/wp\/v2\/media?parent=68009"}],"wp:term":[{"taxonomy":"post_tag","embeddable":true,"href":"https:\/\/fundesplai.org\/es\/wp-json\/wp\/v2\/tags?post=68009"},{"taxonomy":"mec_category","embeddable":true,"href":"https:\/\/fundesplai.org\/es\/wp-json\/wp\/v2\/mec_category?post=68009"}],"curies":[{"name":"wp","href":"https:\/\/api.w.org\/{rel}","templated":true}]}}