{"id":67470,"date":"2024-06-20T11:15:25","date_gmt":"2024-06-20T09:15:25","guid":{"rendered":"https:\/\/fundesplai.org\/informa-t\/diari\/diario-fundesplai-89\/"},"modified":"2025-12-22T12:13:51","modified_gmt":"2025-12-22T11:13:51","slug":"diario-fundesplai-89","status":"publish","type":"diari","link":"https:\/\/fundesplai.org\/es\/informa-t\/diari\/diario-fundesplai-89\/","title":{"rendered":"Diario Fundesplai 89"},"content":{"rendered":"<p><span style=\"color: #000000\">En el n\u00famero 89 del <strong>Diario de Fundesplai<\/strong> te explicamos c\u00f3mo preparamos el verano a trav\u00e9s de los testigos de las personas protagonistas. Tambi\u00e9n recuperamos lo m\u00e1s destacado del estudio publicado por la UB sobre el <strong>Tiempo Educativo del Mediod\u00eda<\/strong> y los beneficios para los ni\u00f1os. Adem\u00e1s, presentamos el <strong>nuevo proyecto sobre alimentaci\u00f3n sostenible<\/strong> , cambio clim\u00e1tico y biodiversidad. En la entrevista hablamos de <strong>inteligencia artificial<\/strong> con <strong>Karina Gibert<\/strong> , directora del centro de investigaci\u00f3n Intelligent Data Science and Artificial Intelligence de la UPC. <\/span><\/p>\n","protected":false},"featured_media":79996,"template":"","class_list":["post-67470","diari","type-diari","status-publish","has-post-thumbnail","hentry"],"yoast_head":"<!-- This site is optimized with the Yoast SEO plugin v27.5 - https:\/\/yoast.com\/product\/yoast-seo-wordpress\/ -->\n<title>Diario Fundesplai 89 - Fundesplai<\/title>\n<meta name=\"description\" content=\"En el Diari Fundesplai 89 explicamos c\u00f3mo preparamos el verano en Fundesplai a trav\u00e9s de los testimonios de las personas protagonistas.\" \/>\n<meta name=\"robots\" content=\"index, follow, max-snippet:-1, max-image-preview:large, max-video-preview:-1\" \/>\n<link rel=\"canonical\" href=\"https:\/\/fundesplai.org\/es\/informa-t\/diari\/diario-fundesplai-89\/\" \/>\n<meta property=\"og:locale\" content=\"es_ES\" \/>\n<meta property=\"og:type\" content=\"article\" \/>\n<meta property=\"og:title\" content=\"Diario Fundesplai 89 - Fundesplai\" \/>\n<meta property=\"og:description\" content=\"En el Diari Fundesplai 89 explicamos c\u00f3mo preparamos el verano en Fundesplai a trav\u00e9s de los testimonios de las personas protagonistas.\" \/>\n<meta property=\"og:url\" content=\"https:\/\/fundesplai.org\/es\/informa-t\/diari\/diario-fundesplai-89\/\" \/>\n<meta property=\"og:site_name\" content=\"Fundesplai\" \/>\n<meta property=\"article:modified_time\" content=\"2025-12-22T11:13:51+00:00\" \/>\n<meta property=\"og:image\" content=\"https:\/\/fundesplai.org\/wp-content\/uploads\/2024\/06\/diari-89-en-baixa_page-0001.jpg\" \/>\n\t<meta property=\"og:image:width\" content=\"1332\" \/>\n\t<meta property=\"og:image:height\" content=\"1920\" \/>\n\t<meta property=\"og:image:type\" content=\"image\/jpeg\" \/>\n<meta name=\"twitter:card\" content=\"summary_large_image\" \/>\n<meta name=\"twitter:label1\" content=\"Tiempo de lectura\" \/>\n\t<meta name=\"twitter:data1\" content=\"1 minuto\" \/>\n<script type=\"application\/ld+json\" class=\"yoast-schema-graph\">{\"@context\":\"https:\\\/\\\/schema.org\",\"@graph\":[{\"@type\":\"WebPage\",\"@id\":\"https:\\\/\\\/fundesplai.org\\\/es\\\/informa-t\\\/diari\\\/diario-fundesplai-89\\\/\",\"url\":\"https:\\\/\\\/fundesplai.org\\\/es\\\/informa-t\\\/diari\\\/diario-fundesplai-89\\\/\",\"name\":\"Diario Fundesplai 89 - Fundesplai\",\"isPartOf\":{\"@id\":\"https:\\\/\\\/fundesplai.org\\\/es\\\/#website\"},\"primaryImageOfPage\":{\"@id\":\"https:\\\/\\\/fundesplai.org\\\/es\\\/informa-t\\\/diari\\\/diario-fundesplai-89\\\/#primaryimage\"},\"image\":{\"@id\":\"https:\\\/\\\/fundesplai.org\\\/es\\\/informa-t\\\/diari\\\/diario-fundesplai-89\\\/#primaryimage\"},\"thumbnailUrl\":\"https:\\\/\\\/fundesplai.org\\\/wp-content\\\/uploads\\\/2024\\\/06\\\/diari-89-en-baixa_page-0001.jpg\",\"datePublished\":\"2024-06-20T09:15:25+00:00\",\"dateModified\":\"2025-12-22T11:13:51+00:00\",\"description\":\"En el Diari Fundesplai 89 explicamos c\u00f3mo preparamos el verano en Fundesplai a trav\u00e9s de los testimonios de las personas protagonistas.\",\"breadcrumb\":{\"@id\":\"https:\\\/\\\/fundesplai.org\\\/es\\\/informa-t\\\/diari\\\/diario-fundesplai-89\\\/#breadcrumb\"},\"inLanguage\":\"es\",\"potentialAction\":[{\"@type\":\"ReadAction\",\"target\":[\"https:\\\/\\\/fundesplai.org\\\/es\\\/informa-t\\\/diari\\\/diario-fundesplai-89\\\/\"]}]},{\"@type\":\"ImageObject\",\"inLanguage\":\"es\",\"@id\":\"https:\\\/\\\/fundesplai.org\\\/es\\\/informa-t\\\/diari\\\/diario-fundesplai-89\\\/#primaryimage\",\"url\":\"https:\\\/\\\/fundesplai.org\\\/wp-content\\\/uploads\\\/2024\\\/06\\\/diari-89-en-baixa_page-0001.jpg\",\"contentUrl\":\"https:\\\/\\\/fundesplai.org\\\/wp-content\\\/uploads\\\/2024\\\/06\\\/diari-89-en-baixa_page-0001.jpg\",\"width\":1332,\"height\":1920,\"caption\":\"Diari 89 de Fundesplai\"},{\"@type\":\"BreadcrumbList\",\"@id\":\"https:\\\/\\\/fundesplai.org\\\/es\\\/informa-t\\\/diari\\\/diario-fundesplai-89\\\/#breadcrumb\",\"itemListElement\":[{\"@type\":\"ListItem\",\"position\":1,\"name\":\"Inici\",\"item\":\"https:\\\/\\\/fundesplai.org\\\/es\\\/inicio\\\/\"},{\"@type\":\"ListItem\",\"position\":2,\"name\":\"Diario Fundesplai 89\"}]},{\"@type\":\"WebSite\",\"@id\":\"https:\\\/\\\/fundesplai.org\\\/es\\\/#website\",\"url\":\"https:\\\/\\\/fundesplai.org\\\/es\\\/\",\"name\":\"Fundesplai\",\"description\":\"Eduquem per la conviv\u00e8ncia i la sostenibilitat\",\"potentialAction\":[{\"@type\":\"SearchAction\",\"target\":{\"@type\":\"EntryPoint\",\"urlTemplate\":\"https:\\\/\\\/fundesplai.org\\\/es\\\/?s={search_term_string}\"},\"query-input\":{\"@type\":\"PropertyValueSpecification\",\"valueRequired\":true,\"valueName\":\"search_term_string\"}}],\"inLanguage\":\"es\"}]}<\/script>\n<!-- \/ Yoast SEO plugin. -->","yoast_head_json":{"title":"Diario Fundesplai 89 - Fundesplai","description":"En el Diari Fundesplai 89 explicamos c\u00f3mo preparamos el verano en Fundesplai a trav\u00e9s de los testimonios de las personas protagonistas.","robots":{"index":"index","follow":"follow","max-snippet":"max-snippet:-1","max-image-preview":"max-image-preview:large","max-video-preview":"max-video-preview:-1"},"canonical":"https:\/\/fundesplai.org\/es\/informa-t\/diari\/diario-fundesplai-89\/","og_locale":"es_ES","og_type":"article","og_title":"Diario Fundesplai 89 - Fundesplai","og_description":"En el Diari Fundesplai 89 explicamos c\u00f3mo preparamos el verano en Fundesplai a trav\u00e9s de los testimonios de las personas protagonistas.","og_url":"https:\/\/fundesplai.org\/es\/informa-t\/diari\/diario-fundesplai-89\/","og_site_name":"Fundesplai","article_modified_time":"2025-12-22T11:13:51+00:00","og_image":[{"width":1332,"height":1920,"url":"https:\/\/fundesplai.org\/wp-content\/uploads\/2024\/06\/diari-89-en-baixa_page-0001.jpg","type":"image\/jpeg"}],"twitter_card":"summary_large_image","twitter_misc":{"Tiempo de lectura":"1 minuto"},"schema":{"@context":"https:\/\/schema.org","@graph":[{"@type":"WebPage","@id":"https:\/\/fundesplai.org\/es\/informa-t\/diari\/diario-fundesplai-89\/","url":"https:\/\/fundesplai.org\/es\/informa-t\/diari\/diario-fundesplai-89\/","name":"Diario Fundesplai 89 - Fundesplai","isPartOf":{"@id":"https:\/\/fundesplai.org\/es\/#website"},"primaryImageOfPage":{"@id":"https:\/\/fundesplai.org\/es\/informa-t\/diari\/diario-fundesplai-89\/#primaryimage"},"image":{"@id":"https:\/\/fundesplai.org\/es\/informa-t\/diari\/diario-fundesplai-89\/#primaryimage"},"thumbnailUrl":"https:\/\/fundesplai.org\/wp-content\/uploads\/2024\/06\/diari-89-en-baixa_page-0001.jpg","datePublished":"2024-06-20T09:15:25+00:00","dateModified":"2025-12-22T11:13:51+00:00","description":"En el Diari Fundesplai 89 explicamos c\u00f3mo preparamos el verano en Fundesplai a trav\u00e9s de los testimonios de las personas protagonistas.","breadcrumb":{"@id":"https:\/\/fundesplai.org\/es\/informa-t\/diari\/diario-fundesplai-89\/#breadcrumb"},"inLanguage":"es","potentialAction":[{"@type":"ReadAction","target":["https:\/\/fundesplai.org\/es\/informa-t\/diari\/diario-fundesplai-89\/"]}]},{"@type":"ImageObject","inLanguage":"es","@id":"https:\/\/fundesplai.org\/es\/informa-t\/diari\/diario-fundesplai-89\/#primaryimage","url":"https:\/\/fundesplai.org\/wp-content\/uploads\/2024\/06\/diari-89-en-baixa_page-0001.jpg","contentUrl":"https:\/\/fundesplai.org\/wp-content\/uploads\/2024\/06\/diari-89-en-baixa_page-0001.jpg","width":1332,"height":1920,"caption":"Diari 89 de Fundesplai"},{"@type":"BreadcrumbList","@id":"https:\/\/fundesplai.org\/es\/informa-t\/diari\/diario-fundesplai-89\/#breadcrumb","itemListElement":[{"@type":"ListItem","position":1,"name":"Inici","item":"https:\/\/fundesplai.org\/es\/inicio\/"},{"@type":"ListItem","position":2,"name":"Diario Fundesplai 89"}]},{"@type":"WebSite","@id":"https:\/\/fundesplai.org\/es\/#website","url":"https:\/\/fundesplai.org\/es\/","name":"Fundesplai","description":"Eduquem per la conviv\u00e8ncia i la sostenibilitat","potentialAction":[{"@type":"SearchAction","target":{"@type":"EntryPoint","urlTemplate":"https:\/\/fundesplai.org\/es\/?s={search_term_string}"},"query-input":{"@type":"PropertyValueSpecification","valueRequired":true,"valueName":"search_term_string"}}],"inLanguage":"es"}]}},"_links":{"self":[{"href":"https:\/\/fundesplai.org\/es\/wp-json\/wp\/v2\/diari\/67470","targetHints":{"allow":["GET"]}}],"collection":[{"href":"https:\/\/fundesplai.org\/es\/wp-json\/wp\/v2\/diari"}],"about":[{"href":"https:\/\/fundesplai.org\/es\/wp-json\/wp\/v2\/types\/diari"}],"wp:featuredmedia":[{"embeddable":true,"href":"https:\/\/fundesplai.org\/es\/wp-json\/wp\/v2\/media\/79996"}],"wp:attachment":[{"href":"https:\/\/fundesplai.org\/es\/wp-json\/wp\/v2\/media?parent=67470"}],"curies":[{"name":"wp","href":"https:\/\/api.w.org\/{rel}","templated":true}]}}