{"id":5,"date":"2021-08-10T11:45:02","date_gmt":"2021-08-10T09:45:02","guid":{"rendered":"https:\/\/fundesplai.org\/compartir\/?page_id=5"},"modified":"2024-01-16T11:20:08","modified_gmt":"2024-01-16T10:20:08","slug":"presentacio","status":"publish","type":"page","link":"https:\/\/fundesplai.org\/compartir\/","title":{"rendered":"Presentaci\u00f3"},"content":{"rendered":"[et_pb_section fb_built=&#8221;1&#8243; fullwidth=&#8221;on&#8221; _builder_version=&#8221;4.19.0&#8243; _module_preset=&#8221;default&#8221; global_colors_info=&#8221;{}&#8221;][et_pb_fullwidth_image src=&#8221;https:\/\/fundesplai.org\/compartir\/wp-content\/uploads\/sites\/9\/2023\/02\/portada_subsitecompartir.jpg&#8221; title_text=&#8221;portada_subsitecompartir&#8221; _builder_version=&#8221;4.19.0&#8243; _module_preset=&#8221;default&#8221; global_colors_info=&#8221;{}&#8221;][\/et_pb_fullwidth_image][\/et_pb_section][et_pb_section fb_built=&#8221;1&#8243; _builder_version=&#8221;4.19.0&#8243; _module_preset=&#8221;default&#8221; global_colors_info=&#8221;{}&#8221;][et_pb_row _builder_version=&#8221;4.19.0&#8243; _module_preset=&#8221;default&#8221; global_colors_info=&#8221;{}&#8221;][et_pb_column type=&#8221;4_4&#8243; _builder_version=&#8221;4.19.0&#8243; _module_preset=&#8221;default&#8221; global_colors_info=&#8221;{}&#8221;][et_pb_text _builder_version=&#8221;4.21.0&#8243; _module_preset=&#8221;default&#8221; global_colors_info=&#8221;{}&#8221;]<h2 style=\"text-align: center\">Qu\u00e8 \u00e9s?<\/h2>\n<p style=\"text-align: center\"><strong>Comaprtir <\/strong>\u00e9s la proposta educativa de <strong><a href=\"https:\/\/fundesplai.org\/ca\/\">Fundesplai<\/a><\/strong> per als cursos 2006-2007. La proposta educativa Compartir \u00e9s una oportunitat per aprofundir en una ciutadania compromesa, \u00e9s a dir, en les experi\u00e8ncies d&#8217;aprenentatge-servei que l&#8217;esplai pot oferir als infants i joves. Durant molts anys, els esplais hem impulsat accions d&#8217;utilitat social sense donar-li el nom d&#8217;aprenentatge-servei: camps de treball, campanyes solid\u00e0ries, intervencions directes en els barris per millorar la qualitat de vida dels ve\u00efns&#8230;<\/p>\n<p style=\"text-align: center\">La campanya C2 ciutadans compromesos, impulsada per la Fundaci\u00f3 Catalana de l&#8217;Esplai, tracta que els infants i joves participin directament en la societat, que actu\u00efn positivament contribuint a millorar l&#8217;entorn. I fer-ho embrutant-se les mans, en lloc de nom\u00e9s parlar de la import\u00e0ncia de la participaci\u00f3, o nom\u00e9s practicar jocs i din\u00e0miques de grup per exercitar habilitats socials. Tot aix\u00f2 \u00e9s interessant, per\u00f2 per aprendre a ser ciutad\u00e0 cal implicar-se i passar a l&#8217;acci\u00f3.<\/p>\n<p style=\"text-align: center\">Per aix\u00f2, la proposta educativa Compartir \u00e9s un instrument molt valu\u00f3s d&#8217;aquesta campanya, i constitueix una eina per fer emergir les experi\u00e8ncies educatives dels esplais en les quals els infants i joves actuen comprometent-se amb la societat que els envolta.<br \/>En aquestes experi\u00e8ncies, els nois i noies reben, &#8220;surten guanyant&#8221;: en aprenentatges de coneixements, habilitats, actituds i valors&#8230; I tamb\u00e9 donen, creativament, alguna cosa d&#8217;ells mateixos a la societat, pensant en els altres i no en s\u00ed mateixos.<\/p>[\/et_pb_text][\/et_pb_column][\/et_pb_row][\/et_pb_section][et_pb_section fb_built=&#8221;1&#8243; _builder_version=&#8221;4.19.0&#8243; _module_preset=&#8221;default&#8221; background_image=&#8221;https:\/\/fundesplai.org\/compartir\/wp-content\/uploads\/sites\/9\/2023\/02\/fons_compartir3.png&#8221; background_size=&#8221;contain&#8221; background_position=&#8221;center_left&#8221; custom_margin=&#8221;||40px||false|false&#8221; locked=&#8221;off&#8221; global_colors_info=&#8221;{}&#8221;][et_pb_row _builder_version=&#8221;4.17.4&#8243; _module_preset=&#8221;default&#8221; locked=&#8221;off&#8221; global_colors_info=&#8221;{}&#8221;][et_pb_column type=&#8221;4_4&#8243; _builder_version=&#8221;4.17.4&#8243; _module_preset=&#8221;default&#8221; global_colors_info=&#8221;{}&#8221;][et_pb_text admin_label=&#8221;Objectius&#8221; _builder_version=&#8221;4.19.0&#8243; _module_preset=&#8221;default&#8221; custom_margin=&#8221;40px||30px||false|false&#8221; global_colors_info=&#8221;{}&#8221;]<h2>Objectius de la proposta<\/h2>\n<p>Els objectius educatius generals de la proposta \u00c0gora s\u2019articulen al voltant dels quatre valors humans de la Fundaci\u00f3 Catalana de l\u2019Esplai:<\/p>[\/et_pb_text][\/et_pb_column][\/et_pb_row][et_pb_row column_structure=&#8221;1_2,1_2&#8243; use_custom_gutter=&#8221;on&#8221; gutter_width=&#8221;4&#8243; module_class=&#8221;graella-icona-circular-giratoria&#8221; _builder_version=&#8221;4.17.4&#8243; locked=&#8221;off&#8221; global_colors_info=&#8221;{}&#8221;][et_pb_column type=&#8221;1_2&#8243; _builder_version=&#8221;4.16&#8243; custom_padding=&#8221;|||&#8221; global_colors_info=&#8221;{}&#8221; custom_padding__hover=&#8221;|||&#8221;][et_pb_blurb title=&#8221;Utopia&#8221; use_icon=&#8221;on&#8221; font_icon=&#8221;&#xf7f5;||fa||900&#8243; icon_color=&#8221;#333333&#8243; icon_placement=&#8221;left&#8221; _builder_version=&#8221;4.17.4&#8243; custom_margin=&#8221;||0px|&#8221; z_index_tablet=&#8221;500&#8243; global_colors_info=&#8221;{}&#8221;]<p><strong>Contribuir a millorar el m\u00f3n mitjan\u00e7ant l\u2019exercici de la participaci\u00f3<\/strong>\u00a0i el comprom\u00eds social per esdevenir ciutadans i ciutadanes millors, i persones m\u00e9s felices. Desitjar un altre m\u00f3n \u00e9s possible.<\/p>[\/et_pb_blurb][\/et_pb_column][et_pb_column type=&#8221;1_2&#8243; _builder_version=&#8221;4.16&#8243; custom_padding=&#8221;|||&#8221; global_colors_info=&#8221;{}&#8221; custom_padding__hover=&#8221;|||&#8221;][et_pb_blurb title=&#8221;Iniciativa&#8221; use_icon=&#8221;on&#8221; font_icon=&#8221;&#xf255;||fa||900&#8243; icon_color=&#8221;#333333&#8243; icon_placement=&#8221;left&#8221; _builder_version=&#8221;4.17.4&#8243; custom_margin=&#8221;||0px|&#8221; z_index_tablet=&#8221;500&#8243; global_colors_info=&#8221;{}&#8221;]<p><strong>Ser ciutadans i ciutadanes activistes, capa\u00e7os de transformar la societat.\u00a0<\/strong>Desenvolupar l\u2019esperit cr\u00edtic, la creativitat, el protagonisme i l\u2019esfor\u00e7 personal en les accions i projectes que duem a terme.<\/p>[\/et_pb_blurb][\/et_pb_column][\/et_pb_row][et_pb_row column_structure=&#8221;1_2,1_2&#8243; use_custom_gutter=&#8221;on&#8221; gutter_width=&#8221;4&#8243; module_class=&#8221;graella-icona-circular-giratoria&#8221; _builder_version=&#8221;4.17.4&#8243; locked=&#8221;off&#8221; global_colors_info=&#8221;{}&#8221;][et_pb_column type=&#8221;1_2&#8243; _builder_version=&#8221;4.16&#8243; custom_padding=&#8221;|||&#8221; global_colors_info=&#8221;{}&#8221; custom_padding__hover=&#8221;|||&#8221;][et_pb_blurb title=&#8221;Solidaritat&#8221; use_icon=&#8221;on&#8221; font_icon=&#8221;&#xe533;||fa||900&#8243; icon_color=&#8221;#333333&#8243; icon_placement=&#8221;left&#8221; _builder_version=&#8221;4.17.4&#8243; custom_margin=&#8221;||0px|&#8221; z_index_tablet=&#8221;500&#8243; global_colors_info=&#8221;{}&#8221;]<p><strong>Viure la participaci\u00f3 com a tasca col\u00b7lectiva<\/strong>, d\u2019obertura a l\u2019entorn i de comprom\u00eds social, especialment amb les persones i els col\u00b7lectius que viuen en condicions pitjors.<\/p>[\/et_pb_blurb][\/et_pb_column][et_pb_column type=&#8221;1_2&#8243; _builder_version=&#8221;4.16&#8243; custom_padding=&#8221;|||&#8221; global_colors_info=&#8221;{}&#8221; custom_padding__hover=&#8221;|||&#8221;][et_pb_blurb title=&#8221;Felicitat&#8221; use_icon=&#8221;on&#8221; font_icon=&#8221;&#xf336;||fa||900&#8243; icon_color=&#8221;#333333&#8243; icon_placement=&#8221;left&#8221; _builder_version=&#8221;4.17.4&#8243; custom_margin=&#8221;||0px|&#8221; z_index_tablet=&#8221;500&#8243; global_colors_info=&#8221;{}&#8221;]<p><strong>Aprendre a trobar satisfacci\u00f3 personal i en grup a partir de l\u2019experi\u00e8ncia de la participaci\u00f3<\/strong>. Descobrir la felicitat a partir de la conviv\u00e8ncia i de les experi\u00e8ncies vitals senzilles i intenses.<\/p>[\/et_pb_blurb][\/et_pb_column][\/et_pb_row][et_pb_row _builder_version=&#8221;4.21.0&#8243; _module_preset=&#8221;default&#8221;][et_pb_column _builder_version=&#8221;4.21.0&#8243; _module_preset=&#8221;default&#8221; type=&#8221;4_4&#8243;][et_pb_button _builder_version=&#8221;4.21.0&#8243; _module_preset=&#8221;default&#8221; button_text=&#8221;Coneix totes les propostes educatives de Fundesplai&#8221; button_url=&#8221;https:\/\/fundesplai.org\/recursos\/propostes-educatives\/&#8221; button_alignment=&#8221;center&#8221; custom_margin=&#8221;30px||50px||false|false&#8221; hover_enabled=&#8221;0&#8243; sticky_enabled=&#8221;0&#8243;][\/et_pb_button][\/et_pb_column][\/et_pb_row][\/et_pb_section][et_pb_section fb_built=&#8221;1&#8243; disabled_on=&#8221;on|on|on&#8221; _builder_version=&#8221;4.16&#8243; disabled=&#8221;on&#8221; global_colors_info=&#8221;{}&#8221;][et_pb_row _builder_version=&#8221;4.16&#8243; background_size=&#8221;initial&#8221; background_position=&#8221;top_left&#8221; background_repeat=&#8221;repeat&#8221; global_colors_info=&#8221;{}&#8221;][et_pb_column type=&#8221;4_4&#8243; _builder_version=&#8221;4.16&#8243; custom_padding=&#8221;|||&#8221; global_colors_info=&#8221;{}&#8221; custom_padding__hover=&#8221;|||&#8221;][et_pb_text _builder_version=&#8221;4.16&#8243; background_size=&#8221;initial&#8221; background_position=&#8221;top_left&#8221; background_repeat=&#8221;repeat&#8221; global_colors_info=&#8221;{}&#8221;]\r\n<h1 class=\"wp-block-heading\"><strong>La proposta educativa Compartir, una eina C2<\/strong><\/h1>\r\n\r\n\r\n\r\n<p>La proposta educativa Compartir \u00e9s una oportunitat per aprofundir en una ciutadania compromesa, \u00e9s a dir, en les experi\u00e8ncies d&#8217;aprenentatge-servei que l&#8217;esplai pot oferir als infants i joves. Durant molts anys, els esplais hem impulsat accions d&#8217;utilitat social sense donar-li el nom d&#8217;aprenentatge-servei: camps de treball, campanyes solid\u00e0ries, intervencions directes en els barris per millorar la qualitat de vida dels ve\u00efns&#8230;<\/p>\r\n\r\n\r\n\r\n<p>La campanya C2 ciutadans compromesos, impulsada per la Fundaci\u00f3 Catalana de l&#8217;Esplai, tracta que els infants i joves participin directament en la societat, que actu\u00efn positivament contribuint a millorar l&#8217;entorn. I fer-ho embrutant-se les mans, en lloc de nom\u00e9s parlar de la import\u00e0ncia de la participaci\u00f3, o nom\u00e9s practicar jocs i din\u00e0miques de grup per exercitar habilitats socials. Tot aix\u00f2 \u00e9s interessant, per\u00f2 per aprendre a ser ciutad\u00e0 cal implicar-se i passar a l&#8217;acci\u00f3.<\/p>\r\n\r\n\r\n\r\n<p>Per aix\u00f2, la proposta educativa Compartir \u00e9s un instrument molt valu\u00f3s d&#8217;aquesta campanya, i constitueix una eina per fer emergir les experi\u00e8ncies educatives dels esplais en les quals els infants i joves actuen comprometent-se amb la societat que els envolta.<br \/>En aquestes experi\u00e8ncies, els nois i noies reben, &#8220;surten guanyant&#8221;: en aprenentatges de coneixements, habilitats, actituds i valors&#8230; I tamb\u00e9 donen, creativament, alguna cosa d&#8217;ells mateixos a la societat, pensant en els altres i no en s\u00ed mateixos.<\/p>\r\n\r\n\r\n\r\n<p>El projecte Compartir ens ha de servir per buscar, trobar i aplicar la dimensi\u00f3 d&#8217;utilitat social i de servei a la comunitat en les activitats de lleure que fem a l&#8217;esplai. No ens hem de conformar amb activitats i accions &#8220;de consum intern&#8221;, divertides per\u00f2 tancades en s\u00ed mateixes&#8230; cal donar un pas m\u00e9s i ajudar els infants i joves a descobrir el que s\u00f3n capa\u00e7os de fer per millorar l&#8217;entorn.<br \/>Fem possible una ciutadania compromesa!<\/p>\r\n\r\n\r\n\r\n<p><strong>Merche Garc\u00eda Villatoro<br \/>Presidenta de la Federaci\u00f3 Catalana de l\u2019Esplai<\/strong><\/p>\r\n\r\n\r\n\r\n<p>&nbsp;<\/p>\r\n\r[\/et_pb_text][\/et_pb_column][\/et_pb_row][\/et_pb_section]","protected":false},"excerpt":{"rendered":"<p>Qu\u00e8 \u00e9s? Comaprtir \u00e9s la proposta educativa de Fundesplai per als cursos 2006-2007. La proposta educativa Compartir \u00e9s una oportunitat per aprofundir en una ciutadania compromesa, \u00e9s a dir, en les experi\u00e8ncies d&#8217;aprenentatge-servei que l&#8217;esplai pot oferir als infants i joves. Durant molts anys, els esplais hem impulsat accions d&#8217;utilitat social sense donar-li el nom [&hellip;]<\/p>\n","protected":false},"author":4,"featured_media":0,"parent":0,"menu_order":0,"comment_status":"closed","ping_status":"closed","template":"","meta":{"_et_pb_use_builder":"on","_et_pb_old_content":"<!-- wp:heading {\"level\":1} -->\r\n<h1><strong>La proposta educativa Compartir, una eina C2<\/strong><\/h1>\r\n<!-- \/wp:heading --><!-- wp:paragraph -->\r\n<p>La proposta educativa Compartir \u00e9s una oportunitat per aprofundir en una ciutadania compromesa, \u00e9s a dir, en les experi\u00e8ncies d'aprenentatge-servei que l'esplai pot oferir als infants i joves. Durant molts anys, els esplais hem impulsat accions d'utilitat social sense donar-li el nom d'aprenentatge-servei: camps de treball, campanyes solid\u00e0ries, intervencions directes en els barris per millorar la qualitat de vida dels ve\u00efns...<\/p>\r\n<!-- \/wp:paragraph --><!-- wp:paragraph -->\r\n<p>La campanya C2 ciutadans compromesos, impulsada per la Fundaci\u00f3 Catalana de l'Esplai, tracta que els infants i joves participin directament en la societat, que actu\u00efn positivament contribuint a millorar l'entorn. I fer-ho embrutant-se les mans, en lloc de nom\u00e9s parlar de la import\u00e0ncia de la participaci\u00f3, o nom\u00e9s practicar jocs i din\u00e0miques de grup per exercitar habilitats socials. Tot aix\u00f2 \u00e9s interessant, per\u00f2 per aprendre a ser ciutad\u00e0 cal implicar-se i passar a l'acci\u00f3.<\/p>\r\n<!-- \/wp:paragraph --><!-- wp:paragraph -->\r\n<p>Per aix\u00f2, la proposta educativa Compartir \u00e9s un instrument molt valu\u00f3s d'aquesta campanya, i constitueix una eina per fer emergir les experi\u00e8ncies educatives dels esplais en les quals els infants i joves actuen comprometent-se amb la societat que els envolta.<br \/>En aquestes experi\u00e8ncies, els nois i noies reben, \"surten guanyant\": en aprenentatges de coneixements, habilitats, actituds i valors... I tamb\u00e9 donen, creativament, alguna cosa d'ells mateixos a la societat, pensant en els altres i no en s\u00ed mateixos.<\/p>\r\n<!-- \/wp:paragraph --><!-- wp:paragraph -->\r\n<p>El projecte Compartir ens ha de servir per buscar, trobar i aplicar la dimensi\u00f3 d'utilitat social i de servei a la comunitat en les activitats de lleure que fem a l'esplai. No ens hem de conformar amb activitats i accions \"de consum intern\", divertides per\u00f2 tancades en s\u00ed mateixes... cal donar un pas m\u00e9s i ajudar els infants i joves a descobrir el que s\u00f3n capa\u00e7os de fer per millorar l'entorn.<br \/>Fem possible una ciutadania compromesa!<\/p>\r\n<!-- \/wp:paragraph --><!-- wp:paragraph -->\r\n<p><strong>Merche Garc\u00eda Villatoro<br \/>Presidenta de la Federaci\u00f3 Catalana de l\u2019Esplai<\/strong><\/p>\r\n<!-- \/wp:paragraph --><!-- wp:paragraph -->\r\n<p>\u00a0<\/p>\r\n<!-- \/wp:paragraph -->","_et_gb_content_width":"1200","footnotes":""},"class_list":["post-5","page","type-page","status-publish","hentry"],"yoast_head":"<!-- This site is optimized with the Yoast SEO plugin v27.5 - https:\/\/yoast.com\/product\/yoast-seo-wordpress\/ -->\n<title>Presentaci\u00f3 - Compartir<\/title>\n<meta name=\"robots\" content=\"index, follow, max-snippet:-1, max-image-preview:large, max-video-preview:-1\" \/>\n<link rel=\"canonical\" href=\"https:\/\/fundesplai.org\/compartir\/\" \/>\n<meta property=\"og:locale\" content=\"ca_ES\" \/>\n<meta property=\"og:type\" content=\"article\" \/>\n<meta property=\"og:title\" content=\"Presentaci\u00f3 - Compartir\" \/>\n<meta property=\"og:description\" content=\"Qu\u00e8 \u00e9s? Comaprtir \u00e9s la proposta educativa de Fundesplai per als cursos 2006-2007. La proposta educativa Compartir \u00e9s una oportunitat per aprofundir en una ciutadania compromesa, \u00e9s a dir, en les experi\u00e8ncies d&#039;aprenentatge-servei que l&#039;esplai pot oferir als infants i joves. Durant molts anys, els esplais hem impulsat accions d&#039;utilitat social sense donar-li el nom [&hellip;]\" \/>\n<meta property=\"og:url\" content=\"https:\/\/fundesplai.org\/compartir\/\" \/>\n<meta property=\"og:site_name\" content=\"Compartir\" \/>\n<meta property=\"article:modified_time\" content=\"2024-01-16T10:20:08+00:00\" \/>\n<meta name=\"twitter:card\" content=\"summary_large_image\" \/>\n<meta name=\"twitter:label1\" content=\"Temps estimat de lectura\" \/>\n\t<meta name=\"twitter:data1\" content=\"5 minuts\" \/>\n<script type=\"application\/ld+json\" class=\"yoast-schema-graph\">{\"@context\":\"https:\\\/\\\/schema.org\",\"@graph\":[{\"@type\":\"WebPage\",\"@id\":\"https:\\\/\\\/fundesplai.org\\\/compartir\\\/\",\"url\":\"https:\\\/\\\/fundesplai.org\\\/compartir\\\/\",\"name\":\"Presentaci\u00f3 - Compartir\",\"isPartOf\":{\"@id\":\"https:\\\/\\\/fundesplai.org\\\/compartir\\\/#website\"},\"datePublished\":\"2021-08-10T09:45:02+00:00\",\"dateModified\":\"2024-01-16T10:20:08+00:00\",\"breadcrumb\":{\"@id\":\"https:\\\/\\\/fundesplai.org\\\/compartir\\\/#breadcrumb\"},\"inLanguage\":\"ca\",\"potentialAction\":[{\"@type\":\"ReadAction\",\"target\":[\"https:\\\/\\\/fundesplai.org\\\/compartir\\\/\"]}]},{\"@type\":\"BreadcrumbList\",\"@id\":\"https:\\\/\\\/fundesplai.org\\\/compartir\\\/#breadcrumb\",\"itemListElement\":[{\"@type\":\"ListItem\",\"position\":1,\"name\":\"Inici\",\"item\":\"\\\/\"},{\"@type\":\"ListItem\",\"position\":2,\"name\":\"Compartir\",\"item\":\"https:\\\/\\\/fundesplai.org\\\/compartir\"},{\"@type\":\"ListItem\",\"position\":3,\"name\":\"Presentaci\u00f3\"}]},{\"@type\":\"WebSite\",\"@id\":\"https:\\\/\\\/fundesplai.org\\\/compartir\\\/#website\",\"url\":\"https:\\\/\\\/fundesplai.org\\\/compartir\\\/\",\"name\":\"Compartir\",\"description\":\"Proposta educativa de Fundesplai\",\"potentialAction\":[{\"@type\":\"SearchAction\",\"target\":{\"@type\":\"EntryPoint\",\"urlTemplate\":\"https:\\\/\\\/fundesplai.org\\\/compartir\\\/?s={search_term_string}\"},\"query-input\":{\"@type\":\"PropertyValueSpecification\",\"valueRequired\":true,\"valueName\":\"search_term_string\"}}],\"inLanguage\":\"ca\"}]}<\/script>\n<!-- \/ Yoast SEO plugin. -->","yoast_head_json":{"title":"Presentaci\u00f3 - Compartir","robots":{"index":"index","follow":"follow","max-snippet":"max-snippet:-1","max-image-preview":"max-image-preview:large","max-video-preview":"max-video-preview:-1"},"canonical":"https:\/\/fundesplai.org\/compartir\/","og_locale":"ca_ES","og_type":"article","og_title":"Presentaci\u00f3 - Compartir","og_description":"Qu\u00e8 \u00e9s? Comaprtir \u00e9s la proposta educativa de Fundesplai per als cursos 2006-2007. La proposta educativa Compartir \u00e9s una oportunitat per aprofundir en una ciutadania compromesa, \u00e9s a dir, en les experi\u00e8ncies d'aprenentatge-servei que l'esplai pot oferir als infants i joves. Durant molts anys, els esplais hem impulsat accions d'utilitat social sense donar-li el nom [&hellip;]","og_url":"https:\/\/fundesplai.org\/compartir\/","og_site_name":"Compartir","article_modified_time":"2024-01-16T10:20:08+00:00","twitter_card":"summary_large_image","twitter_misc":{"Temps estimat de lectura":"5 minuts"},"schema":{"@context":"https:\/\/schema.org","@graph":[{"@type":"WebPage","@id":"https:\/\/fundesplai.org\/compartir\/","url":"https:\/\/fundesplai.org\/compartir\/","name":"Presentaci\u00f3 - Compartir","isPartOf":{"@id":"https:\/\/fundesplai.org\/compartir\/#website"},"datePublished":"2021-08-10T09:45:02+00:00","dateModified":"2024-01-16T10:20:08+00:00","breadcrumb":{"@id":"https:\/\/fundesplai.org\/compartir\/#breadcrumb"},"inLanguage":"ca","potentialAction":[{"@type":"ReadAction","target":["https:\/\/fundesplai.org\/compartir\/"]}]},{"@type":"BreadcrumbList","@id":"https:\/\/fundesplai.org\/compartir\/#breadcrumb","itemListElement":[{"@type":"ListItem","position":1,"name":"Inici","item":"\/"},{"@type":"ListItem","position":2,"name":"Compartir","item":"https:\/\/fundesplai.org\/compartir"},{"@type":"ListItem","position":3,"name":"Presentaci\u00f3"}]},{"@type":"WebSite","@id":"https:\/\/fundesplai.org\/compartir\/#website","url":"https:\/\/fundesplai.org\/compartir\/","name":"Compartir","description":"Proposta educativa de Fundesplai","potentialAction":[{"@type":"SearchAction","target":{"@type":"EntryPoint","urlTemplate":"https:\/\/fundesplai.org\/compartir\/?s={search_term_string}"},"query-input":{"@type":"PropertyValueSpecification","valueRequired":true,"valueName":"search_term_string"}}],"inLanguage":"ca"}]}},"_links":{"self":[{"href":"https:\/\/fundesplai.org\/compartir\/wp-json\/wp\/v2\/pages\/5","targetHints":{"allow":["GET"]}}],"collection":[{"href":"https:\/\/fundesplai.org\/compartir\/wp-json\/wp\/v2\/pages"}],"about":[{"href":"https:\/\/fundesplai.org\/compartir\/wp-json\/wp\/v2\/types\/page"}],"author":[{"embeddable":true,"href":"https:\/\/fundesplai.org\/compartir\/wp-json\/wp\/v2\/users\/4"}],"replies":[{"embeddable":true,"href":"https:\/\/fundesplai.org\/compartir\/wp-json\/wp\/v2\/comments?post=5"}],"version-history":[{"count":6,"href":"https:\/\/fundesplai.org\/compartir\/wp-json\/wp\/v2\/pages\/5\/revisions"}],"predecessor-version":[{"id":354,"href":"https:\/\/fundesplai.org\/compartir\/wp-json\/wp\/v2\/pages\/5\/revisions\/354"}],"wp:attachment":[{"href":"https:\/\/fundesplai.org\/compartir\/wp-json\/wp\/v2\/media?parent=5"}],"curies":[{"name":"wp","href":"https:\/\/api.w.org\/{rel}","templated":true}]}}