{"id":9,"date":"2013-07-16T11:47:48","date_gmt":"2013-07-16T09:47:48","guid":{"rendered":"http:\/\/projectes.fundesplai.org\/b612\/?page_id=9"},"modified":"2023-07-05T14:04:17","modified_gmt":"2023-07-05T12:04:17","slug":"eix-danimacio-per-edat","status":"publish","type":"page","link":"https:\/\/fundesplai.org\/b612\/eix-danimacio-per-edat\/","title":{"rendered":"Eix d&#8217;animaci\u00f3"},"content":{"rendered":"<p>[et_pb_section fb_built=&#8221;1&#8243; _builder_version=&#8221;4.16&#8243; global_colors_info=&#8221;{}&#8221;][et_pb_row disabled_on=&#8221;on|on|on&#8221; _builder_version=&#8221;4.16&#8243; background_size=&#8221;initial&#8221; background_position=&#8221;top_left&#8221; background_repeat=&#8221;repeat&#8221; disabled=&#8221;on&#8221; global_colors_info=&#8221;{}&#8221;][et_pb_column type=&#8221;4_4&#8243; _builder_version=&#8221;4.16&#8243; custom_padding=&#8221;|||&#8221; global_colors_info=&#8221;{}&#8221; custom_padding__hover=&#8221;|||&#8221;][et_pb_text _builder_version=&#8221;4.17.4&#8243; background_size=&#8221;initial&#8221; background_position=&#8221;top_left&#8221; background_repeat=&#8221;repeat&#8221; global_colors_info=&#8221;{}&#8221;]<\/p>\n<h2><a href=\"http:\/\/fundesplai.org\/b612\/wp-content\/uploads\/sites\/20\/2013\/09\/princep-color.jpg\"><img loading=\"lazy\" decoding=\"async\" class=\"alignleft wp-image-243\" src=\"http:\/\/fundesplai.org\/b612\/wp-content\/uploads\/sites\/20\/2013\/09\/princep-color-212x300.jpg\" alt=\"princep color\" width=\"192\" height=\"272\" \/><\/a><\/h2>\n<p>Commemorant el seu 70\u00e8 aniversari (2013), l\u2019obra mestre d\u2019 Antonie de Saint-Exupery <b>\u201cEl Petit Pr\u00edncep\u201d <\/b>\u00e9s la hist\u00f2ria que inspira l\u2019eix d\u2019animaci\u00f3 d\u2019aquesta proposta educativa. La hist\u00f2ria d\u2019aquest noi a la recerca del veritable sentit de la vida, en di\u00e0leg amb l\u2019aviador, en representaci\u00f3 del m\u00f3n adult, ens serveix per crear situacions i recrear entorns que convidin a reflexionar i a fer una an\u00e0lisi cr\u00edtica sobre els valors i contravalors que associem al consum. Es proposa un <b>mateix eix d\u2019animaci\u00f3 per a tots els grups<\/b><strong>\u00a0d&#8217;edat<\/strong> (i per als dos cursos, 2013-2015), \u00a0el qual, es desenvolupar\u00e0 de manera diferent, en funci\u00f3 de les necessitats i els interessos de cada grup.<\/p>\n<ul>\n<li>Infants petits, de 3 a 8 anys: <a href=\"http:\/\/fundesplai.org\/b612\/wp-content\/uploads\/sites\/20\/2014\/09\/Viatge-a-la-Galaxia-del-Petit-Princep_Petits.pdf\"><span style=\"color: #99cc00\"><b>Viatge a la gal\u00e0xia del Petit Pr\u00edncep<\/b><\/span><\/a><\/li>\n<li>Infants mitjans, de 8 a 12 anys: <a href=\"http:\/\/fundesplai.org\/b612\/wp-content\/uploads\/sites\/20\/2014\/09\/B612-Primera-Missio_-Mitjans.pdf\"><span style=\"color: #99cc00\"><b>B612. Primera missi\u00f3!<\/b><\/span><\/a><\/li>\n<li>Joves de 12 a 17 anys: <a href=\"http:\/\/fundesplai.org\/b612\/wp-content\/uploads\/sites\/20\/2014\/09\/Catalg-dExpriencies-Exupery-_-Joves.pdf\"><span style=\"color: #99cc00\"><b>Cat\u00e0leg d&#8217;Experi\u00e8ncies Saint \u2013 Exup\u00e9ry<\/b><\/span><\/a><\/li>\n<\/ul>\n<p>&nbsp;<\/p>\n<p>[\/et_pb_text][\/et_pb_column][\/et_pb_row][et_pb_row _builder_version=&#8221;4.17.4&#8243; _module_preset=&#8221;default&#8221; global_colors_info=&#8221;{}&#8221;][et_pb_column type=&#8221;4_4&#8243; _builder_version=&#8221;4.17.4&#8243; _module_preset=&#8221;default&#8221; global_colors_info=&#8221;{}&#8221;][et_pb_post_title meta=&#8221;off&#8221; featured_image=&#8221;off&#8221; _builder_version=&#8221;4.19.0&#8243; _module_preset=&#8221;default&#8221; global_colors_info=&#8221;{}&#8221;][\/et_pb_post_title][\/et_pb_column][\/et_pb_row][et_pb_row _builder_version=&#8221;4.17.4&#8243; _module_preset=&#8221;default&#8221; global_colors_info=&#8221;{}&#8221;][et_pb_column type=&#8221;4_4&#8243; _builder_version=&#8221;4.17.4&#8243; _module_preset=&#8221;default&#8221; global_colors_info=&#8221;{}&#8221;][et_pb_text _builder_version=&#8221;4.19.0&#8243; _module_preset=&#8221;default&#8221; global_colors_info=&#8221;{}&#8221;]<\/p>\n<h3 style=\"text-align: center\">El petit pr\u00edncep<\/h3>\n<p>Commemorant el seu 70\u00e8 aniversari (2013), l\u2019obra mestre d\u2019 Antonie de Saint-Exupery <b>\u201cEl Petit Pr\u00edncep\u201d <\/b>\u00e9s la hist\u00f2ria que inspira l\u2019eix d\u2019animaci\u00f3 d\u2019aquesta proposta educativa. La hist\u00f2ria d\u2019aquest noi a la recerca del veritable sentit de la vida, en di\u00e0leg amb l\u2019aviador, en representaci\u00f3 del m\u00f3n adult, ens serveix per crear situacions i recrear entorns que convidin a reflexionar i a fer una an\u00e0lisi cr\u00edtica sobre els valors i contravalors que associem al consum. Es proposa un <b>mateix eix d\u2019animaci\u00f3 per a tots els grups<\/b><strong>\u00a0d&#8217;edat<\/strong> (i per als dos cursos, 2013-2015), \u00a0el qual, es desenvolupar\u00e0 de manera diferent, en funci\u00f3 de les necessitats i els interessos de cada grup.<\/p>\n<p>[\/et_pb_text][\/et_pb_column][\/et_pb_row][et_pb_row column_structure=&#8221;2_5,3_5&#8243; _builder_version=&#8221;4.21.0&#8243; _module_preset=&#8221;default&#8221; custom_margin=&#8221;40px||50px||false|false&#8221; hover_enabled=&#8221;0&#8243; global_colors_info=&#8221;{}&#8221; sticky_enabled=&#8221;0&#8243;][et_pb_column type=&#8221;2_5&#8243; _builder_version=&#8221;4.17.4&#8243; _module_preset=&#8221;default&#8221; global_colors_info=&#8221;{}&#8221;][et_pb_image src=&#8221;http:\/\/fundesplai.org\/b612\/wp-content\/uploads\/sites\/20\/2022\/10\/petit_princep_retall.jpg&#8221; title_text=&#8221;petit_princep_retall&#8221; align=&#8221;center&#8221; _builder_version=&#8221;4.17.4&#8243; _module_preset=&#8221;default&#8221; width=&#8221;65%&#8221; global_colors_info=&#8221;{}&#8221;][\/et_pb_image][\/et_pb_column][et_pb_column type=&#8221;3_5&#8243; _builder_version=&#8221;4.17.4&#8243; _module_preset=&#8221;default&#8221; global_colors_info=&#8221;{}&#8221;][et_pb_text _builder_version=&#8221;4.17.4&#8243; _module_preset=&#8221;default&#8221; global_colors_info=&#8221;{}&#8221;]<\/p>\n<p>&nbsp;<\/p>\n<p>&nbsp;<\/p>\n<ul>\n<li>Infants petits, de 3 a 8 anys: <a href=\"http:\/\/fundesplai.org\/b612\/wp-content\/uploads\/sites\/20\/2014\/09\/Viatge-a-la-Galaxia-del-Petit-Princep_Petits.pdf\"><span style=\"color: #99cc00\"><b>Viatge a la gal\u00e0xia del Petit Pr\u00edncep<\/b><\/span><\/a><\/li>\n<li>Infants mitjans, de 8 a 12 anys: <a href=\"http:\/\/fundesplai.org\/b612\/wp-content\/uploads\/sites\/20\/2014\/09\/B612-Primera-Missio_-Mitjans.pdf\"><span style=\"color: #99cc00\"><b>B612. Primera missi\u00f3!<\/b><\/span><\/a><\/li>\n<li>Joves de 12 a 17 anys: <a href=\"http:\/\/fundesplai.org\/b612\/wp-content\/uploads\/sites\/20\/2014\/09\/Catalg-dExpriencies-Exupery-_-Joves.pdf\"><span style=\"color: #99cc00\"><b>Cat\u00e0leg d&#8217;Experi\u00e8ncies Saint \u2013 Exup\u00e9ry<\/b><\/span><\/a><\/li>\n<\/ul>\n<p>[\/et_pb_text][\/et_pb_column][\/et_pb_row][\/et_pb_section]<\/p>\n","protected":false},"excerpt":{"rendered":"<p>Commemorant el seu 70\u00e8 aniversari (2013), l\u2019obra mestre d\u2019 Antonie de Saint-Exupery \u201cEl Petit Pr\u00edncep\u201d \u00e9s la hist\u00f2ria que inspira l\u2019eix d\u2019animaci\u00f3 d\u2019aquesta proposta educativa. La hist\u00f2ria d\u2019aquest noi a la recerca del veritable sentit de la vida, en di\u00e0leg amb l\u2019aviador, en representaci\u00f3 del m\u00f3n adult, ens serveix per crear situacions i recrear entorns [&hellip;]<\/p>\n","protected":false},"author":4,"featured_media":0,"parent":0,"menu_order":2,"comment_status":"open","ping_status":"closed","template":"","meta":{"_et_pb_use_builder":"on","_et_pb_old_content":"<h2><a href=\"https:\/\/fundesplai.org\/b612\/wp-content\/uploads\/sites\/20\/2013\/09\/princep-color.jpg\"><img class=\"alignleft wp-image-243\" src=\"https:\/\/fundesplai.org\/b612\/wp-content\/uploads\/sites\/20\/2013\/09\/princep-color-212x300.jpg\" alt=\"princep color\" width=\"192\" height=\"272\" \/><\/a><\/h2><p>Commemorant el seu 70\u00e8 aniversari (2013), l\u2019obra mestre d\u2019 Antonie de Saint-Exupery <b>\u201cEl Petit Pr\u00edncep\u201d <\/b>\u00e9s la hist\u00f2ria que inspira l\u2019eix d\u2019animaci\u00f3 d\u2019aquesta proposta educativa. La hist\u00f2ria d\u2019aquest noi a la recerca del veritable sentit de la vida, en di\u00e0leg amb l\u2019aviador, en representaci\u00f3 del m\u00f3n adult, ens serveix per crear situacions i recrear entorns que convidin a reflexionar i a fer una an\u00e0lisi cr\u00edtica sobre els valors i contravalors que associem al consum. Es proposa un <b>mateix eix d\u2019animaci\u00f3 per a tots els grups<\/b><strong>\u00a0d'edat<\/strong> (i per als dos cursos, 2013-2015), \u00a0el qual, es desenvolupar\u00e0 de manera diferent, en funci\u00f3 de les necessitats i els interessos de cada grup.<\/p><ul><li>Infants petits, de 3 a 8 anys: <a href=\"https:\/\/fundesplai.org\/b612\/wp-content\/uploads\/sites\/20\/2014\/09\/Viatge-a-la-Galaxia-del-Petit-Princep_Petits.pdf\"><span style=\"color: #99cc00;\"><b>Viatge a la gal\u00e0xia del Petit Pr\u00edncep<\/b><\/span><\/a><\/li><li>Infants mitjans, de 8 a 12 anys: <a href=\"https:\/\/fundesplai.org\/b612\/wp-content\/uploads\/sites\/20\/2014\/09\/B612-Primera-Missio_-Mitjans.pdf\"><span style=\"color: #99cc00;\"><b>B612. Primera missi\u00f3!<\/b><\/span><\/a><\/li><li>Joves de 12 a 17 anys: <a href=\"https:\/\/fundesplai.org\/b612\/wp-content\/uploads\/sites\/20\/2014\/09\/Catalg-dExpriencies-Exupery-_-Joves.pdf\"><span style=\"color: #99cc00;\"><b>Cat\u00e0leg d'Experi\u00e8ncies Saint \u2013 Exup\u00e9ry<\/b><\/span><\/a><\/li><\/ul><p>\u00a0<\/p>","_et_gb_content_width":"","footnotes":""},"class_list":["post-9","page","type-page","status-publish","hentry"],"yoast_head":"<!-- This site is optimized with the Yoast SEO plugin v27.5 - https:\/\/yoast.com\/product\/yoast-seo-wordpress\/ -->\n<title>Eix d&#039;animaci\u00f3 - b612<\/title>\n<meta name=\"robots\" content=\"index, follow, max-snippet:-1, max-image-preview:large, max-video-preview:-1\" \/>\n<link rel=\"canonical\" href=\"https:\/\/fundesplai.org\/b612\/eix-danimacio-per-edat\/\" \/>\n<meta property=\"og:locale\" content=\"ca_ES\" \/>\n<meta property=\"og:type\" content=\"article\" \/>\n<meta property=\"og:title\" content=\"Eix d&#039;animaci\u00f3 - b612\" \/>\n<meta property=\"og:description\" content=\"Commemorant el seu 70\u00e8 aniversari (2013), l\u2019obra mestre d\u2019 Antonie de Saint-Exupery \u201cEl Petit Pr\u00edncep\u201d \u00e9s la hist\u00f2ria que inspira l\u2019eix d\u2019animaci\u00f3 d\u2019aquesta proposta educativa. La hist\u00f2ria d\u2019aquest noi a la recerca del veritable sentit de la vida, en di\u00e0leg amb l\u2019aviador, en representaci\u00f3 del m\u00f3n adult, ens serveix per crear situacions i recrear entorns [&hellip;]\" \/>\n<meta property=\"og:url\" content=\"https:\/\/fundesplai.org\/b612\/eix-danimacio-per-edat\/\" \/>\n<meta property=\"og:site_name\" content=\"b612\" \/>\n<meta property=\"article:modified_time\" content=\"2023-07-05T12:04:17+00:00\" \/>\n<meta property=\"og:image\" content=\"http:\/\/fundesplai.org\/b612\/wp-content\/uploads\/sites\/20\/2013\/09\/princep-color-212x300.jpg\" \/>\n<meta name=\"twitter:card\" content=\"summary_large_image\" \/>\n<meta name=\"twitter:label1\" content=\"Temps estimat de lectura\" \/>\n\t<meta name=\"twitter:data1\" content=\"3 minuts\" \/>\n<script type=\"application\/ld+json\" class=\"yoast-schema-graph\">{\"@context\":\"https:\\\/\\\/schema.org\",\"@graph\":[{\"@type\":\"WebPage\",\"@id\":\"https:\\\/\\\/fundesplai.org\\\/b612\\\/eix-danimacio-per-edat\\\/\",\"url\":\"https:\\\/\\\/fundesplai.org\\\/b612\\\/eix-danimacio-per-edat\\\/\",\"name\":\"Eix d'animaci\u00f3 - b612\",\"isPartOf\":{\"@id\":\"https:\\\/\\\/fundesplai.org\\\/b612\\\/#website\"},\"primaryImageOfPage\":{\"@id\":\"https:\\\/\\\/fundesplai.org\\\/b612\\\/eix-danimacio-per-edat\\\/#primaryimage\"},\"image\":{\"@id\":\"https:\\\/\\\/fundesplai.org\\\/b612\\\/eix-danimacio-per-edat\\\/#primaryimage\"},\"thumbnailUrl\":\"http:\\\/\\\/fundesplai.org\\\/b612\\\/wp-content\\\/uploads\\\/sites\\\/20\\\/2013\\\/09\\\/princep-color-212x300.jpg\",\"datePublished\":\"2013-07-16T09:47:48+00:00\",\"dateModified\":\"2023-07-05T12:04:17+00:00\",\"breadcrumb\":{\"@id\":\"https:\\\/\\\/fundesplai.org\\\/b612\\\/eix-danimacio-per-edat\\\/#breadcrumb\"},\"inLanguage\":\"ca\",\"potentialAction\":[{\"@type\":\"ReadAction\",\"target\":[\"https:\\\/\\\/fundesplai.org\\\/b612\\\/eix-danimacio-per-edat\\\/\"]}]},{\"@type\":\"ImageObject\",\"inLanguage\":\"ca\",\"@id\":\"https:\\\/\\\/fundesplai.org\\\/b612\\\/eix-danimacio-per-edat\\\/#primaryimage\",\"url\":\"http:\\\/\\\/fundesplai.org\\\/b612\\\/wp-content\\\/uploads\\\/sites\\\/20\\\/2013\\\/09\\\/princep-color-212x300.jpg\",\"contentUrl\":\"http:\\\/\\\/fundesplai.org\\\/b612\\\/wp-content\\\/uploads\\\/sites\\\/20\\\/2013\\\/09\\\/princep-color-212x300.jpg\"},{\"@type\":\"BreadcrumbList\",\"@id\":\"https:\\\/\\\/fundesplai.org\\\/b612\\\/eix-danimacio-per-edat\\\/#breadcrumb\",\"itemListElement\":[{\"@type\":\"ListItem\",\"position\":1,\"name\":\"Inici\",\"item\":\"\\\/\"},{\"@type\":\"ListItem\",\"position\":2,\"name\":\"b612\",\"item\":\"https:\\\/\\\/fundesplai.org\\\/b612\"},{\"@type\":\"ListItem\",\"position\":3,\"name\":\"Eix d&#8217;animaci\u00f3\"}]},{\"@type\":\"WebSite\",\"@id\":\"https:\\\/\\\/fundesplai.org\\\/b612\\\/#website\",\"url\":\"https:\\\/\\\/fundesplai.org\\\/b612\\\/\",\"name\":\"b612\",\"description\":\"Proposta educativa de Fundesplai\",\"potentialAction\":[{\"@type\":\"SearchAction\",\"target\":{\"@type\":\"EntryPoint\",\"urlTemplate\":\"https:\\\/\\\/fundesplai.org\\\/b612\\\/?s={search_term_string}\"},\"query-input\":{\"@type\":\"PropertyValueSpecification\",\"valueRequired\":true,\"valueName\":\"search_term_string\"}}],\"inLanguage\":\"ca\"}]}<\/script>\n<!-- \/ Yoast SEO plugin. -->","yoast_head_json":{"title":"Eix d'animaci\u00f3 - b612","robots":{"index":"index","follow":"follow","max-snippet":"max-snippet:-1","max-image-preview":"max-image-preview:large","max-video-preview":"max-video-preview:-1"},"canonical":"https:\/\/fundesplai.org\/b612\/eix-danimacio-per-edat\/","og_locale":"ca_ES","og_type":"article","og_title":"Eix d'animaci\u00f3 - b612","og_description":"Commemorant el seu 70\u00e8 aniversari (2013), l\u2019obra mestre d\u2019 Antonie de Saint-Exupery \u201cEl Petit Pr\u00edncep\u201d \u00e9s la hist\u00f2ria que inspira l\u2019eix d\u2019animaci\u00f3 d\u2019aquesta proposta educativa. La hist\u00f2ria d\u2019aquest noi a la recerca del veritable sentit de la vida, en di\u00e0leg amb l\u2019aviador, en representaci\u00f3 del m\u00f3n adult, ens serveix per crear situacions i recrear entorns [&hellip;]","og_url":"https:\/\/fundesplai.org\/b612\/eix-danimacio-per-edat\/","og_site_name":"b612","article_modified_time":"2023-07-05T12:04:17+00:00","og_image":[{"url":"http:\/\/fundesplai.org\/b612\/wp-content\/uploads\/sites\/20\/2013\/09\/princep-color-212x300.jpg","type":"","width":"","height":""}],"twitter_card":"summary_large_image","twitter_misc":{"Temps estimat de lectura":"3 minuts"},"schema":{"@context":"https:\/\/schema.org","@graph":[{"@type":"WebPage","@id":"https:\/\/fundesplai.org\/b612\/eix-danimacio-per-edat\/","url":"https:\/\/fundesplai.org\/b612\/eix-danimacio-per-edat\/","name":"Eix d'animaci\u00f3 - b612","isPartOf":{"@id":"https:\/\/fundesplai.org\/b612\/#website"},"primaryImageOfPage":{"@id":"https:\/\/fundesplai.org\/b612\/eix-danimacio-per-edat\/#primaryimage"},"image":{"@id":"https:\/\/fundesplai.org\/b612\/eix-danimacio-per-edat\/#primaryimage"},"thumbnailUrl":"http:\/\/fundesplai.org\/b612\/wp-content\/uploads\/sites\/20\/2013\/09\/princep-color-212x300.jpg","datePublished":"2013-07-16T09:47:48+00:00","dateModified":"2023-07-05T12:04:17+00:00","breadcrumb":{"@id":"https:\/\/fundesplai.org\/b612\/eix-danimacio-per-edat\/#breadcrumb"},"inLanguage":"ca","potentialAction":[{"@type":"ReadAction","target":["https:\/\/fundesplai.org\/b612\/eix-danimacio-per-edat\/"]}]},{"@type":"ImageObject","inLanguage":"ca","@id":"https:\/\/fundesplai.org\/b612\/eix-danimacio-per-edat\/#primaryimage","url":"http:\/\/fundesplai.org\/b612\/wp-content\/uploads\/sites\/20\/2013\/09\/princep-color-212x300.jpg","contentUrl":"http:\/\/fundesplai.org\/b612\/wp-content\/uploads\/sites\/20\/2013\/09\/princep-color-212x300.jpg"},{"@type":"BreadcrumbList","@id":"https:\/\/fundesplai.org\/b612\/eix-danimacio-per-edat\/#breadcrumb","itemListElement":[{"@type":"ListItem","position":1,"name":"Inici","item":"\/"},{"@type":"ListItem","position":2,"name":"b612","item":"https:\/\/fundesplai.org\/b612"},{"@type":"ListItem","position":3,"name":"Eix d&#8217;animaci\u00f3"}]},{"@type":"WebSite","@id":"https:\/\/fundesplai.org\/b612\/#website","url":"https:\/\/fundesplai.org\/b612\/","name":"b612","description":"Proposta educativa de Fundesplai","potentialAction":[{"@type":"SearchAction","target":{"@type":"EntryPoint","urlTemplate":"https:\/\/fundesplai.org\/b612\/?s={search_term_string}"},"query-input":{"@type":"PropertyValueSpecification","valueRequired":true,"valueName":"search_term_string"}}],"inLanguage":"ca"}]}},"_links":{"self":[{"href":"https:\/\/fundesplai.org\/b612\/wp-json\/wp\/v2\/pages\/9","targetHints":{"allow":["GET"]}}],"collection":[{"href":"https:\/\/fundesplai.org\/b612\/wp-json\/wp\/v2\/pages"}],"about":[{"href":"https:\/\/fundesplai.org\/b612\/wp-json\/wp\/v2\/types\/page"}],"author":[{"embeddable":true,"href":"https:\/\/fundesplai.org\/b612\/wp-json\/wp\/v2\/users\/4"}],"replies":[{"embeddable":true,"href":"https:\/\/fundesplai.org\/b612\/wp-json\/wp\/v2\/comments?post=9"}],"version-history":[{"count":6,"href":"https:\/\/fundesplai.org\/b612\/wp-json\/wp\/v2\/pages\/9\/revisions"}],"predecessor-version":[{"id":766,"href":"https:\/\/fundesplai.org\/b612\/wp-json\/wp\/v2\/pages\/9\/revisions\/766"}],"wp:attachment":[{"href":"https:\/\/fundesplai.org\/b612\/wp-json\/wp\/v2\/media?parent=9"}],"curies":[{"name":"wp","href":"https:\/\/api.w.org\/{rel}","templated":true}]}}